{"id":4715,"date":"2026-03-19T15:49:31","date_gmt":"2026-03-19T14:49:31","guid":{"rendered":"https:\/\/zgklubkow.projekty.blulink.pl\/?page_id=4715"},"modified":"2026-03-19T15:51:17","modified_gmt":"2026-03-19T14:51:17","slug":"awarie-i-wylaczenia","status":"publish","type":"page","link":"https:\/\/zgk.lubkow.pl\/zgk\/awarie-i-wylaczenia\/","title":{"rendered":"Awarie i wy\u0142\u0105czenia"},"content":{"rendered":"\t\t<div data-elementor-type=\"wp-page\" data-elementor-id=\"4715\" class=\"elementor elementor-4715\">\n\t\t\t\t<div class=\"elementor-element elementor-element-438b82b e-flex e-con-boxed e-con e-parent\" data-id=\"438b82b\" data-element_type=\"container\" data-e-type=\"container\" data-settings=\"{&quot;background_background&quot;:&quot;classic&quot;}\">\n\t\t\t\t\t<div class=\"e-con-inner\">\n\t\t<div class=\"elementor-element elementor-element-5521963 e-con-full e-flex e-con e-child\" data-id=\"5521963\" data-element_type=\"container\" data-e-type=\"container\">\n\t\t\t\t<div class=\"elementor-element elementor-element-76d998f elementor-widget elementor-widget-xpro-page-title\" data-id=\"76d998f\" data-element_type=\"widget\" data-e-type=\"widget\" data-widget_type=\"xpro-page-title.default\">\n\t\t\t\t\t\n<h1 class=\"xpro-page-title\">\n<span class=\"xpro-page-title-text\">\n\t\tAwarie i wy\u0142\u0105czenia\t<\/span>\n<\/h1>\n\t\t\t\t<\/div>\n\t\t\t\t<div class=\"elementor-element elementor-element-691b5e3 elementor-widget-divider--view-line elementor-widget elementor-widget-divider\" data-id=\"691b5e3\" data-element_type=\"widget\" data-e-type=\"widget\" data-widget_type=\"divider.default\">\n\t\t\t\t\t\t\t<div class=\"elementor-divider\">\n\t\t\t<span class=\"elementor-divider-separator\">\n\t\t\t\t\t\t<\/span>\n\t\t<\/div>\n\t\t\t\t\t\t<\/div>\n\t\t\t\t<div class=\"elementor-element elementor-element-6b76f54 elementor-widget elementor-widget-text-editor\" data-id=\"6b76f54\" data-element_type=\"widget\" data-e-type=\"widget\" data-widget_type=\"text-editor.default\">\n\t\t\t\t\t<span property=\"itemListElement\" typeof=\"ListItem\"><a property=\"item\" typeof=\"WebPage\" title=\"Przejd\u017a do Zak\u0142ad Gospodarki Komunalnej w Lubkowie Sp\u00f3\u0142ka z o.o..\" href=\"https:\/\/zgk.lubkow.pl\/zgk\" class=\"home\" aria-current=\"page\"><span property=\"name\">Zak\u0142ad Gospodarki Komunalnej w Lubkowie Sp\u00f3\u0142ka z o.o.<\/span><\/a><meta property=\"position\" content=\"1\"><\/span>\t\t\t\t<\/div>\n\t\t\t\t<\/div>\n\t\t\t\t\t<\/div>\n\t\t\t\t<\/div>\n\t\t<div class=\"elementor-element elementor-element-ceae25b e-flex e-con-boxed e-con e-parent\" data-id=\"ceae25b\" data-element_type=\"container\" data-e-type=\"container\">\n\t\t\t\t\t<div class=\"e-con-inner\">\n\t\t<div class=\"elementor-element elementor-element-cdfffe4 e-con-full e-flex e-con e-child\" data-id=\"cdfffe4\" data-element_type=\"container\" data-e-type=\"container\">\n\t\t<div class=\"elementor-element elementor-element-a1d5ce9 e-con-full e-flex e-con e-child\" data-id=\"a1d5ce9\" data-element_type=\"container\" data-e-type=\"container\">\n\t\t\t\t<div class=\"elementor-element elementor-element-bafeb8a xpro-post-grid-align-left elementor-widget elementor-widget-xpro-post-grid\" data-id=\"bafeb8a\" data-element_type=\"widget\" data-e-type=\"widget\" data-settings=\"{&quot;column_grid&quot;:&quot;1&quot;,&quot;column_grid_tablet&quot;:&quot;2&quot;,&quot;column_grid_mobile&quot;:&quot;1&quot;,&quot;image_height&quot;:{&quot;unit&quot;:&quot;px&quot;,&quot;size&quot;:&quot;&quot;,&quot;sizes&quot;:[]},&quot;image_height_tablet&quot;:{&quot;unit&quot;:&quot;px&quot;,&quot;size&quot;:&quot;&quot;,&quot;sizes&quot;:[]},&quot;image_height_mobile&quot;:{&quot;unit&quot;:&quot;px&quot;,&quot;size&quot;:&quot;&quot;,&quot;sizes&quot;:[]},&quot;space_between&quot;:{&quot;unit&quot;:&quot;px&quot;,&quot;size&quot;:15,&quot;sizes&quot;:[]},&quot;space_between_tablet&quot;:{&quot;unit&quot;:&quot;px&quot;,&quot;size&quot;:15,&quot;sizes&quot;:[]},&quot;space_between_mobile&quot;:{&quot;unit&quot;:&quot;px&quot;,&quot;size&quot;:15,&quot;sizes&quot;:[]},&quot;content_height&quot;:{&quot;unit&quot;:&quot;px&quot;,&quot;size&quot;:&quot;&quot;,&quot;sizes&quot;:[]},&quot;content_height_tablet&quot;:{&quot;unit&quot;:&quot;px&quot;,&quot;size&quot;:&quot;&quot;,&quot;sizes&quot;:[]},&quot;content_height_mobile&quot;:{&quot;unit&quot;:&quot;px&quot;,&quot;size&quot;:&quot;&quot;,&quot;sizes&quot;:[]}}\" data-widget_type=\"xpro-post-grid.default\">\n\t\t\t\t\t\n\t\t<div class=\"xpro-post-grid-wrapper xpro-post-grid-layout-1\">\n\n\t\t\t\n\t\t\t\t<div class=\"xpro-post-grid-main cbp\">\n\n\t\t\t\t\t\n<div class=\"cbp-item xpro-post-grid-item\">\n\t\n\t<div class=\"xpro-post-grid-content\">\n\n\t\t\n\t\t\t\t\t<ul class=\"xpro-post-grid-meta-list\">\n\t\t\t\t\t\t\t\t\t\t\t\t\t\t\t<li class=\"xpro-post-grid-meta-date\">\n\t\t\t\t\t\t\t<i aria-hidden=\"true\" class=\"far fa-calendar\"><\/i>\t\t\t\t\t\t\t2026-04-17\t\t\t\t\t\t<\/li>\n\t\t\t\t\t\t\t\t\t\t\t\t\t\t\t\n\t\t\t\t\t\t\t<\/ul>\n\t\t\n\t\t<a href=\"https:\/\/zgk.lubkow.pl\/zgk\/przerwa-w-dostawie-wody-w-raciborowicach-gornych-6\/\">\n\t\t\t<h2 class=\"xpro-post-grid-title\">Przerwa w dostawie wody w Raciborowicach G\u00f3rnych<\/h2>\n\t\t<\/a>\n\n\t\t\n\t\t\t\t\t<p class=\"xpro-post-grid-excerpt\">W dniu 17.04.2026 r. w zwi\u0105zku z konieczno\u015bci\u0105 usuni\u0119cia nag\u0142ej awarii na sieci wodoci\u0105gowej mog\u0105 nast\u0105pi\u0107 przerwy w dostawie wody dla miejscowo\u015bci Raciborowice G\u00f3rne w godzinach 10.00-13.00. Po powrocie...<\/p>\n\t\t\t\t\t\t\t<a href=\"https:\/\/zgk.lubkow.pl\/zgk\/przerwa-w-dostawie-wody-w-raciborowicach-gornych-6\/\" class=\"xpro-post-grid-btn\">Czytaj wi\u0119cej<\/a>\n\t\t\t\t\n\t\t\n\t<\/div>\n<\/div>\n\n<div class=\"cbp-item xpro-post-grid-item\">\n\t\n\t<div class=\"xpro-post-grid-content\">\n\n\t\t\n\t\t\t\t\t<ul class=\"xpro-post-grid-meta-list\">\n\t\t\t\t\t\t\t\t\t\t\t\t\t\t\t<li class=\"xpro-post-grid-meta-date\">\n\t\t\t\t\t\t\t<i aria-hidden=\"true\" class=\"far fa-calendar\"><\/i>\t\t\t\t\t\t\t2026-03-09\t\t\t\t\t\t<\/li>\n\t\t\t\t\t\t\t\t\t\t\t\t\t\t\t\n\t\t\t\t\t\t\t<\/ul>\n\t\t\n\t\t<a href=\"https:\/\/zgk.lubkow.pl\/zgk\/przerwa-w-dostawie-wody-w-miejscowosci-raciborowice-grn-dln\/\">\n\t\t\t<h2 class=\"xpro-post-grid-title\">Przerwa w dostawie wody w miejscowo\u015bci Raciborowice Grn. Dln.<\/h2>\n\t\t<\/a>\n\n\t\t\n\t\t\t\t\t<p class=\"xpro-post-grid-excerpt\">Informujemy, \u017ce w dniu 10.03.2026 r. (wtorek) w godz. 8.00-14.00 w zwi\u0105zku z konieczno\u015bci\u0105 usuni\u0119cia awarii nast\u0105pi znaczny spadek ci\u015bnienia wody, lub ca\u0142kowity jej brak w miejscowo\u015bci:Raciborowice G\u00f3rne i...<\/p>\n\t\t\t\t\t\t\t<a href=\"https:\/\/zgk.lubkow.pl\/zgk\/przerwa-w-dostawie-wody-w-miejscowosci-raciborowice-grn-dln\/\" class=\"xpro-post-grid-btn\">Czytaj wi\u0119cej<\/a>\n\t\t\t\t\n\t\t\n\t<\/div>\n<\/div>\n\n<div class=\"cbp-item xpro-post-grid-item\">\n\t\n\t<div class=\"xpro-post-grid-content\">\n\n\t\t\n\t\t\t\t\t<ul class=\"xpro-post-grid-meta-list\">\n\t\t\t\t\t\t\t\t\t\t\t\t\t\t\t<li class=\"xpro-post-grid-meta-date\">\n\t\t\t\t\t\t\t<i aria-hidden=\"true\" class=\"far fa-calendar\"><\/i>\t\t\t\t\t\t\t2025-12-19\t\t\t\t\t\t<\/li>\n\t\t\t\t\t\t\t\t\t\t\t\t\t\t\t\n\t\t\t\t\t\t\t<\/ul>\n\t\t\n\t\t<a href=\"https:\/\/zgk.lubkow.pl\/zgk\/przerwa-w-dostawie-wody-w-czesci-miejscowosci-iwiny\/\">\n\t\t\t<h2 class=\"xpro-post-grid-title\">Przerwa w dostawie wody w cz\u0119\u015bci miejscowo\u015bci Iwiny<\/h2>\n\t\t<\/a>\n\n\t\t\n\t\t\t\t\t<p class=\"xpro-post-grid-excerpt\">W dniu 19.12.2025 r. w zwi\u0105zku z konieczno\u015bci\u0105 usuni\u0119cia awarii nast\u0105pi przerwa w dostawie wody w m. Iwiny &#8211; Osiedle II w godz. 9.00 do godz. 12.00. Po powrocie...<\/p>\n\t\t\t\t\t\t\t<a href=\"https:\/\/zgk.lubkow.pl\/zgk\/przerwa-w-dostawie-wody-w-czesci-miejscowosci-iwiny\/\" class=\"xpro-post-grid-btn\">Czytaj wi\u0119cej<\/a>\n\t\t\t\t\n\t\t\n\t<\/div>\n<\/div>\n\n<div class=\"cbp-item xpro-post-grid-item\">\n\t\n\t<div class=\"xpro-post-grid-content\">\n\n\t\t\n\t\t\t\t\t<ul class=\"xpro-post-grid-meta-list\">\n\t\t\t\t\t\t\t\t\t\t\t\t\t\t\t<li class=\"xpro-post-grid-meta-date\">\n\t\t\t\t\t\t\t<i aria-hidden=\"true\" class=\"far fa-calendar\"><\/i>\t\t\t\t\t\t\t2025-09-03\t\t\t\t\t\t<\/li>\n\t\t\t\t\t\t\t\t\t\t\t\t\t\t\t\n\t\t\t\t\t\t\t<\/ul>\n\t\t\n\t\t<a href=\"https:\/\/zgk.lubkow.pl\/zgk\/przerwa-w-dostawie-wody-w-czesci-miejscowosci-tomaszow-boleslawiecki\/\">\n\t\t\t<h2 class=\"xpro-post-grid-title\">Przerwa w dostawie wody w cz\u0119\u015bci miejscowo\u015bci Tomasz\u00f3w Boles\u0142awiecki<\/h2>\n\t\t<\/a>\n\n\t\t\n\t\t\t\t\t<p class=\"xpro-post-grid-excerpt\">W dniu 03.09.2025 r. w godzinach 7.00-12.00 nast\u0105pi przerwa w dostawie wody w miejscowo\u015bci Tomasz\u00f3w Boles\u0142awiecki w budynkach od nr 1 do nr 49 z powodu awarii. Po powrocie...<\/p>\n\t\t\t\t\t\t\t<a href=\"https:\/\/zgk.lubkow.pl\/zgk\/przerwa-w-dostawie-wody-w-czesci-miejscowosci-tomaszow-boleslawiecki\/\" class=\"xpro-post-grid-btn\">Czytaj wi\u0119cej<\/a>\n\t\t\t\t\n\t\t\n\t<\/div>\n<\/div>\n\n<div class=\"cbp-item xpro-post-grid-item\">\n\t\n\t<div class=\"xpro-post-grid-content\">\n\n\t\t\n\t\t\t\t\t<ul class=\"xpro-post-grid-meta-list\">\n\t\t\t\t\t\t\t\t\t\t\t\t\t\t\t<li class=\"xpro-post-grid-meta-date\">\n\t\t\t\t\t\t\t<i aria-hidden=\"true\" class=\"far fa-calendar\"><\/i>\t\t\t\t\t\t\t2025-08-26\t\t\t\t\t\t<\/li>\n\t\t\t\t\t\t\t\t\t\t\t\t\t\t\t\n\t\t\t\t\t\t\t<\/ul>\n\t\t\n\t\t<a href=\"https:\/\/zgk.lubkow.pl\/zgk\/przerwa-w-dostawie-wody-w-miejscowosciach-szczytnica-i-wilczy-las\/\">\n\t\t\t<h2 class=\"xpro-post-grid-title\">Przerwa w dostawie wody w miejscowo\u015bciach Szczytnica i Wilczy Las<\/h2>\n\t\t<\/a>\n\n\t\t\n\t\t\t\t\t<p class=\"xpro-post-grid-excerpt\">\u00a0W dniu 26.08.2025 r. w godzinach 8.00 -13.00 nast\u0105pi przerwa w dostawie wody w miejscowo\u015bciach Szczytnica i Wilczy Las spowodowana konieczno\u015bci\u0105 usuni\u0119cia awarii.\u00a0 Po powrocie zasilania mo\u017ce nast\u0105pi\u0107 czasowe...<\/p>\n\t\t\t\t\t\t\t<a href=\"https:\/\/zgk.lubkow.pl\/zgk\/przerwa-w-dostawie-wody-w-miejscowosciach-szczytnica-i-wilczy-las\/\" class=\"xpro-post-grid-btn\">Czytaj wi\u0119cej<\/a>\n\t\t\t\t\n\t\t\n\t<\/div>\n<\/div>\n\n<div class=\"cbp-item xpro-post-grid-item\">\n\t\n\t<div class=\"xpro-post-grid-content\">\n\n\t\t\n\t\t\t\t\t<ul class=\"xpro-post-grid-meta-list\">\n\t\t\t\t\t\t\t\t\t\t\t\t\t\t\t<li class=\"xpro-post-grid-meta-date\">\n\t\t\t\t\t\t\t<i aria-hidden=\"true\" class=\"far fa-calendar\"><\/i>\t\t\t\t\t\t\t2025-07-04\t\t\t\t\t\t<\/li>\n\t\t\t\t\t\t\t\t\t\t\t\t\t\t\t\n\t\t\t\t\t\t\t<\/ul>\n\t\t\n\t\t<a href=\"https:\/\/zgk.lubkow.pl\/zgk\/przerwa-w-dostawie-wody-w-miejscowosci-jurkow\/\">\n\t\t\t<h2 class=\"xpro-post-grid-title\">Przerwa w dostawie wody w miejscowo\u015bci Jurk\u00f3w<\/h2>\n\t\t<\/a>\n\n\t\t\n\t\t\t\t\t<p class=\"xpro-post-grid-excerpt\">W dniu 7 lipca 2025 r. (poniedzia\u0142ek) w godz. od 8 do 13 nast\u0105pi przerwa w dostawie wody w miejscowo\u015bci Jurk\u00f3w, w zwi\u0105zku z konieczno\u015bci\u0105 usuni\u0119cia awarii sieci wodoci\u0105gowej....<\/p>\n\t\t\t\t\t\t\t<a href=\"https:\/\/zgk.lubkow.pl\/zgk\/przerwa-w-dostawie-wody-w-miejscowosci-jurkow\/\" class=\"xpro-post-grid-btn\">Czytaj wi\u0119cej<\/a>\n\t\t\t\t\n\t\t\n\t<\/div>\n<\/div>\n\n<div class=\"cbp-item xpro-post-grid-item\">\n\t\n\t<div class=\"xpro-post-grid-content\">\n\n\t\t\n\t\t\t\t\t<ul class=\"xpro-post-grid-meta-list\">\n\t\t\t\t\t\t\t\t\t\t\t\t\t\t\t<li class=\"xpro-post-grid-meta-date\">\n\t\t\t\t\t\t\t<i aria-hidden=\"true\" class=\"far fa-calendar\"><\/i>\t\t\t\t\t\t\t2025-05-30\t\t\t\t\t\t<\/li>\n\t\t\t\t\t\t\t\t\t\t\t\t\t\t\t\n\t\t\t\t\t\t\t<\/ul>\n\t\t\n\t\t<a href=\"https:\/\/zgk.lubkow.pl\/zgk\/przerwa-w-dostawie-wody\/\">\n\t\t\t<h2 class=\"xpro-post-grid-title\">Przerwa w dostawie wody<\/h2>\n\t\t<\/a>\n\n\t\t\n\t\t\t\t\t<p class=\"xpro-post-grid-excerpt\">W dniu 2 czerwca 2025r.\u00a0 w godz. 8.00-12.00 nast\u0105pi przerwa w dostawie wody w miejscowo\u015bci Szczytnica i Wilczy Las w zwi\u0105zku z usuwaniem awarii na sieci wodoci\u0105gowej. Po wznowieniu...<\/p>\n\t\t\t\t\t\t\t<a href=\"https:\/\/zgk.lubkow.pl\/zgk\/przerwa-w-dostawie-wody\/\" class=\"xpro-post-grid-btn\">Czytaj wi\u0119cej<\/a>\n\t\t\t\t\n\t\t\n\t<\/div>\n<\/div>\n\n<div class=\"cbp-item xpro-post-grid-item\">\n\t\n\t<div class=\"xpro-post-grid-content\">\n\n\t\t\n\t\t\t\t\t<ul class=\"xpro-post-grid-meta-list\">\n\t\t\t\t\t\t\t\t\t\t\t\t\t\t\t<li class=\"xpro-post-grid-meta-date\">\n\t\t\t\t\t\t\t<i aria-hidden=\"true\" class=\"far fa-calendar\"><\/i>\t\t\t\t\t\t\t2025-05-08\t\t\t\t\t\t<\/li>\n\t\t\t\t\t\t\t\t\t\t\t\t\t\t\t\n\t\t\t\t\t\t\t<\/ul>\n\t\t\n\t\t<a href=\"https:\/\/zgk.lubkow.pl\/zgk\/przerwa-w-dostawie-wody-w-miejscowosci-raciborowice-gorne\/\">\n\t\t\t<h2 class=\"xpro-post-grid-title\">Przerwa w dostawie wody w miejscowo\u015bci Raciborowice G\u00f3rne<\/h2>\n\t\t<\/a>\n\n\t\t\n\t\t\t\t\t<p class=\"xpro-post-grid-excerpt\">W dniu 09 maja 2025 r. w godzinach 8.00-14.00 nast\u0105pi przerwa w dostawie wody w miejscowo\u015bci Raciborowice G\u00f3rne spowodowana pracami na Stacji Uzdatniania Wody. Po powrocie zasilania mo\u017ce nast\u0105pi\u0107...<\/p>\n\t\t\t\t\t\t\t<a href=\"https:\/\/zgk.lubkow.pl\/zgk\/przerwa-w-dostawie-wody-w-miejscowosci-raciborowice-gorne\/\" class=\"xpro-post-grid-btn\">Czytaj wi\u0119cej<\/a>\n\t\t\t\t\n\t\t\n\t<\/div>\n<\/div>\n\n<div class=\"cbp-item xpro-post-grid-item\">\n\t\n\t<div class=\"xpro-post-grid-content\">\n\n\t\t\n\t\t\t\t\t<ul class=\"xpro-post-grid-meta-list\">\n\t\t\t\t\t\t\t\t\t\t\t\t\t\t\t<li class=\"xpro-post-grid-meta-date\">\n\t\t\t\t\t\t\t<i aria-hidden=\"true\" class=\"far fa-calendar\"><\/i>\t\t\t\t\t\t\t2025-05-08\t\t\t\t\t\t<\/li>\n\t\t\t\t\t\t\t\t\t\t\t\t\t\t\t\n\t\t\t\t\t\t\t<\/ul>\n\t\t\n\t\t<a href=\"https:\/\/zgk.lubkow.pl\/zgk\/przerwa-w-dostawie-wody-w-jurkowie\/\">\n\t\t\t<h2 class=\"xpro-post-grid-title\">Przerwa w dostawie wody w Jurkowie<\/h2>\n\t\t<\/a>\n\n\t\t\n\t\t\t\t\t<p class=\"xpro-post-grid-excerpt\">W dniu 9.05.2025 r. z powodu prac remontowych na Stacji Uzdatniania Wody, wyst\u0105pi przerwa w dostawie wody od godz. 8:00 do godz. 14:00.\u00a0 Po powrocie zasilania wody mo\u017ce nast\u0105pi\u0107...<\/p>\n\t\t\t\t\t\t\t<a href=\"https:\/\/zgk.lubkow.pl\/zgk\/przerwa-w-dostawie-wody-w-jurkowie\/\" class=\"xpro-post-grid-btn\">Czytaj wi\u0119cej<\/a>\n\t\t\t\t\n\t\t\n\t<\/div>\n<\/div>\n\n<div class=\"cbp-item xpro-post-grid-item\">\n\t\n\t<div class=\"xpro-post-grid-content\">\n\n\t\t\n\t\t\t\t\t<ul class=\"xpro-post-grid-meta-list\">\n\t\t\t\t\t\t\t\t\t\t\t\t\t\t\t<li class=\"xpro-post-grid-meta-date\">\n\t\t\t\t\t\t\t<i aria-hidden=\"true\" class=\"far fa-calendar\"><\/i>\t\t\t\t\t\t\t2025-03-27\t\t\t\t\t\t<\/li>\n\t\t\t\t\t\t\t\t\t\t\t\t\t\t\t\n\t\t\t\t\t\t\t<\/ul>\n\t\t\n\t\t<a href=\"https:\/\/zgk.lubkow.pl\/zgk\/przerwa-w-dostawie-wody-w-tomaszowie-boleslawieckim-4\/\">\n\t\t\t<h2 class=\"xpro-post-grid-title\">Przerwa w dostawie wody w Lubkowie<\/h2>\n\t\t<\/a>\n\n\t\t\n\t\t\t\t\t<p class=\"xpro-post-grid-excerpt\">W dniu dzisiejszym (27.03.2025 r.) z powodu awarii sieci wodoci\u0105gowej w miejscowo\u015bci Lubk\u00f3w wyst\u0105pi przerwa w dostawie wody do godz. 14:00.\u00a0 Po powrocie zasilania wody mo\u017ce nast\u0105pi\u0107 czasowe pogorszenie...<\/p>\n\t\t\t\t\t\t\t<a href=\"https:\/\/zgk.lubkow.pl\/zgk\/przerwa-w-dostawie-wody-w-tomaszowie-boleslawieckim-4\/\" class=\"xpro-post-grid-btn\">Czytaj wi\u0119cej<\/a>\n\t\t\t\t\n\t\t\n\t<\/div>\n<\/div>\n\n<div class=\"cbp-item xpro-post-grid-item\">\n\t\n\t<div class=\"xpro-post-grid-content\">\n\n\t\t\n\t\t\t\t\t<ul class=\"xpro-post-grid-meta-list\">\n\t\t\t\t\t\t\t\t\t\t\t\t\t\t\t<li class=\"xpro-post-grid-meta-date\">\n\t\t\t\t\t\t\t<i aria-hidden=\"true\" class=\"far fa-calendar\"><\/i>\t\t\t\t\t\t\t2025-03-26\t\t\t\t\t\t<\/li>\n\t\t\t\t\t\t\t\t\t\t\t\t\t\t\t\n\t\t\t\t\t\t\t<\/ul>\n\t\t\n\t\t<a href=\"https:\/\/zgk.lubkow.pl\/zgk\/przerwa-w-dostawie-wody-w-tomaszowie-boleslawieckim-3\/\">\n\t\t\t<h2 class=\"xpro-post-grid-title\">Przerwa w dostawie wody w Tomaszowie Boles\u0142awieckim<\/h2>\n\t\t<\/a>\n\n\t\t\n\t\t\t\t\t<p class=\"xpro-post-grid-excerpt\">W dniu 26.03.2025 r. od godz. 8.00 do godz. 14.00 w miejscowo\u015bci Tomasz\u00f3w Boles\u0142awiecki od numeru 1 do 50 nast\u0105pi przerwa w dostawie wody spowodowana konieczno\u015bci\u0105 usuni\u0119cia awarii. Po...<\/p>\n\t\t\t\t\t\t\t<a href=\"https:\/\/zgk.lubkow.pl\/zgk\/przerwa-w-dostawie-wody-w-tomaszowie-boleslawieckim-3\/\" class=\"xpro-post-grid-btn\">Czytaj wi\u0119cej<\/a>\n\t\t\t\t\n\t\t\n\t<\/div>\n<\/div>\n\n<div class=\"cbp-item xpro-post-grid-item\">\n\t\n\t<div class=\"xpro-post-grid-content\">\n\n\t\t\n\t\t\t\t\t<ul class=\"xpro-post-grid-meta-list\">\n\t\t\t\t\t\t\t\t\t\t\t\t\t\t\t<li class=\"xpro-post-grid-meta-date\">\n\t\t\t\t\t\t\t<i aria-hidden=\"true\" class=\"far fa-calendar\"><\/i>\t\t\t\t\t\t\t2025-02-26\t\t\t\t\t\t<\/li>\n\t\t\t\t\t\t\t\t\t\t\t\t\t\t\t\n\t\t\t\t\t\t\t<\/ul>\n\t\t\n\t\t<a href=\"https:\/\/zgk.lubkow.pl\/zgk\/przerwa-w-dostawie-wody-w-miejscowosci-tomaszow-boleslawiecki\/\">\n\t\t\t<h2 class=\"xpro-post-grid-title\">Przerwa w dostawie wody w miejscowo\u015bci Tomasz\u00f3w Boles\u0142awiecki<\/h2>\n\t\t<\/a>\n\n\t\t\n\t\t\t\t\t<p class=\"xpro-post-grid-excerpt\">W dniu 27.02.2025 r. w godz. 8.00-14.00 nast\u0105pi przerwa w dostawie wody w miejscowo\u015bci Tomasz\u00f3w Boles\u0142awiecki od nr 1 do nr 50, w zwi\u0105zku z konieczno\u015bci\u0105 usuni\u0119ci awarii. Po...<\/p>\n\t\t\t\t\t\t\t<a href=\"https:\/\/zgk.lubkow.pl\/zgk\/przerwa-w-dostawie-wody-w-miejscowosci-tomaszow-boleslawiecki\/\" class=\"xpro-post-grid-btn\">Czytaj wi\u0119cej<\/a>\n\t\t\t\t\n\t\t\n\t<\/div>\n<\/div>\n\n<div class=\"cbp-item xpro-post-grid-item\">\n\t\n\t<div class=\"xpro-post-grid-content\">\n\n\t\t\n\t\t\t\t\t<ul class=\"xpro-post-grid-meta-list\">\n\t\t\t\t\t\t\t\t\t\t\t\t\t\t\t<li class=\"xpro-post-grid-meta-date\">\n\t\t\t\t\t\t\t<i aria-hidden=\"true\" class=\"far fa-calendar\"><\/i>\t\t\t\t\t\t\t2025-02-07\t\t\t\t\t\t<\/li>\n\t\t\t\t\t\t\t\t\t\t\t\t\t\t\t\n\t\t\t\t\t\t\t<\/ul>\n\t\t\n\t\t<a href=\"https:\/\/zgk.lubkow.pl\/zgk\/przerwa-w-dostawie-wody-w-raciborowicach-gornych-4\/\">\n\t\t\t<h2 class=\"xpro-post-grid-title\">Przerwa w dostawie wody w Raciborowicach G\u00f3rnych i Jurkowie<\/h2>\n\t\t<\/a>\n\n\t\t\n\t\t\t\t\t<p class=\"xpro-post-grid-excerpt\">Zak\u0142ad Gospodarki Komunalnej w Lubkowie Sp. z o.o. zawiadamia, \u017ce w zwi\u0105zku z usuwaniem awarii na sieci wodoci\u0105gowej nast\u0105pi przerwa w dostawie wody\u00a0w dniu 10.02.2025 od godz. 8.00 do...<\/p>\n\t\t\t\t\t\t\t<a href=\"https:\/\/zgk.lubkow.pl\/zgk\/przerwa-w-dostawie-wody-w-raciborowicach-gornych-4\/\" class=\"xpro-post-grid-btn\">Czytaj wi\u0119cej<\/a>\n\t\t\t\t\n\t\t\n\t<\/div>\n<\/div>\n\n<div class=\"cbp-item xpro-post-grid-item\">\n\t\n\t<div class=\"xpro-post-grid-content\">\n\n\t\t\n\t\t\t\t\t<ul class=\"xpro-post-grid-meta-list\">\n\t\t\t\t\t\t\t\t\t\t\t\t\t\t\t<li class=\"xpro-post-grid-meta-date\">\n\t\t\t\t\t\t\t<i aria-hidden=\"true\" class=\"far fa-calendar\"><\/i>\t\t\t\t\t\t\t2025-02-06\t\t\t\t\t\t<\/li>\n\t\t\t\t\t\t\t\t\t\t\t\t\t\t\t\n\t\t\t\t\t\t\t<\/ul>\n\t\t\n\t\t<a href=\"https:\/\/zgk.lubkow.pl\/zgk\/przerwa-w-dostawie-wody-w-raciborowicach-gornych-3\/\">\n\t\t\t<h2 class=\"xpro-post-grid-title\">Przerwa w dostawie wody w Raciborowicach G\u00f3rnych<\/h2>\n\t\t<\/a>\n\n\t\t\n\t\t\t\t\t<p class=\"xpro-post-grid-excerpt\">Zak\u0142ad Gospodarki Komunalnej w Lubkowie Sp. z o.o. zawiadamia, \u017ce w zwi\u0105zku z usuwaniem awarii na sieci wodoci\u0105gowej nast\u0105pi przerwa w dostawie wody\u00a0\u00a0w dniu 07.02.2025\u00a0od godz. 9.00 do godz....<\/p>\n\t\t\t\t\t\t\t<a href=\"https:\/\/zgk.lubkow.pl\/zgk\/przerwa-w-dostawie-wody-w-raciborowicach-gornych-3\/\" class=\"xpro-post-grid-btn\">Czytaj wi\u0119cej<\/a>\n\t\t\t\t\n\t\t\n\t<\/div>\n<\/div>\n\n<div class=\"cbp-item xpro-post-grid-item\">\n\t\n\t<div class=\"xpro-post-grid-content\">\n\n\t\t\n\t\t\t\t\t<ul class=\"xpro-post-grid-meta-list\">\n\t\t\t\t\t\t\t\t\t\t\t\t\t\t\t<li class=\"xpro-post-grid-meta-date\">\n\t\t\t\t\t\t\t<i aria-hidden=\"true\" class=\"far fa-calendar\"><\/i>\t\t\t\t\t\t\t2025-01-16\t\t\t\t\t\t<\/li>\n\t\t\t\t\t\t\t\t\t\t\t\t\t\t\t\n\t\t\t\t\t\t\t<\/ul>\n\t\t\n\t\t<a href=\"https:\/\/zgk.lubkow.pl\/zgk\/przerwa-w-dostawie-wody-w-wartowicach-5\/\">\n\t\t\t<h2 class=\"xpro-post-grid-title\">Przerwa w dostawie wody w Raciborowicach G\u00f3rnych i Dolnych<\/h2>\n\t\t<\/a>\n\n\t\t\n\t\t\t\t\t<p class=\"xpro-post-grid-excerpt\">W dniu 16.01.2025 r. (czwartek) od godziny 13.30 do 18.00 nast\u0105pi przerwa w dostawie wody w miejscowo\u015bci Raciborowice G\u00f3rne i cz\u0119\u015bci miejscowo\u015bci Raciborowic Dolnych w zwi\u0105zku z uszkodzeniem wodoci\u0105gu...<\/p>\n\t\t\t\t\t\t\t<a href=\"https:\/\/zgk.lubkow.pl\/zgk\/przerwa-w-dostawie-wody-w-wartowicach-5\/\" class=\"xpro-post-grid-btn\">Czytaj wi\u0119cej<\/a>\n\t\t\t\t\n\t\t\n\t<\/div>\n<\/div>\n\n<div class=\"cbp-item xpro-post-grid-item\">\n\t\n\t<div class=\"xpro-post-grid-content\">\n\n\t\t\n\t\t\t\t\t<ul class=\"xpro-post-grid-meta-list\">\n\t\t\t\t\t\t\t\t\t\t\t\t\t\t\t<li class=\"xpro-post-grid-meta-date\">\n\t\t\t\t\t\t\t<i aria-hidden=\"true\" class=\"far fa-calendar\"><\/i>\t\t\t\t\t\t\t2024-12-03\t\t\t\t\t\t<\/li>\n\t\t\t\t\t\t\t\t\t\t\t\t\t\t\t\n\t\t\t\t\t\t\t<\/ul>\n\t\t\n\t\t<a href=\"https:\/\/zgk.lubkow.pl\/zgk\/przerwa-w-dostawie-wody-w-tomaszowie-boleslawieckim-2\/\">\n\t\t\t<h2 class=\"xpro-post-grid-title\">Przerwa w dostawie wody w Tomaszowie Boles\u0142awieckim<\/h2>\n\t\t<\/a>\n\n\t\t\n\t\t\t\t\t<p class=\"xpro-post-grid-excerpt\">W dniu 03.12.2024 r. (wtorek) w godzinach 9.00-11.00 nast\u0105pi przerwa w dostawie wody w miejscowo\u015bci Tomasz\u00f3w Boles\u0142awiecki w zwi\u0105zku z konieczno\u015bci\u0105 usuni\u0119cia awarii. Po powrocie zasilania mo\u017ce nast\u0105pi\u0107 czasowe...<\/p>\n\t\t\t\t\t\t\t<a href=\"https:\/\/zgk.lubkow.pl\/zgk\/przerwa-w-dostawie-wody-w-tomaszowie-boleslawieckim-2\/\" class=\"xpro-post-grid-btn\">Czytaj wi\u0119cej<\/a>\n\t\t\t\t\n\t\t\n\t<\/div>\n<\/div>\n\n<div class=\"cbp-item xpro-post-grid-item\">\n\t\n\t<div class=\"xpro-post-grid-content\">\n\n\t\t\n\t\t\t\t\t<ul class=\"xpro-post-grid-meta-list\">\n\t\t\t\t\t\t\t\t\t\t\t\t\t\t\t<li class=\"xpro-post-grid-meta-date\">\n\t\t\t\t\t\t\t<i aria-hidden=\"true\" class=\"far fa-calendar\"><\/i>\t\t\t\t\t\t\t2024-12-03\t\t\t\t\t\t<\/li>\n\t\t\t\t\t\t\t\t\t\t\t\t\t\t\t\n\t\t\t\t\t\t\t<\/ul>\n\t\t\n\t\t<a href=\"https:\/\/zgk.lubkow.pl\/zgk\/przerwa-w-dostawie-wody-w-wartowicach-4\/\">\n\t\t\t<h2 class=\"xpro-post-grid-title\">Przerwa w dostawie wody w Wartowicach<\/h2>\n\t\t<\/a>\n\n\t\t\n\t\t\t\t\t<p class=\"xpro-post-grid-excerpt\">W dniu 03.12.2024 r. (wtorek) w godzinach 8.30-11.00 nast\u0105pi przerwa w dostawie wody w miejscowo\u015bci Wartowice w zwi\u0105zku z konieczno\u015bci\u0105 usuni\u0119cia awarii. Po powrocie zasilania mo\u017ce nast\u0105pi\u0107 czasowe pogorszenie...<\/p>\n\t\t\t\t\t\t\t<a href=\"https:\/\/zgk.lubkow.pl\/zgk\/przerwa-w-dostawie-wody-w-wartowicach-4\/\" class=\"xpro-post-grid-btn\">Czytaj wi\u0119cej<\/a>\n\t\t\t\t\n\t\t\n\t<\/div>\n<\/div>\n\n<div class=\"cbp-item xpro-post-grid-item\">\n\t\n\t<div class=\"xpro-post-grid-content\">\n\n\t\t\n\t\t\t\t\t<ul class=\"xpro-post-grid-meta-list\">\n\t\t\t\t\t\t\t\t\t\t\t\t\t\t\t<li class=\"xpro-post-grid-meta-date\">\n\t\t\t\t\t\t\t<i aria-hidden=\"true\" class=\"far fa-calendar\"><\/i>\t\t\t\t\t\t\t2024-11-20\t\t\t\t\t\t<\/li>\n\t\t\t\t\t\t\t\t\t\t\t\t\t\t\t\n\t\t\t\t\t\t\t<\/ul>\n\t\t\n\t\t<a href=\"https:\/\/zgk.lubkow.pl\/zgk\/awaria-telefonow-stacjonarnych\/\">\n\t\t\t<h2 class=\"xpro-post-grid-title\">Awaria telefon\u00f3w stacjonarnych<\/h2>\n\t\t<\/a>\n\n\t\t\n\t\t\t\t\t<p class=\"xpro-post-grid-excerpt\">Szanowni Pa\u0144stwo informujemy, \u017ce z przyczyn od nas niezale\u017cnych wyst\u0119puj\u0105 problemy z komunikacj\u0105 telefoniczn\u0105. Z informacji przekazanej nam przez operatora nasze telefony stacjonarne mog\u0105 pozostawa\u0107 nieczynne do jutra (czwartek...<\/p>\n\t\t\t\t\t\t\t<a href=\"https:\/\/zgk.lubkow.pl\/zgk\/awaria-telefonow-stacjonarnych\/\" class=\"xpro-post-grid-btn\">Czytaj wi\u0119cej<\/a>\n\t\t\t\t\n\t\t\n\t<\/div>\n<\/div>\n\n<div class=\"cbp-item xpro-post-grid-item\">\n\t\n\t<div class=\"xpro-post-grid-content\">\n\n\t\t\n\t\t\t\t\t<ul class=\"xpro-post-grid-meta-list\">\n\t\t\t\t\t\t\t\t\t\t\t\t\t\t\t<li class=\"xpro-post-grid-meta-date\">\n\t\t\t\t\t\t\t<i aria-hidden=\"true\" class=\"far fa-calendar\"><\/i>\t\t\t\t\t\t\t2024-06-21\t\t\t\t\t\t<\/li>\n\t\t\t\t\t\t\t\t\t\t\t\t\t\t\t\n\t\t\t\t\t\t\t<\/ul>\n\t\t\n\t\t<a href=\"https:\/\/zgk.lubkow.pl\/zgk\/przerwa-w-dostawie-wody-w-szczytnicy\/\">\n\t\t\t<h2 class=\"xpro-post-grid-title\">Przerwa w dostawie wody w Szczytnicy<\/h2>\n\t\t<\/a>\n\n\t\t\n\t\t\t\t\t<p class=\"xpro-post-grid-excerpt\">Informujemy, \u017ce w dniu 24.06.2024 r. (poniedzia\u0142ek) w godz. 8.00-11.00 nast\u0105pi przerwa w dostawie wody dla miejscowo\u015bci Szczytnica spowodowana pracami na sieci. Po powrocie zasilania mo\u017ce nast\u0105pi\u0107 pogorszenie jako\u015bci...<\/p>\n\t\t\t\t\t\t\t<a href=\"https:\/\/zgk.lubkow.pl\/zgk\/przerwa-w-dostawie-wody-w-szczytnicy\/\" class=\"xpro-post-grid-btn\">Czytaj wi\u0119cej<\/a>\n\t\t\t\t\n\t\t\n\t<\/div>\n<\/div>\n\n<div class=\"cbp-item xpro-post-grid-item\">\n\t\n\t<div class=\"xpro-post-grid-content\">\n\n\t\t\n\t\t\t\t\t<ul class=\"xpro-post-grid-meta-list\">\n\t\t\t\t\t\t\t\t\t\t\t\t\t\t\t<li class=\"xpro-post-grid-meta-date\">\n\t\t\t\t\t\t\t<i aria-hidden=\"true\" class=\"far fa-calendar\"><\/i>\t\t\t\t\t\t\t2024-06-07\t\t\t\t\t\t<\/li>\n\t\t\t\t\t\t\t\t\t\t\t\t\t\t\t\n\t\t\t\t\t\t\t<\/ul>\n\t\t\n\t\t<a href=\"https:\/\/zgk.lubkow.pl\/zgk\/przerwa-w-dostawie-wody-w-lubkowie-i-iwinach\/\">\n\t\t\t<h2 class=\"xpro-post-grid-title\">Przerwa w dostawie wody w Lubkowie i Iwinach<\/h2>\n\t\t<\/a>\n\n\t\t\n\t\t\t\t\t<p class=\"xpro-post-grid-excerpt\">W dniu 10 czerwca 2024 r. (poniedzia\u0142ek) w godzinach od 8.00 do 12.00 w zwi\u0105zku z pracami remontowymi na sieci nast\u0105pi przerwa w dostawie wody dla miejscowo\u015bci Lubk\u00f3w i...<\/p>\n\t\t\t\t\t\t\t<a href=\"https:\/\/zgk.lubkow.pl\/zgk\/przerwa-w-dostawie-wody-w-lubkowie-i-iwinach\/\" class=\"xpro-post-grid-btn\">Czytaj wi\u0119cej<\/a>\n\t\t\t\t\n\t\t\n\t<\/div>\n<\/div>\n\n<div class=\"cbp-item xpro-post-grid-item\">\n\t\n\t<div class=\"xpro-post-grid-content\">\n\n\t\t\n\t\t\t\t\t<ul class=\"xpro-post-grid-meta-list\">\n\t\t\t\t\t\t\t\t\t\t\t\t\t\t\t<li class=\"xpro-post-grid-meta-date\">\n\t\t\t\t\t\t\t<i aria-hidden=\"true\" class=\"far fa-calendar\"><\/i>\t\t\t\t\t\t\t2024-05-28\t\t\t\t\t\t<\/li>\n\t\t\t\t\t\t\t\t\t\t\t\t\t\t\t\n\t\t\t\t\t\t\t<\/ul>\n\t\t\n\t\t<a href=\"https:\/\/zgk.lubkow.pl\/zgk\/przerwa-w-dostawie-wody-w-raciborowicach-gornych-2\/\">\n\t\t\t<h2 class=\"xpro-post-grid-title\">Przerwa w dostawie wody w Raciborowicach G\u00f3rnych<\/h2>\n\t\t<\/a>\n\n\t\t\n\t\t\t\t\t<p class=\"xpro-post-grid-excerpt\">W dniu 28.05.2024 r. w godz. 11.00 do 14.00. mo\u017cliwa jest przerwa w dostawie wody z powodu awarii sieci w miejscowo\u015bci Raciborowice G\u00f3rne. Po powrocie zasilania mo\u017ce nast\u0105pi\u0107 pogorszenie...<\/p>\n\t\t\t\t\t\t\t<a href=\"https:\/\/zgk.lubkow.pl\/zgk\/przerwa-w-dostawie-wody-w-raciborowicach-gornych-2\/\" class=\"xpro-post-grid-btn\">Czytaj wi\u0119cej<\/a>\n\t\t\t\t\n\t\t\n\t<\/div>\n<\/div>\n\n<div class=\"cbp-item xpro-post-grid-item\">\n\t\n\t<div class=\"xpro-post-grid-content\">\n\n\t\t\n\t\t\t\t\t<ul class=\"xpro-post-grid-meta-list\">\n\t\t\t\t\t\t\t\t\t\t\t\t\t\t\t<li class=\"xpro-post-grid-meta-date\">\n\t\t\t\t\t\t\t<i aria-hidden=\"true\" class=\"far fa-calendar\"><\/i>\t\t\t\t\t\t\t2024-05-27\t\t\t\t\t\t<\/li>\n\t\t\t\t\t\t\t\t\t\t\t\t\t\t\t\n\t\t\t\t\t\t\t<\/ul>\n\t\t\n\t\t<a href=\"https:\/\/zgk.lubkow.pl\/zgk\/przerwa-w-dostawie-wody-w-wartowicach-3\/\">\n\t\t\t<h2 class=\"xpro-post-grid-title\">Przerwa w dostawie wody w Wartowicach<\/h2>\n\t\t<\/a>\n\n\t\t\n\t\t\t\t\t<p class=\"xpro-post-grid-excerpt\">W dniu 28.05.2024 r. w godz. 8.00-15.30 w zwi\u0105zku z usuwaniem awarii na sieci nast\u0105pi przerwa w dostawie wody w miejscowo\u015bci Wartowice. Po powrocie dostaw wody mo\u017ce nast\u0105pi\u0107 czasowe...<\/p>\n\t\t\t\t\t\t\t<a href=\"https:\/\/zgk.lubkow.pl\/zgk\/przerwa-w-dostawie-wody-w-wartowicach-3\/\" class=\"xpro-post-grid-btn\">Czytaj wi\u0119cej<\/a>\n\t\t\t\t\n\t\t\n\t<\/div>\n<\/div>\n\n<div class=\"cbp-item xpro-post-grid-item\">\n\t\n\t<div class=\"xpro-post-grid-content\">\n\n\t\t\n\t\t\t\t\t<ul class=\"xpro-post-grid-meta-list\">\n\t\t\t\t\t\t\t\t\t\t\t\t\t\t\t<li class=\"xpro-post-grid-meta-date\">\n\t\t\t\t\t\t\t<i aria-hidden=\"true\" class=\"far fa-calendar\"><\/i>\t\t\t\t\t\t\t2024-05-07\t\t\t\t\t\t<\/li>\n\t\t\t\t\t\t\t\t\t\t\t\t\t\t\t\n\t\t\t\t\t\t\t<\/ul>\n\t\t\n\t\t<a href=\"https:\/\/zgk.lubkow.pl\/zgk\/przerwa-w-dostawie-wody-w-wartowicach-2\/\">\n\t\t\t<h2 class=\"xpro-post-grid-title\">Przerwa w dostawie wody w Wartowicach<\/h2>\n\t\t<\/a>\n\n\t\t\n\t\t\t\t\t<p class=\"xpro-post-grid-excerpt\">W dniu 09.05.2024 r. w godzinach od 8.00 do 12.00 nast\u0105pi przerwa w dostawie wody w miejscowo\u015bci Wartowice w zwi\u0105zku z usuwaniem awarii. Po zako\u0144czeniu prac mo\u017ce nast\u0105pi\u0107 chwilowe...<\/p>\n\t\t\t\t\t\t\t<a href=\"https:\/\/zgk.lubkow.pl\/zgk\/przerwa-w-dostawie-wody-w-wartowicach-2\/\" class=\"xpro-post-grid-btn\">Czytaj wi\u0119cej<\/a>\n\t\t\t\t\n\t\t\n\t<\/div>\n<\/div>\n\n<div class=\"cbp-item xpro-post-grid-item\">\n\t\n\t<div class=\"xpro-post-grid-content\">\n\n\t\t\n\t\t\t\t\t<ul class=\"xpro-post-grid-meta-list\">\n\t\t\t\t\t\t\t\t\t\t\t\t\t\t\t<li class=\"xpro-post-grid-meta-date\">\n\t\t\t\t\t\t\t<i aria-hidden=\"true\" class=\"far fa-calendar\"><\/i>\t\t\t\t\t\t\t2023-11-14\t\t\t\t\t\t<\/li>\n\t\t\t\t\t\t\t\t\t\t\t\t\t\t\t\n\t\t\t\t\t\t\t<\/ul>\n\t\t\n\t\t<a href=\"https:\/\/zgk.lubkow.pl\/zgk\/przerwa-w-dostawie-wody-w-miejscowosci-tomaszow-boleslawiecki-2\/\">\n\t\t\t<h2 class=\"xpro-post-grid-title\">Przerwa w dostawie wody w miejscowo\u015bci Tomasz\u00f3w Boles\u0142awiecki<\/h2>\n\t\t<\/a>\n\n\t\t\n\t\t\t\t\t<p class=\"xpro-post-grid-excerpt\">W dniu 14.11.2023 r. w godz. 8.00-12.00 nast\u0105pi przerwa w dostawie wody w miejscowo\u015bci Tomasz\u00f3w Boles\u0142awiecki od nr 157 do nr 193 spowodowana pracami na sieci.\u00a0 Po powrocie zasilania...<\/p>\n\t\t\t\t\t\t\t<a href=\"https:\/\/zgk.lubkow.pl\/zgk\/przerwa-w-dostawie-wody-w-miejscowosci-tomaszow-boleslawiecki-2\/\" class=\"xpro-post-grid-btn\">Czytaj wi\u0119cej<\/a>\n\t\t\t\t\n\t\t\n\t<\/div>\n<\/div>\n\n<div class=\"cbp-item xpro-post-grid-item\">\n\t\n\t<div class=\"xpro-post-grid-content\">\n\n\t\t\n\t\t\t\t\t<ul class=\"xpro-post-grid-meta-list\">\n\t\t\t\t\t\t\t\t\t\t\t\t\t\t\t<li class=\"xpro-post-grid-meta-date\">\n\t\t\t\t\t\t\t<i aria-hidden=\"true\" class=\"far fa-calendar\"><\/i>\t\t\t\t\t\t\t2023-08-14\t\t\t\t\t\t<\/li>\n\t\t\t\t\t\t\t\t\t\t\t\t\t\t\t\n\t\t\t\t\t\t\t<\/ul>\n\t\t\n\t\t<a href=\"https:\/\/zgk.lubkow.pl\/zgk\/przerwa-w-dostawie-wody-w-miejscowosci-warta-boleslawiecka\/\">\n\t\t\t<h2 class=\"xpro-post-grid-title\">Przerwa w dostawie wody w miejscowo\u015bci Warta Boles\u0142awiecka<\/h2>\n\t\t<\/a>\n\n\t\t\n\t\t\t\t\t<p class=\"xpro-post-grid-excerpt\">W dniu 14.08.2023 w godz. 8.00-11.00 nast\u0105pi przerwa w dostawie wody w miejscowo\u015bci Warta Boles\u0142awiecka od nr 31A do 52 spowodowana usuwaniem awarii. Po powrocie zasilania mo\u017ce nast\u0105pi\u0107 pogorszenie...<\/p>\n\t\t\t\t\t\t\t<a href=\"https:\/\/zgk.lubkow.pl\/zgk\/przerwa-w-dostawie-wody-w-miejscowosci-warta-boleslawiecka\/\" class=\"xpro-post-grid-btn\">Czytaj wi\u0119cej<\/a>\n\t\t\t\t\n\t\t\n\t<\/div>\n<\/div>\n\n<div class=\"cbp-item xpro-post-grid-item\">\n\t\n\t<div class=\"xpro-post-grid-content\">\n\n\t\t\n\t\t\t\t\t<ul class=\"xpro-post-grid-meta-list\">\n\t\t\t\t\t\t\t\t\t\t\t\t\t\t\t<li class=\"xpro-post-grid-meta-date\">\n\t\t\t\t\t\t\t<i aria-hidden=\"true\" class=\"far fa-calendar\"><\/i>\t\t\t\t\t\t\t2023-08-02\t\t\t\t\t\t<\/li>\n\t\t\t\t\t\t\t\t\t\t\t\t\t\t\t\n\t\t\t\t\t\t\t<\/ul>\n\t\t\n\t\t<a href=\"https:\/\/zgk.lubkow.pl\/zgk\/przerwa-w-dostawie-wody-w-wilczym-lesie\/\">\n\t\t\t<h2 class=\"xpro-post-grid-title\">Przerwa w dostawie wody w Wilczym Lesie.<\/h2>\n\t\t<\/a>\n\n\t\t\n\t\t\t\t\t<p class=\"xpro-post-grid-excerpt\">W dniu 02.08.2023 r. w godz. 8.00-12.00 nast\u0105pi przerwa w dostawie wody w miejscowo\u015bci Wilczy Las z powodu awarii. Po powrocie zasilania mo\u017ce nast\u0105pi\u0107 czasowe pogorszenie jako\u015bci wody. Za...<\/p>\n\t\t\t\t\t\t\t<a href=\"https:\/\/zgk.lubkow.pl\/zgk\/przerwa-w-dostawie-wody-w-wilczym-lesie\/\" class=\"xpro-post-grid-btn\">Czytaj wi\u0119cej<\/a>\n\t\t\t\t\n\t\t\n\t<\/div>\n<\/div>\n\n<div class=\"cbp-item xpro-post-grid-item\">\n\t\n\t<div class=\"xpro-post-grid-content\">\n\n\t\t\n\t\t\t\t\t<ul class=\"xpro-post-grid-meta-list\">\n\t\t\t\t\t\t\t\t\t\t\t\t\t\t\t<li class=\"xpro-post-grid-meta-date\">\n\t\t\t\t\t\t\t<i aria-hidden=\"true\" class=\"far fa-calendar\"><\/i>\t\t\t\t\t\t\t2023-07-03\t\t\t\t\t\t<\/li>\n\t\t\t\t\t\t\t\t\t\t\t\t\t\t\t\n\t\t\t\t\t\t\t<\/ul>\n\t\t\n\t\t<a href=\"https:\/\/zgk.lubkow.pl\/zgk\/przerwa-w-dostawie-wody-w-raciborowicach-gornych-5\/\">\n\t\t\t<h2 class=\"xpro-post-grid-title\">Przerwa w dostawie wody w Raciborowicach G\u00f3rnych<\/h2>\n\t\t<\/a>\n\n\t\t\n\t\t\t\t\t<p class=\"xpro-post-grid-excerpt\">W dniu 03.07.2023 r. w godz. 9.00-15.00 nast\u0105pi przerwa w dostawie wody w miejscowo\u015bci Raciborowice G\u00f3rne spowodowana pracami modernizacyjnymi na sieci. Po powrocie zasilania mo\u017ce nast\u0105pi\u0107 czasowe pogorszenie stanu...<\/p>\n\t\t\t\t\t\t\t<a href=\"https:\/\/zgk.lubkow.pl\/zgk\/przerwa-w-dostawie-wody-w-raciborowicach-gornych-5\/\" class=\"xpro-post-grid-btn\">Czytaj wi\u0119cej<\/a>\n\t\t\t\t\n\t\t\n\t<\/div>\n<\/div>\n\n<div class=\"cbp-item xpro-post-grid-item\">\n\t\n\t<div class=\"xpro-post-grid-content\">\n\n\t\t\n\t\t\t\t\t<ul class=\"xpro-post-grid-meta-list\">\n\t\t\t\t\t\t\t\t\t\t\t\t\t\t\t<li class=\"xpro-post-grid-meta-date\">\n\t\t\t\t\t\t\t<i aria-hidden=\"true\" class=\"far fa-calendar\"><\/i>\t\t\t\t\t\t\t2023-07-02\t\t\t\t\t\t<\/li>\n\t\t\t\t\t\t\t\t\t\t\t\t\t\t\t\n\t\t\t\t\t\t\t<\/ul>\n\t\t\n\t\t<a href=\"https:\/\/zgk.lubkow.pl\/zgk\/awaria-przerwa-w-dostawie-wody-w-raciborowicach-gornych\/\">\n\t\t\t<h2 class=\"xpro-post-grid-title\">Awaria. Przerwa w dostawie wody w Raciborowicach G\u00f3rnych<\/h2>\n\t\t<\/a>\n\n\t\t\n\t\t\t\t\t<p class=\"xpro-post-grid-excerpt\">W dniu 02.07.2022r nast\u0105pi przerwa w dostawie wody w miejscowo\u015bci Raciborowice G\u00f3rne z powodu awarii. Planowany czas usuni\u0119cia awarii godz. 15.00. Po powrocie zasilania mo\u017cliwe czasowe pogorszenie jako\u015bci wody....<\/p>\n\t\t\t\t\t\t\t<a href=\"https:\/\/zgk.lubkow.pl\/zgk\/awaria-przerwa-w-dostawie-wody-w-raciborowicach-gornych\/\" class=\"xpro-post-grid-btn\">Czytaj wi\u0119cej<\/a>\n\t\t\t\t\n\t\t\n\t<\/div>\n<\/div>\n\n<div class=\"cbp-item xpro-post-grid-item\">\n\t\n\t<div class=\"xpro-post-grid-content\">\n\n\t\t\n\t\t\t\t\t<ul class=\"xpro-post-grid-meta-list\">\n\t\t\t\t\t\t\t\t\t\t\t\t\t\t\t<li class=\"xpro-post-grid-meta-date\">\n\t\t\t\t\t\t\t<i aria-hidden=\"true\" class=\"far fa-calendar\"><\/i>\t\t\t\t\t\t\t2023-06-14\t\t\t\t\t\t<\/li>\n\t\t\t\t\t\t\t\t\t\t\t\t\t\t\t\n\t\t\t\t\t\t\t<\/ul>\n\t\t\n\t\t<a href=\"https:\/\/zgk.lubkow.pl\/zgk\/przerwa-w-dostawie-wody-w-miejscowosciach-tomaszow-boleslawiecki-i-szczytnica\/\">\n\t\t\t<h2 class=\"xpro-post-grid-title\">Przerwa w dostawie wody w miejscowo\u015bciach Tomasz\u00f3w Boles\u0142awiecki i Szczytnica<\/h2>\n\t\t<\/a>\n\n\t\t\n\t\t\t\t\t<p class=\"xpro-post-grid-excerpt\">W dniu 15.06.2023 r. w godz. 8-10 nast\u0105pi przerwa w dostawie wody w miejscowo\u015bci Tomasz\u00f3w Boles\u0142awiecki od nr 195 do nr 202 i w miejscowo\u015bci Szczytnica od nr 1...<\/p>\n\t\t\t\t\t\t\t<a href=\"https:\/\/zgk.lubkow.pl\/zgk\/przerwa-w-dostawie-wody-w-miejscowosciach-tomaszow-boleslawiecki-i-szczytnica\/\" class=\"xpro-post-grid-btn\">Czytaj wi\u0119cej<\/a>\n\t\t\t\t\n\t\t\n\t<\/div>\n<\/div>\n\n<div class=\"cbp-item xpro-post-grid-item\">\n\t\n\t<div class=\"xpro-post-grid-content\">\n\n\t\t\n\t\t\t\t\t<ul class=\"xpro-post-grid-meta-list\">\n\t\t\t\t\t\t\t\t\t\t\t\t\t\t\t<li class=\"xpro-post-grid-meta-date\">\n\t\t\t\t\t\t\t<i aria-hidden=\"true\" class=\"far fa-calendar\"><\/i>\t\t\t\t\t\t\t2023-05-31\t\t\t\t\t\t<\/li>\n\t\t\t\t\t\t\t\t\t\t\t\t\t\t\t\n\t\t\t\t\t\t\t<\/ul>\n\t\t\n\t\t<a href=\"https:\/\/zgk.lubkow.pl\/zgk\/przerwa-w-dostawie-wody-w-lubkowie-2\/\">\n\t\t\t<h2 class=\"xpro-post-grid-title\">Przerwa w dostawie wody w Lubkowie<\/h2>\n\t\t<\/a>\n\n\t\t\n\t\t\t\t\t<p class=\"xpro-post-grid-excerpt\">W dniu 31.05.2023 r. w godz. 11.00-12.00 nast\u0105pi przerwa w dostawie wody dla miejscowo\u015bci Lubk\u00f3w od nr 9 do 50&nbsp; z powodu prowadzenia prac na sieci. Po powrocie zasilania...<\/p>\n\t\t\t\t\t\t\t<a href=\"https:\/\/zgk.lubkow.pl\/zgk\/przerwa-w-dostawie-wody-w-lubkowie-2\/\" class=\"xpro-post-grid-btn\">Czytaj wi\u0119cej<\/a>\n\t\t\t\t\n\t\t\n\t<\/div>\n<\/div>\n\n<div class=\"cbp-item xpro-post-grid-item\">\n\t\n\t<div class=\"xpro-post-grid-content\">\n\n\t\t\n\t\t\t\t\t<ul class=\"xpro-post-grid-meta-list\">\n\t\t\t\t\t\t\t\t\t\t\t\t\t\t\t<li class=\"xpro-post-grid-meta-date\">\n\t\t\t\t\t\t\t<i aria-hidden=\"true\" class=\"far fa-calendar\"><\/i>\t\t\t\t\t\t\t2023-05-27\t\t\t\t\t\t<\/li>\n\t\t\t\t\t\t\t\t\t\t\t\t\t\t\t\n\t\t\t\t\t\t\t<\/ul>\n\t\t\n\t\t<a href=\"https:\/\/zgk.lubkow.pl\/zgk\/przerwa-w-dostawie-wody-w-wartowicach\/\">\n\t\t\t<h2 class=\"xpro-post-grid-title\">Przerwa w dostawie wody w Wartowicach<\/h2>\n\t\t<\/a>\n\n\t\t\n\t\t\t\t\t<p class=\"xpro-post-grid-excerpt\">W dniu 27.05.2023 r. od godz. 20.00 do 22.00 z nast\u0105pi przerwa w dostawie wody w Wartowicach z powodu awarii. Po powrocie zasilania mo\u017ce nast\u0105pi\u0107 czasowe pogorszenie jako\u015bci wody....<\/p>\n\t\t\t\t\t\t\t<a href=\"https:\/\/zgk.lubkow.pl\/zgk\/przerwa-w-dostawie-wody-w-wartowicach\/\" class=\"xpro-post-grid-btn\">Czytaj wi\u0119cej<\/a>\n\t\t\t\t\n\t\t\n\t<\/div>\n<\/div>\n\n<div class=\"cbp-item xpro-post-grid-item\">\n\t\n\t<div class=\"xpro-post-grid-content\">\n\n\t\t\n\t\t\t\t\t<ul class=\"xpro-post-grid-meta-list\">\n\t\t\t\t\t\t\t\t\t\t\t\t\t\t\t<li class=\"xpro-post-grid-meta-date\">\n\t\t\t\t\t\t\t<i aria-hidden=\"true\" class=\"far fa-calendar\"><\/i>\t\t\t\t\t\t\t2023-05-24\t\t\t\t\t\t<\/li>\n\t\t\t\t\t\t\t\t\t\t\t\t\t\t\t\n\t\t\t\t\t\t\t<\/ul>\n\t\t\n\t\t<a href=\"https:\/\/zgk.lubkow.pl\/zgk\/przerwa-w-dostawie-wody-w-lubkowie\/\">\n\t\t\t<h2 class=\"xpro-post-grid-title\">Przerwa w dostawie wody w Lubkowie<\/h2>\n\t\t<\/a>\n\n\t\t\n\t\t\t\t\t<p class=\"xpro-post-grid-excerpt\">W dniu 24.05.2023 r. w godz. 7.30-8.30 nast\u0105pi przerwa w dostawie wody w miejscowo\u015bci Lubk\u00f3w od nr 9 do 50 z powodu prac na sieci. Po powrocie zasilania mo\u017ce...<\/p>\n\t\t\t\t\t\t\t<a href=\"https:\/\/zgk.lubkow.pl\/zgk\/przerwa-w-dostawie-wody-w-lubkowie\/\" class=\"xpro-post-grid-btn\">Czytaj wi\u0119cej<\/a>\n\t\t\t\t\n\t\t\n\t<\/div>\n<\/div>\n\n<div class=\"cbp-item xpro-post-grid-item\">\n\t\n\t<div class=\"xpro-post-grid-content\">\n\n\t\t\n\t\t\t\t\t<ul class=\"xpro-post-grid-meta-list\">\n\t\t\t\t\t\t\t\t\t\t\t\t\t\t\t<li class=\"xpro-post-grid-meta-date\">\n\t\t\t\t\t\t\t<i aria-hidden=\"true\" class=\"far fa-calendar\"><\/i>\t\t\t\t\t\t\t2023-05-23\t\t\t\t\t\t<\/li>\n\t\t\t\t\t\t\t\t\t\t\t\t\t\t\t\n\t\t\t\t\t\t\t<\/ul>\n\t\t\n\t\t<a href=\"https:\/\/zgk.lubkow.pl\/zgk\/przerwa-w-dostawie-wody-w-wilczym-lesie-2\/\">\n\t\t\t<h2 class=\"xpro-post-grid-title\">Przerwa w dostawie wody w Wilczym Lesie<\/h2>\n\t\t<\/a>\n\n\t\t\n\t\t\t\t\t<p class=\"xpro-post-grid-excerpt\">W dniu 23.05.2023 r. w&nbsp; godz. 11.30-12.30 nast\u0105pi przerwa w dostawie wody w miejscowo\u015bci Wilczy Las spowodowana pracami remontowymi na sieci. Po przywr\u00f3ceniu zasilania mo\u017ce nast\u0105pi\u0107 czasowe pogorszenie jako\u015bci...<\/p>\n\t\t\t\t\t\t\t<a href=\"https:\/\/zgk.lubkow.pl\/zgk\/przerwa-w-dostawie-wody-w-wilczym-lesie-2\/\" class=\"xpro-post-grid-btn\">Czytaj wi\u0119cej<\/a>\n\t\t\t\t\n\t\t\n\t<\/div>\n<\/div>\n\n<div class=\"cbp-item xpro-post-grid-item\">\n\t\n\t<div class=\"xpro-post-grid-content\">\n\n\t\t\n\t\t\t\t\t<ul class=\"xpro-post-grid-meta-list\">\n\t\t\t\t\t\t\t\t\t\t\t\t\t\t\t<li class=\"xpro-post-grid-meta-date\">\n\t\t\t\t\t\t\t<i aria-hidden=\"true\" class=\"far fa-calendar\"><\/i>\t\t\t\t\t\t\t2023-05-12\t\t\t\t\t\t<\/li>\n\t\t\t\t\t\t\t\t\t\t\t\t\t\t\t\n\t\t\t\t\t\t\t<\/ul>\n\t\t\n\t\t<a href=\"https:\/\/zgk.lubkow.pl\/zgk\/przerwa-w-dostawie-wody-w-tomaszowie-boleslawieckim-5\/\">\n\t\t\t<h2 class=\"xpro-post-grid-title\">Przerwa w dostawie wody w Tomaszowie Boles\u0142awieckim<\/h2>\n\t\t<\/a>\n\n\t\t\n\t\t\t\t\t<p class=\"xpro-post-grid-excerpt\">W dniu 13.05.2023 r. w godz. 7.30-11.00 w&nbsp; Tomaszowie Boles\u0142awieckim od nr 3 do 49 nast\u0105pi przerwa w dostawie wody spowodowana pracami remontowymi na sieci wodoci\u0105gowej. Po powrocie zasilania...<\/p>\n\t\t\t\t\t\t\t<a href=\"https:\/\/zgk.lubkow.pl\/zgk\/przerwa-w-dostawie-wody-w-tomaszowie-boleslawieckim-5\/\" class=\"xpro-post-grid-btn\">Czytaj wi\u0119cej<\/a>\n\t\t\t\t\n\t\t\n\t<\/div>\n<\/div>\n\n<div class=\"cbp-item xpro-post-grid-item\">\n\t\n\t<div class=\"xpro-post-grid-content\">\n\n\t\t\n\t\t\t\t\t<ul class=\"xpro-post-grid-meta-list\">\n\t\t\t\t\t\t\t\t\t\t\t\t\t\t\t<li class=\"xpro-post-grid-meta-date\">\n\t\t\t\t\t\t\t<i aria-hidden=\"true\" class=\"far fa-calendar\"><\/i>\t\t\t\t\t\t\t2023-04-11\t\t\t\t\t\t<\/li>\n\t\t\t\t\t\t\t\t\t\t\t\t\t\t\t\n\t\t\t\t\t\t\t<\/ul>\n\t\t\n\t\t<a href=\"https:\/\/zgk.lubkow.pl\/zgk\/przerwa-w-dostawie-wody-w-warcie-boleslawieckiej\/\">\n\t\t\t<h2 class=\"xpro-post-grid-title\">Przerwa w dostawie wody w Warcie Boles\u0142awieckiej<\/h2>\n\t\t<\/a>\n\n\t\t\n\t\t\t\t\t<p class=\"xpro-post-grid-excerpt\">W dniu 13.04.2023 od godz. 8.00 do godz. 12.00 w zwi\u0105zku z usuwaniem awarii nast\u0105pi przerwa w dostawie wody w miejscowo\u015bci Warta Boles\u0142awiecka od numeru 1 do 17. Po...<\/p>\n\t\t\t\t\t\t\t<a href=\"https:\/\/zgk.lubkow.pl\/zgk\/przerwa-w-dostawie-wody-w-warcie-boleslawieckiej\/\" class=\"xpro-post-grid-btn\">Czytaj wi\u0119cej<\/a>\n\t\t\t\t\n\t\t\n\t<\/div>\n<\/div>\n\n<div class=\"cbp-item xpro-post-grid-item\">\n\t\n\t<div class=\"xpro-post-grid-content\">\n\n\t\t\n\t\t\t\t\t<ul class=\"xpro-post-grid-meta-list\">\n\t\t\t\t\t\t\t\t\t\t\t\t\t\t\t<li class=\"xpro-post-grid-meta-date\">\n\t\t\t\t\t\t\t<i aria-hidden=\"true\" class=\"far fa-calendar\"><\/i>\t\t\t\t\t\t\t2023-04-11\t\t\t\t\t\t<\/li>\n\t\t\t\t\t\t\t\t\t\t\t\t\t\t\t\n\t\t\t\t\t\t\t<\/ul>\n\t\t\n\t\t<a href=\"https:\/\/zgk.lubkow.pl\/zgk\/przerwa-w-dostawie-wody-w-raciborowicach-dolnych\/\">\n\t\t\t<h2 class=\"xpro-post-grid-title\">Przerwa w dostawie wody w Raciborowicach Dolnych<\/h2>\n\t\t<\/a>\n\n\t\t\n\t\t\t\t\t<p class=\"xpro-post-grid-excerpt\">W dniu 12.04.2023 r. od godz. 8.00 do godz. 12.00 z powodu usuwania awarii nast\u0105pi przerwa&nbsp; w dostawie wody w miejscowo\u015bci Raciborowice Dolne od numeru 55 do 68. Po...<\/p>\n\t\t\t\t\t\t\t<a href=\"https:\/\/zgk.lubkow.pl\/zgk\/przerwa-w-dostawie-wody-w-raciborowicach-dolnych\/\" class=\"xpro-post-grid-btn\">Czytaj wi\u0119cej<\/a>\n\t\t\t\t\n\t\t\n\t<\/div>\n<\/div>\n\n<div class=\"cbp-item xpro-post-grid-item\">\n\t\n\t<div class=\"xpro-post-grid-content\">\n\n\t\t\n\t\t\t\t\t<ul class=\"xpro-post-grid-meta-list\">\n\t\t\t\t\t\t\t\t\t\t\t\t\t\t\t<li class=\"xpro-post-grid-meta-date\">\n\t\t\t\t\t\t\t<i aria-hidden=\"true\" class=\"far fa-calendar\"><\/i>\t\t\t\t\t\t\t2023-03-24\t\t\t\t\t\t<\/li>\n\t\t\t\t\t\t\t\t\t\t\t\t\t\t\t\n\t\t\t\t\t\t\t<\/ul>\n\t\t\n\t\t<a href=\"https:\/\/zgk.lubkow.pl\/zgk\/awaria-wody-3\/\">\n\t\t\t<h2 class=\"xpro-post-grid-title\">Awaria wody<\/h2>\n\t\t<\/a>\n\n\t\t\n\t\t\t\t\t<p class=\"xpro-post-grid-excerpt\">W dniu 24.03.2023 r. nast\u0105pi przerwa w dostawie wody dla bloku 1A\u00a0 na Osiedlu II w Iwinach z powodu awarii. Planowane przywr\u00f3cenie wody oko\u0142o godz. 14.Wys\u0142ano z mojego urz\u0105dzenia...<\/p>\n\t\t\t\t\t\t\t<a href=\"https:\/\/zgk.lubkow.pl\/zgk\/awaria-wody-3\/\" class=\"xpro-post-grid-btn\">Czytaj wi\u0119cej<\/a>\n\t\t\t\t\n\t\t\n\t<\/div>\n<\/div>\n\n<div class=\"cbp-item xpro-post-grid-item\">\n\t\n\t<div class=\"xpro-post-grid-content\">\n\n\t\t\n\t\t\t\t\t<ul class=\"xpro-post-grid-meta-list\">\n\t\t\t\t\t\t\t\t\t\t\t\t\t\t\t<li class=\"xpro-post-grid-meta-date\">\n\t\t\t\t\t\t\t<i aria-hidden=\"true\" class=\"far fa-calendar\"><\/i>\t\t\t\t\t\t\t2023-03-22\t\t\t\t\t\t<\/li>\n\t\t\t\t\t\t\t\t\t\t\t\t\t\t\t\n\t\t\t\t\t\t\t<\/ul>\n\t\t\n\t\t<a href=\"https:\/\/zgk.lubkow.pl\/zgk\/23-marca-2023-przerwa-w-dostawie-wody-w-raciborowicach-dolnych-i-gornych\/\">\n\t\t\t<h2 class=\"xpro-post-grid-title\">23 marca 2023 &#8211; przerwa w dostawie wody w Raciborowicach Dolnych i G\u00f3rnych<\/h2>\n\t\t<\/a>\n\n\t\t\n\t\t\t\t\t<p class=\"xpro-post-grid-excerpt\">W dniu 23 marca 2023 r. w godzinach 8-13 w zwi\u0105zku z awari\u0105 nast\u0105pi przerwa w dostawie wody dla miejscowo\u015bci Raciborowice Dolne i Raciborowice G\u00f3rne od numeru 190 do...<\/p>\n\t\t\t\t\t\t\t<a href=\"https:\/\/zgk.lubkow.pl\/zgk\/23-marca-2023-przerwa-w-dostawie-wody-w-raciborowicach-dolnych-i-gornych\/\" class=\"xpro-post-grid-btn\">Czytaj wi\u0119cej<\/a>\n\t\t\t\t\n\t\t\n\t<\/div>\n<\/div>\n\n<div class=\"cbp-item xpro-post-grid-item\">\n\t\n\t<div class=\"xpro-post-grid-content\">\n\n\t\t\n\t\t\t\t\t<ul class=\"xpro-post-grid-meta-list\">\n\t\t\t\t\t\t\t\t\t\t\t\t\t\t\t<li class=\"xpro-post-grid-meta-date\">\n\t\t\t\t\t\t\t<i aria-hidden=\"true\" class=\"far fa-calendar\"><\/i>\t\t\t\t\t\t\t2022-12-08\t\t\t\t\t\t<\/li>\n\t\t\t\t\t\t\t\t\t\t\t\t\t\t\t\n\t\t\t\t\t\t\t<\/ul>\n\t\t\n\t\t<a href=\"https:\/\/zgk.lubkow.pl\/zgk\/przerwa-w-dostawie-wody-w-tomaszowie-boleslawieckim\/\">\n\t\t\t<h2 class=\"xpro-post-grid-title\">Przerwa w dostawie wody w Tomaszowie Boles\u0142awieckim<\/h2>\n\t\t<\/a>\n\n\t\t\n\t\t\t\t\t<p class=\"xpro-post-grid-excerpt\">W dniu 8 grudnia 2022 r. w godz. 9.30- 12.30 nast\u0105pi przerwa w dostawie wody w miejscowo\u015bci Tomasz\u00f3w Boles\u0142awiecki dla numer\u00f3w od 170 do 179B, spowodowana pracami przy\u0142\u0105czeniowymi. Po...<\/p>\n\t\t\t\t\t\t\t<a href=\"https:\/\/zgk.lubkow.pl\/zgk\/przerwa-w-dostawie-wody-w-tomaszowie-boleslawieckim\/\" class=\"xpro-post-grid-btn\">Czytaj wi\u0119cej<\/a>\n\t\t\t\t\n\t\t\n\t<\/div>\n<\/div>\n\n<div class=\"cbp-item xpro-post-grid-item\">\n\t\n\t<div class=\"xpro-post-grid-content\">\n\n\t\t\n\t\t\t\t\t<ul class=\"xpro-post-grid-meta-list\">\n\t\t\t\t\t\t\t\t\t\t\t\t\t\t\t<li class=\"xpro-post-grid-meta-date\">\n\t\t\t\t\t\t\t<i aria-hidden=\"true\" class=\"far fa-calendar\"><\/i>\t\t\t\t\t\t\t2022-11-14\t\t\t\t\t\t<\/li>\n\t\t\t\t\t\t\t\t\t\t\t\t\t\t\t\n\t\t\t\t\t\t\t<\/ul>\n\t\t\n\t\t<a href=\"https:\/\/zgk.lubkow.pl\/zgk\/przerwa-w-dostawie-wody-w-warcie-boleslawieckiej-2\/\">\n\t\t\t<h2 class=\"xpro-post-grid-title\">Przerwa w dostawie wody w Warcie Boles\u0142awieckiej<\/h2>\n\t\t<\/a>\n\n\t\t\n\t\t\t\t\t<p class=\"xpro-post-grid-excerpt\">w dniu 14 listopada 2022 r. w godz. 8.00- 11.00 z uwagi na prace konserwacyjne, nast\u0105pi przerwa w dostawie wody w miejscowo\u015bci Warta Boles\u0142awiecka od numer\u00f3w 57 do 62...<\/p>\n\t\t\t\t\t\t\t<a href=\"https:\/\/zgk.lubkow.pl\/zgk\/przerwa-w-dostawie-wody-w-warcie-boleslawieckiej-2\/\" class=\"xpro-post-grid-btn\">Czytaj wi\u0119cej<\/a>\n\t\t\t\t\n\t\t\n\t<\/div>\n<\/div>\n\n<div class=\"cbp-item xpro-post-grid-item\">\n\t\n\t<div class=\"xpro-post-grid-content\">\n\n\t\t\n\t\t\t\t\t<ul class=\"xpro-post-grid-meta-list\">\n\t\t\t\t\t\t\t\t\t\t\t\t\t\t\t<li class=\"xpro-post-grid-meta-date\">\n\t\t\t\t\t\t\t<i aria-hidden=\"true\" class=\"far fa-calendar\"><\/i>\t\t\t\t\t\t\t2022-11-04\t\t\t\t\t\t<\/li>\n\t\t\t\t\t\t\t\t\t\t\t\t\t\t\t\n\t\t\t\t\t\t\t<\/ul>\n\t\t\n\t\t<a href=\"https:\/\/zgk.lubkow.pl\/zgk\/przerwa-w-dostawie-wody-w-warcie-boleslawieckiej-3\/\">\n\t\t\t<h2 class=\"xpro-post-grid-title\">Przerwa w dostawie wody w Warcie Boles\u0142awieckiej<\/h2>\n\t\t<\/a>\n\n\t\t\n\t\t\t\t\t<p class=\"xpro-post-grid-excerpt\">W dniu 07.11.2022 r. w godzinach 8.00-12.00 z uwagi na prace konserwacyjne nast\u0105pi przerwa w dostawie wody w miejscowo\u015bci Warta Boles\u0142awiecka od nr 36 do 62. Po powrocie zasilania...<\/p>\n\t\t\t\t\t\t\t<a href=\"https:\/\/zgk.lubkow.pl\/zgk\/przerwa-w-dostawie-wody-w-warcie-boleslawieckiej-3\/\" class=\"xpro-post-grid-btn\">Czytaj wi\u0119cej<\/a>\n\t\t\t\t\n\t\t\n\t<\/div>\n<\/div>\n\n<div class=\"cbp-item xpro-post-grid-item\">\n\t\n\t<div class=\"xpro-post-grid-content\">\n\n\t\t\n\t\t\t\t\t<ul class=\"xpro-post-grid-meta-list\">\n\t\t\t\t\t\t\t\t\t\t\t\t\t\t\t<li class=\"xpro-post-grid-meta-date\">\n\t\t\t\t\t\t\t<i aria-hidden=\"true\" class=\"far fa-calendar\"><\/i>\t\t\t\t\t\t\t2022-10-28\t\t\t\t\t\t<\/li>\n\t\t\t\t\t\t\t\t\t\t\t\t\t\t\t\n\t\t\t\t\t\t\t<\/ul>\n\t\t\n\t\t<a href=\"https:\/\/zgk.lubkow.pl\/zgk\/przerwa-w-dostawie-wody-w-miejscowosci-wilczy-las\/\">\n\t\t\t<h2 class=\"xpro-post-grid-title\">Przerwa w dostawie wody w miejscowo\u015bci Wilczy Las<\/h2>\n\t\t<\/a>\n\n\t\t\n\t\t\t\t\t<p class=\"xpro-post-grid-excerpt\">w dniu 28 pa\u017adziernika 2022 r. w godzinach 8.00-12.00 nast\u0105pi przerwa w dostawie wody w miejscowo\u015bci Wilczy Las w zwi\u0105zku z likwidacj\u0105 awarii. Po powrocie zasilania mo\u017ce nast\u0105pi\u0107 czasowe...<\/p>\n\t\t\t\t\t\t\t<a href=\"https:\/\/zgk.lubkow.pl\/zgk\/przerwa-w-dostawie-wody-w-miejscowosci-wilczy-las\/\" class=\"xpro-post-grid-btn\">Czytaj wi\u0119cej<\/a>\n\t\t\t\t\n\t\t\n\t<\/div>\n<\/div>\n\n<div class=\"cbp-item xpro-post-grid-item\">\n\t\n\t<div class=\"xpro-post-grid-content\">\n\n\t\t\n\t\t\t\t\t<ul class=\"xpro-post-grid-meta-list\">\n\t\t\t\t\t\t\t\t\t\t\t\t\t\t\t<li class=\"xpro-post-grid-meta-date\">\n\t\t\t\t\t\t\t<i aria-hidden=\"true\" class=\"far fa-calendar\"><\/i>\t\t\t\t\t\t\t2022-10-25\t\t\t\t\t\t<\/li>\n\t\t\t\t\t\t\t\t\t\t\t\t\t\t\t\n\t\t\t\t\t\t\t<\/ul>\n\t\t\n\t\t<a href=\"https:\/\/zgk.lubkow.pl\/zgk\/przerwa-w-dostawie-wody-w-miejscowosci-iwiny-osiedle-ii\/\">\n\t\t\t<h2 class=\"xpro-post-grid-title\">Przerwa w dostawie wody w miejscowo\u015bci Iwiny Osiedle II<\/h2>\n\t\t<\/a>\n\n\t\t\n\t\t\t\t\t<p class=\"xpro-post-grid-excerpt\">W dniu 26 pa\u017adziernika 2022 r. (\u015broda) w godz. 10-12 nast\u0105pi przerwa w dostawie wody w miejscowo\u015bci Iwiny na Osiedlu II spowodowana pracami na sieci wodoci\u0105gowej. Po powrocie zasilania...<\/p>\n\t\t\t\t\t\t\t<a href=\"https:\/\/zgk.lubkow.pl\/zgk\/przerwa-w-dostawie-wody-w-miejscowosci-iwiny-osiedle-ii\/\" class=\"xpro-post-grid-btn\">Czytaj wi\u0119cej<\/a>\n\t\t\t\t\n\t\t\n\t<\/div>\n<\/div>\n\n<div class=\"cbp-item xpro-post-grid-item\">\n\t\n\t<div class=\"xpro-post-grid-content\">\n\n\t\t\n\t\t\t\t\t<ul class=\"xpro-post-grid-meta-list\">\n\t\t\t\t\t\t\t\t\t\t\t\t\t\t\t<li class=\"xpro-post-grid-meta-date\">\n\t\t\t\t\t\t\t<i aria-hidden=\"true\" class=\"far fa-calendar\"><\/i>\t\t\t\t\t\t\t2022-10-14\t\t\t\t\t\t<\/li>\n\t\t\t\t\t\t\t\t\t\t\t\t\t\t\t\n\t\t\t\t\t\t\t<\/ul>\n\t\t\n\t\t<a href=\"https:\/\/zgk.lubkow.pl\/zgk\/przerwa-w-dostawie-wody-w-warcie-boleslawieckiej-w-dniu-17-10-2022\/\">\n\t\t\t<h2 class=\"xpro-post-grid-title\">Przerwa w dostawie wody w Warcie Boles\u0142awieckiej w dniu 17.10.2022<\/h2>\n\t\t<\/a>\n\n\t\t\n\t\t\t\t\t<p class=\"xpro-post-grid-excerpt\">Z uwagi na prace na sieci wodoci\u0105gowej w dniu 17.10.2022 r. w godz. 8.30 do 11.00 nast\u0105pi przerwa w dostawie wody w miejscowo\u015bci Warta Boles\u0142awiecka od numeru 31B do...<\/p>\n\t\t\t\t\t\t\t<a href=\"https:\/\/zgk.lubkow.pl\/zgk\/przerwa-w-dostawie-wody-w-warcie-boleslawieckiej-w-dniu-17-10-2022\/\" class=\"xpro-post-grid-btn\">Czytaj wi\u0119cej<\/a>\n\t\t\t\t\n\t\t\n\t<\/div>\n<\/div>\n\n<div class=\"cbp-item xpro-post-grid-item\">\n\t\n\t<div class=\"xpro-post-grid-content\">\n\n\t\t\n\t\t\t\t\t<ul class=\"xpro-post-grid-meta-list\">\n\t\t\t\t\t\t\t\t\t\t\t\t\t\t\t<li class=\"xpro-post-grid-meta-date\">\n\t\t\t\t\t\t\t<i aria-hidden=\"true\" class=\"far fa-calendar\"><\/i>\t\t\t\t\t\t\t2022-10-06\t\t\t\t\t\t<\/li>\n\t\t\t\t\t\t\t\t\t\t\t\t\t\t\t\n\t\t\t\t\t\t\t<\/ul>\n\t\t\n\t\t<a href=\"https:\/\/zgk.lubkow.pl\/zgk\/przerwa-w-dostawie-wody-w-jurkowie-w-dniu-07-10-2022\/\">\n\t\t\t<h2 class=\"xpro-post-grid-title\">Przerwa w dostawie wody w Jurkowie w dniu 07.10.2022<\/h2>\n\t\t<\/a>\n\n\t\t\n\t\t\t\t\t<p class=\"xpro-post-grid-excerpt\">W dniu 7.10.2022 r. (pi\u0105tek) w godzinach 11-16 nast\u0105pi przerwa w dostawie wody w miejscowo\u015bci Jurk\u00f3w, z uwagi na prace remontowe. Po wznowieniu dostaw\u00a0 mo\u017ce nast\u0105pi\u0107 czasowe pogorszenie jako\u015bci...<\/p>\n\t\t\t\t\t\t\t<a href=\"https:\/\/zgk.lubkow.pl\/zgk\/przerwa-w-dostawie-wody-w-jurkowie-w-dniu-07-10-2022\/\" class=\"xpro-post-grid-btn\">Czytaj wi\u0119cej<\/a>\n\t\t\t\t\n\t\t\n\t<\/div>\n<\/div>\n\n<div class=\"cbp-item xpro-post-grid-item\">\n\t\n\t<div class=\"xpro-post-grid-content\">\n\n\t\t\n\t\t\t\t\t<ul class=\"xpro-post-grid-meta-list\">\n\t\t\t\t\t\t\t\t\t\t\t\t\t\t\t<li class=\"xpro-post-grid-meta-date\">\n\t\t\t\t\t\t\t<i aria-hidden=\"true\" class=\"far fa-calendar\"><\/i>\t\t\t\t\t\t\t2022-09-15\t\t\t\t\t\t<\/li>\n\t\t\t\t\t\t\t\t\t\t\t\t\t\t\t\n\t\t\t\t\t\t\t<\/ul>\n\t\t\n\t\t<a href=\"https:\/\/zgk.lubkow.pl\/zgk\/przerwa-w-dostawie-wody-w-dniu-16-09-2022-r-w-jurkowie\/\">\n\t\t\t<h2 class=\"xpro-post-grid-title\">Przerwa w dostawie wody w dniu 16.09.2022 r. w Jurkowie<\/h2>\n\t\t<\/a>\n\n\t\t\n\t\t\t\t\t<p class=\"xpro-post-grid-excerpt\">W dniu 16.09.2022 r. (pi\u0105tek) nast\u0105pi przerwa w dostawie wody w miejscowo\u015bci Jurk\u00f3w w godz. 8-11. Po powrocie zasilania mo\u017ce nast\u0105pi\u0107 czasowe pogorszenie jako\u015bci wody. Przepraszamy za utrudnienia.<\/p>\n\t\t\t\t\t\t\t<a href=\"https:\/\/zgk.lubkow.pl\/zgk\/przerwa-w-dostawie-wody-w-dniu-16-09-2022-r-w-jurkowie\/\" class=\"xpro-post-grid-btn\">Czytaj wi\u0119cej<\/a>\n\t\t\t\t\n\t\t\n\t<\/div>\n<\/div>\n\n<div class=\"cbp-item xpro-post-grid-item\">\n\t\n\t<div class=\"xpro-post-grid-content\">\n\n\t\t\n\t\t\t\t\t<ul class=\"xpro-post-grid-meta-list\">\n\t\t\t\t\t\t\t\t\t\t\t\t\t\t\t<li class=\"xpro-post-grid-meta-date\">\n\t\t\t\t\t\t\t<i aria-hidden=\"true\" class=\"far fa-calendar\"><\/i>\t\t\t\t\t\t\t2022-08-25\t\t\t\t\t\t<\/li>\n\t\t\t\t\t\t\t\t\t\t\t\t\t\t\t\n\t\t\t\t\t\t\t<\/ul>\n\t\t\n\t\t<a href=\"https:\/\/zgk.lubkow.pl\/zgk\/przerwa-w-dostawie-wody-w-warcie-boleslawieckiej-4\/\">\n\t\t\t<h2 class=\"xpro-post-grid-title\">Przerwa w dostawie wody w Warcie Boles\u0142awieckiej<\/h2>\n\t\t<\/a>\n\n\t\t\n\t\t\t\t\t<p class=\"xpro-post-grid-excerpt\">W dniu 25 sierpnia 2022 r. (czwartek) w godzinach od 8 do 13 w miejscowo\u015bci Warta Boles\u0142awiecka nast\u0105pi przerwa w dostawie wody dla numer\u00f3w od 142 do 147.&nbsp; Po...<\/p>\n\t\t\t\t\t\t\t<a href=\"https:\/\/zgk.lubkow.pl\/zgk\/przerwa-w-dostawie-wody-w-warcie-boleslawieckiej-4\/\" class=\"xpro-post-grid-btn\">Czytaj wi\u0119cej<\/a>\n\t\t\t\t\n\t\t\n\t<\/div>\n<\/div>\n\n<div class=\"cbp-item xpro-post-grid-item\">\n\t\n\t<div class=\"xpro-post-grid-content\">\n\n\t\t\n\t\t\t\t\t<ul class=\"xpro-post-grid-meta-list\">\n\t\t\t\t\t\t\t\t\t\t\t\t\t\t\t<li class=\"xpro-post-grid-meta-date\">\n\t\t\t\t\t\t\t<i aria-hidden=\"true\" class=\"far fa-calendar\"><\/i>\t\t\t\t\t\t\t2022-08-19\t\t\t\t\t\t<\/li>\n\t\t\t\t\t\t\t\t\t\t\t\t\t\t\t\n\t\t\t\t\t\t\t<\/ul>\n\t\t\n\t\t<a href=\"https:\/\/zgk.lubkow.pl\/zgk\/przerwa-w-dostawie-wody-w-dniu-22-08-2022-w-warcie-boleslawieckiej\/\">\n\t\t\t<h2 class=\"xpro-post-grid-title\">Przerwa w dostawie wody w dniu 22.08.2022 w Warcie Boles\u0142awieckiej<\/h2>\n\t\t<\/a>\n\n\t\t\n\t\t\t\t\t<p class=\"xpro-post-grid-excerpt\">W dniu 22 sierpnia 2022 r. (poniedzia\u0142ek) w godzinach od 8 do 13 w miejscowo\u015bci Warta Boles\u0142awiecka nast\u0105pi przerwa w dostawie wody dla numer\u00f3w od 142 do 147.&nbsp; Po...<\/p>\n\t\t\t\t\t\t\t<a href=\"https:\/\/zgk.lubkow.pl\/zgk\/przerwa-w-dostawie-wody-w-dniu-22-08-2022-w-warcie-boleslawieckiej\/\" class=\"xpro-post-grid-btn\">Czytaj wi\u0119cej<\/a>\n\t\t\t\t\n\t\t\n\t<\/div>\n<\/div>\n\n<div class=\"cbp-item xpro-post-grid-item\">\n\t\n\t<div class=\"xpro-post-grid-content\">\n\n\t\t\n\t\t\t\t\t<ul class=\"xpro-post-grid-meta-list\">\n\t\t\t\t\t\t\t\t\t\t\t\t\t\t\t<li class=\"xpro-post-grid-meta-date\">\n\t\t\t\t\t\t\t<i aria-hidden=\"true\" class=\"far fa-calendar\"><\/i>\t\t\t\t\t\t\t2022-08-06\t\t\t\t\t\t<\/li>\n\t\t\t\t\t\t\t\t\t\t\t\t\t\t\t\n\t\t\t\t\t\t\t<\/ul>\n\t\t\n\t\t<a href=\"https:\/\/zgk.lubkow.pl\/zgk\/uwaga-akcja-gasnicza-na-strefie-w-krzywej-mozliwe-utrudnienia-w-dostawie-wody\/\">\n\t\t\t<h2 class=\"xpro-post-grid-title\">Uwaga ! Akcja ga\u015bnicza na strefie w Krzywej. Mo\u017cliwe utrudnienia w dostawie wody.<\/h2>\n\t\t<\/a>\n\n\t\t\n\t\t\t\t\t<p class=\"xpro-post-grid-excerpt\">Z uwagi na trwaj\u0105ca akcj\u0119 ga\u015bnicz\u0105 w zak\u0142adach Prodigo w Specjalnej Strefie Ekonomicznej Krzywa jednostki PSP i OSP od dnia 06.08.2022 r. b\u0119d\u0105 pobiera\u0107 wod\u0119 z hydrant\u00f3w w gminie...<\/p>\n\t\t\t\t\t\t\t<a href=\"https:\/\/zgk.lubkow.pl\/zgk\/uwaga-akcja-gasnicza-na-strefie-w-krzywej-mozliwe-utrudnienia-w-dostawie-wody\/\" class=\"xpro-post-grid-btn\">Czytaj wi\u0119cej<\/a>\n\t\t\t\t\n\t\t\n\t<\/div>\n<\/div>\n\n<div class=\"cbp-item xpro-post-grid-item\">\n\t\n\t<div class=\"xpro-post-grid-content\">\n\n\t\t\n\t\t\t\t\t<ul class=\"xpro-post-grid-meta-list\">\n\t\t\t\t\t\t\t\t\t\t\t\t\t\t\t<li class=\"xpro-post-grid-meta-date\">\n\t\t\t\t\t\t\t<i aria-hidden=\"true\" class=\"far fa-calendar\"><\/i>\t\t\t\t\t\t\t2022-07-19\t\t\t\t\t\t<\/li>\n\t\t\t\t\t\t\t\t\t\t\t\t\t\t\t\n\t\t\t\t\t\t\t<\/ul>\n\t\t\n\t\t<a href=\"https:\/\/zgk.lubkow.pl\/zgk\/przerwa-w-dostawie-wody-w-miejscowosci-tomaszow\/\">\n\t\t\t<h2 class=\"xpro-post-grid-title\">Przerwa w dostawie wody w miejscowo\u015bci Tomasz\u00f3w Boles\u0142awiecki<\/h2>\n\t\t<\/a>\n\n\t\t\n\t\t\t\t\t<p class=\"xpro-post-grid-excerpt\">Z uwagi na prace remontowe na sieci w cz\u0119\u015bci Tomaszowa Boles\u0142awieckiego (do nr 150 do nr 188) w dniu 20.07.2022 r. mo\u017cliwa przerwa w dostawie wody do godz. 8:30...<\/p>\n\t\t\t\t\t\t\t<a href=\"https:\/\/zgk.lubkow.pl\/zgk\/przerwa-w-dostawie-wody-w-miejscowosci-tomaszow\/\" class=\"xpro-post-grid-btn\">Czytaj wi\u0119cej<\/a>\n\t\t\t\t\n\t\t\n\t<\/div>\n<\/div>\n\n<div class=\"cbp-item xpro-post-grid-item\">\n\t\n\t<div class=\"xpro-post-grid-content\">\n\n\t\t\n\t\t\t\t\t<ul class=\"xpro-post-grid-meta-list\">\n\t\t\t\t\t\t\t\t\t\t\t\t\t\t\t<li class=\"xpro-post-grid-meta-date\">\n\t\t\t\t\t\t\t<i aria-hidden=\"true\" class=\"far fa-calendar\"><\/i>\t\t\t\t\t\t\t2022-07-02\t\t\t\t\t\t<\/li>\n\t\t\t\t\t\t\t\t\t\t\t\t\t\t\t\n\t\t\t\t\t\t\t<\/ul>\n\t\t\n\t\t<a href=\"https:\/\/zgk.lubkow.pl\/zgk\/uszkodzenie-wodociagu-w-warcie-boleslawieckiej\/\">\n\t\t\t<h2 class=\"xpro-post-grid-title\">Uszkodzenie wodoci\u0105gu w Warcie Boles\u0142awieckiej<\/h2>\n\t\t<\/a>\n\n\t\t\n\t\t\t\t\t<p class=\"xpro-post-grid-excerpt\">W dniu 02.07.2022r. dosz\u0142o do uszkodzenia wodoci\u0105gu w miejscowo\u015bci Warta Boles\u0142awiecka. Przewidywane braki w dostawie wody do godziny 16:00. Po wznowieniu dostaw, mo\u017cliwe pogorszenie jako\u015bci wody.\u00a0<\/p>\n\t\t\t\t\t\t\t<a href=\"https:\/\/zgk.lubkow.pl\/zgk\/uszkodzenie-wodociagu-w-warcie-boleslawieckiej\/\" class=\"xpro-post-grid-btn\">Czytaj wi\u0119cej<\/a>\n\t\t\t\t\n\t\t\n\t<\/div>\n<\/div>\n\n<div class=\"cbp-item xpro-post-grid-item\">\n\t\n\t<div class=\"xpro-post-grid-content\">\n\n\t\t\n\t\t\t\t\t<ul class=\"xpro-post-grid-meta-list\">\n\t\t\t\t\t\t\t\t\t\t\t\t\t\t\t<li class=\"xpro-post-grid-meta-date\">\n\t\t\t\t\t\t\t<i aria-hidden=\"true\" class=\"far fa-calendar\"><\/i>\t\t\t\t\t\t\t2022-06-28\t\t\t\t\t\t<\/li>\n\t\t\t\t\t\t\t\t\t\t\t\t\t\t\t\n\t\t\t\t\t\t\t<\/ul>\n\t\t\n\t\t<a href=\"https:\/\/zgk.lubkow.pl\/zgk\/mozliwa-przerwa-w-dostawie-wody-w-warcie-boleslawieckiej\/\">\n\t\t\t<h2 class=\"xpro-post-grid-title\">Mo\u017cliwa przerwa w dostawie wody w Warcie Boles\u0142awieckiej.<\/h2>\n\t\t<\/a>\n\n\t\t\n\t\t\t\t\t<p class=\"xpro-post-grid-excerpt\">Z uwagi na prace konserwacyjne w cz\u0119\u015bci Warty Boles\u0142awieckiej w dniu 28.06.2022 r. mo\u017cliwa przerwa w dostawie wody do godz. 10.00. Przepraszamy za utrudnienia. Po powrocie zasilania mo\u017cliwe chwilowe...<\/p>\n\t\t\t\t\t\t\t<a href=\"https:\/\/zgk.lubkow.pl\/zgk\/mozliwa-przerwa-w-dostawie-wody-w-warcie-boleslawieckiej\/\" class=\"xpro-post-grid-btn\">Czytaj wi\u0119cej<\/a>\n\t\t\t\t\n\t\t\n\t<\/div>\n<\/div>\n\n<div class=\"cbp-item xpro-post-grid-item\">\n\t\n\t<div class=\"xpro-post-grid-content\">\n\n\t\t\n\t\t\t\t\t<ul class=\"xpro-post-grid-meta-list\">\n\t\t\t\t\t\t\t\t\t\t\t\t\t\t\t<li class=\"xpro-post-grid-meta-date\">\n\t\t\t\t\t\t\t<i aria-hidden=\"true\" class=\"far fa-calendar\"><\/i>\t\t\t\t\t\t\t2022-06-23\t\t\t\t\t\t<\/li>\n\t\t\t\t\t\t\t\t\t\t\t\t\t\t\t\n\t\t\t\t\t\t\t<\/ul>\n\t\t\n\t\t<a href=\"https:\/\/zgk.lubkow.pl\/zgk\/mozliwy-spadek-cisnienia-wody-w-szczytnicy-i-okolicach\/\">\n\t\t\t<h2 class=\"xpro-post-grid-title\">Mo\u017cliwy spadek ci\u015bnienia wody w Szczytnicy i okolicach<\/h2>\n\t\t<\/a>\n\n\t\t\n\t\t\t\t\t<p class=\"xpro-post-grid-excerpt\">Uwaga w dniu 23.06.2022 r. z uwagi na dzia\u0142ania ga\u015bnicze Stra\u017cy Po\u017carnej w okolicach miejscowo\u015bci Szczytnica mo\u017ce nast\u0105pi\u0107 spadek ci\u015bnienia wody, oraz czasowe pogorszenie jej jako\u015bci.<\/p>\n\t\t\t\t\t\t\t<a href=\"https:\/\/zgk.lubkow.pl\/zgk\/mozliwy-spadek-cisnienia-wody-w-szczytnicy-i-okolicach\/\" class=\"xpro-post-grid-btn\">Czytaj wi\u0119cej<\/a>\n\t\t\t\t\n\t\t\n\t<\/div>\n<\/div>\n\n<div class=\"cbp-item xpro-post-grid-item\">\n\t\n\t<div class=\"xpro-post-grid-content\">\n\n\t\t\n\t\t\t\t\t<ul class=\"xpro-post-grid-meta-list\">\n\t\t\t\t\t\t\t\t\t\t\t\t\t\t\t<li class=\"xpro-post-grid-meta-date\">\n\t\t\t\t\t\t\t<i aria-hidden=\"true\" class=\"far fa-calendar\"><\/i>\t\t\t\t\t\t\t2022-06-21\t\t\t\t\t\t<\/li>\n\t\t\t\t\t\t\t\t\t\t\t\t\t\t\t\n\t\t\t\t\t\t\t<\/ul>\n\t\t\n\t\t<a href=\"https:\/\/zgk.lubkow.pl\/zgk\/awaria-sieci-wodociagowej-w-warcie-boleslawieckiej\/\">\n\t\t\t<h2 class=\"xpro-post-grid-title\">Awaria sieci wodoci\u0105gowej w Warcie Boles\u0142awieckiej<\/h2>\n\t\t<\/a>\n\n\t\t\n\t\t\t\t\t<p class=\"xpro-post-grid-excerpt\">W dniu 21.06.2022 r.\u00a0 od godz. 13:30 wyst\u0105pi przerwa w dostawie wody dla miejscowo\u015bci Warta Boles\u0142awiecka z powodu awarii. Planowane usuni\u0119cie awarii godz. 16.00. Po wznowieniu dostaw wody mo\u017ce...<\/p>\n\t\t\t\t\t\t\t<a href=\"https:\/\/zgk.lubkow.pl\/zgk\/awaria-sieci-wodociagowej-w-warcie-boleslawieckiej\/\" class=\"xpro-post-grid-btn\">Czytaj wi\u0119cej<\/a>\n\t\t\t\t\n\t\t\n\t<\/div>\n<\/div>\n\n<div class=\"cbp-item xpro-post-grid-item\">\n\t\n\t<div class=\"xpro-post-grid-content\">\n\n\t\t\n\t\t\t\t\t<ul class=\"xpro-post-grid-meta-list\">\n\t\t\t\t\t\t\t\t\t\t\t\t\t\t\t<li class=\"xpro-post-grid-meta-date\">\n\t\t\t\t\t\t\t<i aria-hidden=\"true\" class=\"far fa-calendar\"><\/i>\t\t\t\t\t\t\t2022-06-20\t\t\t\t\t\t<\/li>\n\t\t\t\t\t\t\t\t\t\t\t\t\t\t\t\n\t\t\t\t\t\t\t<\/ul>\n\t\t\n\t\t<a href=\"https:\/\/zgk.lubkow.pl\/zgk\/awaria-sieci-w-warcie-boleslawieckiej\/\">\n\t\t\t<h2 class=\"xpro-post-grid-title\">Awaria sieci w Warcie Boles\u0142awieckiej<\/h2>\n\t\t<\/a>\n\n\t\t\n\t\t\t\t\t<p class=\"xpro-post-grid-excerpt\">W dniu 20.06.2022 r. wyst\u0105pi przerwa w dostawie wody dla miejscowo\u015bci Warta Boles\u0142awiecka z powodu awarii. Planowane usuni\u0119cie awarii godz. 12.00. Po wznowieniu dostaw wody mo\u017ce nast\u0105pi\u0107 czasowe pogorszenie...<\/p>\n\t\t\t\t\t\t\t<a href=\"https:\/\/zgk.lubkow.pl\/zgk\/awaria-sieci-w-warcie-boleslawieckiej\/\" class=\"xpro-post-grid-btn\">Czytaj wi\u0119cej<\/a>\n\t\t\t\t\n\t\t\n\t<\/div>\n<\/div>\n\n<div class=\"cbp-item xpro-post-grid-item\">\n\t\n\t<div class=\"xpro-post-grid-content\">\n\n\t\t\n\t\t\t\t\t<ul class=\"xpro-post-grid-meta-list\">\n\t\t\t\t\t\t\t\t\t\t\t\t\t\t\t<li class=\"xpro-post-grid-meta-date\">\n\t\t\t\t\t\t\t<i aria-hidden=\"true\" class=\"far fa-calendar\"><\/i>\t\t\t\t\t\t\t2022-06-18\t\t\t\t\t\t<\/li>\n\t\t\t\t\t\t\t\t\t\t\t\t\t\t\t\n\t\t\t\t\t\t\t<\/ul>\n\t\t\n\t\t<a href=\"https:\/\/zgk.lubkow.pl\/zgk\/awaria-wody-w-wilczym-lesie\/\">\n\t\t\t<h2 class=\"xpro-post-grid-title\">Awaria sieci wodoci\u0105gowej w Wilczym Lesie<\/h2>\n\t\t<\/a>\n\n\t\t\n\t\t\t\t\t<p class=\"xpro-post-grid-excerpt\">Z uwagi na awari\u0119 sieci wodoci\u0105gowej w dniu 18.06.2022 r. nast\u0105pi przerwa w dostawie wody w miejscowo\u015bci Wilczy Las. Usuni\u0119cie awarii przewiduje si\u0119 na godz. 13.00. Po przywr\u00f3ceniu dostaw...<\/p>\n\t\t\t\t\t\t\t<a href=\"https:\/\/zgk.lubkow.pl\/zgk\/awaria-wody-w-wilczym-lesie\/\" class=\"xpro-post-grid-btn\">Czytaj wi\u0119cej<\/a>\n\t\t\t\t\n\t\t\n\t<\/div>\n<\/div>\n\n<div class=\"cbp-item xpro-post-grid-item\">\n\t\n\t<div class=\"xpro-post-grid-content\">\n\n\t\t\n\t\t\t\t\t<ul class=\"xpro-post-grid-meta-list\">\n\t\t\t\t\t\t\t\t\t\t\t\t\t\t\t<li class=\"xpro-post-grid-meta-date\">\n\t\t\t\t\t\t\t<i aria-hidden=\"true\" class=\"far fa-calendar\"><\/i>\t\t\t\t\t\t\t2022-06-07\t\t\t\t\t\t<\/li>\n\t\t\t\t\t\t\t\t\t\t\t\t\t\t\t\n\t\t\t\t\t\t\t<\/ul>\n\t\t\n\t\t<a href=\"https:\/\/zgk.lubkow.pl\/zgk\/awaria-sieci-wodociagowej-w-wilczym-lesie\/\">\n\t\t\t<h2 class=\"xpro-post-grid-title\">Awaria sieci wodoci\u0105gowej w Wilczym Lesie<\/h2>\n\t\t<\/a>\n\n\t\t\n\t\t\t\t\t<p class=\"xpro-post-grid-excerpt\">W dniu 7 czerwca 2022r. w miejscowo\u015bci Wilczy Las wyst\u0105pi przerwa w dostawie wody. Planowany czas likwidacji awarii to godz. 14.00. Po przywr\u00f3ceniu dostaw mo\u017ce nast\u0105pi\u0107 kr\u00f3tkotrwa\u0142e pogorszenie jako\u015bci...<\/p>\n\t\t\t\t\t\t\t<a href=\"https:\/\/zgk.lubkow.pl\/zgk\/awaria-sieci-wodociagowej-w-wilczym-lesie\/\" class=\"xpro-post-grid-btn\">Czytaj wi\u0119cej<\/a>\n\t\t\t\t\n\t\t\n\t<\/div>\n<\/div>\n\n<div class=\"cbp-item xpro-post-grid-item\">\n\t\n\t<div class=\"xpro-post-grid-content\">\n\n\t\t\n\t\t\t\t\t<ul class=\"xpro-post-grid-meta-list\">\n\t\t\t\t\t\t\t\t\t\t\t\t\t\t\t<li class=\"xpro-post-grid-meta-date\">\n\t\t\t\t\t\t\t<i aria-hidden=\"true\" class=\"far fa-calendar\"><\/i>\t\t\t\t\t\t\t2022-06-03\t\t\t\t\t\t<\/li>\n\t\t\t\t\t\t\t\t\t\t\t\t\t\t\t\n\t\t\t\t\t\t\t<\/ul>\n\t\t\n\t\t<a href=\"https:\/\/zgk.lubkow.pl\/zgk\/awaria-sieci-wodociagowej-w-jurkowie\/\">\n\t\t\t<h2 class=\"xpro-post-grid-title\">Awaria sieci wodoci\u0105gowej w Jurkowie<\/h2>\n\t\t<\/a>\n\n\t\t\n\t\t\t\t\t<p class=\"xpro-post-grid-excerpt\">W dniu 3 czerwca 2022r. w miejscowo\u015bci Jurk\u00f3w wyst\u0105pi przerwa w dostawie wody. Planowany czas likwidacji awarii to godz. 12.00. Po przywr\u00f3ceniu dostaw mo\u017ce nast\u0105pi\u0107 kr\u00f3tkotrwa\u0142e pogorszenie jako\u015bci wody....<\/p>\n\t\t\t\t\t\t\t<a href=\"https:\/\/zgk.lubkow.pl\/zgk\/awaria-sieci-wodociagowej-w-jurkowie\/\" class=\"xpro-post-grid-btn\">Czytaj wi\u0119cej<\/a>\n\t\t\t\t\n\t\t\n\t<\/div>\n<\/div>\n\n<div class=\"cbp-item xpro-post-grid-item\">\n\t\n\t<div class=\"xpro-post-grid-content\">\n\n\t\t\n\t\t\t\t\t<ul class=\"xpro-post-grid-meta-list\">\n\t\t\t\t\t\t\t\t\t\t\t\t\t\t\t<li class=\"xpro-post-grid-meta-date\">\n\t\t\t\t\t\t\t<i aria-hidden=\"true\" class=\"far fa-calendar\"><\/i>\t\t\t\t\t\t\t2022-05-18\t\t\t\t\t\t<\/li>\n\t\t\t\t\t\t\t\t\t\t\t\t\t\t\t\n\t\t\t\t\t\t\t<\/ul>\n\t\t\n\t\t<a href=\"https:\/\/zgk.lubkow.pl\/zgk\/planowe-wylaczenie-wody-w-wartowicach-w-dniu-19-maja-2022-r\/\">\n\t\t\t<h2 class=\"xpro-post-grid-title\">Planowe wy\u0142\u0105czenie wody w Wartowicach w dniu 19 maja 2022 r.<\/h2>\n\t\t<\/a>\n\n\t\t\n\t\t\t\t\t<p class=\"xpro-post-grid-excerpt\">Uwaga w dniu 19.05.2022 r. w godz. 9 -11 nast\u0105pi wy\u0142\u0105czenie wody w miejscowo\u015bci Wartowice w zwi\u0105zku z pracami budowlanymi. Po przywr\u00f3ceniu dostaw mo\u017ce nast\u0105pi\u0107 chwilowe pogorszenie jako\u015bci wody....<\/p>\n\t\t\t\t\t\t\t<a href=\"https:\/\/zgk.lubkow.pl\/zgk\/planowe-wylaczenie-wody-w-wartowicach-w-dniu-19-maja-2022-r\/\" class=\"xpro-post-grid-btn\">Czytaj wi\u0119cej<\/a>\n\t\t\t\t\n\t\t\n\t<\/div>\n<\/div>\n\n<div class=\"cbp-item xpro-post-grid-item\">\n\t\n\t<div class=\"xpro-post-grid-content\">\n\n\t\t\n\t\t\t\t\t<ul class=\"xpro-post-grid-meta-list\">\n\t\t\t\t\t\t\t\t\t\t\t\t\t\t\t<li class=\"xpro-post-grid-meta-date\">\n\t\t\t\t\t\t\t<i aria-hidden=\"true\" class=\"far fa-calendar\"><\/i>\t\t\t\t\t\t\t2022-05-11\t\t\t\t\t\t<\/li>\n\t\t\t\t\t\t\t\t\t\t\t\t\t\t\t\n\t\t\t\t\t\t\t<\/ul>\n\t\t\n\t\t<a href=\"https:\/\/zgk.lubkow.pl\/zgk\/awaria-wody-2\/\">\n\t\t\t<h2 class=\"xpro-post-grid-title\">Awaria wody<\/h2>\n\t\t<\/a>\n\n\t\t\n\t\t\t\t\t<p class=\"xpro-post-grid-excerpt\">W dniu 11 maja 2022r. w miejscowo\u015bci Warta Boles\u0142awiecka wyst\u0105pi\u0142a przerwa w dostawie wody. Planowany czas likwidacji awarii to godz. 12.30. Za utrudnienia przepraszamy<\/p>\n\t\t\t\t\t\t\t<a href=\"https:\/\/zgk.lubkow.pl\/zgk\/awaria-wody-2\/\" class=\"xpro-post-grid-btn\">Czytaj wi\u0119cej<\/a>\n\t\t\t\t\n\t\t\n\t<\/div>\n<\/div>\n\n<div class=\"cbp-item xpro-post-grid-item\">\n\t\n\t<div class=\"xpro-post-grid-content\">\n\n\t\t\n\t\t\t\t\t<ul class=\"xpro-post-grid-meta-list\">\n\t\t\t\t\t\t\t\t\t\t\t\t\t\t\t<li class=\"xpro-post-grid-meta-date\">\n\t\t\t\t\t\t\t<i aria-hidden=\"true\" class=\"far fa-calendar\"><\/i>\t\t\t\t\t\t\t2022-04-26\t\t\t\t\t\t<\/li>\n\t\t\t\t\t\t\t\t\t\t\t\t\t\t\t\n\t\t\t\t\t\t\t<\/ul>\n\t\t\n\t\t<a href=\"https:\/\/zgk.lubkow.pl\/zgk\/awaria-wody\/\">\n\t\t\t<h2 class=\"xpro-post-grid-title\">Awaria wody<\/h2>\n\t\t<\/a>\n\n\t\t\n\t\t\t\t\t<p class=\"xpro-post-grid-excerpt\">W dniu 26 kwietnia 2022r. w miejscowo\u015bci Warta Boles\u0142awiecka wyst\u0105pi\u0142a przerwa w dostawie wody. Planowany czas likwidacji awarii to godz. 14.00 Za utrudnienia przepraszamy<\/p>\n\t\t\t\t\t\t\t<a href=\"https:\/\/zgk.lubkow.pl\/zgk\/awaria-wody\/\" class=\"xpro-post-grid-btn\">Czytaj wi\u0119cej<\/a>\n\t\t\t\t\n\t\t\n\t<\/div>\n<\/div>\n\n<div class=\"cbp-item xpro-post-grid-item\">\n\t\n\t<div class=\"xpro-post-grid-content\">\n\n\t\t\n\t\t\t\t\t<ul class=\"xpro-post-grid-meta-list\">\n\t\t\t\t\t\t\t\t\t\t\t\t\t\t\t<li class=\"xpro-post-grid-meta-date\">\n\t\t\t\t\t\t\t<i aria-hidden=\"true\" class=\"far fa-calendar\"><\/i>\t\t\t\t\t\t\t2021-11-25\t\t\t\t\t\t<\/li>\n\t\t\t\t\t\t\t\t\t\t\t\t\t\t\t\n\t\t\t\t\t\t\t<\/ul>\n\t\t\n\t\t<a href=\"https:\/\/zgk.lubkow.pl\/zgk\/planowana-przerwa-w-dostawie-wody-w-tomaszowie-boleslawieckim-2\/\">\n\t\t\t<h2 class=\"xpro-post-grid-title\">Planowana przerwa w dostawie wody w Tomaszowie Boles\u0142awieckim<\/h2>\n\t\t<\/a>\n\n\t\t\n\t\t\t\t\t<p class=\"xpro-post-grid-excerpt\">W dniu 29.11.2021 r. w godz. 8.00 \u2013 13.00 planowana jest przerwa w dostawie wody w Tomaszowie Boles\u0142awieckim dla nieruchomo\u015bci od numeru 95 do 155. Po zako\u0144czeniu prac mo\u017ce...<\/p>\n\t\t\t\t\t\t\t<a href=\"https:\/\/zgk.lubkow.pl\/zgk\/planowana-przerwa-w-dostawie-wody-w-tomaszowie-boleslawieckim-2\/\" class=\"xpro-post-grid-btn\">Czytaj wi\u0119cej<\/a>\n\t\t\t\t\n\t\t\n\t<\/div>\n<\/div>\n\n<div class=\"cbp-item xpro-post-grid-item\">\n\t\n\t<div class=\"xpro-post-grid-content\">\n\n\t\t\n\t\t\t\t\t<ul class=\"xpro-post-grid-meta-list\">\n\t\t\t\t\t\t\t\t\t\t\t\t\t\t\t<li class=\"xpro-post-grid-meta-date\">\n\t\t\t\t\t\t\t<i aria-hidden=\"true\" class=\"far fa-calendar\"><\/i>\t\t\t\t\t\t\t2021-09-03\t\t\t\t\t\t<\/li>\n\t\t\t\t\t\t\t\t\t\t\t\t\t\t\t\n\t\t\t\t\t\t\t<\/ul>\n\t\t\n\t\t<a href=\"https:\/\/zgk.lubkow.pl\/zgk\/planowana-przerwa-w-dostawie-wody-w-tomaszowie-boleslawieckim\/\">\n\t\t\t<h2 class=\"xpro-post-grid-title\">Planowana przerwa w dostawie wody w Tomaszowie Boles\u0142awieckim<\/h2>\n\t\t<\/a>\n\n\t\t\n\t\t\t\t\t<p class=\"xpro-post-grid-excerpt\">W dniu 03.09.2021 r. w godz. 15.00 &#8211; 17.30 planowana jest przerwa w dostawie wody w Tomaszowie Boles\u0142awieckim dla nieruchomo\u015bci od numeru 155 do 193. Po zako\u0144czeniu prac mo\u017ce...<\/p>\n\t\t\t\t\t\t\t<a href=\"https:\/\/zgk.lubkow.pl\/zgk\/planowana-przerwa-w-dostawie-wody-w-tomaszowie-boleslawieckim\/\" class=\"xpro-post-grid-btn\">Czytaj wi\u0119cej<\/a>\n\t\t\t\t\n\t\t\n\t<\/div>\n<\/div>\n\n<div class=\"cbp-item xpro-post-grid-item\">\n\t\n\t<div class=\"xpro-post-grid-content\">\n\n\t\t\n\t\t\t\t\t<ul class=\"xpro-post-grid-meta-list\">\n\t\t\t\t\t\t\t\t\t\t\t\t\t\t\t<li class=\"xpro-post-grid-meta-date\">\n\t\t\t\t\t\t\t<i aria-hidden=\"true\" class=\"far fa-calendar\"><\/i>\t\t\t\t\t\t\t2021-07-12\t\t\t\t\t\t<\/li>\n\t\t\t\t\t\t\t\t\t\t\t\t\t\t\t\n\t\t\t\t\t\t\t<\/ul>\n\t\t\n\t\t<a href=\"https:\/\/zgk.lubkow.pl\/zgk\/szczytnica-i-szczytnica-osiedle-przerwa-w-dostawie-wody-w-dniu-13-07-2021\/\">\n\t\t\t<h2 class=\"xpro-post-grid-title\">Szczytnica i Szczytnica Osiedle &#8211; przerwa w dostawie wody w dniu 13.07.2021<\/h2>\n\t\t<\/a>\n\n\t\t\n\t\t\t\t\t<p class=\"xpro-post-grid-excerpt\">W dniu 13.07.2021 r.\u00a0 mog\u0105 nast\u0105pi\u0107 przerwy w dostawie wody dla Szczytnicy i Szczytnicy Osiedla od godz. 9.00. Po usuni\u0119ciu awarii planuje si\u0119 przywr\u00f3cenie zasilania o godz. 12.00 ....<\/p>\n\t\t\t\t\t\t\t<a href=\"https:\/\/zgk.lubkow.pl\/zgk\/szczytnica-i-szczytnica-osiedle-przerwa-w-dostawie-wody-w-dniu-13-07-2021\/\" class=\"xpro-post-grid-btn\">Czytaj wi\u0119cej<\/a>\n\t\t\t\t\n\t\t\n\t<\/div>\n<\/div>\n\n<div class=\"cbp-item xpro-post-grid-item\">\n\t\n\t<div class=\"xpro-post-grid-content\">\n\n\t\t\n\t\t\t\t\t<ul class=\"xpro-post-grid-meta-list\">\n\t\t\t\t\t\t\t\t\t\t\t\t\t\t\t<li class=\"xpro-post-grid-meta-date\">\n\t\t\t\t\t\t\t<i aria-hidden=\"true\" class=\"far fa-calendar\"><\/i>\t\t\t\t\t\t\t2021-06-18\t\t\t\t\t\t<\/li>\n\t\t\t\t\t\t\t\t\t\t\t\t\t\t\t\n\t\t\t\t\t\t\t<\/ul>\n\t\t\n\t\t<a href=\"https:\/\/zgk.lubkow.pl\/zgk\/awaria-wody-w-wartowicach\/\">\n\t\t\t<h2 class=\"xpro-post-grid-title\">Awaria wody w Wartowicach<\/h2>\n\t\t<\/a>\n\n\t\t\n\t\t\t\t\t<p class=\"xpro-post-grid-excerpt\">W dniu 18.06.2021 od godz. 10 przerwa w dostawie wody w Wartowicach. Planowany okres przywr\u00f3cenia dostaw wody &#8211; godz. 12.00. Przepraszamy za utrudnienia. ZGK Lubk\u00f3w Sp. z o.o.<\/p>\n\t\t\t\t\t\t\t<a href=\"https:\/\/zgk.lubkow.pl\/zgk\/awaria-wody-w-wartowicach\/\" class=\"xpro-post-grid-btn\">Czytaj wi\u0119cej<\/a>\n\t\t\t\t\n\t\t\n\t<\/div>\n<\/div>\n\n<div class=\"cbp-item xpro-post-grid-item\">\n\t\n\t<div class=\"xpro-post-grid-content\">\n\n\t\t\n\t\t\t\t\t<ul class=\"xpro-post-grid-meta-list\">\n\t\t\t\t\t\t\t\t\t\t\t\t\t\t\t<li class=\"xpro-post-grid-meta-date\">\n\t\t\t\t\t\t\t<i aria-hidden=\"true\" class=\"far fa-calendar\"><\/i>\t\t\t\t\t\t\t2021-03-28\t\t\t\t\t\t<\/li>\n\t\t\t\t\t\t\t\t\t\t\t\t\t\t\t\n\t\t\t\t\t\t\t<\/ul>\n\t\t\n\t\t<a href=\"https:\/\/zgk.lubkow.pl\/zgk\/przerwa-w-dostawie-wody-w-miejscowosci-wartowice\/\">\n\t\t\t<h2 class=\"xpro-post-grid-title\">Przerwa w dostawie wody w miejscowo\u015bci Wartowice<\/h2>\n\t\t<\/a>\n\n\t\t\n\t\t\t\t\t<p class=\"xpro-post-grid-excerpt\">Zak\u0142ad Gospodarki Komunalnej w Lubkowie Sp. z o.o. zawiadamia, \u017ce&nbsp;w dniu 26.03.2021&nbsp;od godz. 9.00 do godz. 12.00&nbsp;w miejscowo\u015bci Wartowice&nbsp;wzwi\u0105zku z awari\u0105 na sieci wodoci\u0105gowej nast\u0105pi przerwa w dostawie wody&nbsp;Po...<\/p>\n\t\t\t\t\t\t\t<a href=\"https:\/\/zgk.lubkow.pl\/zgk\/przerwa-w-dostawie-wody-w-miejscowosci-wartowice\/\" class=\"xpro-post-grid-btn\">Czytaj wi\u0119cej<\/a>\n\t\t\t\t\n\t\t\n\t<\/div>\n<\/div>\n\n\t\t\t\t<\/div>\n\n\t\t\t\t\n\t\t<\/div>\n\n\t\t\t\t\t\t<\/div>\n\t\t\t\t<\/div>\n\t\t\t\t<\/div>\n\t\t\t\t\t<\/div>\n\t\t\t\t<\/div>\n\t\t\t\t<\/div>\n\t\t","protected":false},"excerpt":{"rendered":"<p>Awarie i wy\u0142\u0105czenia 2023-06-14 Przerwa w dostawie wody w miejscowo\u015bciach Tomasz\u00f3w Boles\u0142awiecki i Szczytnica W dniu 15.06.2023 r. w godz. 8-10 nast\u0105pi przerwa w dostawie wody w miejscowo\u015bci Tomasz\u00f3w Boles\u0142awiecki od nr 195 do nr 202 i w miejscowo\u015bci Szczytnica od nr 1&#8230; Czytaj wi\u0119cej 2023-05-31 Przerwa w dostawie wody w Lubkowie W dniu 31.05.2023 [&hellip;]<\/p>\n","protected":false},"author":1,"featured_media":0,"parent":0,"menu_order":0,"comment_status":"closed","ping_status":"closed","template":"","meta":{"footnotes":""},"class_list":["post-4715","page","type-page","status-publish","hentry"],"yoast_head":"<!-- This site is optimized with the Yoast SEO plugin v27.2 - https:\/\/yoast.com\/product\/yoast-seo-wordpress\/ -->\n<title>Awarie i wy\u0142\u0105czenia - Zak\u0142ad Gospodarki Komunalnej w Lubkowie Sp\u00f3\u0142ka z o.o.<\/title>\n<meta name=\"robots\" content=\"index, follow, max-snippet:-1, max-image-preview:large, max-video-preview:-1\" \/>\n<link rel=\"canonical\" href=\"https:\/\/zgk.lubkow.pl\/zgk\/awarie-i-wylaczenia\/\" \/>\n<meta property=\"og:locale\" content=\"pl_PL\" \/>\n<meta property=\"og:type\" content=\"article\" \/>\n<meta property=\"og:title\" content=\"Awarie i wy\u0142\u0105czenia - Zak\u0142ad Gospodarki Komunalnej w Lubkowie Sp\u00f3\u0142ka z o.o.\" \/>\n<meta property=\"og:description\" content=\"Awarie i wy\u0142\u0105czenia 2023-06-14 Przerwa w dostawie wody w miejscowo\u015bciach Tomasz\u00f3w Boles\u0142awiecki i Szczytnica W dniu 15.06.2023 r. w godz. 8-10 nast\u0105pi przerwa w dostawie wody w miejscowo\u015bci Tomasz\u00f3w Boles\u0142awiecki od nr 195 do nr 202 i w miejscowo\u015bci Szczytnica od nr 1&#8230; Czytaj wi\u0119cej 2023-05-31 Przerwa w dostawie wody w Lubkowie W dniu 31.05.2023 [&hellip;]\" \/>\n<meta property=\"og:url\" content=\"https:\/\/zgk.lubkow.pl\/zgk\/awarie-i-wylaczenia\/\" \/>\n<meta property=\"og:site_name\" content=\"Zak\u0142ad Gospodarki Komunalnej w Lubkowie Sp\u00f3\u0142ka z o.o.\" \/>\n<meta property=\"article:modified_time\" content=\"2026-03-19T14:51:17+00:00\" \/>\n<meta name=\"twitter:card\" content=\"summary_large_image\" \/>\n<meta name=\"twitter:label1\" content=\"Szacowany czas czytania\" \/>\n\t<meta name=\"twitter:data1\" content=\"1 minuta\" \/>\n<script type=\"application\/ld+json\" class=\"yoast-schema-graph\">{\"@context\":\"https:\/\/schema.org\",\"@graph\":[{\"@type\":\"WebPage\",\"@id\":\"https:\/\/zgk.lubkow.pl\/zgk\/awarie-i-wylaczenia\/\",\"url\":\"https:\/\/zgk.lubkow.pl\/zgk\/awarie-i-wylaczenia\/\",\"name\":\"Awarie i wy\u0142\u0105czenia - Zak\u0142ad Gospodarki Komunalnej w Lubkowie Sp\u00f3\u0142ka z o.o.\",\"isPartOf\":{\"@id\":\"https:\/\/zgk.lubkow.pl\/zgk\/#website\"},\"datePublished\":\"2026-03-19T14:49:31+00:00\",\"dateModified\":\"2026-03-19T14:51:17+00:00\",\"breadcrumb\":{\"@id\":\"https:\/\/zgk.lubkow.pl\/zgk\/awarie-i-wylaczenia\/#breadcrumb\"},\"inLanguage\":\"pl-PL\",\"potentialAction\":[{\"@type\":\"ReadAction\",\"target\":[\"https:\/\/zgk.lubkow.pl\/zgk\/awarie-i-wylaczenia\/\"]}]},{\"@type\":\"BreadcrumbList\",\"@id\":\"https:\/\/zgk.lubkow.pl\/zgk\/awarie-i-wylaczenia\/#breadcrumb\",\"itemListElement\":[{\"@type\":\"ListItem\",\"position\":1,\"name\":\"Strona g\u0142\u00f3wna\",\"item\":\"https:\/\/zgk.lubkow.pl\/zgk\/\"},{\"@type\":\"ListItem\",\"position\":2,\"name\":\"Awarie i wy\u0142\u0105czenia\"}]},{\"@type\":\"WebSite\",\"@id\":\"https:\/\/zgk.lubkow.pl\/zgk\/#website\",\"url\":\"https:\/\/zgk.lubkow.pl\/zgk\/\",\"name\":\"Zak\u0142ad Gospodarki Komunalnej w Lubkowie Sp\u00f3\u0142ka z o.o.\",\"description\":\"\",\"publisher\":{\"@id\":\"https:\/\/zgk.lubkow.pl\/zgk\/#organization\"},\"potentialAction\":[{\"@type\":\"SearchAction\",\"target\":{\"@type\":\"EntryPoint\",\"urlTemplate\":\"https:\/\/zgk.lubkow.pl\/zgk\/?s={search_term_string}\"},\"query-input\":{\"@type\":\"PropertyValueSpecification\",\"valueRequired\":true,\"valueName\":\"search_term_string\"}}],\"inLanguage\":\"pl-PL\"},{\"@type\":\"Organization\",\"@id\":\"https:\/\/zgk.lubkow.pl\/zgk\/#organization\",\"name\":\"Zak\u0142ad Gospodarki Komunalnej w Lubkowie Sp\u00f3\u0142ka z o.o.\",\"url\":\"https:\/\/zgk.lubkow.pl\/zgk\/\",\"logo\":{\"@type\":\"ImageObject\",\"inLanguage\":\"pl-PL\",\"@id\":\"https:\/\/zgk.lubkow.pl\/zgk\/#\/schema\/logo\/image\/\",\"url\":\"https:\/\/zgk.lubkow.pl\/zgk\/wp-content\/uploads\/2026\/02\/logo-copy.webp\",\"contentUrl\":\"https:\/\/zgk.lubkow.pl\/zgk\/wp-content\/uploads\/2026\/02\/logo-copy.webp\",\"width\":844,\"height\":115,\"caption\":\"Zak\u0142ad Gospodarki Komunalnej w Lubkowie Sp\u00f3\u0142ka z o.o.\"},\"image\":{\"@id\":\"https:\/\/zgk.lubkow.pl\/zgk\/#\/schema\/logo\/image\/\"}}]}<\/script>\n<!-- \/ Yoast SEO plugin. -->","yoast_head_json":{"title":"Awarie i wy\u0142\u0105czenia - Zak\u0142ad Gospodarki Komunalnej w Lubkowie Sp\u00f3\u0142ka z o.o.","robots":{"index":"index","follow":"follow","max-snippet":"max-snippet:-1","max-image-preview":"max-image-preview:large","max-video-preview":"max-video-preview:-1"},"canonical":"https:\/\/zgk.lubkow.pl\/zgk\/awarie-i-wylaczenia\/","og_locale":"pl_PL","og_type":"article","og_title":"Awarie i wy\u0142\u0105czenia - Zak\u0142ad Gospodarki Komunalnej w Lubkowie Sp\u00f3\u0142ka z o.o.","og_description":"Awarie i wy\u0142\u0105czenia 2023-06-14 Przerwa w dostawie wody w miejscowo\u015bciach Tomasz\u00f3w Boles\u0142awiecki i Szczytnica W dniu 15.06.2023 r. w godz. 8-10 nast\u0105pi przerwa w dostawie wody w miejscowo\u015bci Tomasz\u00f3w Boles\u0142awiecki od nr 195 do nr 202 i w miejscowo\u015bci Szczytnica od nr 1&#8230; Czytaj wi\u0119cej 2023-05-31 Przerwa w dostawie wody w Lubkowie W dniu 31.05.2023 [&hellip;]","og_url":"https:\/\/zgk.lubkow.pl\/zgk\/awarie-i-wylaczenia\/","og_site_name":"Zak\u0142ad Gospodarki Komunalnej w Lubkowie Sp\u00f3\u0142ka z o.o.","article_modified_time":"2026-03-19T14:51:17+00:00","twitter_card":"summary_large_image","twitter_misc":{"Szacowany czas czytania":"1 minuta"},"schema":{"@context":"https:\/\/schema.org","@graph":[{"@type":"WebPage","@id":"https:\/\/zgk.lubkow.pl\/zgk\/awarie-i-wylaczenia\/","url":"https:\/\/zgk.lubkow.pl\/zgk\/awarie-i-wylaczenia\/","name":"Awarie i wy\u0142\u0105czenia - Zak\u0142ad Gospodarki Komunalnej w Lubkowie Sp\u00f3\u0142ka z o.o.","isPartOf":{"@id":"https:\/\/zgk.lubkow.pl\/zgk\/#website"},"datePublished":"2026-03-19T14:49:31+00:00","dateModified":"2026-03-19T14:51:17+00:00","breadcrumb":{"@id":"https:\/\/zgk.lubkow.pl\/zgk\/awarie-i-wylaczenia\/#breadcrumb"},"inLanguage":"pl-PL","potentialAction":[{"@type":"ReadAction","target":["https:\/\/zgk.lubkow.pl\/zgk\/awarie-i-wylaczenia\/"]}]},{"@type":"BreadcrumbList","@id":"https:\/\/zgk.lubkow.pl\/zgk\/awarie-i-wylaczenia\/#breadcrumb","itemListElement":[{"@type":"ListItem","position":1,"name":"Strona g\u0142\u00f3wna","item":"https:\/\/zgk.lubkow.pl\/zgk\/"},{"@type":"ListItem","position":2,"name":"Awarie i wy\u0142\u0105czenia"}]},{"@type":"WebSite","@id":"https:\/\/zgk.lubkow.pl\/zgk\/#website","url":"https:\/\/zgk.lubkow.pl\/zgk\/","name":"Zak\u0142ad Gospodarki Komunalnej w Lubkowie Sp\u00f3\u0142ka z o.o.","description":"","publisher":{"@id":"https:\/\/zgk.lubkow.pl\/zgk\/#organization"},"potentialAction":[{"@type":"SearchAction","target":{"@type":"EntryPoint","urlTemplate":"https:\/\/zgk.lubkow.pl\/zgk\/?s={search_term_string}"},"query-input":{"@type":"PropertyValueSpecification","valueRequired":true,"valueName":"search_term_string"}}],"inLanguage":"pl-PL"},{"@type":"Organization","@id":"https:\/\/zgk.lubkow.pl\/zgk\/#organization","name":"Zak\u0142ad Gospodarki Komunalnej w Lubkowie Sp\u00f3\u0142ka z o.o.","url":"https:\/\/zgk.lubkow.pl\/zgk\/","logo":{"@type":"ImageObject","inLanguage":"pl-PL","@id":"https:\/\/zgk.lubkow.pl\/zgk\/#\/schema\/logo\/image\/","url":"https:\/\/zgk.lubkow.pl\/zgk\/wp-content\/uploads\/2026\/02\/logo-copy.webp","contentUrl":"https:\/\/zgk.lubkow.pl\/zgk\/wp-content\/uploads\/2026\/02\/logo-copy.webp","width":844,"height":115,"caption":"Zak\u0142ad Gospodarki Komunalnej w Lubkowie Sp\u00f3\u0142ka z o.o."},"image":{"@id":"https:\/\/zgk.lubkow.pl\/zgk\/#\/schema\/logo\/image\/"}}]}},"_links":{"self":[{"href":"https:\/\/zgk.lubkow.pl\/zgk\/wp-json\/wp\/v2\/pages\/4715","targetHints":{"allow":["GET"]}}],"collection":[{"href":"https:\/\/zgk.lubkow.pl\/zgk\/wp-json\/wp\/v2\/pages"}],"about":[{"href":"https:\/\/zgk.lubkow.pl\/zgk\/wp-json\/wp\/v2\/types\/page"}],"author":[{"embeddable":true,"href":"https:\/\/zgk.lubkow.pl\/zgk\/wp-json\/wp\/v2\/users\/1"}],"replies":[{"embeddable":true,"href":"https:\/\/zgk.lubkow.pl\/zgk\/wp-json\/wp\/v2\/comments?post=4715"}],"version-history":[{"count":7,"href":"https:\/\/zgk.lubkow.pl\/zgk\/wp-json\/wp\/v2\/pages\/4715\/revisions"}],"predecessor-version":[{"id":4722,"href":"https:\/\/zgk.lubkow.pl\/zgk\/wp-json\/wp\/v2\/pages\/4715\/revisions\/4722"}],"wp:attachment":[{"href":"https:\/\/zgk.lubkow.pl\/zgk\/wp-json\/wp\/v2\/media?parent=4715"}],"curies":[{"name":"wp","href":"https:\/\/api.w.org\/{rel}","templated":true}]}}