{"id":4620,"date":"2026-03-19T12:07:48","date_gmt":"2026-03-19T11:07:48","guid":{"rendered":"https:\/\/zgklubkow.projekty.blulink.pl\/?page_id=4620"},"modified":"2026-03-20T08:36:07","modified_gmt":"2026-03-20T07:36:07","slug":"aktualnosci","status":"publish","type":"page","link":"https:\/\/zgk.lubkow.pl\/zgk\/aktualnosci\/","title":{"rendered":"Aktualno\u015bci"},"content":{"rendered":"\t\t<div data-elementor-type=\"wp-page\" data-elementor-id=\"4620\" class=\"elementor elementor-4620\">\n\t\t\t\t<div class=\"elementor-element elementor-element-438b82b e-flex e-con-boxed e-con e-parent\" data-id=\"438b82b\" data-element_type=\"container\" data-e-type=\"container\" data-settings=\"{&quot;background_background&quot;:&quot;classic&quot;}\">\n\t\t\t\t\t<div class=\"e-con-inner\">\n\t\t<div class=\"elementor-element elementor-element-5521963 e-con-full e-flex e-con e-child\" data-id=\"5521963\" data-element_type=\"container\" data-e-type=\"container\">\n\t\t\t\t<div class=\"elementor-element elementor-element-76d998f elementor-widget elementor-widget-xpro-page-title\" data-id=\"76d998f\" data-element_type=\"widget\" data-e-type=\"widget\" data-widget_type=\"xpro-page-title.default\">\n\t\t\t\t\t\n<h1 class=\"xpro-page-title\">\n<span class=\"xpro-page-title-text\">\n\t\tAktualno\u015bci\t<\/span>\n<\/h1>\n\t\t\t\t<\/div>\n\t\t\t\t<div class=\"elementor-element elementor-element-691b5e3 elementor-widget-divider--view-line elementor-widget elementor-widget-divider\" data-id=\"691b5e3\" data-element_type=\"widget\" data-e-type=\"widget\" data-widget_type=\"divider.default\">\n\t\t\t\t\t\t\t<div class=\"elementor-divider\">\n\t\t\t<span class=\"elementor-divider-separator\">\n\t\t\t\t\t\t<\/span>\n\t\t<\/div>\n\t\t\t\t\t\t<\/div>\n\t\t\t\t<div class=\"elementor-element elementor-element-6b76f54 elementor-widget elementor-widget-text-editor\" data-id=\"6b76f54\" data-element_type=\"widget\" data-e-type=\"widget\" data-widget_type=\"text-editor.default\">\n\t\t\t\t\t<span property=\"itemListElement\" typeof=\"ListItem\"><a property=\"item\" typeof=\"WebPage\" title=\"Przejd\u017a do Zak\u0142ad Gospodarki Komunalnej w Lubkowie Sp\u00f3\u0142ka z o.o..\" href=\"https:\/\/zgk.lubkow.pl\/zgk\" class=\"home\" aria-current=\"page\"><span property=\"name\">Zak\u0142ad Gospodarki Komunalnej w Lubkowie Sp\u00f3\u0142ka z o.o.<\/span><\/a><meta property=\"position\" content=\"1\"><\/span>\t\t\t\t<\/div>\n\t\t\t\t<\/div>\n\t\t\t\t\t<\/div>\n\t\t\t\t<\/div>\n\t\t<div class=\"elementor-element elementor-element-982dac5 e-flex e-con-boxed e-con e-parent\" data-id=\"982dac5\" data-element_type=\"container\" data-e-type=\"container\" data-settings=\"{&quot;background_background&quot;:&quot;gradient&quot;,&quot;shape_divider_top&quot;:&quot;mountains&quot;}\">\n\t\t\t\t\t<div class=\"e-con-inner\">\n\t\t\t\t<div class=\"elementor-shape elementor-shape-top\" aria-hidden=\"true\" data-negative=\"false\">\n\t\t\t<svg xmlns=\"http:\/\/www.w3.org\/2000\/svg\" viewBox=\"0 0 1000 100\" preserveAspectRatio=\"none\">\n\t<path class=\"elementor-shape-fill\" opacity=\"0.33\" d=\"M473,67.3c-203.9,88.3-263.1-34-320.3,0C66,119.1,0,59.7,0,59.7V0h1000v59.7 c0,0-62.1,26.1-94.9,29.3c-32.8,3.3-62.8-12.3-75.8-22.1C806,49.6,745.3,8.7,694.9,4.7S492.4,59,473,67.3z\"\/>\n\t<path class=\"elementor-shape-fill\" opacity=\"0.66\" d=\"M734,67.3c-45.5,0-77.2-23.2-129.1-39.1c-28.6-8.7-150.3-10.1-254,39.1 s-91.7-34.4-149.2,0C115.7,118.3,0,39.8,0,39.8V0h1000v36.5c0,0-28.2-18.5-92.1-18.5C810.2,18.1,775.7,67.3,734,67.3z\"\/>\n\t<path class=\"elementor-shape-fill\" d=\"M766.1,28.9c-200-57.5-266,65.5-395.1,19.5C242,1.8,242,5.4,184.8,20.6C128,35.8,132.3,44.9,89.9,52.5C28.6,63.7,0,0,0,0 h1000c0,0-9.9,40.9-83.6,48.1S829.6,47,766.1,28.9z\"\/>\n<\/svg>\t\t<\/div>\n\t\t<div class=\"elementor-element elementor-element-00093ce e-con-full e-flex e-con e-child\" data-id=\"00093ce\" data-element_type=\"container\" data-e-type=\"container\">\n\t\t\t\t<div class=\"elementor-element elementor-element-c7b2090 elementor-widget elementor-widget-xpro-post-grid\" data-id=\"c7b2090\" data-element_type=\"widget\" data-e-type=\"widget\" data-settings=\"{&quot;content_height&quot;:{&quot;unit&quot;:&quot;px&quot;,&quot;size&quot;:370,&quot;sizes&quot;:[]},&quot;content_height_mobile&quot;:{&quot;unit&quot;:&quot;px&quot;,&quot;size&quot;:100,&quot;sizes&quot;:[]},&quot;column_grid&quot;:&quot;4&quot;,&quot;column_grid_tablet&quot;:&quot;2&quot;,&quot;column_grid_mobile&quot;:&quot;1&quot;,&quot;image_height&quot;:{&quot;unit&quot;:&quot;px&quot;,&quot;size&quot;:&quot;&quot;,&quot;sizes&quot;:[]},&quot;image_height_tablet&quot;:{&quot;unit&quot;:&quot;px&quot;,&quot;size&quot;:&quot;&quot;,&quot;sizes&quot;:[]},&quot;image_height_mobile&quot;:{&quot;unit&quot;:&quot;px&quot;,&quot;size&quot;:&quot;&quot;,&quot;sizes&quot;:[]},&quot;space_between&quot;:{&quot;unit&quot;:&quot;px&quot;,&quot;size&quot;:15,&quot;sizes&quot;:[]},&quot;space_between_tablet&quot;:{&quot;unit&quot;:&quot;px&quot;,&quot;size&quot;:15,&quot;sizes&quot;:[]},&quot;space_between_mobile&quot;:{&quot;unit&quot;:&quot;px&quot;,&quot;size&quot;:15,&quot;sizes&quot;:[]},&quot;content_height_tablet&quot;:{&quot;unit&quot;:&quot;px&quot;,&quot;size&quot;:&quot;&quot;,&quot;sizes&quot;:[]}}\" data-widget_type=\"xpro-post-grid.default\">\n\t\t\t\t\t\n\t\t<div class=\"xpro-post-grid-wrapper xpro-post-grid-layout-1\">\n\n\t\t\t\n\t\t\t\t<div class=\"xpro-post-grid-main cbp\">\n\n\t\t\t\t\t\n<div class=\"cbp-item xpro-post-grid-item\">\n\t\n\t<div class=\"xpro-post-grid-content\">\n\n\t\t\n\t\t\t\t\t<ul class=\"xpro-post-grid-meta-list\">\n\t\t\t\t\t\t\t\t\t\t\t\t\t\t\t<li class=\"xpro-post-grid-meta-date\">\n\t\t\t\t\t\t\t<i aria-hidden=\"true\" class=\"far fa-calendar\"><\/i>\t\t\t\t\t\t\t2026-04-17\t\t\t\t\t\t<\/li>\n\t\t\t\t\t\t\t\t\t\t\t\t\t\t\t\n\t\t\t\t\t\t\t<\/ul>\n\t\t\n\t\t<a href=\"https:\/\/zgk.lubkow.pl\/zgk\/przerwa-w-dostawie-wody-w-raciborowicach-gornych-6\/\">\n\t\t\t<h2 class=\"xpro-post-grid-title\">Przerwa w dostawie wody w Raciborowicach G\u00f3rnych<\/h2>\n\t\t<\/a>\n\n\t\t\n\t\t\t\t\t<p class=\"xpro-post-grid-excerpt\">W dniu 17.04.2026 r. w zwi\u0105zku z konieczno\u015bci\u0105 usuni\u0119cia nag\u0142ej awarii na sieci wodoci\u0105gowej...<\/p>\n\t\t\t\t\t\t\t<a href=\"https:\/\/zgk.lubkow.pl\/zgk\/przerwa-w-dostawie-wody-w-raciborowicach-gornych-6\/\" class=\"xpro-post-grid-btn\">Czytaj wi\u0119cej<\/a>\n\t\t\t\t\n\t\t\n\t<\/div>\n<\/div>\n\n<div class=\"cbp-item xpro-post-grid-item\">\n\t\n\t<div class=\"xpro-post-grid-content\">\n\n\t\t\n\t\t\t\t\t<ul class=\"xpro-post-grid-meta-list\">\n\t\t\t\t\t\t\t\t\t\t\t\t\t\t\t<li class=\"xpro-post-grid-meta-date\">\n\t\t\t\t\t\t\t<i aria-hidden=\"true\" class=\"far fa-calendar\"><\/i>\t\t\t\t\t\t\t2026-04-02\t\t\t\t\t\t<\/li>\n\t\t\t\t\t\t\t\t\t\t\t\t\t\t\t\n\t\t\t\t\t\t\t<\/ul>\n\t\t\n\t\t<a href=\"https:\/\/zgk.lubkow.pl\/zgk\/pszok-bedzie-zamkniety-w-wielka-sobote\/\">\n\t\t\t<h2 class=\"xpro-post-grid-title\">PSZOK b\u0119dzie zamkni\u0119ty w Wielk\u0105 Sobot\u0119<\/h2>\n\t\t<\/a>\n\n\t\t\n\t\t\t\t\t<p class=\"xpro-post-grid-excerpt\">Informujemy, \u017ce Punkt Selektywnej Zbi\u00f3rki Odpad\u00f3w zlokalizowany w Lubkowie w dniu 4 kwietnia 2026...<\/p>\n\t\t\t\t\t\t\t<a href=\"https:\/\/zgk.lubkow.pl\/zgk\/pszok-bedzie-zamkniety-w-wielka-sobote\/\" class=\"xpro-post-grid-btn\">Czytaj wi\u0119cej<\/a>\n\t\t\t\t\n\t\t\n\t<\/div>\n<\/div>\n\n<div class=\"cbp-item xpro-post-grid-item\">\n\t\n\t<div class=\"xpro-post-grid-content\">\n\n\t\t\n\t\t\t\t\t<ul class=\"xpro-post-grid-meta-list\">\n\t\t\t\t\t\t\t\t\t\t\t\t\t\t\t<li class=\"xpro-post-grid-meta-date\">\n\t\t\t\t\t\t\t<i aria-hidden=\"true\" class=\"far fa-calendar\"><\/i>\t\t\t\t\t\t\t2026-04-02\t\t\t\t\t\t<\/li>\n\t\t\t\t\t\t\t\t\t\t\t\t\t\t\t\n\t\t\t\t\t\t\t<\/ul>\n\t\t\n\t\t<a href=\"https:\/\/zgk.lubkow.pl\/zgk\/skrocone-godziny-pracy-3\/\">\n\t\t\t<h2 class=\"xpro-post-grid-title\">Skr\u00f3cone godziny pracy<\/h2>\n\t\t<\/a>\n\n\t\t\n\t\t\t\t\t<p class=\"xpro-post-grid-excerpt\">Informujemy, \u017ce dniu 3 kwietnia 2026 r. ZGK w Lubkowie Sp. z o.o oraz...<\/p>\n\t\t\t\t\t\t\t<a href=\"https:\/\/zgk.lubkow.pl\/zgk\/skrocone-godziny-pracy-3\/\" class=\"xpro-post-grid-btn\">Czytaj wi\u0119cej<\/a>\n\t\t\t\t\n\t\t\n\t<\/div>\n<\/div>\n\n<div class=\"cbp-item xpro-post-grid-item\">\n\t\n\t<div class=\"xpro-post-grid-content\">\n\n\t\t\n\t\t\t\t\t<ul class=\"xpro-post-grid-meta-list\">\n\t\t\t\t\t\t\t\t\t\t\t\t\t\t\t<li class=\"xpro-post-grid-meta-date\">\n\t\t\t\t\t\t\t<i aria-hidden=\"true\" class=\"far fa-calendar\"><\/i>\t\t\t\t\t\t\t2026-03-09\t\t\t\t\t\t<\/li>\n\t\t\t\t\t\t\t\t\t\t\t\t\t\t\t\n\t\t\t\t\t\t\t<\/ul>\n\t\t\n\t\t<a href=\"https:\/\/zgk.lubkow.pl\/zgk\/przerwa-w-dostawie-wody-w-miejscowosci-raciborowice-grn-dln\/\">\n\t\t\t<h2 class=\"xpro-post-grid-title\">Przerwa w dostawie wody w miejscowo\u015bci Raciborowice Grn. Dln.<\/h2>\n\t\t<\/a>\n\n\t\t\n\t\t\t\t\t<p class=\"xpro-post-grid-excerpt\">Informujemy, \u017ce w dniu 10.03.2026 r. (wtorek) w godz. 8.00-14.00 w zwi\u0105zku z konieczno\u015bci\u0105...<\/p>\n\t\t\t\t\t\t\t<a href=\"https:\/\/zgk.lubkow.pl\/zgk\/przerwa-w-dostawie-wody-w-miejscowosci-raciborowice-grn-dln\/\" class=\"xpro-post-grid-btn\">Czytaj wi\u0119cej<\/a>\n\t\t\t\t\n\t\t\n\t<\/div>\n<\/div>\n\n<div class=\"cbp-item xpro-post-grid-item\">\n\t\n\t<div class=\"xpro-post-grid-content\">\n\n\t\t\n\t\t\t\t\t<ul class=\"xpro-post-grid-meta-list\">\n\t\t\t\t\t\t\t\t\t\t\t\t\t\t\t<li class=\"xpro-post-grid-meta-date\">\n\t\t\t\t\t\t\t<i aria-hidden=\"true\" class=\"far fa-calendar\"><\/i>\t\t\t\t\t\t\t2026-02-05\t\t\t\t\t\t<\/li>\n\t\t\t\t\t\t\t\t\t\t\t\t\t\t\t\n\t\t\t\t\t\t\t<\/ul>\n\t\t\n\t\t<a href=\"https:\/\/zgk.lubkow.pl\/zgk\/w-dniu-dzisiejszym-odpady-komunalne-nie-zostana-odebrane\/\">\n\t\t\t<h2 class=\"xpro-post-grid-title\">W dniu dzisiejszym odpady komunalne nie zostan\u0105 odebrane<\/h2>\n\t\t<\/a>\n\n\t\t\n\t\t\t\t\t<p class=\"xpro-post-grid-excerpt\">Szanowni Pa\u0144stwo,\u00a0 w zwi\u0105zku z sytuacj\u0105 pogodow\u0105 w dniu dzisiejszym &#8211; tj. 05 lutego...<\/p>\n\t\t\t\t\t\t\t<a href=\"https:\/\/zgk.lubkow.pl\/zgk\/w-dniu-dzisiejszym-odpady-komunalne-nie-zostana-odebrane\/\" class=\"xpro-post-grid-btn\">Czytaj wi\u0119cej<\/a>\n\t\t\t\t\n\t\t\n\t<\/div>\n<\/div>\n\n<div class=\"cbp-item xpro-post-grid-item\">\n\t\n\t<div class=\"xpro-post-grid-content\">\n\n\t\t\n\t\t\t\t\t<ul class=\"xpro-post-grid-meta-list\">\n\t\t\t\t\t\t\t\t\t\t\t\t\t\t\t<li class=\"xpro-post-grid-meta-date\">\n\t\t\t\t\t\t\t<i aria-hidden=\"true\" class=\"far fa-calendar\"><\/i>\t\t\t\t\t\t\t2026-02-05\t\t\t\t\t\t<\/li>\n\t\t\t\t\t\t\t\t\t\t\t\t\t\t\t\n\t\t\t\t\t\t\t<\/ul>\n\t\t\n\t\t<a href=\"https:\/\/zgk.lubkow.pl\/zgk\/uwaga-na-sliskosc-drog\/\">\n\t\t\t<h2 class=\"xpro-post-grid-title\">Uwaga na \u015blisko\u015b\u0107 dr\u00f3g !<\/h2>\n\t\t<\/a>\n\n\t\t\n\t\t\t\t\t<p class=\"xpro-post-grid-excerpt\">Szanowni Pa\u0144stwo, Informuj\u0119, \u017ce ZGK w Lubkowie Sp. z o.o. skupia si\u0119 w pierwszej...<\/p>\n\t\t\t\t\t\t\t<a href=\"https:\/\/zgk.lubkow.pl\/zgk\/uwaga-na-sliskosc-drog\/\" class=\"xpro-post-grid-btn\">Czytaj wi\u0119cej<\/a>\n\t\t\t\t\n\t\t\n\t<\/div>\n<\/div>\n\n<div class=\"cbp-item xpro-post-grid-item\">\n\t\n\t<div class=\"xpro-post-grid-content\">\n\n\t\t\n\t\t\t\t\t<ul class=\"xpro-post-grid-meta-list\">\n\t\t\t\t\t\t\t\t\t\t\t\t\t\t\t<li class=\"xpro-post-grid-meta-date\">\n\t\t\t\t\t\t\t<i aria-hidden=\"true\" class=\"far fa-calendar\"><\/i>\t\t\t\t\t\t\t2026-01-21\t\t\t\t\t\t<\/li>\n\t\t\t\t\t\t\t\t\t\t\t\t\t\t\t\n\t\t\t\t\t\t\t<\/ul>\n\t\t\n\t\t<a href=\"https:\/\/zgk.lubkow.pl\/zgk\/wymiana-wodomierzy-glownych-w-miejscowosci-iwiny\/\">\n\t\t\t<h2 class=\"xpro-post-grid-title\">Wymiana wodomierzy g\u0142\u00f3wnych w miejscowo\u015bci Iwiny<\/h2>\n\t\t<\/a>\n\n\t\t\n\t\t\t\t\t<p class=\"xpro-post-grid-excerpt\">Szanowni Pa\u0144stwo informujemy, \u017ce Zak\u0142ad Gospodarki Komunalnej w Lubkowie Sp. z o. o. w...<\/p>\n\t\t\t\t\t\t\t<a href=\"https:\/\/zgk.lubkow.pl\/zgk\/wymiana-wodomierzy-glownych-w-miejscowosci-iwiny\/\" class=\"xpro-post-grid-btn\">Czytaj wi\u0119cej<\/a>\n\t\t\t\t\n\t\t\n\t<\/div>\n<\/div>\n\n<div class=\"cbp-item xpro-post-grid-item\">\n\t\n\t<div class=\"xpro-post-grid-content\">\n\n\t\t\n\t\t\t\t\t<ul class=\"xpro-post-grid-meta-list\">\n\t\t\t\t\t\t\t\t\t\t\t\t\t\t\t<li class=\"xpro-post-grid-meta-date\">\n\t\t\t\t\t\t\t<i aria-hidden=\"true\" class=\"far fa-calendar\"><\/i>\t\t\t\t\t\t\t2025-12-22\t\t\t\t\t\t<\/li>\n\t\t\t\t\t\t\t\t\t\t\t\t\t\t\t\n\t\t\t\t\t\t\t<\/ul>\n\t\t\n\t\t<a href=\"https:\/\/zgk.lubkow.pl\/zgk\/27-grudnia-pszok-bedzie-nieczynny\/\">\n\t\t\t<h2 class=\"xpro-post-grid-title\">27 grudnia 2025 r. (sobota) PSZOK b\u0119dzie nieczynny<\/h2>\n\t\t<\/a>\n\n\t\t\n\t\t\t\t\t<p class=\"xpro-post-grid-excerpt\">Informujemy, \u017ce w dniu 27 grudnia 2025 r. Punkt Selektywnego Zbierania Odpad\u00f3w Komunalnych (PSZOK)...<\/p>\n\t\t\t\t\t\t\t<a href=\"https:\/\/zgk.lubkow.pl\/zgk\/27-grudnia-pszok-bedzie-nieczynny\/\" class=\"xpro-post-grid-btn\">Czytaj wi\u0119cej<\/a>\n\t\t\t\t\n\t\t\n\t<\/div>\n<\/div>\n\n<div class=\"cbp-item xpro-post-grid-item\">\n\t\n\t<div class=\"xpro-post-grid-content\">\n\n\t\t\n\t\t\t\t\t<ul class=\"xpro-post-grid-meta-list\">\n\t\t\t\t\t\t\t\t\t\t\t\t\t\t\t<li class=\"xpro-post-grid-meta-date\">\n\t\t\t\t\t\t\t<i aria-hidden=\"true\" class=\"far fa-calendar\"><\/i>\t\t\t\t\t\t\t2025-12-19\t\t\t\t\t\t<\/li>\n\t\t\t\t\t\t\t\t\t\t\t\t\t\t\t\n\t\t\t\t\t\t\t<\/ul>\n\t\t\n\t\t<a href=\"https:\/\/zgk.lubkow.pl\/zgk\/przerwa-w-dostawie-wody-w-czesci-miejscowosci-iwiny\/\">\n\t\t\t<h2 class=\"xpro-post-grid-title\">Przerwa w dostawie wody w cz\u0119\u015bci miejscowo\u015bci Iwiny<\/h2>\n\t\t<\/a>\n\n\t\t\n\t\t\t\t\t<p class=\"xpro-post-grid-excerpt\">W dniu 19.12.2025 r. w zwi\u0105zku z konieczno\u015bci\u0105 usuni\u0119cia awarii nast\u0105pi przerwa w dostawie...<\/p>\n\t\t\t\t\t\t\t<a href=\"https:\/\/zgk.lubkow.pl\/zgk\/przerwa-w-dostawie-wody-w-czesci-miejscowosci-iwiny\/\" class=\"xpro-post-grid-btn\">Czytaj wi\u0119cej<\/a>\n\t\t\t\t\n\t\t\n\t<\/div>\n<\/div>\n\n<div class=\"cbp-item xpro-post-grid-item\">\n\t\n\t<div class=\"xpro-post-grid-content\">\n\n\t\t\n\t\t\t\t\t<ul class=\"xpro-post-grid-meta-list\">\n\t\t\t\t\t\t\t\t\t\t\t\t\t\t\t<li class=\"xpro-post-grid-meta-date\">\n\t\t\t\t\t\t\t<i aria-hidden=\"true\" class=\"far fa-calendar\"><\/i>\t\t\t\t\t\t\t2025-12-05\t\t\t\t\t\t<\/li>\n\t\t\t\t\t\t\t\t\t\t\t\t\t\t\t\n\t\t\t\t\t\t\t<\/ul>\n\t\t\n\t\t<a href=\"https:\/\/zgk.lubkow.pl\/zgk\/ogloszenie-o-wyniku-sprzedazy-koparkoladowarki\/\">\n\t\t\t<h2 class=\"xpro-post-grid-title\">Og\u0142oszenie o wyniku sprzeda\u017cy koparko\u0142adowarki<\/h2>\n\t\t<\/a>\n\n\t\t\n\t\t\t\t\t<p class=\"xpro-post-grid-excerpt\"><\/p>\n\t\t\t\t\t\t\t<a href=\"https:\/\/zgk.lubkow.pl\/zgk\/ogloszenie-o-wyniku-sprzedazy-koparkoladowarki\/\" class=\"xpro-post-grid-btn\">Czytaj wi\u0119cej<\/a>\n\t\t\t\t\n\t\t\n\t<\/div>\n<\/div>\n\n<div class=\"cbp-item xpro-post-grid-item\">\n\t\n\t<div class=\"xpro-post-grid-content\">\n\n\t\t\n\t\t\t\t\t<ul class=\"xpro-post-grid-meta-list\">\n\t\t\t\t\t\t\t\t\t\t\t\t\t\t\t<li class=\"xpro-post-grid-meta-date\">\n\t\t\t\t\t\t\t<i aria-hidden=\"true\" class=\"far fa-calendar\"><\/i>\t\t\t\t\t\t\t2025-12-01\t\t\t\t\t\t<\/li>\n\t\t\t\t\t\t\t\t\t\t\t\t\t\t\t\n\t\t\t\t\t\t\t<\/ul>\n\t\t\n\t\t<a href=\"https:\/\/zgk.lubkow.pl\/zgk\/ogloszenie-o-drugim-przetargu-nieograniczonym-na-sprzedaz-koparkoladowarki\/\">\n\t\t\t<h2 class=\"xpro-post-grid-title\">Og\u0142oszenie o drugim przetargu ofertowym na sprzeda\u017c koparko\u0142adowarki.<\/h2>\n\t\t<\/a>\n\n\t\t\n\t\t\t\t\t<p class=\"xpro-post-grid-excerpt\"><\/p>\n\t\t\t\t\t\t\t<a href=\"https:\/\/zgk.lubkow.pl\/zgk\/ogloszenie-o-drugim-przetargu-nieograniczonym-na-sprzedaz-koparkoladowarki\/\" class=\"xpro-post-grid-btn\">Czytaj wi\u0119cej<\/a>\n\t\t\t\t\n\t\t\n\t<\/div>\n<\/div>\n\n<div class=\"cbp-item xpro-post-grid-item\">\n\t\n\t<div class=\"xpro-post-grid-content\">\n\n\t\t\n\t\t\t\t\t<ul class=\"xpro-post-grid-meta-list\">\n\t\t\t\t\t\t\t\t\t\t\t\t\t\t\t<li class=\"xpro-post-grid-meta-date\">\n\t\t\t\t\t\t\t<i aria-hidden=\"true\" class=\"far fa-calendar\"><\/i>\t\t\t\t\t\t\t2025-12-01\t\t\t\t\t\t<\/li>\n\t\t\t\t\t\t\t\t\t\t\t\t\t\t\t\n\t\t\t\t\t\t\t<\/ul>\n\t\t\n\t\t<a href=\"https:\/\/zgk.lubkow.pl\/zgk\/ogloszenie-o-wyniku-postepowania-na-sprzedaz-koparkoladowarki\/\">\n\t\t\t<h2 class=\"xpro-post-grid-title\">Og\u0142oszenie o wyniku pierwszego post\u0119powania na sprzeda\u017c koparko\u0142adowarki<\/h2>\n\t\t<\/a>\n\n\t\t\n\t\t\t\t\t<p class=\"xpro-post-grid-excerpt\"><\/p>\n\t\t\t\t\t\t\t<a href=\"https:\/\/zgk.lubkow.pl\/zgk\/ogloszenie-o-wyniku-postepowania-na-sprzedaz-koparkoladowarki\/\" class=\"xpro-post-grid-btn\">Czytaj wi\u0119cej<\/a>\n\t\t\t\t\n\t\t\n\t<\/div>\n<\/div>\n\n<div class=\"cbp-item xpro-post-grid-item\">\n\t\n\t<div class=\"xpro-post-grid-content\">\n\n\t\t\n\t\t\t\t\t<ul class=\"xpro-post-grid-meta-list\">\n\t\t\t\t\t\t\t\t\t\t\t\t\t\t\t<li class=\"xpro-post-grid-meta-date\">\n\t\t\t\t\t\t\t<i aria-hidden=\"true\" class=\"far fa-calendar\"><\/i>\t\t\t\t\t\t\t2025-11-18\t\t\t\t\t\t<\/li>\n\t\t\t\t\t\t\t\t\t\t\t\t\t\t\t\n\t\t\t\t\t\t\t<\/ul>\n\t\t\n\t\t<a href=\"https:\/\/zgk.lubkow.pl\/zgk\/ogloszenie-o-sprzedazy-koparko-ladowarki\/\">\n\t\t\t<h2 class=\"xpro-post-grid-title\">Og\u0142oszenie o sprzeda\u017cy koparko-\u0142adowarki<\/h2>\n\t\t<\/a>\n\n\t\t\n\t\t\t\t\t<p class=\"xpro-post-grid-excerpt\"><\/p>\n\t\t\t\t\t\t\t<a href=\"https:\/\/zgk.lubkow.pl\/zgk\/ogloszenie-o-sprzedazy-koparko-ladowarki\/\" class=\"xpro-post-grid-btn\">Czytaj wi\u0119cej<\/a>\n\t\t\t\t\n\t\t\n\t<\/div>\n<\/div>\n\n<div class=\"cbp-item xpro-post-grid-item\">\n\t\n\t<div class=\"xpro-post-grid-content\">\n\n\t\t\n\t\t\t\t\t<ul class=\"xpro-post-grid-meta-list\">\n\t\t\t\t\t\t\t\t\t\t\t\t\t\t\t<li class=\"xpro-post-grid-meta-date\">\n\t\t\t\t\t\t\t<i aria-hidden=\"true\" class=\"far fa-calendar\"><\/i>\t\t\t\t\t\t\t2025-11-06\t\t\t\t\t\t<\/li>\n\t\t\t\t\t\t\t\t\t\t\t\t\t\t\t\n\t\t\t\t\t\t\t<\/ul>\n\t\t\n\t\t<a href=\"https:\/\/zgk.lubkow.pl\/zgk\/dzien-wolny\/\">\n\t\t\t<h2 class=\"xpro-post-grid-title\">Dzie\u0144 Wolny<\/h2>\n\t\t<\/a>\n\n\t\t\n\t\t\t\t\t<p class=\"xpro-post-grid-excerpt\">Szanowni Pa\u0144stwo,\u00a0 Informujemy, \u017ce w dniu 10 listopada 2025 (poniedzia\u0142ek) Zak\u0142ad Gospodarki Komunalnej oraz...<\/p>\n\t\t\t\t\t\t\t<a href=\"https:\/\/zgk.lubkow.pl\/zgk\/dzien-wolny\/\" class=\"xpro-post-grid-btn\">Czytaj wi\u0119cej<\/a>\n\t\t\t\t\n\t\t\n\t<\/div>\n<\/div>\n\n<div class=\"cbp-item xpro-post-grid-item\">\n\t\n\t<div class=\"xpro-post-grid-content\">\n\n\t\t\n\t\t\t\t\t<ul class=\"xpro-post-grid-meta-list\">\n\t\t\t\t\t\t\t\t\t\t\t\t\t\t\t<li class=\"xpro-post-grid-meta-date\">\n\t\t\t\t\t\t\t<i aria-hidden=\"true\" class=\"far fa-calendar\"><\/i>\t\t\t\t\t\t\t2025-09-03\t\t\t\t\t\t<\/li>\n\t\t\t\t\t\t\t\t\t\t\t\t\t\t\t\n\t\t\t\t\t\t\t<\/ul>\n\t\t\n\t\t<a href=\"https:\/\/zgk.lubkow.pl\/zgk\/przerwa-w-dostawie-wody-w-czesci-miejscowosci-tomaszow-boleslawiecki\/\">\n\t\t\t<h2 class=\"xpro-post-grid-title\">Przerwa w dostawie wody w cz\u0119\u015bci miejscowo\u015bci Tomasz\u00f3w Boles\u0142awiecki<\/h2>\n\t\t<\/a>\n\n\t\t\n\t\t\t\t\t<p class=\"xpro-post-grid-excerpt\">W dniu 03.09.2025 r. w godzinach 7.00-12.00 nast\u0105pi przerwa w dostawie wody w miejscowo\u015bci...<\/p>\n\t\t\t\t\t\t\t<a href=\"https:\/\/zgk.lubkow.pl\/zgk\/przerwa-w-dostawie-wody-w-czesci-miejscowosci-tomaszow-boleslawiecki\/\" class=\"xpro-post-grid-btn\">Czytaj wi\u0119cej<\/a>\n\t\t\t\t\n\t\t\n\t<\/div>\n<\/div>\n\n<div class=\"cbp-item xpro-post-grid-item\">\n\t\n\t<div class=\"xpro-post-grid-content\">\n\n\t\t\n\t\t\t\t\t<ul class=\"xpro-post-grid-meta-list\">\n\t\t\t\t\t\t\t\t\t\t\t\t\t\t\t<li class=\"xpro-post-grid-meta-date\">\n\t\t\t\t\t\t\t<i aria-hidden=\"true\" class=\"far fa-calendar\"><\/i>\t\t\t\t\t\t\t2025-08-26\t\t\t\t\t\t<\/li>\n\t\t\t\t\t\t\t\t\t\t\t\t\t\t\t\n\t\t\t\t\t\t\t<\/ul>\n\t\t\n\t\t<a href=\"https:\/\/zgk.lubkow.pl\/zgk\/przerwa-w-dostawie-wody-w-miejscowosciach-szczytnica-i-wilczy-las\/\">\n\t\t\t<h2 class=\"xpro-post-grid-title\">Przerwa w dostawie wody w miejscowo\u015bciach Szczytnica i Wilczy Las<\/h2>\n\t\t<\/a>\n\n\t\t\n\t\t\t\t\t<p class=\"xpro-post-grid-excerpt\">\u00a0W dniu 26.08.2025 r. w godzinach 8.00 -13.00 nast\u0105pi przerwa w dostawie wody w...<\/p>\n\t\t\t\t\t\t\t<a href=\"https:\/\/zgk.lubkow.pl\/zgk\/przerwa-w-dostawie-wody-w-miejscowosciach-szczytnica-i-wilczy-las\/\" class=\"xpro-post-grid-btn\">Czytaj wi\u0119cej<\/a>\n\t\t\t\t\n\t\t\n\t<\/div>\n<\/div>\n\n<div class=\"cbp-item xpro-post-grid-item\">\n\t\n\t<div class=\"xpro-post-grid-content\">\n\n\t\t\n\t\t\t\t\t<ul class=\"xpro-post-grid-meta-list\">\n\t\t\t\t\t\t\t\t\t\t\t\t\t\t\t<li class=\"xpro-post-grid-meta-date\">\n\t\t\t\t\t\t\t<i aria-hidden=\"true\" class=\"far fa-calendar\"><\/i>\t\t\t\t\t\t\t2025-07-04\t\t\t\t\t\t<\/li>\n\t\t\t\t\t\t\t\t\t\t\t\t\t\t\t\n\t\t\t\t\t\t\t<\/ul>\n\t\t\n\t\t<a href=\"https:\/\/zgk.lubkow.pl\/zgk\/przerwa-w-dostawie-wody-w-miejscowosci-jurkow\/\">\n\t\t\t<h2 class=\"xpro-post-grid-title\">Przerwa w dostawie wody w miejscowo\u015bci Jurk\u00f3w<\/h2>\n\t\t<\/a>\n\n\t\t\n\t\t\t\t\t<p class=\"xpro-post-grid-excerpt\">W dniu 7 lipca 2025 r. (poniedzia\u0142ek) w godz. od 8 do 13 nast\u0105pi...<\/p>\n\t\t\t\t\t\t\t<a href=\"https:\/\/zgk.lubkow.pl\/zgk\/przerwa-w-dostawie-wody-w-miejscowosci-jurkow\/\" class=\"xpro-post-grid-btn\">Czytaj wi\u0119cej<\/a>\n\t\t\t\t\n\t\t\n\t<\/div>\n<\/div>\n\n<div class=\"cbp-item xpro-post-grid-item\">\n\t\n\t<div class=\"xpro-post-grid-content\">\n\n\t\t\n\t\t\t\t\t<ul class=\"xpro-post-grid-meta-list\">\n\t\t\t\t\t\t\t\t\t\t\t\t\t\t\t<li class=\"xpro-post-grid-meta-date\">\n\t\t\t\t\t\t\t<i aria-hidden=\"true\" class=\"far fa-calendar\"><\/i>\t\t\t\t\t\t\t2025-05-30\t\t\t\t\t\t<\/li>\n\t\t\t\t\t\t\t\t\t\t\t\t\t\t\t\n\t\t\t\t\t\t\t<\/ul>\n\t\t\n\t\t<a href=\"https:\/\/zgk.lubkow.pl\/zgk\/przerwa-w-dostawie-wody\/\">\n\t\t\t<h2 class=\"xpro-post-grid-title\">Przerwa w dostawie wody<\/h2>\n\t\t<\/a>\n\n\t\t\n\t\t\t\t\t<p class=\"xpro-post-grid-excerpt\">W dniu 2 czerwca 2025r.\u00a0 w godz. 8.00-12.00 nast\u0105pi przerwa w dostawie wody w...<\/p>\n\t\t\t\t\t\t\t<a href=\"https:\/\/zgk.lubkow.pl\/zgk\/przerwa-w-dostawie-wody\/\" class=\"xpro-post-grid-btn\">Czytaj wi\u0119cej<\/a>\n\t\t\t\t\n\t\t\n\t<\/div>\n<\/div>\n\n<div class=\"cbp-item xpro-post-grid-item\">\n\t\n\t<div class=\"xpro-post-grid-content\">\n\n\t\t\n\t\t\t\t\t<ul class=\"xpro-post-grid-meta-list\">\n\t\t\t\t\t\t\t\t\t\t\t\t\t\t\t<li class=\"xpro-post-grid-meta-date\">\n\t\t\t\t\t\t\t<i aria-hidden=\"true\" class=\"far fa-calendar\"><\/i>\t\t\t\t\t\t\t2025-05-30\t\t\t\t\t\t<\/li>\n\t\t\t\t\t\t\t\t\t\t\t\t\t\t\t\n\t\t\t\t\t\t\t<\/ul>\n\t\t\n\t\t<a href=\"https:\/\/zgk.lubkow.pl\/zgk\/zmiana-czasu-pracy\/\">\n\t\t\t<h2 class=\"xpro-post-grid-title\">Zmiana czasu pracy<\/h2>\n\t\t<\/a>\n\n\t\t\n\t\t\t\t\t<p class=\"xpro-post-grid-excerpt\">W dniu 30.05.2025 r. (pi\u0105tek) Zak\u0142ad Gospodarki Komunalnej w Lubkowie Sp. z o.o. oraz...<\/p>\n\t\t\t\t\t\t\t<a href=\"https:\/\/zgk.lubkow.pl\/zgk\/zmiana-czasu-pracy\/\" class=\"xpro-post-grid-btn\">Czytaj wi\u0119cej<\/a>\n\t\t\t\t\n\t\t\n\t<\/div>\n<\/div>\n\n<div class=\"cbp-item xpro-post-grid-item\">\n\t\n\t<div class=\"xpro-post-grid-content\">\n\n\t\t\n\t\t\t\t\t<ul class=\"xpro-post-grid-meta-list\">\n\t\t\t\t\t\t\t\t\t\t\t\t\t\t\t<li class=\"xpro-post-grid-meta-date\">\n\t\t\t\t\t\t\t<i aria-hidden=\"true\" class=\"far fa-calendar\"><\/i>\t\t\t\t\t\t\t2025-05-08\t\t\t\t\t\t<\/li>\n\t\t\t\t\t\t\t\t\t\t\t\t\t\t\t\n\t\t\t\t\t\t\t<\/ul>\n\t\t\n\t\t<a href=\"https:\/\/zgk.lubkow.pl\/zgk\/przerwa-w-dostawie-wody-w-miejscowosci-raciborowice-gorne\/\">\n\t\t\t<h2 class=\"xpro-post-grid-title\">Przerwa w dostawie wody w miejscowo\u015bci Raciborowice G\u00f3rne<\/h2>\n\t\t<\/a>\n\n\t\t\n\t\t\t\t\t<p class=\"xpro-post-grid-excerpt\">W dniu 09 maja 2025 r. w godzinach 8.00-14.00 nast\u0105pi przerwa w dostawie wody...<\/p>\n\t\t\t\t\t\t\t<a href=\"https:\/\/zgk.lubkow.pl\/zgk\/przerwa-w-dostawie-wody-w-miejscowosci-raciborowice-gorne\/\" class=\"xpro-post-grid-btn\">Czytaj wi\u0119cej<\/a>\n\t\t\t\t\n\t\t\n\t<\/div>\n<\/div>\n\n<div class=\"cbp-item xpro-post-grid-item\">\n\t\n\t<div class=\"xpro-post-grid-content\">\n\n\t\t\n\t\t\t\t\t<ul class=\"xpro-post-grid-meta-list\">\n\t\t\t\t\t\t\t\t\t\t\t\t\t\t\t<li class=\"xpro-post-grid-meta-date\">\n\t\t\t\t\t\t\t<i aria-hidden=\"true\" class=\"far fa-calendar\"><\/i>\t\t\t\t\t\t\t2025-05-08\t\t\t\t\t\t<\/li>\n\t\t\t\t\t\t\t\t\t\t\t\t\t\t\t\n\t\t\t\t\t\t\t<\/ul>\n\t\t\n\t\t<a href=\"https:\/\/zgk.lubkow.pl\/zgk\/przerwa-w-dostawie-wody-w-jurkowie\/\">\n\t\t\t<h2 class=\"xpro-post-grid-title\">Przerwa w dostawie wody w Jurkowie<\/h2>\n\t\t<\/a>\n\n\t\t\n\t\t\t\t\t<p class=\"xpro-post-grid-excerpt\">W dniu 9.05.2025 r. z powodu prac remontowych na Stacji Uzdatniania Wody, wyst\u0105pi przerwa...<\/p>\n\t\t\t\t\t\t\t<a href=\"https:\/\/zgk.lubkow.pl\/zgk\/przerwa-w-dostawie-wody-w-jurkowie\/\" class=\"xpro-post-grid-btn\">Czytaj wi\u0119cej<\/a>\n\t\t\t\t\n\t\t\n\t<\/div>\n<\/div>\n\n<div class=\"cbp-item xpro-post-grid-item\">\n\t\n\t<div class=\"xpro-post-grid-content\">\n\n\t\t\n\t\t\t\t\t<ul class=\"xpro-post-grid-meta-list\">\n\t\t\t\t\t\t\t\t\t\t\t\t\t\t\t<li class=\"xpro-post-grid-meta-date\">\n\t\t\t\t\t\t\t<i aria-hidden=\"true\" class=\"far fa-calendar\"><\/i>\t\t\t\t\t\t\t2025-04-30\t\t\t\t\t\t<\/li>\n\t\t\t\t\t\t\t\t\t\t\t\t\t\t\t\n\t\t\t\t\t\t\t<\/ul>\n\t\t\n\t\t<a href=\"https:\/\/zgk.lubkow.pl\/zgk\/w-dniu-2-maja-2025-r-zaklad-gospodarki-komunalnej-w-lubkowie-sp-z-o-o-bedzie-nieczynny\/\">\n\t\t\t<h2 class=\"xpro-post-grid-title\">W dniu 2 maja 2025 r. Zak\u0142ad Gospodarki Komunalnej w Lubkowie Sp. z o.o b\u0119dzie nieczynny.<\/h2>\n\t\t<\/a>\n\n\t\t\n\t\t\t\t\t<p class=\"xpro-post-grid-excerpt\">Szanowni Pa\u0144stwo, Informujemy, \u017ce w dniu 2 maja (pi\u0105tek) ZGK w Lubkowie Sp. z...<\/p>\n\t\t\t\t\t\t\t<a href=\"https:\/\/zgk.lubkow.pl\/zgk\/w-dniu-2-maja-2025-r-zaklad-gospodarki-komunalnej-w-lubkowie-sp-z-o-o-bedzie-nieczynny\/\" class=\"xpro-post-grid-btn\">Czytaj wi\u0119cej<\/a>\n\t\t\t\t\n\t\t\n\t<\/div>\n<\/div>\n\n<div class=\"cbp-item xpro-post-grid-item\">\n\t\n\t<div class=\"xpro-post-grid-content\">\n\n\t\t\n\t\t\t\t\t<ul class=\"xpro-post-grid-meta-list\">\n\t\t\t\t\t\t\t\t\t\t\t\t\t\t\t<li class=\"xpro-post-grid-meta-date\">\n\t\t\t\t\t\t\t<i aria-hidden=\"true\" class=\"far fa-calendar\"><\/i>\t\t\t\t\t\t\t2025-04-24\t\t\t\t\t\t<\/li>\n\t\t\t\t\t\t\t\t\t\t\t\t\t\t\t\n\t\t\t\t\t\t\t<\/ul>\n\t\t\n\t\t<a href=\"https:\/\/zgk.lubkow.pl\/zgk\/zmiana-terminu-odbioru-odpadow\/\">\n\t\t\t<h2 class=\"xpro-post-grid-title\">Zmiana terminu odbioru odpad\u00f3w w Raciborowicach Dolnych i G\u00f3rnych.<\/h2>\n\t\t<\/a>\n\n\t\t\n\t\t\t\t\t<p class=\"xpro-post-grid-excerpt\">Uwaga! Zmiana terminu odbioru odpad\u00f3w &#8211; tworzywa sztuczne. Informujemy, \u017ce dla zabudowy jednorodzinnej i...<\/p>\n\t\t\t\t\t\t\t<a href=\"https:\/\/zgk.lubkow.pl\/zgk\/zmiana-terminu-odbioru-odpadow\/\" class=\"xpro-post-grid-btn\">Czytaj wi\u0119cej<\/a>\n\t\t\t\t\n\t\t\n\t<\/div>\n<\/div>\n\n<div class=\"cbp-item xpro-post-grid-item\">\n\t\n\t<div class=\"xpro-post-grid-content\">\n\n\t\t\n\t\t\t\t\t<ul class=\"xpro-post-grid-meta-list\">\n\t\t\t\t\t\t\t\t\t\t\t\t\t\t\t<li class=\"xpro-post-grid-meta-date\">\n\t\t\t\t\t\t\t<i aria-hidden=\"true\" class=\"far fa-calendar\"><\/i>\t\t\t\t\t\t\t2025-04-18\t\t\t\t\t\t<\/li>\n\t\t\t\t\t\t\t\t\t\t\t\t\t\t\t\n\t\t\t\t\t\t\t<\/ul>\n\t\t\n\t\t<a href=\"https:\/\/zgk.lubkow.pl\/zgk\/zyczenia-swiateczne-3\/\">\n\t\t\t<h2 class=\"xpro-post-grid-title\">\u017byczenia \u015awi\u0105teczne<\/h2>\n\t\t<\/a>\n\n\t\t\n\t\t\t\t\t<p class=\"xpro-post-grid-excerpt\"><\/p>\n\t\t\t\t\t\t\t<a href=\"https:\/\/zgk.lubkow.pl\/zgk\/zyczenia-swiateczne-3\/\" class=\"xpro-post-grid-btn\">Czytaj wi\u0119cej<\/a>\n\t\t\t\t\n\t\t\n\t<\/div>\n<\/div>\n\n<div class=\"cbp-item xpro-post-grid-item\">\n\t\n\t<div class=\"xpro-post-grid-content\">\n\n\t\t\n\t\t\t\t\t<ul class=\"xpro-post-grid-meta-list\">\n\t\t\t\t\t\t\t\t\t\t\t\t\t\t\t<li class=\"xpro-post-grid-meta-date\">\n\t\t\t\t\t\t\t<i aria-hidden=\"true\" class=\"far fa-calendar\"><\/i>\t\t\t\t\t\t\t2025-04-18\t\t\t\t\t\t<\/li>\n\t\t\t\t\t\t\t\t\t\t\t\t\t\t\t\n\t\t\t\t\t\t\t<\/ul>\n\t\t\n\t\t<a href=\"https:\/\/zgk.lubkow.pl\/zgk\/skrocone-godziny-pracy\/\">\n\t\t\t<h2 class=\"xpro-post-grid-title\">Zmiana godzin pracy w dni 18.04.2025r.<\/h2>\n\t\t<\/a>\n\n\t\t\n\t\t\t\t\t<p class=\"xpro-post-grid-excerpt\">W dniu 18.04.2025 r. Zak\u0142ad Gospodarki Komunalnej w Lubkowie Sp. z o.o. b\u0119dzie czynny...<\/p>\n\t\t\t\t\t\t\t<a href=\"https:\/\/zgk.lubkow.pl\/zgk\/skrocone-godziny-pracy\/\" class=\"xpro-post-grid-btn\">Czytaj wi\u0119cej<\/a>\n\t\t\t\t\n\t\t\n\t<\/div>\n<\/div>\n\n<div class=\"cbp-item xpro-post-grid-item\">\n\t\n\t<div class=\"xpro-post-grid-content\">\n\n\t\t\n\t\t\t\t\t<ul class=\"xpro-post-grid-meta-list\">\n\t\t\t\t\t\t\t\t\t\t\t\t\t\t\t<li class=\"xpro-post-grid-meta-date\">\n\t\t\t\t\t\t\t<i aria-hidden=\"true\" class=\"far fa-calendar\"><\/i>\t\t\t\t\t\t\t2025-04-15\t\t\t\t\t\t<\/li>\n\t\t\t\t\t\t\t\t\t\t\t\t\t\t\t\n\t\t\t\t\t\t\t<\/ul>\n\t\t\n\t\t<a href=\"https:\/\/zgk.lubkow.pl\/zgk\/informacje-na-temat-wymiany-legalizacyjnej-wodomierzy-glownych\/\">\n\t\t\t<h2 class=\"xpro-post-grid-title\">INFORMACJE NA TEMAT WYMIANY LEGALIZACYJNEJ WODOMIERZY G\u0141\u00d3WNYCH<\/h2>\n\t\t<\/a>\n\n\t\t\n\t\t\t\t\t<p class=\"xpro-post-grid-excerpt\">Szanowni Pa\u0144stwo w zwi\u0105zku z akcj\u0105 wymiany legalizacyjnej wodomierzy g\u0142\u00f3wnych w \u00a0miejscowo\u015bci Raciborowice Dolne...<\/p>\n\t\t\t\t\t\t\t<a href=\"https:\/\/zgk.lubkow.pl\/zgk\/informacje-na-temat-wymiany-legalizacyjnej-wodomierzy-glownych\/\" class=\"xpro-post-grid-btn\">Czytaj wi\u0119cej<\/a>\n\t\t\t\t\n\t\t\n\t<\/div>\n<\/div>\n\n<div class=\"cbp-item xpro-post-grid-item\">\n\t\n\t<div class=\"xpro-post-grid-content\">\n\n\t\t\n\t\t\t\t\t<ul class=\"xpro-post-grid-meta-list\">\n\t\t\t\t\t\t\t\t\t\t\t\t\t\t\t<li class=\"xpro-post-grid-meta-date\">\n\t\t\t\t\t\t\t<i aria-hidden=\"true\" class=\"far fa-calendar\"><\/i>\t\t\t\t\t\t\t2025-04-08\t\t\t\t\t\t<\/li>\n\t\t\t\t\t\t\t\t\t\t\t\t\t\t\t\n\t\t\t\t\t\t\t<\/ul>\n\t\t\n\t\t<a href=\"https:\/\/zgk.lubkow.pl\/zgk\/informacja-o-wymianie-wodomierzy-glownych-w-raciborowicach-dolnych\/\">\n\t\t\t<h2 class=\"xpro-post-grid-title\">Informacja o wymianie wodomierzy g\u0142\u00f3wnych w Raciborowicach Dolnych<\/h2>\n\t\t<\/a>\n\n\t\t\n\t\t\t\t\t<p class=\"xpro-post-grid-excerpt\">Szanowni Pa\u0144stwo. Informujemy, \u017ce od dnia 09.04.2025 r. pracownicy Zak\u0142adu Gospodarki Komunalnej w Lubkowie...<\/p>\n\t\t\t\t\t\t\t<a href=\"https:\/\/zgk.lubkow.pl\/zgk\/informacja-o-wymianie-wodomierzy-glownych-w-raciborowicach-dolnych\/\" class=\"xpro-post-grid-btn\">Czytaj wi\u0119cej<\/a>\n\t\t\t\t\n\t\t\n\t<\/div>\n<\/div>\n\n<div class=\"cbp-item xpro-post-grid-item\">\n\t\n\t<div class=\"xpro-post-grid-content\">\n\n\t\t\n\t\t\t\t\t<ul class=\"xpro-post-grid-meta-list\">\n\t\t\t\t\t\t\t\t\t\t\t\t\t\t\t<li class=\"xpro-post-grid-meta-date\">\n\t\t\t\t\t\t\t<i aria-hidden=\"true\" class=\"far fa-calendar\"><\/i>\t\t\t\t\t\t\t2025-03-27\t\t\t\t\t\t<\/li>\n\t\t\t\t\t\t\t\t\t\t\t\t\t\t\t\n\t\t\t\t\t\t\t<\/ul>\n\t\t\n\t\t<a href=\"https:\/\/zgk.lubkow.pl\/zgk\/przerwa-w-dostawie-wody-w-tomaszowie-boleslawieckim-4\/\">\n\t\t\t<h2 class=\"xpro-post-grid-title\">Przerwa w dostawie wody w Lubkowie<\/h2>\n\t\t<\/a>\n\n\t\t\n\t\t\t\t\t<p class=\"xpro-post-grid-excerpt\">W dniu dzisiejszym (27.03.2025 r.) z powodu awarii sieci wodoci\u0105gowej w miejscowo\u015bci Lubk\u00f3w wyst\u0105pi...<\/p>\n\t\t\t\t\t\t\t<a href=\"https:\/\/zgk.lubkow.pl\/zgk\/przerwa-w-dostawie-wody-w-tomaszowie-boleslawieckim-4\/\" class=\"xpro-post-grid-btn\">Czytaj wi\u0119cej<\/a>\n\t\t\t\t\n\t\t\n\t<\/div>\n<\/div>\n\n<div class=\"cbp-item xpro-post-grid-item\">\n\t\n\t<div class=\"xpro-post-grid-content\">\n\n\t\t\n\t\t\t\t\t<ul class=\"xpro-post-grid-meta-list\">\n\t\t\t\t\t\t\t\t\t\t\t\t\t\t\t<li class=\"xpro-post-grid-meta-date\">\n\t\t\t\t\t\t\t<i aria-hidden=\"true\" class=\"far fa-calendar\"><\/i>\t\t\t\t\t\t\t2025-03-26\t\t\t\t\t\t<\/li>\n\t\t\t\t\t\t\t\t\t\t\t\t\t\t\t\n\t\t\t\t\t\t\t<\/ul>\n\t\t\n\t\t<a href=\"https:\/\/zgk.lubkow.pl\/zgk\/przerwa-w-dostawie-wody-w-tomaszowie-boleslawieckim-3\/\">\n\t\t\t<h2 class=\"xpro-post-grid-title\">Przerwa w dostawie wody w Tomaszowie Boles\u0142awieckim<\/h2>\n\t\t<\/a>\n\n\t\t\n\t\t\t\t\t<p class=\"xpro-post-grid-excerpt\">W dniu 26.03.2025 r. od godz. 8.00 do godz. 14.00 w miejscowo\u015bci Tomasz\u00f3w Boles\u0142awiecki...<\/p>\n\t\t\t\t\t\t\t<a href=\"https:\/\/zgk.lubkow.pl\/zgk\/przerwa-w-dostawie-wody-w-tomaszowie-boleslawieckim-3\/\" class=\"xpro-post-grid-btn\">Czytaj wi\u0119cej<\/a>\n\t\t\t\t\n\t\t\n\t<\/div>\n<\/div>\n\n<div class=\"cbp-item xpro-post-grid-item\">\n\t\n\t<div class=\"xpro-post-grid-content\">\n\n\t\t\n\t\t\t\t\t<ul class=\"xpro-post-grid-meta-list\">\n\t\t\t\t\t\t\t\t\t\t\t\t\t\t\t<li class=\"xpro-post-grid-meta-date\">\n\t\t\t\t\t\t\t<i aria-hidden=\"true\" class=\"far fa-calendar\"><\/i>\t\t\t\t\t\t\t2025-03-03\t\t\t\t\t\t<\/li>\n\t\t\t\t\t\t\t\t\t\t\t\t\t\t\t\n\t\t\t\t\t\t\t<\/ul>\n\t\t\n\t\t<a href=\"https:\/\/zgk.lubkow.pl\/zgk\/ogloszenie-o-pracy-na-stanowisku-ksiegowej-ksiegowego\/\">\n\t\t\t<h2 class=\"xpro-post-grid-title\">OG\u0141OSZENIE O PRACY NA STANOWISKU KSI\u0118GOWEJ\/KSI\u0118GOWEGO<\/h2>\n\t\t<\/a>\n\n\t\t\n\t\t\t\t\t<p class=\"xpro-post-grid-excerpt\">Zak\u0142ad Gospodarki Komunalnej w Lubkowie Sp. z o.o. og\u0142asza nab\u00f3r na stanowisko: M\u0141ODSZA KSI\u0118GOWA...<\/p>\n\t\t\t\t\t\t\t<a href=\"https:\/\/zgk.lubkow.pl\/zgk\/ogloszenie-o-pracy-na-stanowisku-ksiegowej-ksiegowego\/\" class=\"xpro-post-grid-btn\">Czytaj wi\u0119cej<\/a>\n\t\t\t\t\n\t\t\n\t<\/div>\n<\/div>\n\n<div class=\"cbp-item xpro-post-grid-item\">\n\t\n\t<div class=\"xpro-post-grid-content\">\n\n\t\t\n\t\t\t\t\t<ul class=\"xpro-post-grid-meta-list\">\n\t\t\t\t\t\t\t\t\t\t\t\t\t\t\t<li class=\"xpro-post-grid-meta-date\">\n\t\t\t\t\t\t\t<i aria-hidden=\"true\" class=\"far fa-calendar\"><\/i>\t\t\t\t\t\t\t2025-02-26\t\t\t\t\t\t<\/li>\n\t\t\t\t\t\t\t\t\t\t\t\t\t\t\t\n\t\t\t\t\t\t\t<\/ul>\n\t\t\n\t\t<a href=\"https:\/\/zgk.lubkow.pl\/zgk\/przerwa-w-dostawie-wody-w-miejscowosci-tomaszow-boleslawiecki\/\">\n\t\t\t<h2 class=\"xpro-post-grid-title\">Przerwa w dostawie wody w miejscowo\u015bci Tomasz\u00f3w Boles\u0142awiecki<\/h2>\n\t\t<\/a>\n\n\t\t\n\t\t\t\t\t<p class=\"xpro-post-grid-excerpt\">W dniu 27.02.2025 r. w godz. 8.00-14.00 nast\u0105pi przerwa w dostawie wody w miejscowo\u015bci...<\/p>\n\t\t\t\t\t\t\t<a href=\"https:\/\/zgk.lubkow.pl\/zgk\/przerwa-w-dostawie-wody-w-miejscowosci-tomaszow-boleslawiecki\/\" class=\"xpro-post-grid-btn\">Czytaj wi\u0119cej<\/a>\n\t\t\t\t\n\t\t\n\t<\/div>\n<\/div>\n\n<div class=\"cbp-item xpro-post-grid-item\">\n\t\n\t<div class=\"xpro-post-grid-content\">\n\n\t\t\n\t\t\t\t\t<ul class=\"xpro-post-grid-meta-list\">\n\t\t\t\t\t\t\t\t\t\t\t\t\t\t\t<li class=\"xpro-post-grid-meta-date\">\n\t\t\t\t\t\t\t<i aria-hidden=\"true\" class=\"far fa-calendar\"><\/i>\t\t\t\t\t\t\t2025-02-07\t\t\t\t\t\t<\/li>\n\t\t\t\t\t\t\t\t\t\t\t\t\t\t\t\n\t\t\t\t\t\t\t<\/ul>\n\t\t\n\t\t<a href=\"https:\/\/zgk.lubkow.pl\/zgk\/przerwa-w-dostawie-wody-w-raciborowicach-gornych-4\/\">\n\t\t\t<h2 class=\"xpro-post-grid-title\">Przerwa w dostawie wody w Raciborowicach G\u00f3rnych i Jurkowie<\/h2>\n\t\t<\/a>\n\n\t\t\n\t\t\t\t\t<p class=\"xpro-post-grid-excerpt\">Zak\u0142ad Gospodarki Komunalnej w Lubkowie Sp. z o.o. zawiadamia, \u017ce w zwi\u0105zku z usuwaniem...<\/p>\n\t\t\t\t\t\t\t<a href=\"https:\/\/zgk.lubkow.pl\/zgk\/przerwa-w-dostawie-wody-w-raciborowicach-gornych-4\/\" class=\"xpro-post-grid-btn\">Czytaj wi\u0119cej<\/a>\n\t\t\t\t\n\t\t\n\t<\/div>\n<\/div>\n\n<div class=\"cbp-item xpro-post-grid-item\">\n\t\n\t<div class=\"xpro-post-grid-content\">\n\n\t\t\n\t\t\t\t\t<ul class=\"xpro-post-grid-meta-list\">\n\t\t\t\t\t\t\t\t\t\t\t\t\t\t\t<li class=\"xpro-post-grid-meta-date\">\n\t\t\t\t\t\t\t<i aria-hidden=\"true\" class=\"far fa-calendar\"><\/i>\t\t\t\t\t\t\t2025-02-06\t\t\t\t\t\t<\/li>\n\t\t\t\t\t\t\t\t\t\t\t\t\t\t\t\n\t\t\t\t\t\t\t<\/ul>\n\t\t\n\t\t<a href=\"https:\/\/zgk.lubkow.pl\/zgk\/przerwa-w-dostawie-wody-w-raciborowicach-gornych-3\/\">\n\t\t\t<h2 class=\"xpro-post-grid-title\">Przerwa w dostawie wody w Raciborowicach G\u00f3rnych<\/h2>\n\t\t<\/a>\n\n\t\t\n\t\t\t\t\t<p class=\"xpro-post-grid-excerpt\">Zak\u0142ad Gospodarki Komunalnej w Lubkowie Sp. z o.o. zawiadamia, \u017ce w zwi\u0105zku z usuwaniem...<\/p>\n\t\t\t\t\t\t\t<a href=\"https:\/\/zgk.lubkow.pl\/zgk\/przerwa-w-dostawie-wody-w-raciborowicach-gornych-3\/\" class=\"xpro-post-grid-btn\">Czytaj wi\u0119cej<\/a>\n\t\t\t\t\n\t\t\n\t<\/div>\n<\/div>\n\n<div class=\"cbp-item xpro-post-grid-item\">\n\t\n\t<div class=\"xpro-post-grid-content\">\n\n\t\t\n\t\t\t\t\t<ul class=\"xpro-post-grid-meta-list\">\n\t\t\t\t\t\t\t\t\t\t\t\t\t\t\t<li class=\"xpro-post-grid-meta-date\">\n\t\t\t\t\t\t\t<i aria-hidden=\"true\" class=\"far fa-calendar\"><\/i>\t\t\t\t\t\t\t2025-01-16\t\t\t\t\t\t<\/li>\n\t\t\t\t\t\t\t\t\t\t\t\t\t\t\t\n\t\t\t\t\t\t\t<\/ul>\n\t\t\n\t\t<a href=\"https:\/\/zgk.lubkow.pl\/zgk\/przerwa-w-dostawie-wody-w-wartowicach-5\/\">\n\t\t\t<h2 class=\"xpro-post-grid-title\">Przerwa w dostawie wody w Raciborowicach G\u00f3rnych i Dolnych<\/h2>\n\t\t<\/a>\n\n\t\t\n\t\t\t\t\t<p class=\"xpro-post-grid-excerpt\">W dniu 16.01.2025 r. (czwartek) od godziny 13.30 do 18.00 nast\u0105pi przerwa w dostawie...<\/p>\n\t\t\t\t\t\t\t<a href=\"https:\/\/zgk.lubkow.pl\/zgk\/przerwa-w-dostawie-wody-w-wartowicach-5\/\" class=\"xpro-post-grid-btn\">Czytaj wi\u0119cej<\/a>\n\t\t\t\t\n\t\t\n\t<\/div>\n<\/div>\n\n<div class=\"cbp-item xpro-post-grid-item\">\n\t\n\t<div class=\"xpro-post-grid-content\">\n\n\t\t\n\t\t\t\t\t<ul class=\"xpro-post-grid-meta-list\">\n\t\t\t\t\t\t\t\t\t\t\t\t\t\t\t<li class=\"xpro-post-grid-meta-date\">\n\t\t\t\t\t\t\t<i aria-hidden=\"true\" class=\"far fa-calendar\"><\/i>\t\t\t\t\t\t\t2024-12-23\t\t\t\t\t\t<\/li>\n\t\t\t\t\t\t\t\t\t\t\t\t\t\t\t\n\t\t\t\t\t\t\t<\/ul>\n\t\t\n\t\t<a href=\"https:\/\/zgk.lubkow.pl\/zgk\/zmiana-godzin-pracy-w-dniu-24-12-2024-r\/\">\n\t\t\t<h2 class=\"xpro-post-grid-title\">Zmiana godzin pracy w dniu 24.12.2024 r.<\/h2>\n\t\t<\/a>\n\n\t\t\n\t\t\t\t\t<p class=\"xpro-post-grid-excerpt\">Szanowni Pa\u0144stwo, informujemy, \u017ce w dniu 24.12.2024 r. Zak\u0142ad Gospodarki Komunalnej w Lubkowie Sp....<\/p>\n\t\t\t\t\t\t\t<a href=\"https:\/\/zgk.lubkow.pl\/zgk\/zmiana-godzin-pracy-w-dniu-24-12-2024-r\/\" class=\"xpro-post-grid-btn\">Czytaj wi\u0119cej<\/a>\n\t\t\t\t\n\t\t\n\t<\/div>\n<\/div>\n\n<div class=\"cbp-item xpro-post-grid-item\">\n\t\n\t<div class=\"xpro-post-grid-content\">\n\n\t\t\n\t\t\t\t\t<ul class=\"xpro-post-grid-meta-list\">\n\t\t\t\t\t\t\t\t\t\t\t\t\t\t\t<li class=\"xpro-post-grid-meta-date\">\n\t\t\t\t\t\t\t<i aria-hidden=\"true\" class=\"far fa-calendar\"><\/i>\t\t\t\t\t\t\t2024-12-23\t\t\t\t\t\t<\/li>\n\t\t\t\t\t\t\t\t\t\t\t\t\t\t\t\n\t\t\t\t\t\t\t<\/ul>\n\t\t\n\t\t<a href=\"https:\/\/zgk.lubkow.pl\/zgk\/zyczenia-swiateczne-2\/\">\n\t\t\t<h2 class=\"xpro-post-grid-title\">\u017byczenia \u015bwi\u0105teczne<\/h2>\n\t\t<\/a>\n\n\t\t\n\t\t\t\t\t<p class=\"xpro-post-grid-excerpt\"><\/p>\n\t\t\t\t\t\t\t<a href=\"https:\/\/zgk.lubkow.pl\/zgk\/zyczenia-swiateczne-2\/\" class=\"xpro-post-grid-btn\">Czytaj wi\u0119cej<\/a>\n\t\t\t\t\n\t\t\n\t<\/div>\n<\/div>\n\n<div class=\"cbp-item xpro-post-grid-item\">\n\t\n\t<div class=\"xpro-post-grid-content\">\n\n\t\t\n\t\t\t\t\t<ul class=\"xpro-post-grid-meta-list\">\n\t\t\t\t\t\t\t\t\t\t\t\t\t\t\t<li class=\"xpro-post-grid-meta-date\">\n\t\t\t\t\t\t\t<i aria-hidden=\"true\" class=\"far fa-calendar\"><\/i>\t\t\t\t\t\t\t2024-12-06\t\t\t\t\t\t<\/li>\n\t\t\t\t\t\t\t\t\t\t\t\t\t\t\t\n\t\t\t\t\t\t\t<\/ul>\n\t\t\n\t\t<a href=\"https:\/\/zgk.lubkow.pl\/zgk\/ogloszenie-o-wyniku-postepowania-na-sprzedaz-koparko-ladowarki-caterpilar\/\">\n\t\t\t<h2 class=\"xpro-post-grid-title\">Og\u0142oszenie o wyniku post\u0119powania na sprzeda\u017c koparko-\u0142adowarki Caterpilar<\/h2>\n\t\t<\/a>\n\n\t\t\n\t\t\t\t\t<p class=\"xpro-post-grid-excerpt\">Link do post\u0119powania tutaj.<\/p>\n\t\t\t\t\t\t\t<a href=\"https:\/\/zgk.lubkow.pl\/zgk\/ogloszenie-o-wyniku-postepowania-na-sprzedaz-koparko-ladowarki-caterpilar\/\" class=\"xpro-post-grid-btn\">Czytaj wi\u0119cej<\/a>\n\t\t\t\t\n\t\t\n\t<\/div>\n<\/div>\n\n<div class=\"cbp-item xpro-post-grid-item\">\n\t\n\t<div class=\"xpro-post-grid-content\">\n\n\t\t\n\t\t\t\t\t<ul class=\"xpro-post-grid-meta-list\">\n\t\t\t\t\t\t\t\t\t\t\t\t\t\t\t<li class=\"xpro-post-grid-meta-date\">\n\t\t\t\t\t\t\t<i aria-hidden=\"true\" class=\"far fa-calendar\"><\/i>\t\t\t\t\t\t\t2024-12-03\t\t\t\t\t\t<\/li>\n\t\t\t\t\t\t\t\t\t\t\t\t\t\t\t\n\t\t\t\t\t\t\t<\/ul>\n\t\t\n\t\t<a href=\"https:\/\/zgk.lubkow.pl\/zgk\/przerwa-w-dostawie-wody-w-tomaszowie-boleslawieckim-2\/\">\n\t\t\t<h2 class=\"xpro-post-grid-title\">Przerwa w dostawie wody w Tomaszowie Boles\u0142awieckim<\/h2>\n\t\t<\/a>\n\n\t\t\n\t\t\t\t\t<p class=\"xpro-post-grid-excerpt\">W dniu 03.12.2024 r. (wtorek) w godzinach 9.00-11.00 nast\u0105pi przerwa w dostawie wody w...<\/p>\n\t\t\t\t\t\t\t<a href=\"https:\/\/zgk.lubkow.pl\/zgk\/przerwa-w-dostawie-wody-w-tomaszowie-boleslawieckim-2\/\" class=\"xpro-post-grid-btn\">Czytaj wi\u0119cej<\/a>\n\t\t\t\t\n\t\t\n\t<\/div>\n<\/div>\n\n<div class=\"cbp-item xpro-post-grid-item\">\n\t\n\t<div class=\"xpro-post-grid-content\">\n\n\t\t\n\t\t\t\t\t<ul class=\"xpro-post-grid-meta-list\">\n\t\t\t\t\t\t\t\t\t\t\t\t\t\t\t<li class=\"xpro-post-grid-meta-date\">\n\t\t\t\t\t\t\t<i aria-hidden=\"true\" class=\"far fa-calendar\"><\/i>\t\t\t\t\t\t\t2024-12-03\t\t\t\t\t\t<\/li>\n\t\t\t\t\t\t\t\t\t\t\t\t\t\t\t\n\t\t\t\t\t\t\t<\/ul>\n\t\t\n\t\t<a href=\"https:\/\/zgk.lubkow.pl\/zgk\/przerwa-w-dostawie-wody-w-wartowicach-4\/\">\n\t\t\t<h2 class=\"xpro-post-grid-title\">Przerwa w dostawie wody w Wartowicach<\/h2>\n\t\t<\/a>\n\n\t\t\n\t\t\t\t\t<p class=\"xpro-post-grid-excerpt\">W dniu 03.12.2024 r. (wtorek) w godzinach 8.30-11.00 nast\u0105pi przerwa w dostawie wody w...<\/p>\n\t\t\t\t\t\t\t<a href=\"https:\/\/zgk.lubkow.pl\/zgk\/przerwa-w-dostawie-wody-w-wartowicach-4\/\" class=\"xpro-post-grid-btn\">Czytaj wi\u0119cej<\/a>\n\t\t\t\t\n\t\t\n\t<\/div>\n<\/div>\n\n<div class=\"cbp-item xpro-post-grid-item\">\n\t\n\t<div class=\"xpro-post-grid-content\">\n\n\t\t\n\t\t\t\t\t<ul class=\"xpro-post-grid-meta-list\">\n\t\t\t\t\t\t\t\t\t\t\t\t\t\t\t<li class=\"xpro-post-grid-meta-date\">\n\t\t\t\t\t\t\t<i aria-hidden=\"true\" class=\"far fa-calendar\"><\/i>\t\t\t\t\t\t\t2024-11-21\t\t\t\t\t\t<\/li>\n\t\t\t\t\t\t\t\t\t\t\t\t\t\t\t\n\t\t\t\t\t\t\t<\/ul>\n\t\t\n\t\t<a href=\"https:\/\/zgk.lubkow.pl\/zgk\/sprzedaz-koparko-ladowarki\/\">\n\t\t\t<h2 class=\"xpro-post-grid-title\">Sprzeda\u017c cz\u0119\u015bci maj\u0105tku ruchomego &#8211; koparko-\u0142adowarki Caterpillar<\/h2>\n\t\t<\/a>\n\n\t\t\n\t\t\t\t\t<p class=\"xpro-post-grid-excerpt\">Do pobrania Formularz ofertowy Wz\u00f3r umowy<\/p>\n\t\t\t\t\t\t\t<a href=\"https:\/\/zgk.lubkow.pl\/zgk\/sprzedaz-koparko-ladowarki\/\" class=\"xpro-post-grid-btn\">Czytaj wi\u0119cej<\/a>\n\t\t\t\t\n\t\t\n\t<\/div>\n<\/div>\n\n<div class=\"cbp-item xpro-post-grid-item\">\n\t\n\t<div class=\"xpro-post-grid-content\">\n\n\t\t\n\t\t\t\t\t<ul class=\"xpro-post-grid-meta-list\">\n\t\t\t\t\t\t\t\t\t\t\t\t\t\t\t<li class=\"xpro-post-grid-meta-date\">\n\t\t\t\t\t\t\t<i aria-hidden=\"true\" class=\"far fa-calendar\"><\/i>\t\t\t\t\t\t\t2024-11-20\t\t\t\t\t\t<\/li>\n\t\t\t\t\t\t\t\t\t\t\t\t\t\t\t\n\t\t\t\t\t\t\t<\/ul>\n\t\t\n\t\t<a href=\"https:\/\/zgk.lubkow.pl\/zgk\/awaria-telefonow-stacjonarnych\/\">\n\t\t\t<h2 class=\"xpro-post-grid-title\">Awaria telefon\u00f3w stacjonarnych<\/h2>\n\t\t<\/a>\n\n\t\t\n\t\t\t\t\t<p class=\"xpro-post-grid-excerpt\">Szanowni Pa\u0144stwo informujemy, \u017ce z przyczyn od nas niezale\u017cnych wyst\u0119puj\u0105 problemy z komunikacj\u0105 telefoniczn\u0105....<\/p>\n\t\t\t\t\t\t\t<a href=\"https:\/\/zgk.lubkow.pl\/zgk\/awaria-telefonow-stacjonarnych\/\" class=\"xpro-post-grid-btn\">Czytaj wi\u0119cej<\/a>\n\t\t\t\t\n\t\t\n\t<\/div>\n<\/div>\n\n<div class=\"cbp-item xpro-post-grid-item\">\n\t\n\t<div class=\"xpro-post-grid-content\">\n\n\t\t\n\t\t\t\t\t<ul class=\"xpro-post-grid-meta-list\">\n\t\t\t\t\t\t\t\t\t\t\t\t\t\t\t<li class=\"xpro-post-grid-meta-date\">\n\t\t\t\t\t\t\t<i aria-hidden=\"true\" class=\"far fa-calendar\"><\/i>\t\t\t\t\t\t\t2024-08-05\t\t\t\t\t\t<\/li>\n\t\t\t\t\t\t\t\t\t\t\t\t\t\t\t\n\t\t\t\t\t\t\t<\/ul>\n\t\t\n\t\t<a href=\"https:\/\/zgk.lubkow.pl\/zgk\/utrudnienia-w-pracy-pszok\/\">\n\t\t\t<h2 class=\"xpro-post-grid-title\">UTRUDNIENIA W PRACY PSZOK<\/h2>\n\t\t<\/a>\n\n\t\t\n\t\t\t\t\t<p class=\"xpro-post-grid-excerpt\">Informujemy, \u017ce w dniach od 06.08.2024 r. do 9.08.2024 (wtorek-pi\u0105tek) od godziny 8.00 z...<\/p>\n\t\t\t\t\t\t\t<a href=\"https:\/\/zgk.lubkow.pl\/zgk\/utrudnienia-w-pracy-pszok\/\" class=\"xpro-post-grid-btn\">Czytaj wi\u0119cej<\/a>\n\t\t\t\t\n\t\t\n\t<\/div>\n<\/div>\n\n<div class=\"cbp-item xpro-post-grid-item\">\n\t\n\t<div class=\"xpro-post-grid-content\">\n\n\t\t\n\t\t\t\t\t<ul class=\"xpro-post-grid-meta-list\">\n\t\t\t\t\t\t\t\t\t\t\t\t\t\t\t<li class=\"xpro-post-grid-meta-date\">\n\t\t\t\t\t\t\t<i aria-hidden=\"true\" class=\"far fa-calendar\"><\/i>\t\t\t\t\t\t\t2024-07-09\t\t\t\t\t\t<\/li>\n\t\t\t\t\t\t\t\t\t\t\t\t\t\t\t\n\t\t\t\t\t\t\t<\/ul>\n\t\t\n\t\t<a href=\"https:\/\/zgk.lubkow.pl\/zgk\/uwaga-na-plotki\/\">\n\t\t\t<h2 class=\"xpro-post-grid-title\">Uwaga na plotki !!!<\/h2>\n\t\t<\/a>\n\n\t\t\n\t\t\t\t\t<p class=\"xpro-post-grid-excerpt\">Szanowni Pa\u0144stwo, w dniu dzisiejszym (tj. 09.07.2024 r.) dosz\u0142y do nas plotki dotycz\u0105ce z\u0142ej...<\/p>\n\t\t\t\t\t\t\t<a href=\"https:\/\/zgk.lubkow.pl\/zgk\/uwaga-na-plotki\/\" class=\"xpro-post-grid-btn\">Czytaj wi\u0119cej<\/a>\n\t\t\t\t\n\t\t\n\t<\/div>\n<\/div>\n\n<div class=\"cbp-item xpro-post-grid-item\">\n\t\n\t<div class=\"xpro-post-grid-content\">\n\n\t\t\n\t\t\t\t\t<ul class=\"xpro-post-grid-meta-list\">\n\t\t\t\t\t\t\t\t\t\t\t\t\t\t\t<li class=\"xpro-post-grid-meta-date\">\n\t\t\t\t\t\t\t<i aria-hidden=\"true\" class=\"far fa-calendar\"><\/i>\t\t\t\t\t\t\t2024-06-21\t\t\t\t\t\t<\/li>\n\t\t\t\t\t\t\t\t\t\t\t\t\t\t\t\n\t\t\t\t\t\t\t<\/ul>\n\t\t\n\t\t<a href=\"https:\/\/zgk.lubkow.pl\/zgk\/przerwa-w-dostawie-wody-w-szczytnicy\/\">\n\t\t\t<h2 class=\"xpro-post-grid-title\">Przerwa w dostawie wody w Szczytnicy<\/h2>\n\t\t<\/a>\n\n\t\t\n\t\t\t\t\t<p class=\"xpro-post-grid-excerpt\">Informujemy, \u017ce w dniu 24.06.2024 r. (poniedzia\u0142ek) w godz. 8.00-11.00 nast\u0105pi przerwa w dostawie...<\/p>\n\t\t\t\t\t\t\t<a href=\"https:\/\/zgk.lubkow.pl\/zgk\/przerwa-w-dostawie-wody-w-szczytnicy\/\" class=\"xpro-post-grid-btn\">Czytaj wi\u0119cej<\/a>\n\t\t\t\t\n\t\t\n\t<\/div>\n<\/div>\n\n<div class=\"cbp-item xpro-post-grid-item\">\n\t\n\t<div class=\"xpro-post-grid-content\">\n\n\t\t\n\t\t\t\t\t<ul class=\"xpro-post-grid-meta-list\">\n\t\t\t\t\t\t\t\t\t\t\t\t\t\t\t<li class=\"xpro-post-grid-meta-date\">\n\t\t\t\t\t\t\t<i aria-hidden=\"true\" class=\"far fa-calendar\"><\/i>\t\t\t\t\t\t\t2024-06-07\t\t\t\t\t\t<\/li>\n\t\t\t\t\t\t\t\t\t\t\t\t\t\t\t\n\t\t\t\t\t\t\t<\/ul>\n\t\t\n\t\t<a href=\"https:\/\/zgk.lubkow.pl\/zgk\/przerwa-w-dostawie-wody-w-lubkowie-i-iwinach\/\">\n\t\t\t<h2 class=\"xpro-post-grid-title\">Przerwa w dostawie wody w Lubkowie i Iwinach<\/h2>\n\t\t<\/a>\n\n\t\t\n\t\t\t\t\t<p class=\"xpro-post-grid-excerpt\">W dniu 10 czerwca 2024 r. (poniedzia\u0142ek) w godzinach od 8.00 do 12.00 w...<\/p>\n\t\t\t\t\t\t\t<a href=\"https:\/\/zgk.lubkow.pl\/zgk\/przerwa-w-dostawie-wody-w-lubkowie-i-iwinach\/\" class=\"xpro-post-grid-btn\">Czytaj wi\u0119cej<\/a>\n\t\t\t\t\n\t\t\n\t<\/div>\n<\/div>\n\n<div class=\"cbp-item xpro-post-grid-item\">\n\t\n\t<div class=\"xpro-post-grid-content\">\n\n\t\t\n\t\t\t\t\t<ul class=\"xpro-post-grid-meta-list\">\n\t\t\t\t\t\t\t\t\t\t\t\t\t\t\t<li class=\"xpro-post-grid-meta-date\">\n\t\t\t\t\t\t\t<i aria-hidden=\"true\" class=\"far fa-calendar\"><\/i>\t\t\t\t\t\t\t2024-05-28\t\t\t\t\t\t<\/li>\n\t\t\t\t\t\t\t\t\t\t\t\t\t\t\t\n\t\t\t\t\t\t\t<\/ul>\n\t\t\n\t\t<a href=\"https:\/\/zgk.lubkow.pl\/zgk\/ogloszenie-o-prace\/\">\n\t\t\t<h2 class=\"xpro-post-grid-title\">Og\u0142oszenie o prac\u0119<\/h2>\n\t\t<\/a>\n\n\t\t\n\t\t\t\t\t<p class=\"xpro-post-grid-excerpt\">Zak\u0142ad Gospodarki Komunalnej w Lubkowie Sp. z o.o. og\u0142asza nab\u00f3r na stanowisko : \u00a0\u0141adowacz...<\/p>\n\t\t\t\t\t\t\t<a href=\"https:\/\/zgk.lubkow.pl\/zgk\/ogloszenie-o-prace\/\" class=\"xpro-post-grid-btn\">Czytaj wi\u0119cej<\/a>\n\t\t\t\t\n\t\t\n\t<\/div>\n<\/div>\n\n<div class=\"cbp-item xpro-post-grid-item\">\n\t\n\t<div class=\"xpro-post-grid-content\">\n\n\t\t\n\t\t\t\t\t<ul class=\"xpro-post-grid-meta-list\">\n\t\t\t\t\t\t\t\t\t\t\t\t\t\t\t<li class=\"xpro-post-grid-meta-date\">\n\t\t\t\t\t\t\t<i aria-hidden=\"true\" class=\"far fa-calendar\"><\/i>\t\t\t\t\t\t\t2024-05-28\t\t\t\t\t\t<\/li>\n\t\t\t\t\t\t\t\t\t\t\t\t\t\t\t\n\t\t\t\t\t\t\t<\/ul>\n\t\t\n\t\t<a href=\"https:\/\/zgk.lubkow.pl\/zgk\/przerwa-w-dostawie-wody-w-raciborowicach-gornych-2\/\">\n\t\t\t<h2 class=\"xpro-post-grid-title\">Przerwa w dostawie wody w Raciborowicach G\u00f3rnych<\/h2>\n\t\t<\/a>\n\n\t\t\n\t\t\t\t\t<p class=\"xpro-post-grid-excerpt\">W dniu 28.05.2024 r. w godz. 11.00 do 14.00. mo\u017cliwa jest przerwa w dostawie...<\/p>\n\t\t\t\t\t\t\t<a href=\"https:\/\/zgk.lubkow.pl\/zgk\/przerwa-w-dostawie-wody-w-raciborowicach-gornych-2\/\" class=\"xpro-post-grid-btn\">Czytaj wi\u0119cej<\/a>\n\t\t\t\t\n\t\t\n\t<\/div>\n<\/div>\n\n<div class=\"cbp-item xpro-post-grid-item\">\n\t\n\t<div class=\"xpro-post-grid-content\">\n\n\t\t\n\t\t\t\t\t<ul class=\"xpro-post-grid-meta-list\">\n\t\t\t\t\t\t\t\t\t\t\t\t\t\t\t<li class=\"xpro-post-grid-meta-date\">\n\t\t\t\t\t\t\t<i aria-hidden=\"true\" class=\"far fa-calendar\"><\/i>\t\t\t\t\t\t\t2024-05-27\t\t\t\t\t\t<\/li>\n\t\t\t\t\t\t\t\t\t\t\t\t\t\t\t\n\t\t\t\t\t\t\t<\/ul>\n\t\t\n\t\t<a href=\"https:\/\/zgk.lubkow.pl\/zgk\/przerwa-w-dostawie-wody-w-wartowicach-3\/\">\n\t\t\t<h2 class=\"xpro-post-grid-title\">Przerwa w dostawie wody w Wartowicach<\/h2>\n\t\t<\/a>\n\n\t\t\n\t\t\t\t\t<p class=\"xpro-post-grid-excerpt\">W dniu 28.05.2024 r. w godz. 8.00-15.30 w zwi\u0105zku z usuwaniem awarii na sieci...<\/p>\n\t\t\t\t\t\t\t<a href=\"https:\/\/zgk.lubkow.pl\/zgk\/przerwa-w-dostawie-wody-w-wartowicach-3\/\" class=\"xpro-post-grid-btn\">Czytaj wi\u0119cej<\/a>\n\t\t\t\t\n\t\t\n\t<\/div>\n<\/div>\n\n<div class=\"cbp-item xpro-post-grid-item\">\n\t\n\t<div class=\"xpro-post-grid-content\">\n\n\t\t\n\t\t\t\t\t<ul class=\"xpro-post-grid-meta-list\">\n\t\t\t\t\t\t\t\t\t\t\t\t\t\t\t<li class=\"xpro-post-grid-meta-date\">\n\t\t\t\t\t\t\t<i aria-hidden=\"true\" class=\"far fa-calendar\"><\/i>\t\t\t\t\t\t\t2024-05-07\t\t\t\t\t\t<\/li>\n\t\t\t\t\t\t\t\t\t\t\t\t\t\t\t\n\t\t\t\t\t\t\t<\/ul>\n\t\t\n\t\t<a href=\"https:\/\/zgk.lubkow.pl\/zgk\/przerwa-w-dostawie-wody-w-wartowicach-2\/\">\n\t\t\t<h2 class=\"xpro-post-grid-title\">Przerwa w dostawie wody w Wartowicach<\/h2>\n\t\t<\/a>\n\n\t\t\n\t\t\t\t\t<p class=\"xpro-post-grid-excerpt\">W dniu 09.05.2024 r. w godzinach od 8.00 do 12.00 nast\u0105pi przerwa w dostawie...<\/p>\n\t\t\t\t\t\t\t<a href=\"https:\/\/zgk.lubkow.pl\/zgk\/przerwa-w-dostawie-wody-w-wartowicach-2\/\" class=\"xpro-post-grid-btn\">Czytaj wi\u0119cej<\/a>\n\t\t\t\t\n\t\t\n\t<\/div>\n<\/div>\n\n<div class=\"cbp-item xpro-post-grid-item\">\n\t\n\t<div class=\"xpro-post-grid-content\">\n\n\t\t\n\t\t\t\t\t<ul class=\"xpro-post-grid-meta-list\">\n\t\t\t\t\t\t\t\t\t\t\t\t\t\t\t<li class=\"xpro-post-grid-meta-date\">\n\t\t\t\t\t\t\t<i aria-hidden=\"true\" class=\"far fa-calendar\"><\/i>\t\t\t\t\t\t\t2024-04-30\t\t\t\t\t\t<\/li>\n\t\t\t\t\t\t\t\t\t\t\t\t\t\t\t\n\t\t\t\t\t\t\t<\/ul>\n\t\t\n\t\t<a href=\"https:\/\/zgk.lubkow.pl\/zgk\/dzien-wolny-od-pracy\/\">\n\t\t\t<h2 class=\"xpro-post-grid-title\">Dzie\u0144 wolny od pracy<\/h2>\n\t\t<\/a>\n\n\t\t\n\t\t\t\t\t<p class=\"xpro-post-grid-excerpt\">Informujemy, \u017ce w dniu 2 maja 2024 r. Zak\u0142ad Gospodarki Komunalnej w Lubkowie Sp....<\/p>\n\t\t\t\t\t\t\t<a href=\"https:\/\/zgk.lubkow.pl\/zgk\/dzien-wolny-od-pracy\/\" class=\"xpro-post-grid-btn\">Czytaj wi\u0119cej<\/a>\n\t\t\t\t\n\t\t\n\t<\/div>\n<\/div>\n\n<div class=\"cbp-item xpro-post-grid-item\">\n\t\n\t<div class=\"xpro-post-grid-content\">\n\n\t\t\n\t\t\t\t\t<ul class=\"xpro-post-grid-meta-list\">\n\t\t\t\t\t\t\t\t\t\t\t\t\t\t\t<li class=\"xpro-post-grid-meta-date\">\n\t\t\t\t\t\t\t<i aria-hidden=\"true\" class=\"far fa-calendar\"><\/i>\t\t\t\t\t\t\t2024-03-29\t\t\t\t\t\t<\/li>\n\t\t\t\t\t\t\t\t\t\t\t\t\t\t\t\n\t\t\t\t\t\t\t<\/ul>\n\t\t\n\t\t<a href=\"https:\/\/zgk.lubkow.pl\/zgk\/zmiana-godzin-pracy-w-dniu-29-03-2024-r\/\">\n\t\t\t<h2 class=\"xpro-post-grid-title\">Zmiana godzin pracy w dniu 29.03.2024 r.<\/h2>\n\t\t<\/a>\n\n\t\t\n\t\t\t\t\t<p class=\"xpro-post-grid-excerpt\">W dniu 29.03.2024 r. Zak\u0142ad Gospodarki Komunalnej w Lubkowie Sp. z o.o. oraz PSZOK...<\/p>\n\t\t\t\t\t\t\t<a href=\"https:\/\/zgk.lubkow.pl\/zgk\/zmiana-godzin-pracy-w-dniu-29-03-2024-r\/\" class=\"xpro-post-grid-btn\">Czytaj wi\u0119cej<\/a>\n\t\t\t\t\n\t\t\n\t<\/div>\n<\/div>\n\n<div class=\"cbp-item xpro-post-grid-item\">\n\t\n\t<div class=\"xpro-post-grid-content\">\n\n\t\t\n\t\t\t\t\t<ul class=\"xpro-post-grid-meta-list\">\n\t\t\t\t\t\t\t\t\t\t\t\t\t\t\t<li class=\"xpro-post-grid-meta-date\">\n\t\t\t\t\t\t\t<i aria-hidden=\"true\" class=\"far fa-calendar\"><\/i>\t\t\t\t\t\t\t2024-03-29\t\t\t\t\t\t<\/li>\n\t\t\t\t\t\t\t\t\t\t\t\t\t\t\t\n\t\t\t\t\t\t\t<\/ul>\n\t\t\n\t\t<a href=\"https:\/\/zgk.lubkow.pl\/zgk\/zyczenia-swiateczne-6\/\">\n\t\t\t<h2 class=\"xpro-post-grid-title\">\u017byczenia \u015bwi\u0105teczne<\/h2>\n\t\t<\/a>\n\n\t\t\n\t\t\t\t\t<p class=\"xpro-post-grid-excerpt\"><\/p>\n\t\t\t\t\t\t\t<a href=\"https:\/\/zgk.lubkow.pl\/zgk\/zyczenia-swiateczne-6\/\" class=\"xpro-post-grid-btn\">Czytaj wi\u0119cej<\/a>\n\t\t\t\t\n\t\t\n\t<\/div>\n<\/div>\n\n<div class=\"cbp-item xpro-post-grid-item\">\n\t\n\t<div class=\"xpro-post-grid-content\">\n\n\t\t\n\t\t\t\t\t<ul class=\"xpro-post-grid-meta-list\">\n\t\t\t\t\t\t\t\t\t\t\t\t\t\t\t<li class=\"xpro-post-grid-meta-date\">\n\t\t\t\t\t\t\t<i aria-hidden=\"true\" class=\"far fa-calendar\"><\/i>\t\t\t\t\t\t\t2024-02-01\t\t\t\t\t\t<\/li>\n\t\t\t\t\t\t\t\t\t\t\t\t\t\t\t\n\t\t\t\t\t\t\t<\/ul>\n\t\t\n\t\t<a href=\"https:\/\/zgk.lubkow.pl\/zgk\/ogloszenie-o-prace-2\/\">\n\t\t\t<h2 class=\"xpro-post-grid-title\">Og\u0142oszenie o prac\u0119 !!!<\/h2>\n\t\t<\/a>\n\n\t\t\n\t\t\t\t\t<p class=\"xpro-post-grid-excerpt\">Zak\u0142ad Gospodarki Komunalnej w Lubkowie Sp. z o.o. og\u0142asza nab\u00f3r na stanowisko : \u00a0KSI\u0118GOWA...<\/p>\n\t\t\t\t\t\t\t<a href=\"https:\/\/zgk.lubkow.pl\/zgk\/ogloszenie-o-prace-2\/\" class=\"xpro-post-grid-btn\">Czytaj wi\u0119cej<\/a>\n\t\t\t\t\n\t\t\n\t<\/div>\n<\/div>\n\n<div class=\"cbp-item xpro-post-grid-item\">\n\t\n\t<div class=\"xpro-post-grid-content\">\n\n\t\t\n\t\t\t\t\t<ul class=\"xpro-post-grid-meta-list\">\n\t\t\t\t\t\t\t\t\t\t\t\t\t\t\t<li class=\"xpro-post-grid-meta-date\">\n\t\t\t\t\t\t\t<i aria-hidden=\"true\" class=\"far fa-calendar\"><\/i>\t\t\t\t\t\t\t2024-01-19\t\t\t\t\t\t<\/li>\n\t\t\t\t\t\t\t\t\t\t\t\t\t\t\t\n\t\t\t\t\t\t\t<\/ul>\n\t\t\n\t\t<a href=\"https:\/\/zgk.lubkow.pl\/zgk\/zamowienie-na-modernizacje-pojazdu-asenizacyjnego\/\">\n\t\t\t<h2 class=\"xpro-post-grid-title\">Zam\u00f3wienie na modernizacj\u0119 pojazdu asenizacyjnego<\/h2>\n\t\t<\/a>\n\n\t\t\n\t\t\t\t\t<p class=\"xpro-post-grid-excerpt\">Zak\u0142ad Gospodarki Komunalnej w Lubkowie Sp. z o.o. og\u0142asza zam\u00f3wienie publiczne na modernizacj\u0119 pojazdu...<\/p>\n\t\t\t\t\t\t\t<a href=\"https:\/\/zgk.lubkow.pl\/zgk\/zamowienie-na-modernizacje-pojazdu-asenizacyjnego\/\" class=\"xpro-post-grid-btn\">Czytaj wi\u0119cej<\/a>\n\t\t\t\t\n\t\t\n\t<\/div>\n<\/div>\n\n<div class=\"cbp-item xpro-post-grid-item\">\n\t\n\t<div class=\"xpro-post-grid-content\">\n\n\t\t\n\t\t\t\t\t<ul class=\"xpro-post-grid-meta-list\">\n\t\t\t\t\t\t\t\t\t\t\t\t\t\t\t<li class=\"xpro-post-grid-meta-date\">\n\t\t\t\t\t\t\t<i aria-hidden=\"true\" class=\"far fa-calendar\"><\/i>\t\t\t\t\t\t\t2024-01-08\t\t\t\t\t\t<\/li>\n\t\t\t\t\t\t\t\t\t\t\t\t\t\t\t\n\t\t\t\t\t\t\t<\/ul>\n\t\t\n\t\t<a href=\"https:\/\/zgk.lubkow.pl\/zgk\/nowa-taryfa-za-wode-i-scieki\/\">\n\t\t\t<h2 class=\"xpro-post-grid-title\">Nowa taryfa za wod\u0119 i \u015bcieki<\/h2>\n\t\t<\/a>\n\n\t\t\n\t\t\t\t\t<p class=\"xpro-post-grid-excerpt\">Szanowni Pa\u0144stwo informujemy, \u017ce organ nadzoru \u2013 jakim jest Dyrektor Regionalnego Zarz\u0105du Gospodarki Wodnej...<\/p>\n\t\t\t\t\t\t\t<a href=\"https:\/\/zgk.lubkow.pl\/zgk\/nowa-taryfa-za-wode-i-scieki\/\" class=\"xpro-post-grid-btn\">Czytaj wi\u0119cej<\/a>\n\t\t\t\t\n\t\t\n\t<\/div>\n<\/div>\n\n<div class=\"cbp-item xpro-post-grid-item\">\n\t\n\t<div class=\"xpro-post-grid-content\">\n\n\t\t\n\t\t\t\t\t<ul class=\"xpro-post-grid-meta-list\">\n\t\t\t\t\t\t\t\t\t\t\t\t\t\t\t<li class=\"xpro-post-grid-meta-date\">\n\t\t\t\t\t\t\t<i aria-hidden=\"true\" class=\"far fa-calendar\"><\/i>\t\t\t\t\t\t\t2023-12-28\t\t\t\t\t\t<\/li>\n\t\t\t\t\t\t\t\t\t\t\t\t\t\t\t\n\t\t\t\t\t\t\t<\/ul>\n\t\t\n\t\t<a href=\"https:\/\/zgk.lubkow.pl\/zgk\/dzien-wolny-od-pracy-2\/\">\n\t\t\t<h2 class=\"xpro-post-grid-title\">Dzie\u0144 wolny od pracy<\/h2>\n\t\t<\/a>\n\n\t\t\n\t\t\t\t\t<p class=\"xpro-post-grid-excerpt\">Szanowni Pa\u0144stwo. Informujemy, \u017ce w dniu 5 stycznia 2024 r. Zak\u0142ad Gospodarki Komunalnej w...<\/p>\n\t\t\t\t\t\t\t<a href=\"https:\/\/zgk.lubkow.pl\/zgk\/dzien-wolny-od-pracy-2\/\" class=\"xpro-post-grid-btn\">Czytaj wi\u0119cej<\/a>\n\t\t\t\t\n\t\t\n\t<\/div>\n<\/div>\n\n<div class=\"cbp-item xpro-post-grid-item\">\n\t\n\t<div class=\"xpro-post-grid-content\">\n\n\t\t\n\t\t\t\t\t<ul class=\"xpro-post-grid-meta-list\">\n\t\t\t\t\t\t\t\t\t\t\t\t\t\t\t<li class=\"xpro-post-grid-meta-date\">\n\t\t\t\t\t\t\t<i aria-hidden=\"true\" class=\"far fa-calendar\"><\/i>\t\t\t\t\t\t\t2023-12-21\t\t\t\t\t\t<\/li>\n\t\t\t\t\t\t\t\t\t\t\t\t\t\t\t\n\t\t\t\t\t\t\t<\/ul>\n\t\t\n\t\t<a href=\"https:\/\/zgk.lubkow.pl\/zgk\/zyczenia-swiateczne-5\/\">\n\t\t\t<h2 class=\"xpro-post-grid-title\">\u017byczenia \u015awi\u0105teczne<\/h2>\n\t\t<\/a>\n\n\t\t\n\t\t\t\t\t<p class=\"xpro-post-grid-excerpt\"><\/p>\n\t\t\t\t\t\t\t<a href=\"https:\/\/zgk.lubkow.pl\/zgk\/zyczenia-swiateczne-5\/\" class=\"xpro-post-grid-btn\">Czytaj wi\u0119cej<\/a>\n\t\t\t\t\n\t\t\n\t<\/div>\n<\/div>\n\n<div class=\"cbp-item xpro-post-grid-item\">\n\t\n\t<div class=\"xpro-post-grid-content\">\n\n\t\t\n\t\t\t\t\t<ul class=\"xpro-post-grid-meta-list\">\n\t\t\t\t\t\t\t\t\t\t\t\t\t\t\t<li class=\"xpro-post-grid-meta-date\">\n\t\t\t\t\t\t\t<i aria-hidden=\"true\" class=\"far fa-calendar\"><\/i>\t\t\t\t\t\t\t2023-12-12\t\t\t\t\t\t<\/li>\n\t\t\t\t\t\t\t\t\t\t\t\t\t\t\t\n\t\t\t\t\t\t\t<\/ul>\n\t\t\n\t\t<a href=\"https:\/\/zgk.lubkow.pl\/zgk\/nowy-budynek-do-skladowania-osadu-oddany\/\">\n\t\t\t<h2 class=\"xpro-post-grid-title\">Nowy budynek do sk\u0142adowania osadu oddany !<\/h2>\n\t\t<\/a>\n\n\t\t\n\t\t\t\t\t<p class=\"xpro-post-grid-excerpt\">Magazyn osadu gotowy ! W dniu dzisiejszym zako\u0144czono inwestycj\u0119 pn. Budowa budynku do sk\u0142adowania...<\/p>\n\t\t\t\t\t\t\t<a href=\"https:\/\/zgk.lubkow.pl\/zgk\/nowy-budynek-do-skladowania-osadu-oddany\/\" class=\"xpro-post-grid-btn\">Czytaj wi\u0119cej<\/a>\n\t\t\t\t\n\t\t\n\t<\/div>\n<\/div>\n\n<div class=\"cbp-item xpro-post-grid-item\">\n\t\n\t<div class=\"xpro-post-grid-content\">\n\n\t\t\n\t\t\t\t\t<ul class=\"xpro-post-grid-meta-list\">\n\t\t\t\t\t\t\t\t\t\t\t\t\t\t\t<li class=\"xpro-post-grid-meta-date\">\n\t\t\t\t\t\t\t<i aria-hidden=\"true\" class=\"far fa-calendar\"><\/i>\t\t\t\t\t\t\t2023-11-16\t\t\t\t\t\t<\/li>\n\t\t\t\t\t\t\t\t\t\t\t\t\t\t\t\n\t\t\t\t\t\t\t<\/ul>\n\t\t\n\t\t<a href=\"https:\/\/zgk.lubkow.pl\/zgk\/ogloszenie-o-publicznym-przetargu-ofertowym-na-sprzedaz-mobilnego-sita-obrotowego-bebnowego\/\">\n\t\t\t<h2 class=\"xpro-post-grid-title\">Og\u0142oszenie o publicznym przetargu ofertowym na sprzeda\u017c &#8222;Mobilnego sita obrotowego b\u0119bnowego&#8221;.<\/h2>\n\t\t<\/a>\n\n\t\t\n\t\t\t\t\t<p class=\"xpro-post-grid-excerpt\"><\/p>\n\t\t\t\t\t\t\t<a href=\"https:\/\/zgk.lubkow.pl\/zgk\/ogloszenie-o-publicznym-przetargu-ofertowym-na-sprzedaz-mobilnego-sita-obrotowego-bebnowego\/\" class=\"xpro-post-grid-btn\">Czytaj wi\u0119cej<\/a>\n\t\t\t\t\n\t\t\n\t<\/div>\n<\/div>\n\n<div class=\"cbp-item xpro-post-grid-item\">\n\t\n\t<div class=\"xpro-post-grid-content\">\n\n\t\t\n\t\t\t\t\t<ul class=\"xpro-post-grid-meta-list\">\n\t\t\t\t\t\t\t\t\t\t\t\t\t\t\t<li class=\"xpro-post-grid-meta-date\">\n\t\t\t\t\t\t\t<i aria-hidden=\"true\" class=\"far fa-calendar\"><\/i>\t\t\t\t\t\t\t2023-11-16\t\t\t\t\t\t<\/li>\n\t\t\t\t\t\t\t\t\t\t\t\t\t\t\t\n\t\t\t\t\t\t\t<\/ul>\n\t\t\n\t\t<a href=\"https:\/\/zgk.lubkow.pl\/zgk\/ogloszenie-o-wyniku-postepowania-na-sprzedaz-skladnikow-majatku\/\">\n\t\t\t<h2 class=\"xpro-post-grid-title\">OG\u0141OSZENIE O WYNIKU POST\u0118POWANIA NA SPRZEDA\u017b SK\u0141ADNIK\u00d3W MAJ\u0104TKU<\/h2>\n\t\t<\/a>\n\n\t\t\n\t\t\t\t\t<p class=\"xpro-post-grid-excerpt\">OG\u0141OSZENIE O WYNIKU POST\u0118POWANIA dot. post\u0119powania prowadzonego w trybie\u00a0 publicznego przetargu ofertowego nieograniczonego na...<\/p>\n\t\t\t\t\t\t\t<a href=\"https:\/\/zgk.lubkow.pl\/zgk\/ogloszenie-o-wyniku-postepowania-na-sprzedaz-skladnikow-majatku\/\" class=\"xpro-post-grid-btn\">Czytaj wi\u0119cej<\/a>\n\t\t\t\t\n\t\t\n\t<\/div>\n<\/div>\n\n<div class=\"cbp-item xpro-post-grid-item\">\n\t\n\t<div class=\"xpro-post-grid-content\">\n\n\t\t\n\t\t\t\t\t<ul class=\"xpro-post-grid-meta-list\">\n\t\t\t\t\t\t\t\t\t\t\t\t\t\t\t<li class=\"xpro-post-grid-meta-date\">\n\t\t\t\t\t\t\t<i aria-hidden=\"true\" class=\"far fa-calendar\"><\/i>\t\t\t\t\t\t\t2023-11-14\t\t\t\t\t\t<\/li>\n\t\t\t\t\t\t\t\t\t\t\t\t\t\t\t\n\t\t\t\t\t\t\t<\/ul>\n\t\t\n\t\t<a href=\"https:\/\/zgk.lubkow.pl\/zgk\/przerwa-w-dostawie-wody-w-miejscowosci-tomaszow-boleslawiecki-2\/\">\n\t\t\t<h2 class=\"xpro-post-grid-title\">Przerwa w dostawie wody w miejscowo\u015bci Tomasz\u00f3w Boles\u0142awiecki<\/h2>\n\t\t<\/a>\n\n\t\t\n\t\t\t\t\t<p class=\"xpro-post-grid-excerpt\">W dniu 14.11.2023 r. w godz. 8.00-12.00 nast\u0105pi przerwa w dostawie wody w miejscowo\u015bci...<\/p>\n\t\t\t\t\t\t\t<a href=\"https:\/\/zgk.lubkow.pl\/zgk\/przerwa-w-dostawie-wody-w-miejscowosci-tomaszow-boleslawiecki-2\/\" class=\"xpro-post-grid-btn\">Czytaj wi\u0119cej<\/a>\n\t\t\t\t\n\t\t\n\t<\/div>\n<\/div>\n\n<div class=\"cbp-item xpro-post-grid-item\">\n\t\n\t<div class=\"xpro-post-grid-content\">\n\n\t\t\n\t\t\t\t\t<ul class=\"xpro-post-grid-meta-list\">\n\t\t\t\t\t\t\t\t\t\t\t\t\t\t\t<li class=\"xpro-post-grid-meta-date\">\n\t\t\t\t\t\t\t<i aria-hidden=\"true\" class=\"far fa-calendar\"><\/i>\t\t\t\t\t\t\t2023-10-31\t\t\t\t\t\t<\/li>\n\t\t\t\t\t\t\t\t\t\t\t\t\t\t\t\n\t\t\t\t\t\t\t<\/ul>\n\t\t\n\t\t<a href=\"https:\/\/zgk.lubkow.pl\/zgk\/ogloszenie-o-sprzedazy-majatku\/\">\n\t\t\t<h2 class=\"xpro-post-grid-title\">Og\u0142oszenie o sprzeda\u017cy maj\u0105tku<\/h2>\n\t\t<\/a>\n\n\t\t\n\t\t\t\t\t<p class=\"xpro-post-grid-excerpt\">FORMULARZ OFERTOWY WZ\u00d3R UMOWY<\/p>\n\t\t\t\t\t\t\t<a href=\"https:\/\/zgk.lubkow.pl\/zgk\/ogloszenie-o-sprzedazy-majatku\/\" class=\"xpro-post-grid-btn\">Czytaj wi\u0119cej<\/a>\n\t\t\t\t\n\t\t\n\t<\/div>\n<\/div>\n\n<div class=\"cbp-item xpro-post-grid-item\">\n\t\n\t<div class=\"xpro-post-grid-content\">\n\n\t\t\n\t\t\t\t\t<ul class=\"xpro-post-grid-meta-list\">\n\t\t\t\t\t\t\t\t\t\t\t\t\t\t\t<li class=\"xpro-post-grid-meta-date\">\n\t\t\t\t\t\t\t<i aria-hidden=\"true\" class=\"far fa-calendar\"><\/i>\t\t\t\t\t\t\t2023-10-26\t\t\t\t\t\t<\/li>\n\t\t\t\t\t\t\t\t\t\t\t\t\t\t\t\n\t\t\t\t\t\t\t<\/ul>\n\t\t\n\t\t<a href=\"https:\/\/zgk.lubkow.pl\/zgk\/dzien-wolny-2\/\">\n\t\t\t<h2 class=\"xpro-post-grid-title\">Dzie\u0144 Wolny<\/h2>\n\t\t<\/a>\n\n\t\t\n\t\t\t\t\t<p class=\"xpro-post-grid-excerpt\">W dniu 3 listopada 2023 r. Zak\u0142ad Gospodarki Komunalnej w Lubkowie oraz Punkt Selektywnej...<\/p>\n\t\t\t\t\t\t\t<a href=\"https:\/\/zgk.lubkow.pl\/zgk\/dzien-wolny-2\/\" class=\"xpro-post-grid-btn\">Czytaj wi\u0119cej<\/a>\n\t\t\t\t\n\t\t\n\t<\/div>\n<\/div>\n\n<div class=\"cbp-item xpro-post-grid-item\">\n\t\n\t<div class=\"xpro-post-grid-content\">\n\n\t\t\n\t\t\t\t\t<ul class=\"xpro-post-grid-meta-list\">\n\t\t\t\t\t\t\t\t\t\t\t\t\t\t\t<li class=\"xpro-post-grid-meta-date\">\n\t\t\t\t\t\t\t<i aria-hidden=\"true\" class=\"far fa-calendar\"><\/i>\t\t\t\t\t\t\t2023-08-21\t\t\t\t\t\t<\/li>\n\t\t\t\t\t\t\t\t\t\t\t\t\t\t\t\n\t\t\t\t\t\t\t<\/ul>\n\t\t\n\t\t<a href=\"https:\/\/zgk.lubkow.pl\/zgk\/mozemy-dostarczyc-ci-osad-komunalny\/\">\n\t\t\t<h2 class=\"xpro-post-grid-title\">Mo\u017cemy dostarczy\u0107 Ci osad komunalny<\/h2>\n\t\t<\/a>\n\n\t\t\n\t\t\t\t\t<p class=\"xpro-post-grid-excerpt\">Zak\u0142ad Gospodarki Komunalnej w Lubkowie sp. z o.o. informuje, \u017ce istnieje mo\u017cliwo\u015b\u0107 podj\u0119cia wsp\u00f3\u0142pracy...<\/p>\n\t\t\t\t\t\t\t<a href=\"https:\/\/zgk.lubkow.pl\/zgk\/mozemy-dostarczyc-ci-osad-komunalny\/\" class=\"xpro-post-grid-btn\">Czytaj wi\u0119cej<\/a>\n\t\t\t\t\n\t\t\n\t<\/div>\n<\/div>\n\n<div class=\"cbp-item xpro-post-grid-item\">\n\t\n\t<div class=\"xpro-post-grid-content\">\n\n\t\t\n\t\t\t\t\t<ul class=\"xpro-post-grid-meta-list\">\n\t\t\t\t\t\t\t\t\t\t\t\t\t\t\t<li class=\"xpro-post-grid-meta-date\">\n\t\t\t\t\t\t\t<i aria-hidden=\"true\" class=\"far fa-calendar\"><\/i>\t\t\t\t\t\t\t2023-08-14\t\t\t\t\t\t<\/li>\n\t\t\t\t\t\t\t\t\t\t\t\t\t\t\t\n\t\t\t\t\t\t\t<\/ul>\n\t\t\n\t\t<a href=\"https:\/\/zgk.lubkow.pl\/zgk\/skrocone-godziny-pracy-2\/\">\n\t\t\t<h2 class=\"xpro-post-grid-title\">Skr\u00f3cone godziny pracy<\/h2>\n\t\t<\/a>\n\n\t\t\n\t\t\t\t\t<p class=\"xpro-post-grid-excerpt\">W dniu 14.08.2023 r. Zak\u0142ad Gospodarki Komunalnej w Lubkowie , w tym PSZOK b\u0119dzie...<\/p>\n\t\t\t\t\t\t\t<a href=\"https:\/\/zgk.lubkow.pl\/zgk\/skrocone-godziny-pracy-2\/\" class=\"xpro-post-grid-btn\">Czytaj wi\u0119cej<\/a>\n\t\t\t\t\n\t\t\n\t<\/div>\n<\/div>\n\n<div class=\"cbp-item xpro-post-grid-item\">\n\t\n\t<div class=\"xpro-post-grid-content\">\n\n\t\t\n\t\t\t\t\t<ul class=\"xpro-post-grid-meta-list\">\n\t\t\t\t\t\t\t\t\t\t\t\t\t\t\t<li class=\"xpro-post-grid-meta-date\">\n\t\t\t\t\t\t\t<i aria-hidden=\"true\" class=\"far fa-calendar\"><\/i>\t\t\t\t\t\t\t2023-08-14\t\t\t\t\t\t<\/li>\n\t\t\t\t\t\t\t\t\t\t\t\t\t\t\t\n\t\t\t\t\t\t\t<\/ul>\n\t\t\n\t\t<a href=\"https:\/\/zgk.lubkow.pl\/zgk\/przerwa-w-dostawie-wody-w-miejscowosci-warta-boleslawiecka\/\">\n\t\t\t<h2 class=\"xpro-post-grid-title\">Przerwa w dostawie wody w miejscowo\u015bci Warta Boles\u0142awiecka<\/h2>\n\t\t<\/a>\n\n\t\t\n\t\t\t\t\t<p class=\"xpro-post-grid-excerpt\">W dniu 14.08.2023 w godz. 8.00-11.00 nast\u0105pi przerwa w dostawie wody w miejscowo\u015bci Warta...<\/p>\n\t\t\t\t\t\t\t<a href=\"https:\/\/zgk.lubkow.pl\/zgk\/przerwa-w-dostawie-wody-w-miejscowosci-warta-boleslawiecka\/\" class=\"xpro-post-grid-btn\">Czytaj wi\u0119cej<\/a>\n\t\t\t\t\n\t\t\n\t<\/div>\n<\/div>\n\n<div class=\"cbp-item xpro-post-grid-item\">\n\t\n\t<div class=\"xpro-post-grid-content\">\n\n\t\t\n\t\t\t\t\t<ul class=\"xpro-post-grid-meta-list\">\n\t\t\t\t\t\t\t\t\t\t\t\t\t\t\t<li class=\"xpro-post-grid-meta-date\">\n\t\t\t\t\t\t\t<i aria-hidden=\"true\" class=\"far fa-calendar\"><\/i>\t\t\t\t\t\t\t2023-08-02\t\t\t\t\t\t<\/li>\n\t\t\t\t\t\t\t\t\t\t\t\t\t\t\t\n\t\t\t\t\t\t\t<\/ul>\n\t\t\n\t\t<a href=\"https:\/\/zgk.lubkow.pl\/zgk\/przerwa-w-dostawie-wody-w-wilczym-lesie\/\">\n\t\t\t<h2 class=\"xpro-post-grid-title\">Przerwa w dostawie wody w Wilczym Lesie.<\/h2>\n\t\t<\/a>\n\n\t\t\n\t\t\t\t\t<p class=\"xpro-post-grid-excerpt\">W dniu 02.08.2023 r. w godz. 8.00-12.00 nast\u0105pi przerwa w dostawie wody w miejscowo\u015bci...<\/p>\n\t\t\t\t\t\t\t<a href=\"https:\/\/zgk.lubkow.pl\/zgk\/przerwa-w-dostawie-wody-w-wilczym-lesie\/\" class=\"xpro-post-grid-btn\">Czytaj wi\u0119cej<\/a>\n\t\t\t\t\n\t\t\n\t<\/div>\n<\/div>\n\n<div class=\"cbp-item xpro-post-grid-item\">\n\t\n\t<div class=\"xpro-post-grid-content\">\n\n\t\t\n\t\t\t\t\t<ul class=\"xpro-post-grid-meta-list\">\n\t\t\t\t\t\t\t\t\t\t\t\t\t\t\t<li class=\"xpro-post-grid-meta-date\">\n\t\t\t\t\t\t\t<i aria-hidden=\"true\" class=\"far fa-calendar\"><\/i>\t\t\t\t\t\t\t2023-07-03\t\t\t\t\t\t<\/li>\n\t\t\t\t\t\t\t\t\t\t\t\t\t\t\t\n\t\t\t\t\t\t\t<\/ul>\n\t\t\n\t\t<a href=\"https:\/\/zgk.lubkow.pl\/zgk\/przerwa-w-dostawie-wody-w-raciborowicach-gornych-5\/\">\n\t\t\t<h2 class=\"xpro-post-grid-title\">Przerwa w dostawie wody w Raciborowicach G\u00f3rnych<\/h2>\n\t\t<\/a>\n\n\t\t\n\t\t\t\t\t<p class=\"xpro-post-grid-excerpt\">W dniu 03.07.2023 r. w godz. 9.00-15.00 nast\u0105pi przerwa w dostawie wody w miejscowo\u015bci...<\/p>\n\t\t\t\t\t\t\t<a href=\"https:\/\/zgk.lubkow.pl\/zgk\/przerwa-w-dostawie-wody-w-raciborowicach-gornych-5\/\" class=\"xpro-post-grid-btn\">Czytaj wi\u0119cej<\/a>\n\t\t\t\t\n\t\t\n\t<\/div>\n<\/div>\n\n<div class=\"cbp-item xpro-post-grid-item\">\n\t\n\t<div class=\"xpro-post-grid-content\">\n\n\t\t\n\t\t\t\t\t<ul class=\"xpro-post-grid-meta-list\">\n\t\t\t\t\t\t\t\t\t\t\t\t\t\t\t<li class=\"xpro-post-grid-meta-date\">\n\t\t\t\t\t\t\t<i aria-hidden=\"true\" class=\"far fa-calendar\"><\/i>\t\t\t\t\t\t\t2023-07-02\t\t\t\t\t\t<\/li>\n\t\t\t\t\t\t\t\t\t\t\t\t\t\t\t\n\t\t\t\t\t\t\t<\/ul>\n\t\t\n\t\t<a href=\"https:\/\/zgk.lubkow.pl\/zgk\/awaria-przerwa-w-dostawie-wody-w-raciborowicach-gornych\/\">\n\t\t\t<h2 class=\"xpro-post-grid-title\">Awaria. Przerwa w dostawie wody w Raciborowicach G\u00f3rnych<\/h2>\n\t\t<\/a>\n\n\t\t\n\t\t\t\t\t<p class=\"xpro-post-grid-excerpt\">W dniu 02.07.2022r nast\u0105pi przerwa w dostawie wody w miejscowo\u015bci Raciborowice G\u00f3rne z powodu...<\/p>\n\t\t\t\t\t\t\t<a href=\"https:\/\/zgk.lubkow.pl\/zgk\/awaria-przerwa-w-dostawie-wody-w-raciborowicach-gornych\/\" class=\"xpro-post-grid-btn\">Czytaj wi\u0119cej<\/a>\n\t\t\t\t\n\t\t\n\t<\/div>\n<\/div>\n\n<div class=\"cbp-item xpro-post-grid-item\">\n\t\n\t<div class=\"xpro-post-grid-content\">\n\n\t\t\n\t\t\t\t\t<ul class=\"xpro-post-grid-meta-list\">\n\t\t\t\t\t\t\t\t\t\t\t\t\t\t\t<li class=\"xpro-post-grid-meta-date\">\n\t\t\t\t\t\t\t<i aria-hidden=\"true\" class=\"far fa-calendar\"><\/i>\t\t\t\t\t\t\t2023-06-14\t\t\t\t\t\t<\/li>\n\t\t\t\t\t\t\t\t\t\t\t\t\t\t\t\n\t\t\t\t\t\t\t<\/ul>\n\t\t\n\t\t<a href=\"https:\/\/zgk.lubkow.pl\/zgk\/przerwa-w-dostawie-wody-w-miejscowosciach-tomaszow-boleslawiecki-i-szczytnica\/\">\n\t\t\t<h2 class=\"xpro-post-grid-title\">Przerwa w dostawie wody w miejscowo\u015bciach Tomasz\u00f3w Boles\u0142awiecki i Szczytnica<\/h2>\n\t\t<\/a>\n\n\t\t\n\t\t\t\t\t<p class=\"xpro-post-grid-excerpt\">W dniu 15.06.2023 r. w godz. 8-10 nast\u0105pi przerwa w dostawie wody w miejscowo\u015bci...<\/p>\n\t\t\t\t\t\t\t<a href=\"https:\/\/zgk.lubkow.pl\/zgk\/przerwa-w-dostawie-wody-w-miejscowosciach-tomaszow-boleslawiecki-i-szczytnica\/\" class=\"xpro-post-grid-btn\">Czytaj wi\u0119cej<\/a>\n\t\t\t\t\n\t\t\n\t<\/div>\n<\/div>\n\n<div class=\"cbp-item xpro-post-grid-item\">\n\t\n\t<div class=\"xpro-post-grid-content\">\n\n\t\t\n\t\t\t\t\t<ul class=\"xpro-post-grid-meta-list\">\n\t\t\t\t\t\t\t\t\t\t\t\t\t\t\t<li class=\"xpro-post-grid-meta-date\">\n\t\t\t\t\t\t\t<i aria-hidden=\"true\" class=\"far fa-calendar\"><\/i>\t\t\t\t\t\t\t2023-05-31\t\t\t\t\t\t<\/li>\n\t\t\t\t\t\t\t\t\t\t\t\t\t\t\t\n\t\t\t\t\t\t\t<\/ul>\n\t\t\n\t\t<a href=\"https:\/\/zgk.lubkow.pl\/zgk\/przerwa-w-dostawie-wody-w-lubkowie-2\/\">\n\t\t\t<h2 class=\"xpro-post-grid-title\">Przerwa w dostawie wody w Lubkowie<\/h2>\n\t\t<\/a>\n\n\t\t\n\t\t\t\t\t<p class=\"xpro-post-grid-excerpt\">W dniu 31.05.2023 r. w godz. 11.00-12.00 nast\u0105pi przerwa w dostawie wody dla miejscowo\u015bci...<\/p>\n\t\t\t\t\t\t\t<a href=\"https:\/\/zgk.lubkow.pl\/zgk\/przerwa-w-dostawie-wody-w-lubkowie-2\/\" class=\"xpro-post-grid-btn\">Czytaj wi\u0119cej<\/a>\n\t\t\t\t\n\t\t\n\t<\/div>\n<\/div>\n\n<div class=\"cbp-item xpro-post-grid-item\">\n\t\n\t<div class=\"xpro-post-grid-content\">\n\n\t\t\n\t\t\t\t\t<ul class=\"xpro-post-grid-meta-list\">\n\t\t\t\t\t\t\t\t\t\t\t\t\t\t\t<li class=\"xpro-post-grid-meta-date\">\n\t\t\t\t\t\t\t<i aria-hidden=\"true\" class=\"far fa-calendar\"><\/i>\t\t\t\t\t\t\t2023-05-27\t\t\t\t\t\t<\/li>\n\t\t\t\t\t\t\t\t\t\t\t\t\t\t\t\n\t\t\t\t\t\t\t<\/ul>\n\t\t\n\t\t<a href=\"https:\/\/zgk.lubkow.pl\/zgk\/przerwa-w-dostawie-wody-w-wartowicach\/\">\n\t\t\t<h2 class=\"xpro-post-grid-title\">Przerwa w dostawie wody w Wartowicach<\/h2>\n\t\t<\/a>\n\n\t\t\n\t\t\t\t\t<p class=\"xpro-post-grid-excerpt\">W dniu 27.05.2023 r. od godz. 20.00 do 22.00 z nast\u0105pi przerwa w dostawie...<\/p>\n\t\t\t\t\t\t\t<a href=\"https:\/\/zgk.lubkow.pl\/zgk\/przerwa-w-dostawie-wody-w-wartowicach\/\" class=\"xpro-post-grid-btn\">Czytaj wi\u0119cej<\/a>\n\t\t\t\t\n\t\t\n\t<\/div>\n<\/div>\n\n<div class=\"cbp-item xpro-post-grid-item\">\n\t\n\t<div class=\"xpro-post-grid-content\">\n\n\t\t\n\t\t\t\t\t<ul class=\"xpro-post-grid-meta-list\">\n\t\t\t\t\t\t\t\t\t\t\t\t\t\t\t<li class=\"xpro-post-grid-meta-date\">\n\t\t\t\t\t\t\t<i aria-hidden=\"true\" class=\"far fa-calendar\"><\/i>\t\t\t\t\t\t\t2023-05-24\t\t\t\t\t\t<\/li>\n\t\t\t\t\t\t\t\t\t\t\t\t\t\t\t\n\t\t\t\t\t\t\t<\/ul>\n\t\t\n\t\t<a href=\"https:\/\/zgk.lubkow.pl\/zgk\/przerwa-w-dostawie-wody-w-lubkowie\/\">\n\t\t\t<h2 class=\"xpro-post-grid-title\">Przerwa w dostawie wody w Lubkowie<\/h2>\n\t\t<\/a>\n\n\t\t\n\t\t\t\t\t<p class=\"xpro-post-grid-excerpt\">W dniu 24.05.2023 r. w godz. 7.30-8.30 nast\u0105pi przerwa w dostawie wody w miejscowo\u015bci...<\/p>\n\t\t\t\t\t\t\t<a href=\"https:\/\/zgk.lubkow.pl\/zgk\/przerwa-w-dostawie-wody-w-lubkowie\/\" class=\"xpro-post-grid-btn\">Czytaj wi\u0119cej<\/a>\n\t\t\t\t\n\t\t\n\t<\/div>\n<\/div>\n\n<div class=\"cbp-item xpro-post-grid-item\">\n\t\n\t<div class=\"xpro-post-grid-content\">\n\n\t\t\n\t\t\t\t\t<ul class=\"xpro-post-grid-meta-list\">\n\t\t\t\t\t\t\t\t\t\t\t\t\t\t\t<li class=\"xpro-post-grid-meta-date\">\n\t\t\t\t\t\t\t<i aria-hidden=\"true\" class=\"far fa-calendar\"><\/i>\t\t\t\t\t\t\t2023-05-23\t\t\t\t\t\t<\/li>\n\t\t\t\t\t\t\t\t\t\t\t\t\t\t\t\n\t\t\t\t\t\t\t<\/ul>\n\t\t\n\t\t<a href=\"https:\/\/zgk.lubkow.pl\/zgk\/przerwa-w-dostawie-wody-w-wilczym-lesie-2\/\">\n\t\t\t<h2 class=\"xpro-post-grid-title\">Przerwa w dostawie wody w Wilczym Lesie<\/h2>\n\t\t<\/a>\n\n\t\t\n\t\t\t\t\t<p class=\"xpro-post-grid-excerpt\">W dniu 23.05.2023 r. w&nbsp; godz. 11.30-12.30 nast\u0105pi przerwa w dostawie wody w miejscowo\u015bci...<\/p>\n\t\t\t\t\t\t\t<a href=\"https:\/\/zgk.lubkow.pl\/zgk\/przerwa-w-dostawie-wody-w-wilczym-lesie-2\/\" class=\"xpro-post-grid-btn\">Czytaj wi\u0119cej<\/a>\n\t\t\t\t\n\t\t\n\t<\/div>\n<\/div>\n\n<div class=\"cbp-item xpro-post-grid-item\">\n\t\n\t<div class=\"xpro-post-grid-content\">\n\n\t\t\n\t\t\t\t\t<ul class=\"xpro-post-grid-meta-list\">\n\t\t\t\t\t\t\t\t\t\t\t\t\t\t\t<li class=\"xpro-post-grid-meta-date\">\n\t\t\t\t\t\t\t<i aria-hidden=\"true\" class=\"far fa-calendar\"><\/i>\t\t\t\t\t\t\t2023-05-22\t\t\t\t\t\t<\/li>\n\t\t\t\t\t\t\t\t\t\t\t\t\t\t\t\n\t\t\t\t\t\t\t<\/ul>\n\t\t\n\t\t<a href=\"https:\/\/zgk.lubkow.pl\/zgk\/kanalizacja-to-nie-smietnik\/\">\n\t\t\t<h2 class=\"xpro-post-grid-title\">Kanalizacja to nie \u015bmietnik !<\/h2>\n\t\t<\/a>\n\n\t\t\n\t\t\t\t\t<p class=\"xpro-post-grid-excerpt\">Szanowni Pa\u0144stwo, W zwi\u0105zku z ostatnimi awariami kanalizacji na terenie naszej gminy Zak\u0142ad Gospodarki...<\/p>\n\t\t\t\t\t\t\t<a href=\"https:\/\/zgk.lubkow.pl\/zgk\/kanalizacja-to-nie-smietnik\/\" class=\"xpro-post-grid-btn\">Czytaj wi\u0119cej<\/a>\n\t\t\t\t\n\t\t\n\t<\/div>\n<\/div>\n\n<div class=\"cbp-item xpro-post-grid-item\">\n\t\n\t<div class=\"xpro-post-grid-content\">\n\n\t\t\n\t\t\t\t\t<ul class=\"xpro-post-grid-meta-list\">\n\t\t\t\t\t\t\t\t\t\t\t\t\t\t\t<li class=\"xpro-post-grid-meta-date\">\n\t\t\t\t\t\t\t<i aria-hidden=\"true\" class=\"far fa-calendar\"><\/i>\t\t\t\t\t\t\t2023-05-12\t\t\t\t\t\t<\/li>\n\t\t\t\t\t\t\t\t\t\t\t\t\t\t\t\n\t\t\t\t\t\t\t<\/ul>\n\t\t\n\t\t<a href=\"https:\/\/zgk.lubkow.pl\/zgk\/przerwa-w-dostawie-wody-w-tomaszowie-boleslawieckim-5\/\">\n\t\t\t<h2 class=\"xpro-post-grid-title\">Przerwa w dostawie wody w Tomaszowie Boles\u0142awieckim<\/h2>\n\t\t<\/a>\n\n\t\t\n\t\t\t\t\t<p class=\"xpro-post-grid-excerpt\">W dniu 13.05.2023 r. w godz. 7.30-11.00 w&nbsp; Tomaszowie Boles\u0142awieckim od nr 3 do...<\/p>\n\t\t\t\t\t\t\t<a href=\"https:\/\/zgk.lubkow.pl\/zgk\/przerwa-w-dostawie-wody-w-tomaszowie-boleslawieckim-5\/\" class=\"xpro-post-grid-btn\">Czytaj wi\u0119cej<\/a>\n\t\t\t\t\n\t\t\n\t<\/div>\n<\/div>\n\n<div class=\"cbp-item xpro-post-grid-item\">\n\t\n\t<div class=\"xpro-post-grid-content\">\n\n\t\t\n\t\t\t\t\t<ul class=\"xpro-post-grid-meta-list\">\n\t\t\t\t\t\t\t\t\t\t\t\t\t\t\t<li class=\"xpro-post-grid-meta-date\">\n\t\t\t\t\t\t\t<i aria-hidden=\"true\" class=\"far fa-calendar\"><\/i>\t\t\t\t\t\t\t2023-04-11\t\t\t\t\t\t<\/li>\n\t\t\t\t\t\t\t\t\t\t\t\t\t\t\t\n\t\t\t\t\t\t\t<\/ul>\n\t\t\n\t\t<a href=\"https:\/\/zgk.lubkow.pl\/zgk\/przerwa-w-dostawie-wody-w-warcie-boleslawieckiej\/\">\n\t\t\t<h2 class=\"xpro-post-grid-title\">Przerwa w dostawie wody w Warcie Boles\u0142awieckiej<\/h2>\n\t\t<\/a>\n\n\t\t\n\t\t\t\t\t<p class=\"xpro-post-grid-excerpt\">W dniu 13.04.2023 od godz. 8.00 do godz. 12.00 w zwi\u0105zku z usuwaniem awarii...<\/p>\n\t\t\t\t\t\t\t<a href=\"https:\/\/zgk.lubkow.pl\/zgk\/przerwa-w-dostawie-wody-w-warcie-boleslawieckiej\/\" class=\"xpro-post-grid-btn\">Czytaj wi\u0119cej<\/a>\n\t\t\t\t\n\t\t\n\t<\/div>\n<\/div>\n\n<div class=\"cbp-item xpro-post-grid-item\">\n\t\n\t<div class=\"xpro-post-grid-content\">\n\n\t\t\n\t\t\t\t\t<ul class=\"xpro-post-grid-meta-list\">\n\t\t\t\t\t\t\t\t\t\t\t\t\t\t\t<li class=\"xpro-post-grid-meta-date\">\n\t\t\t\t\t\t\t<i aria-hidden=\"true\" class=\"far fa-calendar\"><\/i>\t\t\t\t\t\t\t2023-04-11\t\t\t\t\t\t<\/li>\n\t\t\t\t\t\t\t\t\t\t\t\t\t\t\t\n\t\t\t\t\t\t\t<\/ul>\n\t\t\n\t\t<a href=\"https:\/\/zgk.lubkow.pl\/zgk\/przerwa-w-dostawie-wody-w-raciborowicach-dolnych\/\">\n\t\t\t<h2 class=\"xpro-post-grid-title\">Przerwa w dostawie wody w Raciborowicach Dolnych<\/h2>\n\t\t<\/a>\n\n\t\t\n\t\t\t\t\t<p class=\"xpro-post-grid-excerpt\">W dniu 12.04.2023 r. od godz. 8.00 do godz. 12.00 z powodu usuwania awarii...<\/p>\n\t\t\t\t\t\t\t<a href=\"https:\/\/zgk.lubkow.pl\/zgk\/przerwa-w-dostawie-wody-w-raciborowicach-dolnych\/\" class=\"xpro-post-grid-btn\">Czytaj wi\u0119cej<\/a>\n\t\t\t\t\n\t\t\n\t<\/div>\n<\/div>\n\n<div class=\"cbp-item xpro-post-grid-item\">\n\t\n\t<div class=\"xpro-post-grid-content\">\n\n\t\t\n\t\t\t\t\t<ul class=\"xpro-post-grid-meta-list\">\n\t\t\t\t\t\t\t\t\t\t\t\t\t\t\t<li class=\"xpro-post-grid-meta-date\">\n\t\t\t\t\t\t\t<i aria-hidden=\"true\" class=\"far fa-calendar\"><\/i>\t\t\t\t\t\t\t2023-04-07\t\t\t\t\t\t<\/li>\n\t\t\t\t\t\t\t\t\t\t\t\t\t\t\t\n\t\t\t\t\t\t\t<\/ul>\n\t\t\n\t\t<a href=\"https:\/\/zgk.lubkow.pl\/zgk\/skrocone-godziny-pracy-w-dniu-7-kwietnia-2023-r\/\">\n\t\t\t<h2 class=\"xpro-post-grid-title\">Skr\u00f3cone godziny pracy w dniu 7 kwietnia 2023 r.<\/h2>\n\t\t<\/a>\n\n\t\t\n\t\t\t\t\t<p class=\"xpro-post-grid-excerpt\">W dniu 7 kwietnia 2023 r. Zak\u0142ad Gospodarki Komunalnej w Lubkowie Sp. z o.o....<\/p>\n\t\t\t\t\t\t\t<a href=\"https:\/\/zgk.lubkow.pl\/zgk\/skrocone-godziny-pracy-w-dniu-7-kwietnia-2023-r\/\" class=\"xpro-post-grid-btn\">Czytaj wi\u0119cej<\/a>\n\t\t\t\t\n\t\t\n\t<\/div>\n<\/div>\n\n<div class=\"cbp-item xpro-post-grid-item\">\n\t\n\t<div class=\"xpro-post-grid-content\">\n\n\t\t\n\t\t\t\t\t<ul class=\"xpro-post-grid-meta-list\">\n\t\t\t\t\t\t\t\t\t\t\t\t\t\t\t<li class=\"xpro-post-grid-meta-date\">\n\t\t\t\t\t\t\t<i aria-hidden=\"true\" class=\"far fa-calendar\"><\/i>\t\t\t\t\t\t\t2023-04-07\t\t\t\t\t\t<\/li>\n\t\t\t\t\t\t\t\t\t\t\t\t\t\t\t\n\t\t\t\t\t\t\t<\/ul>\n\t\t\n\t\t<a href=\"https:\/\/zgk.lubkow.pl\/zgk\/wesolych-swiat\/\">\n\t\t\t<h2 class=\"xpro-post-grid-title\">Weso\u0142ych \u015awi\u0105t !!!<\/h2>\n\t\t<\/a>\n\n\t\t\n\t\t\t\t\t<p class=\"xpro-post-grid-excerpt\"><\/p>\n\t\t\t\t\t\t\t<a href=\"https:\/\/zgk.lubkow.pl\/zgk\/wesolych-swiat\/\" class=\"xpro-post-grid-btn\">Czytaj wi\u0119cej<\/a>\n\t\t\t\t\n\t\t\n\t<\/div>\n<\/div>\n\n<div class=\"cbp-item xpro-post-grid-item\">\n\t\n\t<div class=\"xpro-post-grid-content\">\n\n\t\t\n\t\t\t\t\t<ul class=\"xpro-post-grid-meta-list\">\n\t\t\t\t\t\t\t\t\t\t\t\t\t\t\t<li class=\"xpro-post-grid-meta-date\">\n\t\t\t\t\t\t\t<i aria-hidden=\"true\" class=\"far fa-calendar\"><\/i>\t\t\t\t\t\t\t2023-03-24\t\t\t\t\t\t<\/li>\n\t\t\t\t\t\t\t\t\t\t\t\t\t\t\t\n\t\t\t\t\t\t\t<\/ul>\n\t\t\n\t\t<a href=\"https:\/\/zgk.lubkow.pl\/zgk\/awaria-wody-3\/\">\n\t\t\t<h2 class=\"xpro-post-grid-title\">Awaria wody<\/h2>\n\t\t<\/a>\n\n\t\t\n\t\t\t\t\t<p class=\"xpro-post-grid-excerpt\">W dniu 24.03.2023 r. nast\u0105pi przerwa w dostawie wody dla bloku 1A\u00a0 na Osiedlu...<\/p>\n\t\t\t\t\t\t\t<a href=\"https:\/\/zgk.lubkow.pl\/zgk\/awaria-wody-3\/\" class=\"xpro-post-grid-btn\">Czytaj wi\u0119cej<\/a>\n\t\t\t\t\n\t\t\n\t<\/div>\n<\/div>\n\n<div class=\"cbp-item xpro-post-grid-item\">\n\t\n\t<div class=\"xpro-post-grid-content\">\n\n\t\t\n\t\t\t\t\t<ul class=\"xpro-post-grid-meta-list\">\n\t\t\t\t\t\t\t\t\t\t\t\t\t\t\t<li class=\"xpro-post-grid-meta-date\">\n\t\t\t\t\t\t\t<i aria-hidden=\"true\" class=\"far fa-calendar\"><\/i>\t\t\t\t\t\t\t2023-03-22\t\t\t\t\t\t<\/li>\n\t\t\t\t\t\t\t\t\t\t\t\t\t\t\t\n\t\t\t\t\t\t\t<\/ul>\n\t\t\n\t\t<a href=\"https:\/\/zgk.lubkow.pl\/zgk\/23-marca-2023-przerwa-w-dostawie-wody-w-raciborowicach-dolnych-i-gornych\/\">\n\t\t\t<h2 class=\"xpro-post-grid-title\">23 marca 2023 &#8211; przerwa w dostawie wody w Raciborowicach Dolnych i G\u00f3rnych<\/h2>\n\t\t<\/a>\n\n\t\t\n\t\t\t\t\t<p class=\"xpro-post-grid-excerpt\">W dniu 23 marca 2023 r. w godzinach 8-13 w zwi\u0105zku z awari\u0105 nast\u0105pi...<\/p>\n\t\t\t\t\t\t\t<a href=\"https:\/\/zgk.lubkow.pl\/zgk\/23-marca-2023-przerwa-w-dostawie-wody-w-raciborowicach-dolnych-i-gornych\/\" class=\"xpro-post-grid-btn\">Czytaj wi\u0119cej<\/a>\n\t\t\t\t\n\t\t\n\t<\/div>\n<\/div>\n\n<div class=\"cbp-item xpro-post-grid-item\">\n\t\n\t<div class=\"xpro-post-grid-content\">\n\n\t\t\n\t\t\t\t\t<ul class=\"xpro-post-grid-meta-list\">\n\t\t\t\t\t\t\t\t\t\t\t\t\t\t\t<li class=\"xpro-post-grid-meta-date\">\n\t\t\t\t\t\t\t<i aria-hidden=\"true\" class=\"far fa-calendar\"><\/i>\t\t\t\t\t\t\t2023-03-06\t\t\t\t\t\t<\/li>\n\t\t\t\t\t\t\t\t\t\t\t\t\t\t\t\n\t\t\t\t\t\t\t<\/ul>\n\t\t\n\t\t<a href=\"https:\/\/zgk.lubkow.pl\/zgk\/dzierzawa-pojazdow-do-odbioru-odpadow-smieciarek\/\">\n\t\t\t<h2 class=\"xpro-post-grid-title\">Dzier\u017cawa pojazd\u00f3w do odbioru odpad\u00f3w (\u015bmieciarek)<\/h2>\n\t\t<\/a>\n\n\t\t\n\t\t\t\t\t<p class=\"xpro-post-grid-excerpt\">Poprzednie Nast\u0119pne Wydzier\u017cawiaj\u0105cy &#8211; Zak\u0142ad Gospodarki Komunalnej w Lubkowie Sp z o.o. z\/s &nbsp;w...<\/p>\n\t\t\t\t\t\t\t<a href=\"https:\/\/zgk.lubkow.pl\/zgk\/dzierzawa-pojazdow-do-odbioru-odpadow-smieciarek\/\" class=\"xpro-post-grid-btn\">Czytaj wi\u0119cej<\/a>\n\t\t\t\t\n\t\t\n\t<\/div>\n<\/div>\n\n<div class=\"cbp-item xpro-post-grid-item\">\n\t\n\t<div class=\"xpro-post-grid-content\">\n\n\t\t\n\t\t\t\t\t<ul class=\"xpro-post-grid-meta-list\">\n\t\t\t\t\t\t\t\t\t\t\t\t\t\t\t<li class=\"xpro-post-grid-meta-date\">\n\t\t\t\t\t\t\t<i aria-hidden=\"true\" class=\"far fa-calendar\"><\/i>\t\t\t\t\t\t\t2022-12-30\t\t\t\t\t\t<\/li>\n\t\t\t\t\t\t\t\t\t\t\t\t\t\t\t\n\t\t\t\t\t\t\t<\/ul>\n\t\t\n\t\t<a href=\"https:\/\/zgk.lubkow.pl\/zgk\/skrocone-godziny-pracy-w-dniu-30-12-2022-r\/\">\n\t\t\t<h2 class=\"xpro-post-grid-title\">Skr\u00f3cone godziny pracy w dniu 30.12.2022 r.<\/h2>\n\t\t<\/a>\n\n\t\t\n\t\t\t\t\t<p class=\"xpro-post-grid-excerpt\">W dniu 30.12.2022 r. ZGK w Lubkowie (w tym obs\u0142uga klienta oraz PSZOK) b\u0119dzie...<\/p>\n\t\t\t\t\t\t\t<a href=\"https:\/\/zgk.lubkow.pl\/zgk\/skrocone-godziny-pracy-w-dniu-30-12-2022-r\/\" class=\"xpro-post-grid-btn\">Czytaj wi\u0119cej<\/a>\n\t\t\t\t\n\t\t\n\t<\/div>\n<\/div>\n\n<div class=\"cbp-item xpro-post-grid-item\">\n\t\n\t<div class=\"xpro-post-grid-content\">\n\n\t\t\n\t\t\t\t\t<ul class=\"xpro-post-grid-meta-list\">\n\t\t\t\t\t\t\t\t\t\t\t\t\t\t\t<li class=\"xpro-post-grid-meta-date\">\n\t\t\t\t\t\t\t<i aria-hidden=\"true\" class=\"far fa-calendar\"><\/i>\t\t\t\t\t\t\t2022-12-23\t\t\t\t\t\t<\/li>\n\t\t\t\t\t\t\t\t\t\t\t\t\t\t\t\n\t\t\t\t\t\t\t<\/ul>\n\t\t\n\t\t<a href=\"https:\/\/zgk.lubkow.pl\/zgk\/skrocone-godziny-pracy-w-dniu-23-grudnia-2022\/\">\n\t\t\t<h2 class=\"xpro-post-grid-title\">Skr\u00f3cone godziny pracy w dniu 23 grudnia 2022<\/h2>\n\t\t<\/a>\n\n\t\t\n\t\t\t\t\t<p class=\"xpro-post-grid-excerpt\">W dniu 23.12.2022 r. ZGK w Lubkowie (w tym obs\u0142uga klienta oraz PSZOK) b\u0119dzie...<\/p>\n\t\t\t\t\t\t\t<a href=\"https:\/\/zgk.lubkow.pl\/zgk\/skrocone-godziny-pracy-w-dniu-23-grudnia-2022\/\" class=\"xpro-post-grid-btn\">Czytaj wi\u0119cej<\/a>\n\t\t\t\t\n\t\t\n\t<\/div>\n<\/div>\n\n<div class=\"cbp-item xpro-post-grid-item\">\n\t\n\t<div class=\"xpro-post-grid-content\">\n\n\t\t\n\t\t\t\t\t<ul class=\"xpro-post-grid-meta-list\">\n\t\t\t\t\t\t\t\t\t\t\t\t\t\t\t<li class=\"xpro-post-grid-meta-date\">\n\t\t\t\t\t\t\t<i aria-hidden=\"true\" class=\"far fa-calendar\"><\/i>\t\t\t\t\t\t\t2022-12-22\t\t\t\t\t\t<\/li>\n\t\t\t\t\t\t\t\t\t\t\t\t\t\t\t\n\t\t\t\t\t\t\t<\/ul>\n\t\t\n\t\t<a href=\"https:\/\/zgk.lubkow.pl\/zgk\/zyczenia-swiateczne-4\/\">\n\t\t\t<h2 class=\"xpro-post-grid-title\">\u017byczenia \u015bwi\u0105teczne<\/h2>\n\t\t<\/a>\n\n\t\t\n\t\t\t\t\t<p class=\"xpro-post-grid-excerpt\"><\/p>\n\t\t\t\t\t\t\t<a href=\"https:\/\/zgk.lubkow.pl\/zgk\/zyczenia-swiateczne-4\/\" class=\"xpro-post-grid-btn\">Czytaj wi\u0119cej<\/a>\n\t\t\t\t\n\t\t\n\t<\/div>\n<\/div>\n\n<div class=\"cbp-item xpro-post-grid-item\">\n\t\n\t<div class=\"xpro-post-grid-content\">\n\n\t\t\n\t\t\t\t\t<ul class=\"xpro-post-grid-meta-list\">\n\t\t\t\t\t\t\t\t\t\t\t\t\t\t\t<li class=\"xpro-post-grid-meta-date\">\n\t\t\t\t\t\t\t<i aria-hidden=\"true\" class=\"far fa-calendar\"><\/i>\t\t\t\t\t\t\t2022-12-08\t\t\t\t\t\t<\/li>\n\t\t\t\t\t\t\t\t\t\t\t\t\t\t\t\n\t\t\t\t\t\t\t<\/ul>\n\t\t\n\t\t<a href=\"https:\/\/zgk.lubkow.pl\/zgk\/przerwa-w-dostawie-wody-w-tomaszowie-boleslawieckim\/\">\n\t\t\t<h2 class=\"xpro-post-grid-title\">Przerwa w dostawie wody w Tomaszowie Boles\u0142awieckim<\/h2>\n\t\t<\/a>\n\n\t\t\n\t\t\t\t\t<p class=\"xpro-post-grid-excerpt\">W dniu 8 grudnia 2022 r. w godz. 9.30- 12.30 nast\u0105pi przerwa w dostawie...<\/p>\n\t\t\t\t\t\t\t<a href=\"https:\/\/zgk.lubkow.pl\/zgk\/przerwa-w-dostawie-wody-w-tomaszowie-boleslawieckim\/\" class=\"xpro-post-grid-btn\">Czytaj wi\u0119cej<\/a>\n\t\t\t\t\n\t\t\n\t<\/div>\n<\/div>\n\n<div class=\"cbp-item xpro-post-grid-item\">\n\t\n\t<div class=\"xpro-post-grid-content\">\n\n\t\t\n\t\t\t\t\t<ul class=\"xpro-post-grid-meta-list\">\n\t\t\t\t\t\t\t\t\t\t\t\t\t\t\t<li class=\"xpro-post-grid-meta-date\">\n\t\t\t\t\t\t\t<i aria-hidden=\"true\" class=\"far fa-calendar\"><\/i>\t\t\t\t\t\t\t2022-11-14\t\t\t\t\t\t<\/li>\n\t\t\t\t\t\t\t\t\t\t\t\t\t\t\t\n\t\t\t\t\t\t\t<\/ul>\n\t\t\n\t\t<a href=\"https:\/\/zgk.lubkow.pl\/zgk\/przerwa-w-dostawie-wody-w-warcie-boleslawieckiej-2\/\">\n\t\t\t<h2 class=\"xpro-post-grid-title\">Przerwa w dostawie wody w Warcie Boles\u0142awieckiej<\/h2>\n\t\t<\/a>\n\n\t\t\n\t\t\t\t\t<p class=\"xpro-post-grid-excerpt\">w dniu 14 listopada 2022 r. w godz. 8.00- 11.00 z uwagi na prace...<\/p>\n\t\t\t\t\t\t\t<a href=\"https:\/\/zgk.lubkow.pl\/zgk\/przerwa-w-dostawie-wody-w-warcie-boleslawieckiej-2\/\" class=\"xpro-post-grid-btn\">Czytaj wi\u0119cej<\/a>\n\t\t\t\t\n\t\t\n\t<\/div>\n<\/div>\n\n<div class=\"cbp-item xpro-post-grid-item\">\n\t\n\t<div class=\"xpro-post-grid-content\">\n\n\t\t\n\t\t\t\t\t<ul class=\"xpro-post-grid-meta-list\">\n\t\t\t\t\t\t\t\t\t\t\t\t\t\t\t<li class=\"xpro-post-grid-meta-date\">\n\t\t\t\t\t\t\t<i aria-hidden=\"true\" class=\"far fa-calendar\"><\/i>\t\t\t\t\t\t\t2022-11-04\t\t\t\t\t\t<\/li>\n\t\t\t\t\t\t\t\t\t\t\t\t\t\t\t\n\t\t\t\t\t\t\t<\/ul>\n\t\t\n\t\t<a href=\"https:\/\/zgk.lubkow.pl\/zgk\/przerwa-w-dostawie-wody-w-warcie-boleslawieckiej-3\/\">\n\t\t\t<h2 class=\"xpro-post-grid-title\">Przerwa w dostawie wody w Warcie Boles\u0142awieckiej<\/h2>\n\t\t<\/a>\n\n\t\t\n\t\t\t\t\t<p class=\"xpro-post-grid-excerpt\">W dniu 07.11.2022 r. w godzinach 8.00-12.00 z uwagi na prace konserwacyjne nast\u0105pi przerwa...<\/p>\n\t\t\t\t\t\t\t<a href=\"https:\/\/zgk.lubkow.pl\/zgk\/przerwa-w-dostawie-wody-w-warcie-boleslawieckiej-3\/\" class=\"xpro-post-grid-btn\">Czytaj wi\u0119cej<\/a>\n\t\t\t\t\n\t\t\n\t<\/div>\n<\/div>\n\n<div class=\"cbp-item xpro-post-grid-item\">\n\t\n\t<div class=\"xpro-post-grid-content\">\n\n\t\t\n\t\t\t\t\t<ul class=\"xpro-post-grid-meta-list\">\n\t\t\t\t\t\t\t\t\t\t\t\t\t\t\t<li class=\"xpro-post-grid-meta-date\">\n\t\t\t\t\t\t\t<i aria-hidden=\"true\" class=\"far fa-calendar\"><\/i>\t\t\t\t\t\t\t2022-10-28\t\t\t\t\t\t<\/li>\n\t\t\t\t\t\t\t\t\t\t\t\t\t\t\t\n\t\t\t\t\t\t\t<\/ul>\n\t\t\n\t\t<a href=\"https:\/\/zgk.lubkow.pl\/zgk\/nowe-smieciarki\/\">\n\t\t\t<h2 class=\"xpro-post-grid-title\">Nowe \u015bmieciarki<\/h2>\n\t\t<\/a>\n\n\t\t\n\t\t\t\t\t<p class=\"xpro-post-grid-excerpt\">Nowe \u015bmieciarki w Zak\u0142adzie Gospodarki Komunalnej w Lubkowie Sp. z o.o. Mi\u0142o nam poinformowa\u0107,...<\/p>\n\t\t\t\t\t\t\t<a href=\"https:\/\/zgk.lubkow.pl\/zgk\/nowe-smieciarki\/\" class=\"xpro-post-grid-btn\">Czytaj wi\u0119cej<\/a>\n\t\t\t\t\n\t\t\n\t<\/div>\n<\/div>\n\n<div class=\"cbp-item xpro-post-grid-item\">\n\t\n\t<div class=\"xpro-post-grid-content\">\n\n\t\t\n\t\t\t\t\t<ul class=\"xpro-post-grid-meta-list\">\n\t\t\t\t\t\t\t\t\t\t\t\t\t\t\t<li class=\"xpro-post-grid-meta-date\">\n\t\t\t\t\t\t\t<i aria-hidden=\"true\" class=\"far fa-calendar\"><\/i>\t\t\t\t\t\t\t2022-10-28\t\t\t\t\t\t<\/li>\n\t\t\t\t\t\t\t\t\t\t\t\t\t\t\t\n\t\t\t\t\t\t\t<\/ul>\n\t\t\n\t\t<a href=\"https:\/\/zgk.lubkow.pl\/zgk\/przerwa-w-dostawie-wody-w-miejscowosci-wilczy-las\/\">\n\t\t\t<h2 class=\"xpro-post-grid-title\">Przerwa w dostawie wody w miejscowo\u015bci Wilczy Las<\/h2>\n\t\t<\/a>\n\n\t\t\n\t\t\t\t\t<p class=\"xpro-post-grid-excerpt\">w dniu 28 pa\u017adziernika 2022 r. w godzinach 8.00-12.00 nast\u0105pi przerwa w dostawie wody...<\/p>\n\t\t\t\t\t\t\t<a href=\"https:\/\/zgk.lubkow.pl\/zgk\/przerwa-w-dostawie-wody-w-miejscowosci-wilczy-las\/\" class=\"xpro-post-grid-btn\">Czytaj wi\u0119cej<\/a>\n\t\t\t\t\n\t\t\n\t<\/div>\n<\/div>\n\n<div class=\"cbp-item xpro-post-grid-item\">\n\t\n\t<div class=\"xpro-post-grid-content\">\n\n\t\t\n\t\t\t\t\t<ul class=\"xpro-post-grid-meta-list\">\n\t\t\t\t\t\t\t\t\t\t\t\t\t\t\t<li class=\"xpro-post-grid-meta-date\">\n\t\t\t\t\t\t\t<i aria-hidden=\"true\" class=\"far fa-calendar\"><\/i>\t\t\t\t\t\t\t2022-10-25\t\t\t\t\t\t<\/li>\n\t\t\t\t\t\t\t\t\t\t\t\t\t\t\t\n\t\t\t\t\t\t\t<\/ul>\n\t\t\n\t\t<a href=\"https:\/\/zgk.lubkow.pl\/zgk\/przerwa-w-dostawie-wody-w-miejscowosci-iwiny-osiedle-ii\/\">\n\t\t\t<h2 class=\"xpro-post-grid-title\">Przerwa w dostawie wody w miejscowo\u015bci Iwiny Osiedle II<\/h2>\n\t\t<\/a>\n\n\t\t\n\t\t\t\t\t<p class=\"xpro-post-grid-excerpt\">W dniu 26 pa\u017adziernika 2022 r. (\u015broda) w godz. 10-12 nast\u0105pi przerwa w dostawie...<\/p>\n\t\t\t\t\t\t\t<a href=\"https:\/\/zgk.lubkow.pl\/zgk\/przerwa-w-dostawie-wody-w-miejscowosci-iwiny-osiedle-ii\/\" class=\"xpro-post-grid-btn\">Czytaj wi\u0119cej<\/a>\n\t\t\t\t\n\t\t\n\t<\/div>\n<\/div>\n\n<div class=\"cbp-item xpro-post-grid-item\">\n\t\n\t<div class=\"xpro-post-grid-content\">\n\n\t\t\n\t\t\t\t\t<ul class=\"xpro-post-grid-meta-list\">\n\t\t\t\t\t\t\t\t\t\t\t\t\t\t\t<li class=\"xpro-post-grid-meta-date\">\n\t\t\t\t\t\t\t<i aria-hidden=\"true\" class=\"far fa-calendar\"><\/i>\t\t\t\t\t\t\t2022-10-14\t\t\t\t\t\t<\/li>\n\t\t\t\t\t\t\t\t\t\t\t\t\t\t\t\n\t\t\t\t\t\t\t<\/ul>\n\t\t\n\t\t<a href=\"https:\/\/zgk.lubkow.pl\/zgk\/przerwa-w-dostawie-wody-w-warcie-boleslawieckiej-w-dniu-17-10-2022\/\">\n\t\t\t<h2 class=\"xpro-post-grid-title\">Przerwa w dostawie wody w Warcie Boles\u0142awieckiej w dniu 17.10.2022<\/h2>\n\t\t<\/a>\n\n\t\t\n\t\t\t\t\t<p class=\"xpro-post-grid-excerpt\">Z uwagi na prace na sieci wodoci\u0105gowej w dniu 17.10.2022 r. w godz. 8.30...<\/p>\n\t\t\t\t\t\t\t<a href=\"https:\/\/zgk.lubkow.pl\/zgk\/przerwa-w-dostawie-wody-w-warcie-boleslawieckiej-w-dniu-17-10-2022\/\" class=\"xpro-post-grid-btn\">Czytaj wi\u0119cej<\/a>\n\t\t\t\t\n\t\t\n\t<\/div>\n<\/div>\n\n<div class=\"cbp-item xpro-post-grid-item\">\n\t\n\t<div class=\"xpro-post-grid-content\">\n\n\t\t\n\t\t\t\t\t<ul class=\"xpro-post-grid-meta-list\">\n\t\t\t\t\t\t\t\t\t\t\t\t\t\t\t<li class=\"xpro-post-grid-meta-date\">\n\t\t\t\t\t\t\t<i aria-hidden=\"true\" class=\"far fa-calendar\"><\/i>\t\t\t\t\t\t\t2022-10-06\t\t\t\t\t\t<\/li>\n\t\t\t\t\t\t\t\t\t\t\t\t\t\t\t\n\t\t\t\t\t\t\t<\/ul>\n\t\t\n\t\t<a href=\"https:\/\/zgk.lubkow.pl\/zgk\/przerwa-w-dostawie-wody-w-jurkowie-w-dniu-07-10-2022\/\">\n\t\t\t<h2 class=\"xpro-post-grid-title\">Przerwa w dostawie wody w Jurkowie w dniu 07.10.2022<\/h2>\n\t\t<\/a>\n\n\t\t\n\t\t\t\t\t<p class=\"xpro-post-grid-excerpt\">W dniu 7.10.2022 r. (pi\u0105tek) w godzinach 11-16 nast\u0105pi przerwa w dostawie wody w...<\/p>\n\t\t\t\t\t\t\t<a href=\"https:\/\/zgk.lubkow.pl\/zgk\/przerwa-w-dostawie-wody-w-jurkowie-w-dniu-07-10-2022\/\" class=\"xpro-post-grid-btn\">Czytaj wi\u0119cej<\/a>\n\t\t\t\t\n\t\t\n\t<\/div>\n<\/div>\n\n<div class=\"cbp-item xpro-post-grid-item\">\n\t\n\t<div class=\"xpro-post-grid-content\">\n\n\t\t\n\t\t\t\t\t<ul class=\"xpro-post-grid-meta-list\">\n\t\t\t\t\t\t\t\t\t\t\t\t\t\t\t<li class=\"xpro-post-grid-meta-date\">\n\t\t\t\t\t\t\t<i aria-hidden=\"true\" class=\"far fa-calendar\"><\/i>\t\t\t\t\t\t\t2022-09-15\t\t\t\t\t\t<\/li>\n\t\t\t\t\t\t\t\t\t\t\t\t\t\t\t\n\t\t\t\t\t\t\t<\/ul>\n\t\t\n\t\t<a href=\"https:\/\/zgk.lubkow.pl\/zgk\/przerwa-w-dostawie-wody-w-dniu-16-09-2022-r-w-jurkowie\/\">\n\t\t\t<h2 class=\"xpro-post-grid-title\">Przerwa w dostawie wody w dniu 16.09.2022 r. w Jurkowie<\/h2>\n\t\t<\/a>\n\n\t\t\n\t\t\t\t\t<p class=\"xpro-post-grid-excerpt\">W dniu 16.09.2022 r. (pi\u0105tek) nast\u0105pi przerwa w dostawie wody w miejscowo\u015bci Jurk\u00f3w w...<\/p>\n\t\t\t\t\t\t\t<a href=\"https:\/\/zgk.lubkow.pl\/zgk\/przerwa-w-dostawie-wody-w-dniu-16-09-2022-r-w-jurkowie\/\" class=\"xpro-post-grid-btn\">Czytaj wi\u0119cej<\/a>\n\t\t\t\t\n\t\t\n\t<\/div>\n<\/div>\n\n<div class=\"cbp-item xpro-post-grid-item\">\n\t\n\t<div class=\"xpro-post-grid-content\">\n\n\t\t\n\t\t\t\t\t<ul class=\"xpro-post-grid-meta-list\">\n\t\t\t\t\t\t\t\t\t\t\t\t\t\t\t<li class=\"xpro-post-grid-meta-date\">\n\t\t\t\t\t\t\t<i aria-hidden=\"true\" class=\"far fa-calendar\"><\/i>\t\t\t\t\t\t\t2022-08-25\t\t\t\t\t\t<\/li>\n\t\t\t\t\t\t\t\t\t\t\t\t\t\t\t\n\t\t\t\t\t\t\t<\/ul>\n\t\t\n\t\t<a href=\"https:\/\/zgk.lubkow.pl\/zgk\/przerwa-w-dostawie-wody-w-warcie-boleslawieckiej-4\/\">\n\t\t\t<h2 class=\"xpro-post-grid-title\">Przerwa w dostawie wody w Warcie Boles\u0142awieckiej<\/h2>\n\t\t<\/a>\n\n\t\t\n\t\t\t\t\t<p class=\"xpro-post-grid-excerpt\">W dniu 25 sierpnia 2022 r. (czwartek) w godzinach od 8 do 13 w...<\/p>\n\t\t\t\t\t\t\t<a href=\"https:\/\/zgk.lubkow.pl\/zgk\/przerwa-w-dostawie-wody-w-warcie-boleslawieckiej-4\/\" class=\"xpro-post-grid-btn\">Czytaj wi\u0119cej<\/a>\n\t\t\t\t\n\t\t\n\t<\/div>\n<\/div>\n\n<div class=\"cbp-item xpro-post-grid-item\">\n\t\n\t<div class=\"xpro-post-grid-content\">\n\n\t\t\n\t\t\t\t\t<ul class=\"xpro-post-grid-meta-list\">\n\t\t\t\t\t\t\t\t\t\t\t\t\t\t\t<li class=\"xpro-post-grid-meta-date\">\n\t\t\t\t\t\t\t<i aria-hidden=\"true\" class=\"far fa-calendar\"><\/i>\t\t\t\t\t\t\t2022-08-19\t\t\t\t\t\t<\/li>\n\t\t\t\t\t\t\t\t\t\t\t\t\t\t\t\n\t\t\t\t\t\t\t<\/ul>\n\t\t\n\t\t<a href=\"https:\/\/zgk.lubkow.pl\/zgk\/przerwa-w-dostawie-wody-w-dniu-22-08-2022-w-warcie-boleslawieckiej\/\">\n\t\t\t<h2 class=\"xpro-post-grid-title\">Przerwa w dostawie wody w dniu 22.08.2022 w Warcie Boles\u0142awieckiej<\/h2>\n\t\t<\/a>\n\n\t\t\n\t\t\t\t\t<p class=\"xpro-post-grid-excerpt\">W dniu 22 sierpnia 2022 r. (poniedzia\u0142ek) w godzinach od 8 do 13 w...<\/p>\n\t\t\t\t\t\t\t<a href=\"https:\/\/zgk.lubkow.pl\/zgk\/przerwa-w-dostawie-wody-w-dniu-22-08-2022-w-warcie-boleslawieckiej\/\" class=\"xpro-post-grid-btn\">Czytaj wi\u0119cej<\/a>\n\t\t\t\t\n\t\t\n\t<\/div>\n<\/div>\n\n<div class=\"cbp-item xpro-post-grid-item\">\n\t\n\t<div class=\"xpro-post-grid-content\">\n\n\t\t\n\t\t\t\t\t<ul class=\"xpro-post-grid-meta-list\">\n\t\t\t\t\t\t\t\t\t\t\t\t\t\t\t<li class=\"xpro-post-grid-meta-date\">\n\t\t\t\t\t\t\t<i aria-hidden=\"true\" class=\"far fa-calendar\"><\/i>\t\t\t\t\t\t\t2022-08-06\t\t\t\t\t\t<\/li>\n\t\t\t\t\t\t\t\t\t\t\t\t\t\t\t\n\t\t\t\t\t\t\t<\/ul>\n\t\t\n\t\t<a href=\"https:\/\/zgk.lubkow.pl\/zgk\/uwaga-akcja-gasnicza-na-strefie-w-krzywej-mozliwe-utrudnienia-w-dostawie-wody\/\">\n\t\t\t<h2 class=\"xpro-post-grid-title\">Uwaga ! Akcja ga\u015bnicza na strefie w Krzywej. Mo\u017cliwe utrudnienia w dostawie wody.<\/h2>\n\t\t<\/a>\n\n\t\t\n\t\t\t\t\t<p class=\"xpro-post-grid-excerpt\">Z uwagi na trwaj\u0105ca akcj\u0119 ga\u015bnicz\u0105 w zak\u0142adach Prodigo w Specjalnej Strefie Ekonomicznej Krzywa...<\/p>\n\t\t\t\t\t\t\t<a href=\"https:\/\/zgk.lubkow.pl\/zgk\/uwaga-akcja-gasnicza-na-strefie-w-krzywej-mozliwe-utrudnienia-w-dostawie-wody\/\" class=\"xpro-post-grid-btn\">Czytaj wi\u0119cej<\/a>\n\t\t\t\t\n\t\t\n\t<\/div>\n<\/div>\n\n<div class=\"cbp-item xpro-post-grid-item\">\n\t\n\t<div class=\"xpro-post-grid-content\">\n\n\t\t\n\t\t\t\t\t<ul class=\"xpro-post-grid-meta-list\">\n\t\t\t\t\t\t\t\t\t\t\t\t\t\t\t<li class=\"xpro-post-grid-meta-date\">\n\t\t\t\t\t\t\t<i aria-hidden=\"true\" class=\"far fa-calendar\"><\/i>\t\t\t\t\t\t\t2022-07-19\t\t\t\t\t\t<\/li>\n\t\t\t\t\t\t\t\t\t\t\t\t\t\t\t\n\t\t\t\t\t\t\t<\/ul>\n\t\t\n\t\t<a href=\"https:\/\/zgk.lubkow.pl\/zgk\/przerwa-w-dostawie-wody-w-miejscowosci-tomaszow\/\">\n\t\t\t<h2 class=\"xpro-post-grid-title\">Przerwa w dostawie wody w miejscowo\u015bci Tomasz\u00f3w Boles\u0142awiecki<\/h2>\n\t\t<\/a>\n\n\t\t\n\t\t\t\t\t<p class=\"xpro-post-grid-excerpt\">Z uwagi na prace remontowe na sieci w cz\u0119\u015bci Tomaszowa Boles\u0142awieckiego (do nr 150...<\/p>\n\t\t\t\t\t\t\t<a href=\"https:\/\/zgk.lubkow.pl\/zgk\/przerwa-w-dostawie-wody-w-miejscowosci-tomaszow\/\" class=\"xpro-post-grid-btn\">Czytaj wi\u0119cej<\/a>\n\t\t\t\t\n\t\t\n\t<\/div>\n<\/div>\n\n<div class=\"cbp-item xpro-post-grid-item\">\n\t\n\t<div class=\"xpro-post-grid-content\">\n\n\t\t\n\t\t\t\t\t<ul class=\"xpro-post-grid-meta-list\">\n\t\t\t\t\t\t\t\t\t\t\t\t\t\t\t<li class=\"xpro-post-grid-meta-date\">\n\t\t\t\t\t\t\t<i aria-hidden=\"true\" class=\"far fa-calendar\"><\/i>\t\t\t\t\t\t\t2022-07-02\t\t\t\t\t\t<\/li>\n\t\t\t\t\t\t\t\t\t\t\t\t\t\t\t\n\t\t\t\t\t\t\t<\/ul>\n\t\t\n\t\t<a href=\"https:\/\/zgk.lubkow.pl\/zgk\/uszkodzenie-wodociagu-w-warcie-boleslawieckiej\/\">\n\t\t\t<h2 class=\"xpro-post-grid-title\">Uszkodzenie wodoci\u0105gu w Warcie Boles\u0142awieckiej<\/h2>\n\t\t<\/a>\n\n\t\t\n\t\t\t\t\t<p class=\"xpro-post-grid-excerpt\">W dniu 02.07.2022r. dosz\u0142o do uszkodzenia wodoci\u0105gu w miejscowo\u015bci Warta Boles\u0142awiecka. Przewidywane braki w...<\/p>\n\t\t\t\t\t\t\t<a href=\"https:\/\/zgk.lubkow.pl\/zgk\/uszkodzenie-wodociagu-w-warcie-boleslawieckiej\/\" class=\"xpro-post-grid-btn\">Czytaj wi\u0119cej<\/a>\n\t\t\t\t\n\t\t\n\t<\/div>\n<\/div>\n\n<div class=\"cbp-item xpro-post-grid-item\">\n\t\n\t<div class=\"xpro-post-grid-content\">\n\n\t\t\n\t\t\t\t\t<ul class=\"xpro-post-grid-meta-list\">\n\t\t\t\t\t\t\t\t\t\t\t\t\t\t\t<li class=\"xpro-post-grid-meta-date\">\n\t\t\t\t\t\t\t<i aria-hidden=\"true\" class=\"far fa-calendar\"><\/i>\t\t\t\t\t\t\t2022-06-28\t\t\t\t\t\t<\/li>\n\t\t\t\t\t\t\t\t\t\t\t\t\t\t\t\n\t\t\t\t\t\t\t<\/ul>\n\t\t\n\t\t<a href=\"https:\/\/zgk.lubkow.pl\/zgk\/mozliwa-przerwa-w-dostawie-wody-w-warcie-boleslawieckiej\/\">\n\t\t\t<h2 class=\"xpro-post-grid-title\">Mo\u017cliwa przerwa w dostawie wody w Warcie Boles\u0142awieckiej.<\/h2>\n\t\t<\/a>\n\n\t\t\n\t\t\t\t\t<p class=\"xpro-post-grid-excerpt\">Z uwagi na prace konserwacyjne w cz\u0119\u015bci Warty Boles\u0142awieckiej w dniu 28.06.2022 r. mo\u017cliwa...<\/p>\n\t\t\t\t\t\t\t<a href=\"https:\/\/zgk.lubkow.pl\/zgk\/mozliwa-przerwa-w-dostawie-wody-w-warcie-boleslawieckiej\/\" class=\"xpro-post-grid-btn\">Czytaj wi\u0119cej<\/a>\n\t\t\t\t\n\t\t\n\t<\/div>\n<\/div>\n\n<div class=\"cbp-item xpro-post-grid-item\">\n\t\n\t<div class=\"xpro-post-grid-content\">\n\n\t\t\n\t\t\t\t\t<ul class=\"xpro-post-grid-meta-list\">\n\t\t\t\t\t\t\t\t\t\t\t\t\t\t\t<li class=\"xpro-post-grid-meta-date\">\n\t\t\t\t\t\t\t<i aria-hidden=\"true\" class=\"far fa-calendar\"><\/i>\t\t\t\t\t\t\t2022-06-24\t\t\t\t\t\t<\/li>\n\t\t\t\t\t\t\t\t\t\t\t\t\t\t\t\n\t\t\t\t\t\t\t<\/ul>\n\t\t\n\t\t<a href=\"https:\/\/zgk.lubkow.pl\/zgk\/uwaga-na-falszywe-informacje\/\">\n\t\t\t<h2 class=\"xpro-post-grid-title\">Uwaga na fa\u0142szywe informacje<\/h2>\n\t\t<\/a>\n\n\t\t\n\t\t\t\t\t<p class=\"xpro-post-grid-excerpt\">Szanowni Pa\u0144stwo, Zak\u0142ad Gospodarki Komunalnej w Lubkowie Sp. z o.o. informuje, \u017ce nie planuje...<\/p>\n\t\t\t\t\t\t\t<a href=\"https:\/\/zgk.lubkow.pl\/zgk\/uwaga-na-falszywe-informacje\/\" class=\"xpro-post-grid-btn\">Czytaj wi\u0119cej<\/a>\n\t\t\t\t\n\t\t\n\t<\/div>\n<\/div>\n\n<div class=\"cbp-item xpro-post-grid-item\">\n\t\n\t<div class=\"xpro-post-grid-content\">\n\n\t\t\n\t\t\t\t\t<ul class=\"xpro-post-grid-meta-list\">\n\t\t\t\t\t\t\t\t\t\t\t\t\t\t\t<li class=\"xpro-post-grid-meta-date\">\n\t\t\t\t\t\t\t<i aria-hidden=\"true\" class=\"far fa-calendar\"><\/i>\t\t\t\t\t\t\t2022-06-23\t\t\t\t\t\t<\/li>\n\t\t\t\t\t\t\t\t\t\t\t\t\t\t\t\n\t\t\t\t\t\t\t<\/ul>\n\t\t\n\t\t<a href=\"https:\/\/zgk.lubkow.pl\/zgk\/mozliwy-spadek-cisnienia-wody-w-szczytnicy-i-okolicach\/\">\n\t\t\t<h2 class=\"xpro-post-grid-title\">Mo\u017cliwy spadek ci\u015bnienia wody w Szczytnicy i okolicach<\/h2>\n\t\t<\/a>\n\n\t\t\n\t\t\t\t\t<p class=\"xpro-post-grid-excerpt\">Uwaga w dniu 23.06.2022 r. z uwagi na dzia\u0142ania ga\u015bnicze Stra\u017cy Po\u017carnej w okolicach...<\/p>\n\t\t\t\t\t\t\t<a href=\"https:\/\/zgk.lubkow.pl\/zgk\/mozliwy-spadek-cisnienia-wody-w-szczytnicy-i-okolicach\/\" class=\"xpro-post-grid-btn\">Czytaj wi\u0119cej<\/a>\n\t\t\t\t\n\t\t\n\t<\/div>\n<\/div>\n\n<div class=\"cbp-item xpro-post-grid-item\">\n\t\n\t<div class=\"xpro-post-grid-content\">\n\n\t\t\n\t\t\t\t\t<ul class=\"xpro-post-grid-meta-list\">\n\t\t\t\t\t\t\t\t\t\t\t\t\t\t\t<li class=\"xpro-post-grid-meta-date\">\n\t\t\t\t\t\t\t<i aria-hidden=\"true\" class=\"far fa-calendar\"><\/i>\t\t\t\t\t\t\t2022-06-21\t\t\t\t\t\t<\/li>\n\t\t\t\t\t\t\t\t\t\t\t\t\t\t\t\n\t\t\t\t\t\t\t<\/ul>\n\t\t\n\t\t<a href=\"https:\/\/zgk.lubkow.pl\/zgk\/awaria-sieci-wodociagowej-w-warcie-boleslawieckiej\/\">\n\t\t\t<h2 class=\"xpro-post-grid-title\">Awaria sieci wodoci\u0105gowej w Warcie Boles\u0142awieckiej<\/h2>\n\t\t<\/a>\n\n\t\t\n\t\t\t\t\t<p class=\"xpro-post-grid-excerpt\">W dniu 21.06.2022 r.\u00a0 od godz. 13:30 wyst\u0105pi przerwa w dostawie wody dla miejscowo\u015bci...<\/p>\n\t\t\t\t\t\t\t<a href=\"https:\/\/zgk.lubkow.pl\/zgk\/awaria-sieci-wodociagowej-w-warcie-boleslawieckiej\/\" class=\"xpro-post-grid-btn\">Czytaj wi\u0119cej<\/a>\n\t\t\t\t\n\t\t\n\t<\/div>\n<\/div>\n\n<div class=\"cbp-item xpro-post-grid-item\">\n\t\n\t<div class=\"xpro-post-grid-content\">\n\n\t\t\n\t\t\t\t\t<ul class=\"xpro-post-grid-meta-list\">\n\t\t\t\t\t\t\t\t\t\t\t\t\t\t\t<li class=\"xpro-post-grid-meta-date\">\n\t\t\t\t\t\t\t<i aria-hidden=\"true\" class=\"far fa-calendar\"><\/i>\t\t\t\t\t\t\t2022-06-20\t\t\t\t\t\t<\/li>\n\t\t\t\t\t\t\t\t\t\t\t\t\t\t\t\n\t\t\t\t\t\t\t<\/ul>\n\t\t\n\t\t<a href=\"https:\/\/zgk.lubkow.pl\/zgk\/awaria-sieci-w-warcie-boleslawieckiej\/\">\n\t\t\t<h2 class=\"xpro-post-grid-title\">Awaria sieci w Warcie Boles\u0142awieckiej<\/h2>\n\t\t<\/a>\n\n\t\t\n\t\t\t\t\t<p class=\"xpro-post-grid-excerpt\">W dniu 20.06.2022 r. wyst\u0105pi przerwa w dostawie wody dla miejscowo\u015bci Warta Boles\u0142awiecka z...<\/p>\n\t\t\t\t\t\t\t<a href=\"https:\/\/zgk.lubkow.pl\/zgk\/awaria-sieci-w-warcie-boleslawieckiej\/\" class=\"xpro-post-grid-btn\">Czytaj wi\u0119cej<\/a>\n\t\t\t\t\n\t\t\n\t<\/div>\n<\/div>\n\n<div class=\"cbp-item xpro-post-grid-item\">\n\t\n\t<div class=\"xpro-post-grid-content\">\n\n\t\t\n\t\t\t\t\t<ul class=\"xpro-post-grid-meta-list\">\n\t\t\t\t\t\t\t\t\t\t\t\t\t\t\t<li class=\"xpro-post-grid-meta-date\">\n\t\t\t\t\t\t\t<i aria-hidden=\"true\" class=\"far fa-calendar\"><\/i>\t\t\t\t\t\t\t2022-06-18\t\t\t\t\t\t<\/li>\n\t\t\t\t\t\t\t\t\t\t\t\t\t\t\t\n\t\t\t\t\t\t\t<\/ul>\n\t\t\n\t\t<a href=\"https:\/\/zgk.lubkow.pl\/zgk\/awaria-wody-w-wilczym-lesie\/\">\n\t\t\t<h2 class=\"xpro-post-grid-title\">Awaria sieci wodoci\u0105gowej w Wilczym Lesie<\/h2>\n\t\t<\/a>\n\n\t\t\n\t\t\t\t\t<p class=\"xpro-post-grid-excerpt\">Z uwagi na awari\u0119 sieci wodoci\u0105gowej w dniu 18.06.2022 r. nast\u0105pi przerwa w dostawie...<\/p>\n\t\t\t\t\t\t\t<a href=\"https:\/\/zgk.lubkow.pl\/zgk\/awaria-wody-w-wilczym-lesie\/\" class=\"xpro-post-grid-btn\">Czytaj wi\u0119cej<\/a>\n\t\t\t\t\n\t\t\n\t<\/div>\n<\/div>\n\n<div class=\"cbp-item xpro-post-grid-item\">\n\t\n\t<div class=\"xpro-post-grid-content\">\n\n\t\t\n\t\t\t\t\t<ul class=\"xpro-post-grid-meta-list\">\n\t\t\t\t\t\t\t\t\t\t\t\t\t\t\t<li class=\"xpro-post-grid-meta-date\">\n\t\t\t\t\t\t\t<i aria-hidden=\"true\" class=\"far fa-calendar\"><\/i>\t\t\t\t\t\t\t2022-06-17\t\t\t\t\t\t<\/li>\n\t\t\t\t\t\t\t\t\t\t\t\t\t\t\t\n\t\t\t\t\t\t\t<\/ul>\n\t\t\n\t\t<a href=\"https:\/\/zgk.lubkow.pl\/zgk\/przetarg-na-materialy-hydrauliczne\/\">\n\t\t\t<h2 class=\"xpro-post-grid-title\">Przetarg na materia\u0142y hydrauliczne.<\/h2>\n\t\t<\/a>\n\n\t\t\n\t\t\t\t\t<p class=\"xpro-post-grid-excerpt\">Zapraszamy wszystkich zainteresowanych do udzia\u0142u w post\u0119powaniu o zam\u00f3wienie publiczne na dostaw\u0119 materia\u0142\u00f3w hydraulicznych....<\/p>\n\t\t\t\t\t\t\t<a href=\"https:\/\/zgk.lubkow.pl\/zgk\/przetarg-na-materialy-hydrauliczne\/\" class=\"xpro-post-grid-btn\">Czytaj wi\u0119cej<\/a>\n\t\t\t\t\n\t\t\n\t<\/div>\n<\/div>\n\n<div class=\"cbp-item xpro-post-grid-item\">\n\t\n\t<div class=\"xpro-post-grid-content\">\n\n\t\t\n\t\t\t\t\t<ul class=\"xpro-post-grid-meta-list\">\n\t\t\t\t\t\t\t\t\t\t\t\t\t\t\t<li class=\"xpro-post-grid-meta-date\">\n\t\t\t\t\t\t\t<i aria-hidden=\"true\" class=\"far fa-calendar\"><\/i>\t\t\t\t\t\t\t2022-06-15\t\t\t\t\t\t<\/li>\n\t\t\t\t\t\t\t\t\t\t\t\t\t\t\t\n\t\t\t\t\t\t\t<\/ul>\n\t\t\n\t\t<a href=\"https:\/\/zgk.lubkow.pl\/zgk\/nowe-ceny-za-uslugi-od-1-lipca-2022-r\/\">\n\t\t\t<h2 class=\"xpro-post-grid-title\">Nowe ceny za us\u0142ugi od 1 lipca 2022r.<\/h2>\n\t\t<\/a>\n\n\t\t\n\t\t\t\t\t<p class=\"xpro-post-grid-excerpt\">Szanowni Pa\u0144stwo, Z dniem 01.07.2022 r. zacznie obowi\u0105zywa\u0107 nowy cennik us\u0142ug \u015bwiadczonych przez Zak\u0142ad...<\/p>\n\t\t\t\t\t\t\t<a href=\"https:\/\/zgk.lubkow.pl\/zgk\/nowe-ceny-za-uslugi-od-1-lipca-2022-r\/\" class=\"xpro-post-grid-btn\">Czytaj wi\u0119cej<\/a>\n\t\t\t\t\n\t\t\n\t<\/div>\n<\/div>\n\n<div class=\"cbp-item xpro-post-grid-item\">\n\t\n\t<div class=\"xpro-post-grid-content\">\n\n\t\t\n\t\t\t\t\t<ul class=\"xpro-post-grid-meta-list\">\n\t\t\t\t\t\t\t\t\t\t\t\t\t\t\t<li class=\"xpro-post-grid-meta-date\">\n\t\t\t\t\t\t\t<i aria-hidden=\"true\" class=\"far fa-calendar\"><\/i>\t\t\t\t\t\t\t2022-06-07\t\t\t\t\t\t<\/li>\n\t\t\t\t\t\t\t\t\t\t\t\t\t\t\t\n\t\t\t\t\t\t\t<\/ul>\n\t\t\n\t\t<a href=\"https:\/\/zgk.lubkow.pl\/zgk\/awaria-sieci-wodociagowej-w-wilczym-lesie\/\">\n\t\t\t<h2 class=\"xpro-post-grid-title\">Awaria sieci wodoci\u0105gowej w Wilczym Lesie<\/h2>\n\t\t<\/a>\n\n\t\t\n\t\t\t\t\t<p class=\"xpro-post-grid-excerpt\">W dniu 7 czerwca 2022r. w miejscowo\u015bci Wilczy Las wyst\u0105pi przerwa w dostawie wody....<\/p>\n\t\t\t\t\t\t\t<a href=\"https:\/\/zgk.lubkow.pl\/zgk\/awaria-sieci-wodociagowej-w-wilczym-lesie\/\" class=\"xpro-post-grid-btn\">Czytaj wi\u0119cej<\/a>\n\t\t\t\t\n\t\t\n\t<\/div>\n<\/div>\n\n<div class=\"cbp-item xpro-post-grid-item\">\n\t\n\t<div class=\"xpro-post-grid-content\">\n\n\t\t\n\t\t\t\t\t<ul class=\"xpro-post-grid-meta-list\">\n\t\t\t\t\t\t\t\t\t\t\t\t\t\t\t<li class=\"xpro-post-grid-meta-date\">\n\t\t\t\t\t\t\t<i aria-hidden=\"true\" class=\"far fa-calendar\"><\/i>\t\t\t\t\t\t\t2022-06-03\t\t\t\t\t\t<\/li>\n\t\t\t\t\t\t\t\t\t\t\t\t\t\t\t\n\t\t\t\t\t\t\t<\/ul>\n\t\t\n\t\t<a href=\"https:\/\/zgk.lubkow.pl\/zgk\/awaria-sieci-wodociagowej-w-jurkowie\/\">\n\t\t\t<h2 class=\"xpro-post-grid-title\">Awaria sieci wodoci\u0105gowej w Jurkowie<\/h2>\n\t\t<\/a>\n\n\t\t\n\t\t\t\t\t<p class=\"xpro-post-grid-excerpt\">W dniu 3 czerwca 2022r. w miejscowo\u015bci Jurk\u00f3w wyst\u0105pi przerwa w dostawie wody. Planowany...<\/p>\n\t\t\t\t\t\t\t<a href=\"https:\/\/zgk.lubkow.pl\/zgk\/awaria-sieci-wodociagowej-w-jurkowie\/\" class=\"xpro-post-grid-btn\">Czytaj wi\u0119cej<\/a>\n\t\t\t\t\n\t\t\n\t<\/div>\n<\/div>\n\n<div class=\"cbp-item xpro-post-grid-item\">\n\t\n\t<div class=\"xpro-post-grid-content\">\n\n\t\t\n\t\t\t\t\t<ul class=\"xpro-post-grid-meta-list\">\n\t\t\t\t\t\t\t\t\t\t\t\t\t\t\t<li class=\"xpro-post-grid-meta-date\">\n\t\t\t\t\t\t\t<i aria-hidden=\"true\" class=\"far fa-calendar\"><\/i>\t\t\t\t\t\t\t2022-05-18\t\t\t\t\t\t<\/li>\n\t\t\t\t\t\t\t\t\t\t\t\t\t\t\t\n\t\t\t\t\t\t\t<\/ul>\n\t\t\n\t\t<a href=\"https:\/\/zgk.lubkow.pl\/zgk\/planowe-wylaczenie-wody-w-wartowicach-w-dniu-19-maja-2022-r\/\">\n\t\t\t<h2 class=\"xpro-post-grid-title\">Planowe wy\u0142\u0105czenie wody w Wartowicach w dniu 19 maja 2022 r.<\/h2>\n\t\t<\/a>\n\n\t\t\n\t\t\t\t\t<p class=\"xpro-post-grid-excerpt\">Uwaga w dniu 19.05.2022 r. w godz. 9 -11 nast\u0105pi wy\u0142\u0105czenie wody w miejscowo\u015bci...<\/p>\n\t\t\t\t\t\t\t<a href=\"https:\/\/zgk.lubkow.pl\/zgk\/planowe-wylaczenie-wody-w-wartowicach-w-dniu-19-maja-2022-r\/\" class=\"xpro-post-grid-btn\">Czytaj wi\u0119cej<\/a>\n\t\t\t\t\n\t\t\n\t<\/div>\n<\/div>\n\n<div class=\"cbp-item xpro-post-grid-item\">\n\t\n\t<div class=\"xpro-post-grid-content\">\n\n\t\t\n\t\t\t\t\t<ul class=\"xpro-post-grid-meta-list\">\n\t\t\t\t\t\t\t\t\t\t\t\t\t\t\t<li class=\"xpro-post-grid-meta-date\">\n\t\t\t\t\t\t\t<i aria-hidden=\"true\" class=\"far fa-calendar\"><\/i>\t\t\t\t\t\t\t2022-05-13\t\t\t\t\t\t<\/li>\n\t\t\t\t\t\t\t\t\t\t\t\t\t\t\t\n\t\t\t\t\t\t\t<\/ul>\n\t\t\n\t\t<a href=\"https:\/\/zgk.lubkow.pl\/zgk\/nielegalny-pobor-wody-z-hydrantu-jest-kradzieza\/\">\n\t\t\t<h2 class=\"xpro-post-grid-title\">Nielegalny pob\u00f3r wody z hydrantu jest kradzie\u017c\u0105<\/h2>\n\t\t<\/a>\n\n\t\t\n\t\t\t\t\t<p class=\"xpro-post-grid-excerpt\">Zak\u0142ad Gospodarki Komunalnej Lubkowie Sp. z o.o. przypomina, \u017ce pob\u00f3r wody z hydrantu przez...<\/p>\n\t\t\t\t\t\t\t<a href=\"https:\/\/zgk.lubkow.pl\/zgk\/nielegalny-pobor-wody-z-hydrantu-jest-kradzieza\/\" class=\"xpro-post-grid-btn\">Czytaj wi\u0119cej<\/a>\n\t\t\t\t\n\t\t\n\t<\/div>\n<\/div>\n\n<div class=\"cbp-item xpro-post-grid-item\">\n\t\n\t<div class=\"xpro-post-grid-content\">\n\n\t\t\n\t\t\t\t\t<ul class=\"xpro-post-grid-meta-list\">\n\t\t\t\t\t\t\t\t\t\t\t\t\t\t\t<li class=\"xpro-post-grid-meta-date\">\n\t\t\t\t\t\t\t<i aria-hidden=\"true\" class=\"far fa-calendar\"><\/i>\t\t\t\t\t\t\t2022-05-11\t\t\t\t\t\t<\/li>\n\t\t\t\t\t\t\t\t\t\t\t\t\t\t\t\n\t\t\t\t\t\t\t<\/ul>\n\t\t\n\t\t<a href=\"https:\/\/zgk.lubkow.pl\/zgk\/awaria-wody-2\/\">\n\t\t\t<h2 class=\"xpro-post-grid-title\">Awaria wody<\/h2>\n\t\t<\/a>\n\n\t\t\n\t\t\t\t\t<p class=\"xpro-post-grid-excerpt\">W dniu 11 maja 2022r. w miejscowo\u015bci Warta Boles\u0142awiecka wyst\u0105pi\u0142a przerwa w dostawie wody....<\/p>\n\t\t\t\t\t\t\t<a href=\"https:\/\/zgk.lubkow.pl\/zgk\/awaria-wody-2\/\" class=\"xpro-post-grid-btn\">Czytaj wi\u0119cej<\/a>\n\t\t\t\t\n\t\t\n\t<\/div>\n<\/div>\n\n<div class=\"cbp-item xpro-post-grid-item\">\n\t\n\t<div class=\"xpro-post-grid-content\">\n\n\t\t\n\t\t\t\t\t<ul class=\"xpro-post-grid-meta-list\">\n\t\t\t\t\t\t\t\t\t\t\t\t\t\t\t<li class=\"xpro-post-grid-meta-date\">\n\t\t\t\t\t\t\t<i aria-hidden=\"true\" class=\"far fa-calendar\"><\/i>\t\t\t\t\t\t\t2022-04-26\t\t\t\t\t\t<\/li>\n\t\t\t\t\t\t\t\t\t\t\t\t\t\t\t\n\t\t\t\t\t\t\t<\/ul>\n\t\t\n\t\t<a href=\"https:\/\/zgk.lubkow.pl\/zgk\/awaria-wody\/\">\n\t\t\t<h2 class=\"xpro-post-grid-title\">Awaria wody<\/h2>\n\t\t<\/a>\n\n\t\t\n\t\t\t\t\t<p class=\"xpro-post-grid-excerpt\">W dniu 26 kwietnia 2022r. w miejscowo\u015bci Warta Boles\u0142awiecka wyst\u0105pi\u0142a przerwa w dostawie wody....<\/p>\n\t\t\t\t\t\t\t<a href=\"https:\/\/zgk.lubkow.pl\/zgk\/awaria-wody\/\" class=\"xpro-post-grid-btn\">Czytaj wi\u0119cej<\/a>\n\t\t\t\t\n\t\t\n\t<\/div>\n<\/div>\n\n<div class=\"cbp-item xpro-post-grid-item\">\n\t\n\t<div class=\"xpro-post-grid-content\">\n\n\t\t\n\t\t\t\t\t<ul class=\"xpro-post-grid-meta-list\">\n\t\t\t\t\t\t\t\t\t\t\t\t\t\t\t<li class=\"xpro-post-grid-meta-date\">\n\t\t\t\t\t\t\t<i aria-hidden=\"true\" class=\"far fa-calendar\"><\/i>\t\t\t\t\t\t\t2022-04-14\t\t\t\t\t\t<\/li>\n\t\t\t\t\t\t\t\t\t\t\t\t\t\t\t\n\t\t\t\t\t\t\t<\/ul>\n\t\t\n\t\t<a href=\"https:\/\/zgk.lubkow.pl\/zgk\/zyczenia\/\">\n\t\t\t<h2 class=\"xpro-post-grid-title\">\u017byczenia<\/h2>\n\t\t<\/a>\n\n\t\t\n\t\t\t\t\t<p class=\"xpro-post-grid-excerpt\">Szanowni Pa\u0144stwo, \u017cyczymy Wam wszystkim Radosnych \u015awi\u0105t Wielkanocnych wype\u0142nionych nadziej\u0105 budz\u0105cej si\u0119 wiosny i...<\/p>\n\t\t\t\t\t\t\t<a href=\"https:\/\/zgk.lubkow.pl\/zgk\/zyczenia\/\" class=\"xpro-post-grid-btn\">Czytaj wi\u0119cej<\/a>\n\t\t\t\t\n\t\t\n\t<\/div>\n<\/div>\n\n<div class=\"cbp-item xpro-post-grid-item\">\n\t\n\t<div class=\"xpro-post-grid-content\">\n\n\t\t\n\t\t\t\t\t<ul class=\"xpro-post-grid-meta-list\">\n\t\t\t\t\t\t\t\t\t\t\t\t\t\t\t<li class=\"xpro-post-grid-meta-date\">\n\t\t\t\t\t\t\t<i aria-hidden=\"true\" class=\"far fa-calendar\"><\/i>\t\t\t\t\t\t\t2022-04-14\t\t\t\t\t\t<\/li>\n\t\t\t\t\t\t\t\t\t\t\t\t\t\t\t\n\t\t\t\t\t\t\t<\/ul>\n\t\t\n\t\t<a href=\"https:\/\/zgk.lubkow.pl\/zgk\/informacja-na-temat-godzin-pracy-zakladu\/\">\n\t\t\t<h2 class=\"xpro-post-grid-title\">Informacja na temat godzin pracy Zak\u0142adu<\/h2>\n\t\t<\/a>\n\n\t\t\n\t\t\t\t\t<p class=\"xpro-post-grid-excerpt\">Szanowni Pa\u0144stwo, Informujemy, \u017ce w dniu 15 kwietnia br. bezpo\u015brednia obs\u0142uga klienta b\u0119dzie prowadzona...<\/p>\n\t\t\t\t\t\t\t<a href=\"https:\/\/zgk.lubkow.pl\/zgk\/informacja-na-temat-godzin-pracy-zakladu\/\" class=\"xpro-post-grid-btn\">Czytaj wi\u0119cej<\/a>\n\t\t\t\t\n\t\t\n\t<\/div>\n<\/div>\n\n<div class=\"cbp-item xpro-post-grid-item\">\n\t\n\t<div class=\"xpro-post-grid-content\">\n\n\t\t\n\t\t\t\t\t<ul class=\"xpro-post-grid-meta-list\">\n\t\t\t\t\t\t\t\t\t\t\t\t\t\t\t<li class=\"xpro-post-grid-meta-date\">\n\t\t\t\t\t\t\t<i aria-hidden=\"true\" class=\"far fa-calendar\"><\/i>\t\t\t\t\t\t\t2022-04-14\t\t\t\t\t\t<\/li>\n\t\t\t\t\t\t\t\t\t\t\t\t\t\t\t\n\t\t\t\t\t\t\t<\/ul>\n\t\t\n\t\t<a href=\"https:\/\/zgk.lubkow.pl\/zgk\/ogloszenie-wynikow-ii-postepowania-na-sprzedaz-skladnikow-majatku-ruchomego\/\">\n\t\t\t<h2 class=\"xpro-post-grid-title\">Og\u0142oszenie wynik\u00f3w II post\u0119powania na sprzeda\u017c sk\u0142adnik\u00f3w maj\u0105tku ruchomego.<\/h2>\n\t\t<\/a>\n\n\t\t\n\t\t\t\t\t<p class=\"xpro-post-grid-excerpt\">OG\u0141OSZENIE O WYNIKU POST\u0118POWANIA dot. post\u0119powania prowadzonego w trybie&nbsp; publicznego przetargu ofertowego nieograniczonego na...<\/p>\n\t\t\t\t\t\t\t<a href=\"https:\/\/zgk.lubkow.pl\/zgk\/ogloszenie-wynikow-ii-postepowania-na-sprzedaz-skladnikow-majatku-ruchomego\/\" class=\"xpro-post-grid-btn\">Czytaj wi\u0119cej<\/a>\n\t\t\t\t\n\t\t\n\t<\/div>\n<\/div>\n\n<div class=\"cbp-item xpro-post-grid-item\">\n\t\n\t<div class=\"xpro-post-grid-content\">\n\n\t\t\n\t\t\t\t\t<ul class=\"xpro-post-grid-meta-list\">\n\t\t\t\t\t\t\t\t\t\t\t\t\t\t\t<li class=\"xpro-post-grid-meta-date\">\n\t\t\t\t\t\t\t<i aria-hidden=\"true\" class=\"far fa-calendar\"><\/i>\t\t\t\t\t\t\t2022-04-04\t\t\t\t\t\t<\/li>\n\t\t\t\t\t\t\t\t\t\t\t\t\t\t\t\n\t\t\t\t\t\t\t<\/ul>\n\t\t\n\t\t<a href=\"https:\/\/zgk.lubkow.pl\/zgk\/ii-przetarg-ofertowy-na-sprzedaz-majatku\/\">\n\t\t\t<h2 class=\"xpro-post-grid-title\">II przetarg ofertowy na sprzeda\u017c maj\u0105tku<\/h2>\n\t\t<\/a>\n\n\t\t\n\t\t\t\t\t<p class=\"xpro-post-grid-excerpt\">Zak\u0142ad Gospodarki Komunalnej w Lubkowie Sp. z o.o. og\u0142asza drugi przetarg ofertowy na sprzeda\u017c...<\/p>\n\t\t\t\t\t\t\t<a href=\"https:\/\/zgk.lubkow.pl\/zgk\/ii-przetarg-ofertowy-na-sprzedaz-majatku\/\" class=\"xpro-post-grid-btn\">Czytaj wi\u0119cej<\/a>\n\t\t\t\t\n\t\t\n\t<\/div>\n<\/div>\n\n<div class=\"cbp-item xpro-post-grid-item\">\n\t\n\t<div class=\"xpro-post-grid-content\">\n\n\t\t\n\t\t\t\t\t<ul class=\"xpro-post-grid-meta-list\">\n\t\t\t\t\t\t\t\t\t\t\t\t\t\t\t<li class=\"xpro-post-grid-meta-date\">\n\t\t\t\t\t\t\t<i aria-hidden=\"true\" class=\"far fa-calendar\"><\/i>\t\t\t\t\t\t\t2022-03-31\t\t\t\t\t\t<\/li>\n\t\t\t\t\t\t\t\t\t\t\t\t\t\t\t\n\t\t\t\t\t\t\t<\/ul>\n\t\t\n\t\t<a href=\"https:\/\/zgk.lubkow.pl\/zgk\/wyniki-postepowania-na-sprzedaz-majatku-ruchomego-oraz-samochodu-osobowego\/\">\n\t\t\t<h2 class=\"xpro-post-grid-title\">Wyniki post\u0119powania na sprzeda\u017c maj\u0105tku ruchomego oraz samochodu osobowego<\/h2>\n\t\t<\/a>\n\n\t\t\n\t\t\t\t\t<p class=\"xpro-post-grid-excerpt\">OG\u0141OSZENIE O WYNIKU POST\u0118POWANIA dot. post\u0119powania prowadzonego w trybie publicznego przetargu ofertowego nieograniczonego na...<\/p>\n\t\t\t\t\t\t\t<a href=\"https:\/\/zgk.lubkow.pl\/zgk\/wyniki-postepowania-na-sprzedaz-majatku-ruchomego-oraz-samochodu-osobowego\/\" class=\"xpro-post-grid-btn\">Czytaj wi\u0119cej<\/a>\n\t\t\t\t\n\t\t\n\t<\/div>\n<\/div>\n\n<div class=\"cbp-item xpro-post-grid-item\">\n\t\n\t<div class=\"xpro-post-grid-content\">\n\n\t\t\n\t\t\t\t\t<ul class=\"xpro-post-grid-meta-list\">\n\t\t\t\t\t\t\t\t\t\t\t\t\t\t\t<li class=\"xpro-post-grid-meta-date\">\n\t\t\t\t\t\t\t<i aria-hidden=\"true\" class=\"far fa-calendar\"><\/i>\t\t\t\t\t\t\t2022-03-14\t\t\t\t\t\t<\/li>\n\t\t\t\t\t\t\t\t\t\t\t\t\t\t\t\n\t\t\t\t\t\t\t<\/ul>\n\t\t\n\t\t<a href=\"https:\/\/zgk.lubkow.pl\/zgk\/sprzedaz-samochodu-osobowego\/\">\n\t\t\t<h2 class=\"xpro-post-grid-title\">Sprzeda\u017c samochodu osobowego<\/h2>\n\t\t<\/a>\n\n\t\t\n\t\t\t\t\t<p class=\"xpro-post-grid-excerpt\">Uwaga sprzeda\u017c w formie przetargu ofertowego. Wygrywa oferta z najwy\u017csz\u0105 cen\u0105. Termin sk\u0142adania ofert...<\/p>\n\t\t\t\t\t\t\t<a href=\"https:\/\/zgk.lubkow.pl\/zgk\/sprzedaz-samochodu-osobowego\/\" class=\"xpro-post-grid-btn\">Czytaj wi\u0119cej<\/a>\n\t\t\t\t\n\t\t\n\t<\/div>\n<\/div>\n\n<div class=\"cbp-item xpro-post-grid-item\">\n\t\n\t<div class=\"xpro-post-grid-content\">\n\n\t\t\n\t\t\t\t\t<ul class=\"xpro-post-grid-meta-list\">\n\t\t\t\t\t\t\t\t\t\t\t\t\t\t\t<li class=\"xpro-post-grid-meta-date\">\n\t\t\t\t\t\t\t<i aria-hidden=\"true\" class=\"far fa-calendar\"><\/i>\t\t\t\t\t\t\t2022-03-14\t\t\t\t\t\t<\/li>\n\t\t\t\t\t\t\t\t\t\t\t\t\t\t\t\n\t\t\t\t\t\t\t<\/ul>\n\t\t\n\t\t<a href=\"https:\/\/zgk.lubkow.pl\/zgk\/sprzedaz-majatku\/\">\n\t\t\t<h2 class=\"xpro-post-grid-title\">Sprzeda\u017c maj\u0105tku<\/h2>\n\t\t<\/a>\n\n\t\t\n\t\t\t\t\t<p class=\"xpro-post-grid-excerpt\">Sprzeda\u017c maszyn i urz\u0105dze\u0144 Uwaga sprzeda\u017c w formie przetargu ofertowego. Wygrywa oferta z najwy\u017csz\u0105...<\/p>\n\t\t\t\t\t\t\t<a href=\"https:\/\/zgk.lubkow.pl\/zgk\/sprzedaz-majatku\/\" class=\"xpro-post-grid-btn\">Czytaj wi\u0119cej<\/a>\n\t\t\t\t\n\t\t\n\t<\/div>\n<\/div>\n\n<div class=\"cbp-item xpro-post-grid-item\">\n\t\n\t<div class=\"xpro-post-grid-content\">\n\n\t\t\n\t\t\t\t\t<ul class=\"xpro-post-grid-meta-list\">\n\t\t\t\t\t\t\t\t\t\t\t\t\t\t\t<li class=\"xpro-post-grid-meta-date\">\n\t\t\t\t\t\t\t<i aria-hidden=\"true\" class=\"far fa-calendar\"><\/i>\t\t\t\t\t\t\t2022-01-13\t\t\t\t\t\t<\/li>\n\t\t\t\t\t\t\t\t\t\t\t\t\t\t\t\n\t\t\t\t\t\t\t<\/ul>\n\t\t\n\t\t<a href=\"https:\/\/zgk.lubkow.pl\/zgk\/nowe-taryfy-za-wode-i-scieki\/\">\n\t\t\t<h2 class=\"xpro-post-grid-title\">Nowe taryfy za wod\u0119 i \u015bcieki<\/h2>\n\t\t<\/a>\n\n\t\t\n\t\t\t\t\t<p class=\"xpro-post-grid-excerpt\">Szanowni Pa\u0144stwo informujemy, \u017ce organ nadzoru &#8211; jakim jest Dyrektor Regionalnego Zarz\u0105du Gospodarki Wodnej...<\/p>\n\t\t\t\t\t\t\t<a href=\"https:\/\/zgk.lubkow.pl\/zgk\/nowe-taryfy-za-wode-i-scieki\/\" class=\"xpro-post-grid-btn\">Czytaj wi\u0119cej<\/a>\n\t\t\t\t\n\t\t\n\t<\/div>\n<\/div>\n\n<div class=\"cbp-item xpro-post-grid-item\">\n\t\n\t<div class=\"xpro-post-grid-content\">\n\n\t\t\n\t\t\t\t\t<ul class=\"xpro-post-grid-meta-list\">\n\t\t\t\t\t\t\t\t\t\t\t\t\t\t\t<li class=\"xpro-post-grid-meta-date\">\n\t\t\t\t\t\t\t<i aria-hidden=\"true\" class=\"far fa-calendar\"><\/i>\t\t\t\t\t\t\t2022-01-03\t\t\t\t\t\t<\/li>\n\t\t\t\t\t\t\t\t\t\t\t\t\t\t\t\n\t\t\t\t\t\t\t<\/ul>\n\t\t\n\t\t<a href=\"https:\/\/zgk.lubkow.pl\/zgk\/w-dniu-7-stycznia-2022r-zaklad-jest-nieczynny\/\">\n\t\t\t<h2 class=\"xpro-post-grid-title\">W dniu 7 stycznia 2022r. Zak\u0142ad jest nieczynny<\/h2>\n\t\t<\/a>\n\n\t\t\n\t\t\t\t\t<p class=\"xpro-post-grid-excerpt\">Informujemy, \u017ce w dniu 7 stycznia 2022r. Zak\u0142ad Gospodarki Komunalnej w Lubkowie Sp. z...<\/p>\n\t\t\t\t\t\t\t<a href=\"https:\/\/zgk.lubkow.pl\/zgk\/w-dniu-7-stycznia-2022r-zaklad-jest-nieczynny\/\" class=\"xpro-post-grid-btn\">Czytaj wi\u0119cej<\/a>\n\t\t\t\t\n\t\t\n\t<\/div>\n<\/div>\n\n<div class=\"cbp-item xpro-post-grid-item\">\n\t\n\t<div class=\"xpro-post-grid-content\">\n\n\t\t\n\t\t\t\t\t<ul class=\"xpro-post-grid-meta-list\">\n\t\t\t\t\t\t\t\t\t\t\t\t\t\t\t<li class=\"xpro-post-grid-meta-date\">\n\t\t\t\t\t\t\t<i aria-hidden=\"true\" class=\"far fa-calendar\"><\/i>\t\t\t\t\t\t\t2021-12-31\t\t\t\t\t\t<\/li>\n\t\t\t\t\t\t\t\t\t\t\t\t\t\t\t\n\t\t\t\t\t\t\t<\/ul>\n\t\t\n\t\t<a href=\"https:\/\/zgk.lubkow.pl\/zgk\/krotsze-godziny-pracy-zakladu-w-dniu-31-12-2021r\/\">\n\t\t\t<h2 class=\"xpro-post-grid-title\">Kr\u00f3tsze godziny pracy Zak\u0142adu w dniu 31.12.2021r.<\/h2>\n\t\t<\/a>\n\n\t\t\n\t\t\t\t\t<p class=\"xpro-post-grid-excerpt\">W dniu 31 grudnia 2021 r. Zak\u0142ad Gospodarki Komunalnej w Lubkowie oraz PSZOK b\u0119dzie...<\/p>\n\t\t\t\t\t\t\t<a href=\"https:\/\/zgk.lubkow.pl\/zgk\/krotsze-godziny-pracy-zakladu-w-dniu-31-12-2021r\/\" class=\"xpro-post-grid-btn\">Czytaj wi\u0119cej<\/a>\n\t\t\t\t\n\t\t\n\t<\/div>\n<\/div>\n\n<div class=\"cbp-item xpro-post-grid-item\">\n\t\n\t<div class=\"xpro-post-grid-content\">\n\n\t\t\n\t\t\t\t\t<ul class=\"xpro-post-grid-meta-list\">\n\t\t\t\t\t\t\t\t\t\t\t\t\t\t\t<li class=\"xpro-post-grid-meta-date\">\n\t\t\t\t\t\t\t<i aria-hidden=\"true\" class=\"far fa-calendar\"><\/i>\t\t\t\t\t\t\t2021-12-23\t\t\t\t\t\t<\/li>\n\t\t\t\t\t\t\t\t\t\t\t\t\t\t\t\n\t\t\t\t\t\t\t<\/ul>\n\t\t\n\t\t<a href=\"https:\/\/zgk.lubkow.pl\/zgk\/zyczenia-swiateczne\/\">\n\t\t\t<h2 class=\"xpro-post-grid-title\">\u017byczenia \u015awi\u0105teczne<\/h2>\n\t\t<\/a>\n\n\t\t\n\t\t\t\t\t<p class=\"xpro-post-grid-excerpt\">\u017byczenia \u015awi\u0105teczne od ZGK w Lubkowie Sp. z o.o.<\/p>\n\t\t\t\t\t\t\t<a href=\"https:\/\/zgk.lubkow.pl\/zgk\/zyczenia-swiateczne\/\" class=\"xpro-post-grid-btn\">Czytaj wi\u0119cej<\/a>\n\t\t\t\t\n\t\t\n\t<\/div>\n<\/div>\n\n<div class=\"cbp-item xpro-post-grid-item\">\n\t\n\t<div class=\"xpro-post-grid-content\">\n\n\t\t\n\t\t\t\t\t<ul class=\"xpro-post-grid-meta-list\">\n\t\t\t\t\t\t\t\t\t\t\t\t\t\t\t<li class=\"xpro-post-grid-meta-date\">\n\t\t\t\t\t\t\t<i aria-hidden=\"true\" class=\"far fa-calendar\"><\/i>\t\t\t\t\t\t\t2021-12-21\t\t\t\t\t\t<\/li>\n\t\t\t\t\t\t\t\t\t\t\t\t\t\t\t\n\t\t\t\t\t\t\t<\/ul>\n\t\t\n\t\t<a href=\"https:\/\/zgk.lubkow.pl\/zgk\/w-dniu-24-grudnia-2021r-zaklad-jest-nieczynny\/\">\n\t\t\t<h2 class=\"xpro-post-grid-title\">W dniu 24 grudnia 2021r. Zak\u0142ad jest nieczynny<\/h2>\n\t\t<\/a>\n\n\t\t\n\t\t\t\t\t<p class=\"xpro-post-grid-excerpt\">Informujemy, \u017ce w dniu 24 grudnia 2021r. Zak\u0142ad Gospodarki Komunalnej w Lubkowie Sp. z...<\/p>\n\t\t\t\t\t\t\t<a href=\"https:\/\/zgk.lubkow.pl\/zgk\/w-dniu-24-grudnia-2021r-zaklad-jest-nieczynny\/\" class=\"xpro-post-grid-btn\">Czytaj wi\u0119cej<\/a>\n\t\t\t\t\n\t\t\n\t<\/div>\n<\/div>\n\n<div class=\"cbp-item xpro-post-grid-item\">\n\t\n\t<div class=\"xpro-post-grid-content\">\n\n\t\t\n\t\t\t\t\t<ul class=\"xpro-post-grid-meta-list\">\n\t\t\t\t\t\t\t\t\t\t\t\t\t\t\t<li class=\"xpro-post-grid-meta-date\">\n\t\t\t\t\t\t\t<i aria-hidden=\"true\" class=\"far fa-calendar\"><\/i>\t\t\t\t\t\t\t2021-12-06\t\t\t\t\t\t<\/li>\n\t\t\t\t\t\t\t\t\t\t\t\t\t\t\t\n\t\t\t\t\t\t\t<\/ul>\n\t\t\n\t\t<a href=\"https:\/\/zgk.lubkow.pl\/zgk\/dodatkowy-odbior-popiolow-z-palenisk-domowych\/\">\n\t\t\t<h2 class=\"xpro-post-grid-title\">Przy\u015bpieszono odbi\u00f3r popio\u0142\u00f3w z palenisk domowych<\/h2>\n\t\t<\/a>\n\n\t\t\n\t\t\t\t\t<p class=\"xpro-post-grid-excerpt\">Zak\u0142ad Gospodarki Komunalnej w Lubkowie Sp. z o.o. informuj\u0119, \u017ce na wniosek W\u00f3jta Gminy...<\/p>\n\t\t\t\t\t\t\t<a href=\"https:\/\/zgk.lubkow.pl\/zgk\/dodatkowy-odbior-popiolow-z-palenisk-domowych\/\" class=\"xpro-post-grid-btn\">Czytaj wi\u0119cej<\/a>\n\t\t\t\t\n\t\t\n\t<\/div>\n<\/div>\n\n<div class=\"cbp-item xpro-post-grid-item\">\n\t\n\t<div class=\"xpro-post-grid-content\">\n\n\t\t\n\t\t\t\t\t<ul class=\"xpro-post-grid-meta-list\">\n\t\t\t\t\t\t\t\t\t\t\t\t\t\t\t<li class=\"xpro-post-grid-meta-date\">\n\t\t\t\t\t\t\t<i aria-hidden=\"true\" class=\"far fa-calendar\"><\/i>\t\t\t\t\t\t\t2021-11-25\t\t\t\t\t\t<\/li>\n\t\t\t\t\t\t\t\t\t\t\t\t\t\t\t\n\t\t\t\t\t\t\t<\/ul>\n\t\t\n\t\t<a href=\"https:\/\/zgk.lubkow.pl\/zgk\/planowana-przerwa-w-dostawie-wody-w-tomaszowie-boleslawieckim-2\/\">\n\t\t\t<h2 class=\"xpro-post-grid-title\">Planowana przerwa w dostawie wody w Tomaszowie Boles\u0142awieckim<\/h2>\n\t\t<\/a>\n\n\t\t\n\t\t\t\t\t<p class=\"xpro-post-grid-excerpt\">W dniu 29.11.2021 r. w godz. 8.00 \u2013 13.00 planowana jest przerwa w dostawie...<\/p>\n\t\t\t\t\t\t\t<a href=\"https:\/\/zgk.lubkow.pl\/zgk\/planowana-przerwa-w-dostawie-wody-w-tomaszowie-boleslawieckim-2\/\" class=\"xpro-post-grid-btn\">Czytaj wi\u0119cej<\/a>\n\t\t\t\t\n\t\t\n\t<\/div>\n<\/div>\n\n<div class=\"cbp-item xpro-post-grid-item\">\n\t\n\t<div class=\"xpro-post-grid-content\">\n\n\t\t\n\t\t\t\t\t<ul class=\"xpro-post-grid-meta-list\">\n\t\t\t\t\t\t\t\t\t\t\t\t\t\t\t<li class=\"xpro-post-grid-meta-date\">\n\t\t\t\t\t\t\t<i aria-hidden=\"true\" class=\"far fa-calendar\"><\/i>\t\t\t\t\t\t\t2021-09-03\t\t\t\t\t\t<\/li>\n\t\t\t\t\t\t\t\t\t\t\t\t\t\t\t\n\t\t\t\t\t\t\t<\/ul>\n\t\t\n\t\t<a href=\"https:\/\/zgk.lubkow.pl\/zgk\/planowana-przerwa-w-dostawie-wody-w-tomaszowie-boleslawieckim\/\">\n\t\t\t<h2 class=\"xpro-post-grid-title\">Planowana przerwa w dostawie wody w Tomaszowie Boles\u0142awieckim<\/h2>\n\t\t<\/a>\n\n\t\t\n\t\t\t\t\t<p class=\"xpro-post-grid-excerpt\">W dniu 03.09.2021 r. w godz. 15.00 &#8211; 17.30 planowana jest przerwa w dostawie...<\/p>\n\t\t\t\t\t\t\t<a href=\"https:\/\/zgk.lubkow.pl\/zgk\/planowana-przerwa-w-dostawie-wody-w-tomaszowie-boleslawieckim\/\" class=\"xpro-post-grid-btn\">Czytaj wi\u0119cej<\/a>\n\t\t\t\t\n\t\t\n\t<\/div>\n<\/div>\n\n<div class=\"cbp-item xpro-post-grid-item\">\n\t\n\t<div class=\"xpro-post-grid-content\">\n\n\t\t\n\t\t\t\t\t<ul class=\"xpro-post-grid-meta-list\">\n\t\t\t\t\t\t\t\t\t\t\t\t\t\t\t<li class=\"xpro-post-grid-meta-date\">\n\t\t\t\t\t\t\t<i aria-hidden=\"true\" class=\"far fa-calendar\"><\/i>\t\t\t\t\t\t\t2021-08-09\t\t\t\t\t\t<\/li>\n\t\t\t\t\t\t\t\t\t\t\t\t\t\t\t\n\t\t\t\t\t\t\t<\/ul>\n\t\t\n\t\t<a href=\"https:\/\/zgk.lubkow.pl\/zgk\/przerwa-w-dostawie-wody-w-raciborowicach-gornych\/\">\n\t\t\t<h2 class=\"xpro-post-grid-title\">Przerwa w dostawie wody w Raciborowicach  G\u00f3rnych<\/h2>\n\t\t<\/a>\n\n\t\t\n\t\t\t\t\t<p class=\"xpro-post-grid-excerpt\">W dniu 10.08.2021 od godz. 8 nast\u0105pi przerwa w dostawie wody w miejscowo\u015bci Raciborowice...<\/p>\n\t\t\t\t\t\t\t<a href=\"https:\/\/zgk.lubkow.pl\/zgk\/przerwa-w-dostawie-wody-w-raciborowicach-gornych\/\" class=\"xpro-post-grid-btn\">Czytaj wi\u0119cej<\/a>\n\t\t\t\t\n\t\t\n\t<\/div>\n<\/div>\n\n<div class=\"cbp-item xpro-post-grid-item\">\n\t\n\t<div class=\"xpro-post-grid-content\">\n\n\t\t\n\t\t\t\t\t<ul class=\"xpro-post-grid-meta-list\">\n\t\t\t\t\t\t\t\t\t\t\t\t\t\t\t<li class=\"xpro-post-grid-meta-date\">\n\t\t\t\t\t\t\t<i aria-hidden=\"true\" class=\"far fa-calendar\"><\/i>\t\t\t\t\t\t\t2021-07-12\t\t\t\t\t\t<\/li>\n\t\t\t\t\t\t\t\t\t\t\t\t\t\t\t\n\t\t\t\t\t\t\t<\/ul>\n\t\t\n\t\t<a href=\"https:\/\/zgk.lubkow.pl\/zgk\/szczytnica-i-szczytnica-osiedle-przerwa-w-dostawie-wody-w-dniu-13-07-2021\/\">\n\t\t\t<h2 class=\"xpro-post-grid-title\">Szczytnica i Szczytnica Osiedle &#8211; przerwa w dostawie wody w dniu 13.07.2021<\/h2>\n\t\t<\/a>\n\n\t\t\n\t\t\t\t\t<p class=\"xpro-post-grid-excerpt\">W dniu 13.07.2021 r.\u00a0 mog\u0105 nast\u0105pi\u0107 przerwy w dostawie wody dla Szczytnicy i Szczytnicy...<\/p>\n\t\t\t\t\t\t\t<a href=\"https:\/\/zgk.lubkow.pl\/zgk\/szczytnica-i-szczytnica-osiedle-przerwa-w-dostawie-wody-w-dniu-13-07-2021\/\" class=\"xpro-post-grid-btn\">Czytaj wi\u0119cej<\/a>\n\t\t\t\t\n\t\t\n\t<\/div>\n<\/div>\n\n<div class=\"cbp-item xpro-post-grid-item\">\n\t\n\t<div class=\"xpro-post-grid-content\">\n\n\t\t\n\t\t\t\t\t<ul class=\"xpro-post-grid-meta-list\">\n\t\t\t\t\t\t\t\t\t\t\t\t\t\t\t<li class=\"xpro-post-grid-meta-date\">\n\t\t\t\t\t\t\t<i aria-hidden=\"true\" class=\"far fa-calendar\"><\/i>\t\t\t\t\t\t\t2021-06-18\t\t\t\t\t\t<\/li>\n\t\t\t\t\t\t\t\t\t\t\t\t\t\t\t\n\t\t\t\t\t\t\t<\/ul>\n\t\t\n\t\t<a href=\"https:\/\/zgk.lubkow.pl\/zgk\/awaria-wody-w-wartowicach\/\">\n\t\t\t<h2 class=\"xpro-post-grid-title\">Awaria wody w Wartowicach<\/h2>\n\t\t<\/a>\n\n\t\t\n\t\t\t\t\t<p class=\"xpro-post-grid-excerpt\">W dniu 18.06.2021 od godz. 10 przerwa w dostawie wody w Wartowicach. Planowany okres...<\/p>\n\t\t\t\t\t\t\t<a href=\"https:\/\/zgk.lubkow.pl\/zgk\/awaria-wody-w-wartowicach\/\" class=\"xpro-post-grid-btn\">Czytaj wi\u0119cej<\/a>\n\t\t\t\t\n\t\t\n\t<\/div>\n<\/div>\n\n<div class=\"cbp-item xpro-post-grid-item\">\n\t\n\t<div class=\"xpro-post-grid-content\">\n\n\t\t\n\t\t\t\t\t<ul class=\"xpro-post-grid-meta-list\">\n\t\t\t\t\t\t\t\t\t\t\t\t\t\t\t<li class=\"xpro-post-grid-meta-date\">\n\t\t\t\t\t\t\t<i aria-hidden=\"true\" class=\"far fa-calendar\"><\/i>\t\t\t\t\t\t\t2021-06-18\t\t\t\t\t\t<\/li>\n\t\t\t\t\t\t\t\t\t\t\t\t\t\t\t\n\t\t\t\t\t\t\t<\/ul>\n\t\t\n\t\t<a href=\"https:\/\/zgk.lubkow.pl\/zgk\/zwiekszony-pobor-wody\/\">\n\t\t\t<h2 class=\"xpro-post-grid-title\">Okresowy spadek ci\u015bnienia wody ?<\/h2>\n\t\t<\/a>\n\n\t\t\n\t\t\t\t\t<p class=\"xpro-post-grid-excerpt\">Szanowni Pa\u0144stwo, w ostatnich upalnych dniach informujecie Nas o spadkach ci\u015bnienia wody w okresach...<\/p>\n\t\t\t\t\t\t\t<a href=\"https:\/\/zgk.lubkow.pl\/zgk\/zwiekszony-pobor-wody\/\" class=\"xpro-post-grid-btn\">Czytaj wi\u0119cej<\/a>\n\t\t\t\t\n\t\t\n\t<\/div>\n<\/div>\n\n<div class=\"cbp-item xpro-post-grid-item\">\n\t\n\t<div class=\"xpro-post-grid-content\">\n\n\t\t\n\t\t\t\t\t<ul class=\"xpro-post-grid-meta-list\">\n\t\t\t\t\t\t\t\t\t\t\t\t\t\t\t<li class=\"xpro-post-grid-meta-date\">\n\t\t\t\t\t\t\t<i aria-hidden=\"true\" class=\"far fa-calendar\"><\/i>\t\t\t\t\t\t\t2021-06-04\t\t\t\t\t\t<\/li>\n\t\t\t\t\t\t\t\t\t\t\t\t\t\t\t\n\t\t\t\t\t\t\t<\/ul>\n\t\t\n\t\t<a href=\"https:\/\/zgk.lubkow.pl\/zgk\/faktury-elektroniczne-juz-dostepne\/\">\n\t\t\t<h2 class=\"xpro-post-grid-title\">Faktury elektroniczne ju\u017c dost\u0119pne<\/h2>\n\t\t<\/a>\n\n\t\t\n\t\t\t\t\t<p class=\"xpro-post-grid-excerpt\">Wprowadzamy now\u0105 us\u0142ug\u0119. Je\u015bli chcesz, mo\u017cesz dostawa\u0107 od nas na sw\u00f3j adres mailowy faktury...<\/p>\n\t\t\t\t\t\t\t<a href=\"https:\/\/zgk.lubkow.pl\/zgk\/faktury-elektroniczne-juz-dostepne\/\" class=\"xpro-post-grid-btn\">Czytaj wi\u0119cej<\/a>\n\t\t\t\t\n\t\t\n\t<\/div>\n<\/div>\n\n<div class=\"cbp-item xpro-post-grid-item\">\n\t\n\t<div class=\"xpro-post-grid-content\">\n\n\t\t\n\t\t\t\t\t<ul class=\"xpro-post-grid-meta-list\">\n\t\t\t\t\t\t\t\t\t\t\t\t\t\t\t<li class=\"xpro-post-grid-meta-date\">\n\t\t\t\t\t\t\t<i aria-hidden=\"true\" class=\"far fa-calendar\"><\/i>\t\t\t\t\t\t\t2021-05-10\t\t\t\t\t\t<\/li>\n\t\t\t\t\t\t\t\t\t\t\t\t\t\t\t\n\t\t\t\t\t\t\t<\/ul>\n\t\t\n\t\t<a href=\"https:\/\/zgk.lubkow.pl\/zgk\/nowe-godziny-pracy-pszok-w-lubkowie\/\">\n\t\t\t<h2 class=\"xpro-post-grid-title\">Nowe godziny pracy PSZOK w Lubkowie<\/h2>\n\t\t<\/a>\n\n\t\t\n\t\t\t\t\t<p class=\"xpro-post-grid-excerpt\">Od 12 maja 2021 r., w ka\u017cd\u0105 \u015brod\u0119 Punkt Selektywnej Zbi\u00f3rki Odpad\u00f3w b\u0119dzie otwarty...<\/p>\n\t\t\t\t\t\t\t<a href=\"https:\/\/zgk.lubkow.pl\/zgk\/nowe-godziny-pracy-pszok-w-lubkowie\/\" class=\"xpro-post-grid-btn\">Czytaj wi\u0119cej<\/a>\n\t\t\t\t\n\t\t\n\t<\/div>\n<\/div>\n\n<div class=\"cbp-item xpro-post-grid-item\">\n\t\n\t<div class=\"xpro-post-grid-content\">\n\n\t\t\n\t\t\t\t\t<ul class=\"xpro-post-grid-meta-list\">\n\t\t\t\t\t\t\t\t\t\t\t\t\t\t\t<li class=\"xpro-post-grid-meta-date\">\n\t\t\t\t\t\t\t<i aria-hidden=\"true\" class=\"far fa-calendar\"><\/i>\t\t\t\t\t\t\t2021-05-04\t\t\t\t\t\t<\/li>\n\t\t\t\t\t\t\t\t\t\t\t\t\t\t\t\n\t\t\t\t\t\t\t<\/ul>\n\t\t\n\t\t<a href=\"https:\/\/zgk.lubkow.pl\/zgk\/nowe-postepowanie-ponizej-progow-unijnych-w-trybie-podstawowym\/\">\n\t\t\t<h2 class=\"xpro-post-grid-title\">Nowe post\u0119powanie poni\u017cej prog\u00f3w unijnych w trybie podstawowym.  !<\/h2>\n\t\t<\/a>\n\n\t\t\n\t\t\t\t\t<p class=\"xpro-post-grid-excerpt\">Zak\u0142ad Gospodarki Komunalnej w Lubkowie Sp. z o.o. og\u0142asza post\u0119powanie na \u201eDostawa materia\u0142\u00f3w hydraulicznych...<\/p>\n\t\t\t\t\t\t\t<a href=\"https:\/\/zgk.lubkow.pl\/zgk\/nowe-postepowanie-ponizej-progow-unijnych-w-trybie-podstawowym\/\" class=\"xpro-post-grid-btn\">Czytaj wi\u0119cej<\/a>\n\t\t\t\t\n\t\t\n\t<\/div>\n<\/div>\n\n<div class=\"cbp-item xpro-post-grid-item\">\n\t\n\t<div class=\"xpro-post-grid-content\">\n\n\t\t\n\t\t\t\t\t<ul class=\"xpro-post-grid-meta-list\">\n\t\t\t\t\t\t\t\t\t\t\t\t\t\t\t<li class=\"xpro-post-grid-meta-date\">\n\t\t\t\t\t\t\t<i aria-hidden=\"true\" class=\"far fa-calendar\"><\/i>\t\t\t\t\t\t\t2021-04-12\t\t\t\t\t\t<\/li>\n\t\t\t\t\t\t\t\t\t\t\t\t\t\t\t\n\t\t\t\t\t\t\t<\/ul>\n\t\t\n\t\t<a href=\"https:\/\/zgk.lubkow.pl\/zgk\/informacja-dotyczaca-pracy-zakladu\/\">\n\t\t\t<h2 class=\"xpro-post-grid-title\">Informacja dotycz\u0105ca pracy Zak\u0142adu<\/h2>\n\t\t<\/a>\n\n\t\t\n\t\t\t\t\t<p class=\"xpro-post-grid-excerpt\">Uprzejmie informujemy, \u017ce w dniu 30 kwietnia 2021 r. (pi\u0105tek) Zak\u0142ad Gospodarki Komunalnej w...<\/p>\n\t\t\t\t\t\t\t<a href=\"https:\/\/zgk.lubkow.pl\/zgk\/informacja-dotyczaca-pracy-zakladu\/\" class=\"xpro-post-grid-btn\">Czytaj wi\u0119cej<\/a>\n\t\t\t\t\n\t\t\n\t<\/div>\n<\/div>\n\n<div class=\"cbp-item xpro-post-grid-item\">\n\t\n\t<div class=\"xpro-post-grid-content\">\n\n\t\t\n\t\t\t\t\t<ul class=\"xpro-post-grid-meta-list\">\n\t\t\t\t\t\t\t\t\t\t\t\t\t\t\t<li class=\"xpro-post-grid-meta-date\">\n\t\t\t\t\t\t\t<i aria-hidden=\"true\" class=\"far fa-calendar\"><\/i>\t\t\t\t\t\t\t2021-04-02\t\t\t\t\t\t<\/li>\n\t\t\t\t\t\t\t\t\t\t\t\t\t\t\t\n\t\t\t\t\t\t\t<\/ul>\n\t\t\n\t\t<a href=\"https:\/\/zgk.lubkow.pl\/zgk\/wazna-informacja\/\">\n\t\t\t<h2 class=\"xpro-post-grid-title\">Wa\u017cna informacja<\/h2>\n\t\t<\/a>\n\n\t\t\n\t\t\t\t\t<p class=\"xpro-post-grid-excerpt\">Szanowni Pa\u0144stwo, informujemy \u017ce w dniu 02 kwietnia 2021 r. PSZOK oraz obs\u0142uga klienta...<\/p>\n\t\t\t\t\t\t\t<a href=\"https:\/\/zgk.lubkow.pl\/zgk\/wazna-informacja\/\" class=\"xpro-post-grid-btn\">Czytaj wi\u0119cej<\/a>\n\t\t\t\t\n\t\t\n\t<\/div>\n<\/div>\n\n<div class=\"cbp-item xpro-post-grid-item\">\n\t\n\t<div class=\"xpro-post-grid-content\">\n\n\t\t\n\t\t\t\t\t<ul class=\"xpro-post-grid-meta-list\">\n\t\t\t\t\t\t\t\t\t\t\t\t\t\t\t<li class=\"xpro-post-grid-meta-date\">\n\t\t\t\t\t\t\t<i aria-hidden=\"true\" class=\"far fa-calendar\"><\/i>\t\t\t\t\t\t\t2021-03-28\t\t\t\t\t\t<\/li>\n\t\t\t\t\t\t\t\t\t\t\t\t\t\t\t\n\t\t\t\t\t\t\t<\/ul>\n\t\t\n\t\t<a href=\"https:\/\/zgk.lubkow.pl\/zgk\/przerwa-w-dostawie-wody-w-miejscowosci-wartowice\/\">\n\t\t\t<h2 class=\"xpro-post-grid-title\">Przerwa w dostawie wody w miejscowo\u015bci Wartowice<\/h2>\n\t\t<\/a>\n\n\t\t\n\t\t\t\t\t<p class=\"xpro-post-grid-excerpt\">Zak\u0142ad Gospodarki Komunalnej w Lubkowie Sp. z o.o. zawiadamia, \u017ce&nbsp;w dniu 26.03.2021&nbsp;od godz. 9.00...<\/p>\n\t\t\t\t\t\t\t<a href=\"https:\/\/zgk.lubkow.pl\/zgk\/przerwa-w-dostawie-wody-w-miejscowosci-wartowice\/\" class=\"xpro-post-grid-btn\">Czytaj wi\u0119cej<\/a>\n\t\t\t\t\n\t\t\n\t<\/div>\n<\/div>\n\n\t\t\t\t<\/div>\n\n\t\t\t\t\n\t\t<\/div>\n\n\t\t\t\t\t\t<\/div>\n\t\t\t\t<\/div>\n\t\t\t\t\t<\/div>\n\t\t\t\t<\/div>\n\t\t\t\t<\/div>\n\t\t","protected":false},"excerpt":{"rendered":"<p>Aktualno\u015bci 2026-02-05 W dniu dzisiejszym odpady komunalne nie zostan\u0105 odebrane Szanowni Pa\u0144stwo,\u00a0 w zwi\u0105zku z sytuacj\u0105 pogodow\u0105 w dniu dzisiejszym &#8211; tj. 05 lutego&#8230; Czytaj wi\u0119cej 2026-02-05 Uwaga na \u015blisko\u015b\u0107 dr\u00f3g ! Szanowni Pa\u0144stwo, Informuj\u0119, \u017ce ZGK w Lubkowie Sp. z o.o. skupia si\u0119 w pierwszej&#8230; Czytaj wi\u0119cej 2026-01-21 Wymiana wodomierzy g\u0142\u00f3wnych w miejscowo\u015bci Iwiny [&hellip;]<\/p>\n","protected":false},"author":1,"featured_media":0,"parent":0,"menu_order":0,"comment_status":"closed","ping_status":"closed","template":"","meta":{"footnotes":""},"class_list":["post-4620","page","type-page","status-publish","hentry"],"yoast_head":"<!-- This site is optimized with the Yoast SEO plugin v27.2 - https:\/\/yoast.com\/product\/yoast-seo-wordpress\/ -->\n<title>Aktualno\u015bci - Zak\u0142ad Gospodarki Komunalnej w Lubkowie Sp\u00f3\u0142ka z o.o.<\/title>\n<meta name=\"robots\" content=\"index, follow, max-snippet:-1, max-image-preview:large, max-video-preview:-1\" \/>\n<link rel=\"canonical\" href=\"https:\/\/zgk.lubkow.pl\/zgk\/aktualnosci\/\" \/>\n<meta property=\"og:locale\" content=\"pl_PL\" \/>\n<meta property=\"og:type\" content=\"article\" \/>\n<meta property=\"og:title\" content=\"Aktualno\u015bci - Zak\u0142ad Gospodarki Komunalnej w Lubkowie Sp\u00f3\u0142ka z o.o.\" \/>\n<meta property=\"og:description\" content=\"Aktualno\u015bci 2026-02-05 W dniu dzisiejszym odpady komunalne nie zostan\u0105 odebrane Szanowni Pa\u0144stwo,\u00a0 w zwi\u0105zku z sytuacj\u0105 pogodow\u0105 w dniu dzisiejszym &#8211; tj. 05 lutego&#8230; Czytaj wi\u0119cej 2026-02-05 Uwaga na \u015blisko\u015b\u0107 dr\u00f3g ! Szanowni Pa\u0144stwo, Informuj\u0119, \u017ce ZGK w Lubkowie Sp. z o.o. skupia si\u0119 w pierwszej&#8230; Czytaj wi\u0119cej 2026-01-21 Wymiana wodomierzy g\u0142\u00f3wnych w miejscowo\u015bci Iwiny [&hellip;]\" \/>\n<meta property=\"og:url\" content=\"https:\/\/zgk.lubkow.pl\/zgk\/aktualnosci\/\" \/>\n<meta property=\"og:site_name\" content=\"Zak\u0142ad Gospodarki Komunalnej w Lubkowie Sp\u00f3\u0142ka z o.o.\" \/>\n<meta property=\"article:modified_time\" content=\"2026-03-20T07:36:07+00:00\" \/>\n<meta property=\"og:image\" content=\"https:\/\/gzgk.home.pl\/zgk\/wp-content\/uploads\/2022\/03\/PRZETARG-e1647263743926.jpg\" \/>\n<meta name=\"twitter:card\" content=\"summary_large_image\" \/>\n<meta name=\"twitter:label1\" content=\"Szacowany czas czytania\" \/>\n\t<meta name=\"twitter:data1\" content=\"19 minut\" \/>\n<script type=\"application\/ld+json\" class=\"yoast-schema-graph\">{\"@context\":\"https:\/\/schema.org\",\"@graph\":[{\"@type\":\"WebPage\",\"@id\":\"https:\/\/zgk.lubkow.pl\/zgk\/aktualnosci\/\",\"url\":\"https:\/\/zgk.lubkow.pl\/zgk\/aktualnosci\/\",\"name\":\"Aktualno\u015bci - Zak\u0142ad Gospodarki Komunalnej w Lubkowie Sp\u00f3\u0142ka z o.o.\",\"isPartOf\":{\"@id\":\"https:\/\/zgk.lubkow.pl\/zgk\/#website\"},\"primaryImageOfPage\":{\"@id\":\"https:\/\/zgk.lubkow.pl\/zgk\/aktualnosci\/#primaryimage\"},\"image\":{\"@id\":\"https:\/\/zgk.lubkow.pl\/zgk\/aktualnosci\/#primaryimage\"},\"thumbnailUrl\":\"https:\/\/gzgk.home.pl\/zgk\/wp-content\/uploads\/2022\/03\/PRZETARG-e1647263743926.jpg\",\"datePublished\":\"2026-03-19T11:07:48+00:00\",\"dateModified\":\"2026-03-20T07:36:07+00:00\",\"breadcrumb\":{\"@id\":\"https:\/\/zgk.lubkow.pl\/zgk\/aktualnosci\/#breadcrumb\"},\"inLanguage\":\"pl-PL\",\"potentialAction\":[{\"@type\":\"ReadAction\",\"target\":[\"https:\/\/zgk.lubkow.pl\/zgk\/aktualnosci\/\"]}]},{\"@type\":\"ImageObject\",\"inLanguage\":\"pl-PL\",\"@id\":\"https:\/\/zgk.lubkow.pl\/zgk\/aktualnosci\/#primaryimage\",\"url\":\"https:\/\/gzgk.home.pl\/zgk\/wp-content\/uploads\/2022\/03\/PRZETARG-e1647263743926.jpg\",\"contentUrl\":\"https:\/\/gzgk.home.pl\/zgk\/wp-content\/uploads\/2022\/03\/PRZETARG-e1647263743926.jpg\"},{\"@type\":\"BreadcrumbList\",\"@id\":\"https:\/\/zgk.lubkow.pl\/zgk\/aktualnosci\/#breadcrumb\",\"itemListElement\":[{\"@type\":\"ListItem\",\"position\":1,\"name\":\"Strona g\u0142\u00f3wna\",\"item\":\"https:\/\/zgk.lubkow.pl\/zgk\/\"},{\"@type\":\"ListItem\",\"position\":2,\"name\":\"Aktualno\u015bci\"}]},{\"@type\":\"WebSite\",\"@id\":\"https:\/\/zgk.lubkow.pl\/zgk\/#website\",\"url\":\"https:\/\/zgk.lubkow.pl\/zgk\/\",\"name\":\"Zak\u0142ad Gospodarki Komunalnej w Lubkowie Sp\u00f3\u0142ka z o.o.\",\"description\":\"\",\"publisher\":{\"@id\":\"https:\/\/zgk.lubkow.pl\/zgk\/#organization\"},\"potentialAction\":[{\"@type\":\"SearchAction\",\"target\":{\"@type\":\"EntryPoint\",\"urlTemplate\":\"https:\/\/zgk.lubkow.pl\/zgk\/?s={search_term_string}\"},\"query-input\":{\"@type\":\"PropertyValueSpecification\",\"valueRequired\":true,\"valueName\":\"search_term_string\"}}],\"inLanguage\":\"pl-PL\"},{\"@type\":\"Organization\",\"@id\":\"https:\/\/zgk.lubkow.pl\/zgk\/#organization\",\"name\":\"Zak\u0142ad Gospodarki Komunalnej w Lubkowie Sp\u00f3\u0142ka z o.o.\",\"url\":\"https:\/\/zgk.lubkow.pl\/zgk\/\",\"logo\":{\"@type\":\"ImageObject\",\"inLanguage\":\"pl-PL\",\"@id\":\"https:\/\/zgk.lubkow.pl\/zgk\/#\/schema\/logo\/image\/\",\"url\":\"https:\/\/zgk.lubkow.pl\/zgk\/wp-content\/uploads\/2026\/02\/logo-copy.webp\",\"contentUrl\":\"https:\/\/zgk.lubkow.pl\/zgk\/wp-content\/uploads\/2026\/02\/logo-copy.webp\",\"width\":844,\"height\":115,\"caption\":\"Zak\u0142ad Gospodarki Komunalnej w Lubkowie Sp\u00f3\u0142ka z o.o.\"},\"image\":{\"@id\":\"https:\/\/zgk.lubkow.pl\/zgk\/#\/schema\/logo\/image\/\"}}]}<\/script>\n<!-- \/ Yoast SEO plugin. -->","yoast_head_json":{"title":"Aktualno\u015bci - Zak\u0142ad Gospodarki Komunalnej w Lubkowie Sp\u00f3\u0142ka z o.o.","robots":{"index":"index","follow":"follow","max-snippet":"max-snippet:-1","max-image-preview":"max-image-preview:large","max-video-preview":"max-video-preview:-1"},"canonical":"https:\/\/zgk.lubkow.pl\/zgk\/aktualnosci\/","og_locale":"pl_PL","og_type":"article","og_title":"Aktualno\u015bci - Zak\u0142ad Gospodarki Komunalnej w Lubkowie Sp\u00f3\u0142ka z o.o.","og_description":"Aktualno\u015bci 2026-02-05 W dniu dzisiejszym odpady komunalne nie zostan\u0105 odebrane Szanowni Pa\u0144stwo,\u00a0 w zwi\u0105zku z sytuacj\u0105 pogodow\u0105 w dniu dzisiejszym &#8211; tj. 05 lutego&#8230; Czytaj wi\u0119cej 2026-02-05 Uwaga na \u015blisko\u015b\u0107 dr\u00f3g ! Szanowni Pa\u0144stwo, Informuj\u0119, \u017ce ZGK w Lubkowie Sp. z o.o. skupia si\u0119 w pierwszej&#8230; Czytaj wi\u0119cej 2026-01-21 Wymiana wodomierzy g\u0142\u00f3wnych w miejscowo\u015bci Iwiny [&hellip;]","og_url":"https:\/\/zgk.lubkow.pl\/zgk\/aktualnosci\/","og_site_name":"Zak\u0142ad Gospodarki Komunalnej w Lubkowie Sp\u00f3\u0142ka z o.o.","article_modified_time":"2026-03-20T07:36:07+00:00","og_image":[{"url":"https:\/\/gzgk.home.pl\/zgk\/wp-content\/uploads\/2022\/03\/PRZETARG-e1647263743926.jpg","type":"","width":"","height":""}],"twitter_card":"summary_large_image","twitter_misc":{"Szacowany czas czytania":"19 minut"},"schema":{"@context":"https:\/\/schema.org","@graph":[{"@type":"WebPage","@id":"https:\/\/zgk.lubkow.pl\/zgk\/aktualnosci\/","url":"https:\/\/zgk.lubkow.pl\/zgk\/aktualnosci\/","name":"Aktualno\u015bci - Zak\u0142ad Gospodarki Komunalnej w Lubkowie Sp\u00f3\u0142ka z o.o.","isPartOf":{"@id":"https:\/\/zgk.lubkow.pl\/zgk\/#website"},"primaryImageOfPage":{"@id":"https:\/\/zgk.lubkow.pl\/zgk\/aktualnosci\/#primaryimage"},"image":{"@id":"https:\/\/zgk.lubkow.pl\/zgk\/aktualnosci\/#primaryimage"},"thumbnailUrl":"https:\/\/gzgk.home.pl\/zgk\/wp-content\/uploads\/2022\/03\/PRZETARG-e1647263743926.jpg","datePublished":"2026-03-19T11:07:48+00:00","dateModified":"2026-03-20T07:36:07+00:00","breadcrumb":{"@id":"https:\/\/zgk.lubkow.pl\/zgk\/aktualnosci\/#breadcrumb"},"inLanguage":"pl-PL","potentialAction":[{"@type":"ReadAction","target":["https:\/\/zgk.lubkow.pl\/zgk\/aktualnosci\/"]}]},{"@type":"ImageObject","inLanguage":"pl-PL","@id":"https:\/\/zgk.lubkow.pl\/zgk\/aktualnosci\/#primaryimage","url":"https:\/\/gzgk.home.pl\/zgk\/wp-content\/uploads\/2022\/03\/PRZETARG-e1647263743926.jpg","contentUrl":"https:\/\/gzgk.home.pl\/zgk\/wp-content\/uploads\/2022\/03\/PRZETARG-e1647263743926.jpg"},{"@type":"BreadcrumbList","@id":"https:\/\/zgk.lubkow.pl\/zgk\/aktualnosci\/#breadcrumb","itemListElement":[{"@type":"ListItem","position":1,"name":"Strona g\u0142\u00f3wna","item":"https:\/\/zgk.lubkow.pl\/zgk\/"},{"@type":"ListItem","position":2,"name":"Aktualno\u015bci"}]},{"@type":"WebSite","@id":"https:\/\/zgk.lubkow.pl\/zgk\/#website","url":"https:\/\/zgk.lubkow.pl\/zgk\/","name":"Zak\u0142ad Gospodarki Komunalnej w Lubkowie Sp\u00f3\u0142ka z o.o.","description":"","publisher":{"@id":"https:\/\/zgk.lubkow.pl\/zgk\/#organization"},"potentialAction":[{"@type":"SearchAction","target":{"@type":"EntryPoint","urlTemplate":"https:\/\/zgk.lubkow.pl\/zgk\/?s={search_term_string}"},"query-input":{"@type":"PropertyValueSpecification","valueRequired":true,"valueName":"search_term_string"}}],"inLanguage":"pl-PL"},{"@type":"Organization","@id":"https:\/\/zgk.lubkow.pl\/zgk\/#organization","name":"Zak\u0142ad Gospodarki Komunalnej w Lubkowie Sp\u00f3\u0142ka z o.o.","url":"https:\/\/zgk.lubkow.pl\/zgk\/","logo":{"@type":"ImageObject","inLanguage":"pl-PL","@id":"https:\/\/zgk.lubkow.pl\/zgk\/#\/schema\/logo\/image\/","url":"https:\/\/zgk.lubkow.pl\/zgk\/wp-content\/uploads\/2026\/02\/logo-copy.webp","contentUrl":"https:\/\/zgk.lubkow.pl\/zgk\/wp-content\/uploads\/2026\/02\/logo-copy.webp","width":844,"height":115,"caption":"Zak\u0142ad Gospodarki Komunalnej w Lubkowie Sp\u00f3\u0142ka z o.o."},"image":{"@id":"https:\/\/zgk.lubkow.pl\/zgk\/#\/schema\/logo\/image\/"}}]}},"_links":{"self":[{"href":"https:\/\/zgk.lubkow.pl\/zgk\/wp-json\/wp\/v2\/pages\/4620","targetHints":{"allow":["GET"]}}],"collection":[{"href":"https:\/\/zgk.lubkow.pl\/zgk\/wp-json\/wp\/v2\/pages"}],"about":[{"href":"https:\/\/zgk.lubkow.pl\/zgk\/wp-json\/wp\/v2\/types\/page"}],"author":[{"embeddable":true,"href":"https:\/\/zgk.lubkow.pl\/zgk\/wp-json\/wp\/v2\/users\/1"}],"replies":[{"embeddable":true,"href":"https:\/\/zgk.lubkow.pl\/zgk\/wp-json\/wp\/v2\/comments?post=4620"}],"version-history":[{"count":16,"href":"https:\/\/zgk.lubkow.pl\/zgk\/wp-json\/wp\/v2\/pages\/4620\/revisions"}],"predecessor-version":[{"id":4728,"href":"https:\/\/zgk.lubkow.pl\/zgk\/wp-json\/wp\/v2\/pages\/4620\/revisions\/4728"}],"wp:attachment":[{"href":"https:\/\/zgk.lubkow.pl\/zgk\/wp-json\/wp\/v2\/media?parent=4620"}],"curies":[{"name":"wp","href":"https:\/\/api.w.org\/{rel}","templated":true}]}}