{"id":4488,"date":"2026-03-06T10:32:43","date_gmt":"2026-03-06T09:32:43","guid":{"rendered":"https:\/\/zgklubkow.projekty.blulink.pl\/?page_id=4488"},"modified":"2026-03-06T10:33:44","modified_gmt":"2026-03-06T09:33:44","slug":"organizacja-wewnetrzna-spolki","status":"publish","type":"page","link":"https:\/\/zgk.lubkow.pl\/zgk\/organizacja-wewnetrzna-spolki\/","title":{"rendered":"Organizacja wewn\u0119trzna Sp\u00f3\u0142ki"},"content":{"rendered":"\t\t<div data-elementor-type=\"wp-page\" data-elementor-id=\"4488\" class=\"elementor elementor-4488\">\n\t\t\t\t<div class=\"elementor-element elementor-element-438b82b e-flex e-con-boxed e-con e-parent\" data-id=\"438b82b\" data-element_type=\"container\" data-e-type=\"container\" data-settings=\"{&quot;background_background&quot;:&quot;classic&quot;}\">\n\t\t\t\t\t<div class=\"e-con-inner\">\n\t\t<div class=\"elementor-element elementor-element-5521963 e-con-full e-flex e-con e-child\" data-id=\"5521963\" data-element_type=\"container\" data-e-type=\"container\">\n\t\t\t\t<div class=\"elementor-element elementor-element-76d998f elementor-widget elementor-widget-xpro-page-title\" data-id=\"76d998f\" data-element_type=\"widget\" data-e-type=\"widget\" data-widget_type=\"xpro-page-title.default\">\n\t\t\t\t\t\n<h1 class=\"xpro-page-title\">\n<span class=\"xpro-page-title-text\">\n\t\tOrganizacja wewn\u0119trzna Sp\u00f3\u0142ki\t<\/span>\n<\/h1>\n\t\t\t\t<\/div>\n\t\t\t\t<div class=\"elementor-element elementor-element-691b5e3 elementor-widget-divider--view-line elementor-widget elementor-widget-divider\" data-id=\"691b5e3\" data-element_type=\"widget\" data-e-type=\"widget\" data-widget_type=\"divider.default\">\n\t\t\t\t\t\t\t<div class=\"elementor-divider\">\n\t\t\t<span class=\"elementor-divider-separator\">\n\t\t\t\t\t\t<\/span>\n\t\t<\/div>\n\t\t\t\t\t\t<\/div>\n\t\t\t\t<div class=\"elementor-element elementor-element-6b76f54 elementor-widget elementor-widget-text-editor\" data-id=\"6b76f54\" data-element_type=\"widget\" data-e-type=\"widget\" data-widget_type=\"text-editor.default\">\n\t\t\t\t\t<span property=\"itemListElement\" typeof=\"ListItem\"><a property=\"item\" typeof=\"WebPage\" title=\"Przejd\u017a do Zak\u0142ad Gospodarki Komunalnej w Lubkowie Sp\u00f3\u0142ka z o.o..\" href=\"https:\/\/zgk.lubkow.pl\/zgk\" class=\"home\" aria-current=\"page\"><span property=\"name\">Zak\u0142ad Gospodarki Komunalnej w Lubkowie Sp\u00f3\u0142ka z o.o.<\/span><\/a><meta property=\"position\" content=\"1\"><\/span>\t\t\t\t<\/div>\n\t\t\t\t<\/div>\n\t\t\t\t\t<\/div>\n\t\t\t\t<\/div>\n\t\t<div class=\"elementor-element elementor-element-40efb2c e-flex e-con-boxed e-con e-parent\" data-id=\"40efb2c\" data-element_type=\"container\" data-e-type=\"container\" data-settings=\"{&quot;background_background&quot;:&quot;classic&quot;}\">\n\t\t\t\t\t<div class=\"e-con-inner\">\n\t\t\t\t<div class=\"elementor-element elementor-element-fe6935c elementor-widget elementor-widget-text-editor\" data-id=\"fe6935c\" data-element_type=\"widget\" data-e-type=\"widget\" data-widget_type=\"text-editor.default\">\n\t\t\t\t\t\t\t\t\t<p>W ZGK w Lubkowie Sp. z o.o. kom\u00f3rkami organizacyjnymi s\u0105 samodzielne stanowiska pracy oraz dzia\u0142y organizacyjne zgromadzone w sze\u015bciu pionach:<\/p><ul><li>pion Dzia\u0142u Gospodarki Wodoci\u0105gowej<\/li><li>pion Dzia\u0142u Gospodarki \u015aciekowej<\/li><li>pion Dzia\u0142u Gospodarki Odpadami<\/li><li>pion Dzia\u0142u Administracyjnego<\/li><li>pion Dzia\u0142u Finansowo-Ksi\u0119gowego<\/li><li>pracownicy na samodzielnych stanowiskach<\/li><\/ul><p><br \/>Wszystkie kom\u00f3rki organizacyjne Sp\u00f3\u0142ki dzia\u0142aj\u0105 w oparciu o obowi\u0105zuj\u0105ce powszechnie przepisy, uchwa\u0142y organ\u00f3w Sp\u00f3\u0142ki, wewn\u0119trzne regulaminy, instrukcje i procedury.<\/p>\t\t\t\t\t\t\t\t<\/div>\n\t\t\t\t\t<\/div>\n\t\t\t\t<\/div>\n\t\t\t\t<\/div>\n\t\t","protected":false},"excerpt":{"rendered":"<p>Organizacja wewn\u0119trzna Sp\u00f3\u0142ki W ZGK w Lubkowie Sp. z o.o. kom\u00f3rkami organizacyjnymi s\u0105 samodzielne stanowiska pracy oraz dzia\u0142y organizacyjne zgromadzone w sze\u015bciu pionach: pion Dzia\u0142u Gospodarki Wodoci\u0105gowej pion Dzia\u0142u Gospodarki \u015aciekowej pion Dzia\u0142u Gospodarki Odpadami pion Dzia\u0142u Administracyjnego pion Dzia\u0142u Finansowo-Ksi\u0119gowego pracownicy na samodzielnych stanowiskach Wszystkie kom\u00f3rki organizacyjne Sp\u00f3\u0142ki dzia\u0142aj\u0105 w oparciu o obowi\u0105zuj\u0105ce powszechnie [&hellip;]<\/p>\n","protected":false},"author":1,"featured_media":0,"parent":0,"menu_order":0,"comment_status":"closed","ping_status":"closed","template":"","meta":{"footnotes":""},"class_list":["post-4488","page","type-page","status-publish","hentry"],"yoast_head":"<!-- This site is optimized with the Yoast SEO plugin v27.2 - https:\/\/yoast.com\/product\/yoast-seo-wordpress\/ -->\n<title>Organizacja wewn\u0119trzna Sp\u00f3\u0142ki - Zak\u0142ad Gospodarki Komunalnej w Lubkowie Sp\u00f3\u0142ka z o.o.<\/title>\n<meta name=\"robots\" content=\"index, follow, max-snippet:-1, max-image-preview:large, max-video-preview:-1\" \/>\n<link rel=\"canonical\" href=\"https:\/\/zgk.lubkow.pl\/zgk\/organizacja-wewnetrzna-spolki\/\" \/>\n<meta property=\"og:locale\" content=\"pl_PL\" \/>\n<meta property=\"og:type\" content=\"article\" \/>\n<meta property=\"og:title\" content=\"Organizacja wewn\u0119trzna Sp\u00f3\u0142ki - Zak\u0142ad Gospodarki Komunalnej w Lubkowie Sp\u00f3\u0142ka z o.o.\" \/>\n<meta property=\"og:description\" content=\"Organizacja wewn\u0119trzna Sp\u00f3\u0142ki W ZGK w Lubkowie Sp. z o.o. kom\u00f3rkami organizacyjnymi s\u0105 samodzielne stanowiska pracy oraz dzia\u0142y organizacyjne zgromadzone w sze\u015bciu pionach: pion Dzia\u0142u Gospodarki Wodoci\u0105gowej pion Dzia\u0142u Gospodarki \u015aciekowej pion Dzia\u0142u Gospodarki Odpadami pion Dzia\u0142u Administracyjnego pion Dzia\u0142u Finansowo-Ksi\u0119gowego pracownicy na samodzielnych stanowiskach Wszystkie kom\u00f3rki organizacyjne Sp\u00f3\u0142ki dzia\u0142aj\u0105 w oparciu o obowi\u0105zuj\u0105ce powszechnie [&hellip;]\" \/>\n<meta property=\"og:url\" content=\"https:\/\/zgk.lubkow.pl\/zgk\/organizacja-wewnetrzna-spolki\/\" \/>\n<meta property=\"og:site_name\" content=\"Zak\u0142ad Gospodarki Komunalnej w Lubkowie Sp\u00f3\u0142ka z o.o.\" \/>\n<meta property=\"article:modified_time\" content=\"2026-03-06T09:33:44+00:00\" \/>\n<meta name=\"twitter:card\" content=\"summary_large_image\" \/>\n<meta name=\"twitter:label1\" content=\"Szacowany czas czytania\" \/>\n\t<meta name=\"twitter:data1\" content=\"1 minuta\" \/>\n<script type=\"application\/ld+json\" class=\"yoast-schema-graph\">{\"@context\":\"https:\/\/schema.org\",\"@graph\":[{\"@type\":\"WebPage\",\"@id\":\"https:\/\/zgk.lubkow.pl\/zgk\/organizacja-wewnetrzna-spolki\/\",\"url\":\"https:\/\/zgk.lubkow.pl\/zgk\/organizacja-wewnetrzna-spolki\/\",\"name\":\"Organizacja wewn\u0119trzna Sp\u00f3\u0142ki - Zak\u0142ad Gospodarki Komunalnej w Lubkowie Sp\u00f3\u0142ka z o.o.\",\"isPartOf\":{\"@id\":\"https:\/\/zgk.lubkow.pl\/zgk\/#website\"},\"datePublished\":\"2026-03-06T09:32:43+00:00\",\"dateModified\":\"2026-03-06T09:33:44+00:00\",\"breadcrumb\":{\"@id\":\"https:\/\/zgk.lubkow.pl\/zgk\/organizacja-wewnetrzna-spolki\/#breadcrumb\"},\"inLanguage\":\"pl-PL\",\"potentialAction\":[{\"@type\":\"ReadAction\",\"target\":[\"https:\/\/zgk.lubkow.pl\/zgk\/organizacja-wewnetrzna-spolki\/\"]}]},{\"@type\":\"BreadcrumbList\",\"@id\":\"https:\/\/zgk.lubkow.pl\/zgk\/organizacja-wewnetrzna-spolki\/#breadcrumb\",\"itemListElement\":[{\"@type\":\"ListItem\",\"position\":1,\"name\":\"Strona g\u0142\u00f3wna\",\"item\":\"https:\/\/zgk.lubkow.pl\/zgk\/\"},{\"@type\":\"ListItem\",\"position\":2,\"name\":\"Organizacja wewn\u0119trzna Sp\u00f3\u0142ki\"}]},{\"@type\":\"WebSite\",\"@id\":\"https:\/\/zgk.lubkow.pl\/zgk\/#website\",\"url\":\"https:\/\/zgk.lubkow.pl\/zgk\/\",\"name\":\"Zak\u0142ad Gospodarki Komunalnej w Lubkowie Sp\u00f3\u0142ka z o.o.\",\"description\":\"\",\"publisher\":{\"@id\":\"https:\/\/zgk.lubkow.pl\/zgk\/#organization\"},\"potentialAction\":[{\"@type\":\"SearchAction\",\"target\":{\"@type\":\"EntryPoint\",\"urlTemplate\":\"https:\/\/zgk.lubkow.pl\/zgk\/?s={search_term_string}\"},\"query-input\":{\"@type\":\"PropertyValueSpecification\",\"valueRequired\":true,\"valueName\":\"search_term_string\"}}],\"inLanguage\":\"pl-PL\"},{\"@type\":\"Organization\",\"@id\":\"https:\/\/zgk.lubkow.pl\/zgk\/#organization\",\"name\":\"Zak\u0142ad Gospodarki Komunalnej w Lubkowie Sp\u00f3\u0142ka z o.o.\",\"url\":\"https:\/\/zgk.lubkow.pl\/zgk\/\",\"logo\":{\"@type\":\"ImageObject\",\"inLanguage\":\"pl-PL\",\"@id\":\"https:\/\/zgk.lubkow.pl\/zgk\/#\/schema\/logo\/image\/\",\"url\":\"https:\/\/zgk.lubkow.pl\/zgk\/wp-content\/uploads\/2026\/02\/logo-copy.webp\",\"contentUrl\":\"https:\/\/zgk.lubkow.pl\/zgk\/wp-content\/uploads\/2026\/02\/logo-copy.webp\",\"width\":844,\"height\":115,\"caption\":\"Zak\u0142ad Gospodarki Komunalnej w Lubkowie Sp\u00f3\u0142ka z o.o.\"},\"image\":{\"@id\":\"https:\/\/zgk.lubkow.pl\/zgk\/#\/schema\/logo\/image\/\"}}]}<\/script>\n<!-- \/ Yoast SEO plugin. -->","yoast_head_json":{"title":"Organizacja wewn\u0119trzna Sp\u00f3\u0142ki - Zak\u0142ad Gospodarki Komunalnej w Lubkowie Sp\u00f3\u0142ka z o.o.","robots":{"index":"index","follow":"follow","max-snippet":"max-snippet:-1","max-image-preview":"max-image-preview:large","max-video-preview":"max-video-preview:-1"},"canonical":"https:\/\/zgk.lubkow.pl\/zgk\/organizacja-wewnetrzna-spolki\/","og_locale":"pl_PL","og_type":"article","og_title":"Organizacja wewn\u0119trzna Sp\u00f3\u0142ki - Zak\u0142ad Gospodarki Komunalnej w Lubkowie Sp\u00f3\u0142ka z o.o.","og_description":"Organizacja wewn\u0119trzna Sp\u00f3\u0142ki W ZGK w Lubkowie Sp. z o.o. kom\u00f3rkami organizacyjnymi s\u0105 samodzielne stanowiska pracy oraz dzia\u0142y organizacyjne zgromadzone w sze\u015bciu pionach: pion Dzia\u0142u Gospodarki Wodoci\u0105gowej pion Dzia\u0142u Gospodarki \u015aciekowej pion Dzia\u0142u Gospodarki Odpadami pion Dzia\u0142u Administracyjnego pion Dzia\u0142u Finansowo-Ksi\u0119gowego pracownicy na samodzielnych stanowiskach Wszystkie kom\u00f3rki organizacyjne Sp\u00f3\u0142ki dzia\u0142aj\u0105 w oparciu o obowi\u0105zuj\u0105ce powszechnie [&hellip;]","og_url":"https:\/\/zgk.lubkow.pl\/zgk\/organizacja-wewnetrzna-spolki\/","og_site_name":"Zak\u0142ad Gospodarki Komunalnej w Lubkowie Sp\u00f3\u0142ka z o.o.","article_modified_time":"2026-03-06T09:33:44+00:00","twitter_card":"summary_large_image","twitter_misc":{"Szacowany czas czytania":"1 minuta"},"schema":{"@context":"https:\/\/schema.org","@graph":[{"@type":"WebPage","@id":"https:\/\/zgk.lubkow.pl\/zgk\/organizacja-wewnetrzna-spolki\/","url":"https:\/\/zgk.lubkow.pl\/zgk\/organizacja-wewnetrzna-spolki\/","name":"Organizacja wewn\u0119trzna Sp\u00f3\u0142ki - Zak\u0142ad Gospodarki Komunalnej w Lubkowie Sp\u00f3\u0142ka z o.o.","isPartOf":{"@id":"https:\/\/zgk.lubkow.pl\/zgk\/#website"},"datePublished":"2026-03-06T09:32:43+00:00","dateModified":"2026-03-06T09:33:44+00:00","breadcrumb":{"@id":"https:\/\/zgk.lubkow.pl\/zgk\/organizacja-wewnetrzna-spolki\/#breadcrumb"},"inLanguage":"pl-PL","potentialAction":[{"@type":"ReadAction","target":["https:\/\/zgk.lubkow.pl\/zgk\/organizacja-wewnetrzna-spolki\/"]}]},{"@type":"BreadcrumbList","@id":"https:\/\/zgk.lubkow.pl\/zgk\/organizacja-wewnetrzna-spolki\/#breadcrumb","itemListElement":[{"@type":"ListItem","position":1,"name":"Strona g\u0142\u00f3wna","item":"https:\/\/zgk.lubkow.pl\/zgk\/"},{"@type":"ListItem","position":2,"name":"Organizacja wewn\u0119trzna Sp\u00f3\u0142ki"}]},{"@type":"WebSite","@id":"https:\/\/zgk.lubkow.pl\/zgk\/#website","url":"https:\/\/zgk.lubkow.pl\/zgk\/","name":"Zak\u0142ad Gospodarki Komunalnej w Lubkowie Sp\u00f3\u0142ka z o.o.","description":"","publisher":{"@id":"https:\/\/zgk.lubkow.pl\/zgk\/#organization"},"potentialAction":[{"@type":"SearchAction","target":{"@type":"EntryPoint","urlTemplate":"https:\/\/zgk.lubkow.pl\/zgk\/?s={search_term_string}"},"query-input":{"@type":"PropertyValueSpecification","valueRequired":true,"valueName":"search_term_string"}}],"inLanguage":"pl-PL"},{"@type":"Organization","@id":"https:\/\/zgk.lubkow.pl\/zgk\/#organization","name":"Zak\u0142ad Gospodarki Komunalnej w Lubkowie Sp\u00f3\u0142ka z o.o.","url":"https:\/\/zgk.lubkow.pl\/zgk\/","logo":{"@type":"ImageObject","inLanguage":"pl-PL","@id":"https:\/\/zgk.lubkow.pl\/zgk\/#\/schema\/logo\/image\/","url":"https:\/\/zgk.lubkow.pl\/zgk\/wp-content\/uploads\/2026\/02\/logo-copy.webp","contentUrl":"https:\/\/zgk.lubkow.pl\/zgk\/wp-content\/uploads\/2026\/02\/logo-copy.webp","width":844,"height":115,"caption":"Zak\u0142ad Gospodarki Komunalnej w Lubkowie Sp\u00f3\u0142ka z o.o."},"image":{"@id":"https:\/\/zgk.lubkow.pl\/zgk\/#\/schema\/logo\/image\/"}}]}},"_links":{"self":[{"href":"https:\/\/zgk.lubkow.pl\/zgk\/wp-json\/wp\/v2\/pages\/4488","targetHints":{"allow":["GET"]}}],"collection":[{"href":"https:\/\/zgk.lubkow.pl\/zgk\/wp-json\/wp\/v2\/pages"}],"about":[{"href":"https:\/\/zgk.lubkow.pl\/zgk\/wp-json\/wp\/v2\/types\/page"}],"author":[{"embeddable":true,"href":"https:\/\/zgk.lubkow.pl\/zgk\/wp-json\/wp\/v2\/users\/1"}],"replies":[{"embeddable":true,"href":"https:\/\/zgk.lubkow.pl\/zgk\/wp-json\/wp\/v2\/comments?post=4488"}],"version-history":[{"count":7,"href":"https:\/\/zgk.lubkow.pl\/zgk\/wp-json\/wp\/v2\/pages\/4488\/revisions"}],"predecessor-version":[{"id":4495,"href":"https:\/\/zgk.lubkow.pl\/zgk\/wp-json\/wp\/v2\/pages\/4488\/revisions\/4495"}],"wp:attachment":[{"href":"https:\/\/zgk.lubkow.pl\/zgk\/wp-json\/wp\/v2\/media?parent=4488"}],"curies":[{"name":"wp","href":"https:\/\/api.w.org\/{rel}","templated":true}]}}